{"id":17384,"date":"2026-02-10T10:27:36","date_gmt":"2026-02-10T09:27:36","guid":{"rendered":"https:\/\/casapercasa.com\/?post_type=projects&#038;p=17384"},"modified":"2026-02-19T10:57:01","modified_gmt":"2026-02-19T09:57:01","slug":"travail-et-convivialite","status":"publish","type":"projects","link":"https:\/\/casapercasa.com\/fr\/projects\/travail-et-convivialite\/","title":{"rendered":"Spazi professionali &#8211; Ufficio Mestel fra"},"content":{"rendered":"\n<div style=\"height:20px\" aria-hidden=\"true\" class=\"wp-block-spacer\"><\/div>\n\n\n\n<div class=\"wp-block-group\">\n<div class=\"wp-block-group is-style-container\">\n<div class=\"wp-block-media-text has-media-on-the-right is-stacked-on-mobile is-vertically-aligned-center\" style=\"grid-template-columns:auto 55%\"><div class=\"wp-block-media-text__content\">\n<p class=\"has-black-color has-text-color has-link-color has-large-font-size wp-elements-5c777697a2d381f996af93fad278ea15 wp-block-paragraph\" style=\"font-style:normal;font-weight:400\">Travail et convivialit\u00e9<\/p>\n\n\n\n<div style=\"height:30px\" aria-hidden=\"true\" class=\"wp-block-spacer solo-desktop\"><\/div>\n\n\n\n<p class=\"has-black-color has-text-color has-link-color has-small-font-size wp-elements-749965407c992ddfb07eac290826dd5d wp-block-paragraph\">Une jeune entreprise sp\u00e9cialis\u00e9e dans la production de bracelets de montre pour d\u2019importantes marques suisses trouve dans ce projet un espace polyvalent\u202f: les bureaux et la salle de r\u00e9union s\u2019int\u00e8grent \u00e0 des zones o\u00f9 employ\u00e9s et fournisseurs peuvent se rencontrer, se d\u00e9tendre ou \u00e9changer de mani\u00e8re informelle.<\/p>\n\n\n\n<p class=\"has-black-color has-text-color has-link-color has-small-font-size wp-elements-0a53c67626d7a92ae435bcbdc9b331b7 wp-block-paragraph\">Un projet r\u00e9alis\u00e9 en collaboration avec l\u2019architecte Silvana Laner de Fribourg. Le style est sobre, avec des touches d\u2019humour, comme la kitchenette dans le petit espace sur\u00e9lev\u00e9 au centre de la pi\u00e8ce. Notre biblioth\u00e8que <strong>InLungoeinLargo<\/strong>, en noir mat et bois de ch\u00eane naturel, devient un \u00e9l\u00e9ment distinctif\u202f: les vitrages acoustiques int\u00e9gr\u00e9s compensent l\u2019absence de cloisons avec \u00e9l\u00e9gance et fonctionnalit\u00e9. La salle de r\u00e9union accueille table et chaises de <strong>Bonaldo<\/strong>, un signe de style italien et d\u2019attention au design.<\/p>\n<\/div><figure class=\"wp-block-media-text__media\"><img loading=\"lazy\" decoding=\"async\" width=\"1920\" height=\"1280\" src=\"https:\/\/casapercasa.com\/wp-content\/uploads\/2025\/02\/Mestel_-11.jpg\" alt=\"\" class=\"wp-image-12521 size-full\" srcset=\"https:\/\/casapercasa.com\/wp-content\/uploads\/2025\/02\/Mestel_-11.jpg 1920w, https:\/\/casapercasa.com\/wp-content\/uploads\/2025\/02\/Mestel_-11-1600x1067.jpg 1600w, https:\/\/casapercasa.com\/wp-content\/uploads\/2025\/02\/Mestel_-11-768x512.jpg 768w, https:\/\/casapercasa.com\/wp-content\/uploads\/2025\/02\/Mestel_-11-1536x1024.jpg 1536w, https:\/\/casapercasa.com\/wp-content\/uploads\/2025\/02\/Mestel_-11-300x200.jpg 300w, https:\/\/casapercasa.com\/wp-content\/uploads\/2025\/02\/Mestel_-11-600x400.jpg 600w\" sizes=\"auto, (max-width: 1920px) 100vw, 1920px\" \/><\/figure><\/div>\n\n\n\n<div class=\"wp-block-group solo-desktop\">\n<div class=\"wp-block-columns\">\n<div class=\"wp-block-column\" style=\"flex-basis:51%\">\n<figure class=\"wp-block-image aligncenter size-full\"><img loading=\"lazy\" decoding=\"async\" width=\"1920\" height=\"1280\" src=\"https:\/\/casapercasa.com\/wp-content\/uploads\/2025\/02\/Mestel_-19.jpg\" alt=\"\" class=\"wp-image-12536\" style=\"aspect-ratio:4\/3;object-fit:cover\" srcset=\"https:\/\/casapercasa.com\/wp-content\/uploads\/2025\/02\/Mestel_-19.jpg 1920w, https:\/\/casapercasa.com\/wp-content\/uploads\/2025\/02\/Mestel_-19-1600x1067.jpg 1600w, https:\/\/casapercasa.com\/wp-content\/uploads\/2025\/02\/Mestel_-19-768x512.jpg 768w, https:\/\/casapercasa.com\/wp-content\/uploads\/2025\/02\/Mestel_-19-1536x1024.jpg 1536w, https:\/\/casapercasa.com\/wp-content\/uploads\/2025\/02\/Mestel_-19-300x200.jpg 300w, https:\/\/casapercasa.com\/wp-content\/uploads\/2025\/02\/Mestel_-19-600x400.jpg 600w\" sizes=\"auto, (max-width: 1920px) 100vw, 1920px\" \/><\/figure>\n<\/div>\n\n\n\n<div class=\"wp-block-column\" style=\"flex-basis:49%\">\n<div class=\"wp-block-columns\">\n<div class=\"wp-block-column\">\n<figure class=\"wp-block-image size-full\"><img loading=\"lazy\" decoding=\"async\" width=\"1280\" height=\"1920\" src=\"https:\/\/casapercasa.com\/wp-content\/uploads\/2025\/02\/Mestel_-2.jpg\" alt=\"\" class=\"wp-image-12506\" style=\"aspect-ratio:3\/4;object-fit:cover\" srcset=\"https:\/\/casapercasa.com\/wp-content\/uploads\/2025\/02\/Mestel_-2.jpg 1280w, https:\/\/casapercasa.com\/wp-content\/uploads\/2025\/02\/Mestel_-2-1067x1600.jpg 1067w, https:\/\/casapercasa.com\/wp-content\/uploads\/2025\/02\/Mestel_-2-768x1152.jpg 768w, https:\/\/casapercasa.com\/wp-content\/uploads\/2025\/02\/Mestel_-2-1024x1536.jpg 1024w, https:\/\/casapercasa.com\/wp-content\/uploads\/2025\/02\/Mestel_-2-200x300.jpg 200w, https:\/\/casapercasa.com\/wp-content\/uploads\/2025\/02\/Mestel_-2-400x600.jpg 400w\" sizes=\"auto, (max-width: 1280px) 100vw, 1280px\" \/><\/figure>\n<\/div>\n\n\n\n<div class=\"wp-block-column\">\n<figure class=\"wp-block-image size-full\"><img loading=\"lazy\" decoding=\"async\" width=\"1920\" height=\"1280\" src=\"https:\/\/casapercasa.com\/wp-content\/uploads\/2025\/02\/Mestel_-7.jpg\" alt=\"\" class=\"wp-image-12512\" style=\"aspect-ratio:3\/4;object-fit:cover\" srcset=\"https:\/\/casapercasa.com\/wp-content\/uploads\/2025\/02\/Mestel_-7.jpg 1920w, https:\/\/casapercasa.com\/wp-content\/uploads\/2025\/02\/Mestel_-7-1600x1067.jpg 1600w, https:\/\/casapercasa.com\/wp-content\/uploads\/2025\/02\/Mestel_-7-768x512.jpg 768w, https:\/\/casapercasa.com\/wp-content\/uploads\/2025\/02\/Mestel_-7-1536x1024.jpg 1536w, https:\/\/casapercasa.com\/wp-content\/uploads\/2025\/02\/Mestel_-7-300x200.jpg 300w, https:\/\/casapercasa.com\/wp-content\/uploads\/2025\/02\/Mestel_-7-600x400.jpg 600w\" sizes=\"auto, (max-width: 1920px) 100vw, 1920px\" \/><\/figure>\n<\/div>\n<\/div>\n\n\n\n<p class=\"has-black-color has-text-color has-link-color has-small-font-size wp-elements-bfed7aaa7ffe3c9dd8042a94afbab1e1 wp-block-paragraph\"><strong>InLungoeinLargo<\/strong> est \u00e9galement la solution qui rend l\u2019escalier \u00e0 la fois fonctionnel et contenant. La rambarde en verre stratifi\u00e9 est int\u00e9gr\u00e9e au niveau du sol.<\/p>\n<\/div>\n<\/div>\n<\/div>\n<\/div>\n\n\n\n<div style=\"height:10px\" aria-hidden=\"true\" class=\"wp-block-spacer\"><\/div>\n\n\n\n<div class=\"wp-block-group is-style-container\">\n<div class=\"wp-block-group solo-desktop\">        <div  class=\"block_8565c7854a3fdccb052bfffe50862b50 CustomGalleryWrapper CustomGalleryWrapper_Masonry numcol3 cb_custom_cgallery\">\r\n            <div class=\"masonry-wrapper\">\r\n                <div class=\"grid-sizer\"><\/div>\r\n                <div class=\"gutter-sizer\"><\/div>\r\n                                    <div class=\"masonry-img\">\r\n                                                    <a class=\"image_box_descr_img\" href=\"https:\/\/casapercasa.com\/wp-content\/uploads\/2025\/02\/Mestel_-45.jpg\" data-pswp-width=\"1920\" data-pswp-height=\"1280\">\r\n                                                    <img decoding=\"async\" src=\"https:\/\/casapercasa.com\/wp-content\/uploads\/2025\/02\/Mestel_-45.jpg\">\r\n                                                    <\/a>\r\n                                                <\/div>\r\n                                        <div class=\"masonry-img\">\r\n                                                    <a class=\"image_box_descr_img\" href=\"https:\/\/casapercasa.com\/wp-content\/uploads\/2025\/02\/Mestel_-35.jpg\" data-pswp-width=\"1920\" data-pswp-height=\"1280\">\r\n                                                    <img decoding=\"async\" src=\"https:\/\/casapercasa.com\/wp-content\/uploads\/2025\/02\/Mestel_-35.jpg\">\r\n                                                    <\/a>\r\n                                                <\/div>\r\n                                        <div class=\"masonry-img\">\r\n                                                    <a class=\"image_box_descr_img\" href=\"https:\/\/casapercasa.com\/wp-content\/uploads\/2025\/02\/Mestel_-34.jpg\" data-pswp-width=\"1920\" data-pswp-height=\"1280\">\r\n                                                    <img decoding=\"async\" src=\"https:\/\/casapercasa.com\/wp-content\/uploads\/2025\/02\/Mestel_-34.jpg\">\r\n                                                    <\/a>\r\n                                                <\/div>\r\n                                        <div class=\"masonry-img\">\r\n                                                    <a class=\"image_box_descr_img\" href=\"https:\/\/casapercasa.com\/wp-content\/uploads\/2025\/02\/Mestel_-39.jpg\" data-pswp-width=\"1920\" data-pswp-height=\"1280\">\r\n                                                    <img decoding=\"async\" src=\"https:\/\/casapercasa.com\/wp-content\/uploads\/2025\/02\/Mestel_-39.jpg\">\r\n                                                    <\/a>\r\n                                                <\/div>\r\n                                        <div class=\"masonry-img\">\r\n                                                    <a class=\"image_box_descr_img\" href=\"https:\/\/casapercasa.com\/wp-content\/uploads\/2025\/02\/Mestel_-36.jpg\" data-pswp-width=\"1920\" data-pswp-height=\"1280\">\r\n                                                    <img decoding=\"async\" src=\"https:\/\/casapercasa.com\/wp-content\/uploads\/2025\/02\/Mestel_-36.jpg\">\r\n                                                    <\/a>\r\n                                                <\/div>\r\n                                        <div class=\"masonry-img\">\r\n                                                    <a class=\"image_box_descr_img\" href=\"https:\/\/casapercasa.com\/wp-content\/uploads\/2025\/02\/Mestel_-37.jpg\" data-pswp-width=\"1920\" data-pswp-height=\"1280\">\r\n                                                    <img decoding=\"async\" src=\"https:\/\/casapercasa.com\/wp-content\/uploads\/2025\/02\/Mestel_-37.jpg\">\r\n                                                    <\/a>\r\n                                                <\/div>\r\n                                        <div class=\"masonry-img\">\r\n                                                    <a class=\"image_box_descr_img\" href=\"https:\/\/casapercasa.com\/wp-content\/uploads\/2025\/02\/Mestel_-31.jpg\" data-pswp-width=\"1920\" data-pswp-height=\"1280\">\r\n                                                    <img decoding=\"async\" src=\"https:\/\/casapercasa.com\/wp-content\/uploads\/2025\/02\/Mestel_-31.jpg\">\r\n                                                    <\/a>\r\n                                                <\/div>\r\n                                        <div class=\"masonry-img\">\r\n                                                    <a class=\"image_box_descr_img\" href=\"https:\/\/casapercasa.com\/wp-content\/uploads\/2025\/02\/Mestel_-18.jpg\" data-pswp-width=\"1920\" data-pswp-height=\"1280\">\r\n                                                    <img decoding=\"async\" src=\"https:\/\/casapercasa.com\/wp-content\/uploads\/2025\/02\/Mestel_-18.jpg\">\r\n                                                    <\/a>\r\n                                                <\/div>\r\n                                        <div class=\"masonry-img\">\r\n                                                    <a class=\"image_box_descr_img\" href=\"https:\/\/casapercasa.com\/wp-content\/uploads\/2025\/02\/Mestel_-29.jpg\" data-pswp-width=\"1280\" data-pswp-height=\"1920\">\r\n                                                    <img decoding=\"async\" src=\"https:\/\/casapercasa.com\/wp-content\/uploads\/2025\/02\/Mestel_-29.jpg\">\r\n                                                    <\/a>\r\n                                                <\/div>\r\n                                        <div class=\"masonry-img\">\r\n                                                    <a class=\"image_box_descr_img\" href=\"https:\/\/casapercasa.com\/wp-content\/uploads\/2025\/02\/Mestel_-27.jpg\" data-pswp-width=\"1280\" data-pswp-height=\"1920\">\r\n                                                    <img decoding=\"async\" src=\"https:\/\/casapercasa.com\/wp-content\/uploads\/2025\/02\/Mestel_-27.jpg\">\r\n                                                    <\/a>\r\n                                                <\/div>\r\n                                        <div class=\"masonry-img\">\r\n                                                    <a class=\"image_box_descr_img\" href=\"https:\/\/casapercasa.com\/wp-content\/uploads\/2025\/02\/Mestel_-4.jpg\" data-pswp-width=\"1920\" data-pswp-height=\"1280\">\r\n                                                    <img decoding=\"async\" src=\"https:\/\/casapercasa.com\/wp-content\/uploads\/2025\/02\/Mestel_-4.jpg\">\r\n                                                    <\/a>\r\n                                                <\/div>\r\n                                        <div class=\"masonry-img\">\r\n                                                    <a class=\"image_box_descr_img\" href=\"https:\/\/casapercasa.com\/wp-content\/uploads\/2025\/02\/Mestel_-8.jpg\" data-pswp-width=\"1920\" data-pswp-height=\"1280\">\r\n                                                    <img decoding=\"async\" src=\"https:\/\/casapercasa.com\/wp-content\/uploads\/2025\/02\/Mestel_-8.jpg\">\r\n                                                    <\/a>\r\n                                                <\/div>\r\n                                        <div class=\"masonry-img\">\r\n                                                    <a class=\"image_box_descr_img\" href=\"https:\/\/casapercasa.com\/wp-content\/uploads\/2025\/02\/Mestel_-14.jpg\" data-pswp-width=\"1920\" data-pswp-height=\"1280\">\r\n                                                    <img decoding=\"async\" src=\"https:\/\/casapercasa.com\/wp-content\/uploads\/2025\/02\/Mestel_-14.jpg\">\r\n                                                    <\/a>\r\n                                                <\/div>\r\n                                <\/div>\r\n        <\/div>\r\n        <script>\r\n        imagesLoaded( document.querySelector('.block_8565c7854a3fdccb052bfffe50862b50'), function( instance )\r\n            {\r\n            $('.block_8565c7854a3fdccb052bfffe50862b50 .masonry-wrapper').masonry(\r\n                {\r\n                itemSelector: '.masonry-img',\r\n                columnWidth: '.grid-sizer',\r\n                gutter: '.gutter-sizer',\r\n                percentPosition: true,\r\n                });\r\n            });\r\n        <\/script>\r\n        <\/div>\n\n\n\n<div class=\"wp-block-group solo-mobile\">\n<div style=\"height:50px\" aria-hidden=\"true\" class=\"wp-block-spacer\"><\/div>\n\n\n\n<p class=\"has-text-align-center wp-block-paragraph\" style=\"font-size:12px\">Faites d\u00e9filer la galerie pour d\u00e9couvrir le projet,<br>cliquez sur les photos pour les agrandir<\/p>\n\n\n\n<div style=\"height:20px\" aria-hidden=\"true\" class=\"wp-block-spacer\"><\/div>\n\n\n        <div  class=\"block_ca4b0ce9657db02c76a12ef5526afaa3 CustomGalleryWrapper CustomGalleryWrapper_Slider cb_custom_cgallery\">\r\n            <div class=\"swiper-container\">\r\n                <div class=\"swiper-wrapper\">\r\n                                            <div class=\"swiper-slide\">\r\n                                                            <a href=\"https:\/\/casapercasa.com\/wp-content\/uploads\/2025\/02\/Mestel_-45.jpg\" data-pswp-width=\"1920\" data-pswp-height=\"1280\">\r\n                                                            <img srcset=\"https:\/\/casapercasa.com\/wp-content\/uploads\/2025\/02\/Mestel_-45.jpg\" >                                                            <\/a>\r\n                                                        <\/div>\r\n                                                <div class=\"swiper-slide\">\r\n                                                            <a href=\"https:\/\/casapercasa.com\/wp-content\/uploads\/2025\/02\/Mestel_-35.jpg\" data-pswp-width=\"1920\" data-pswp-height=\"1280\">\r\n                                                            <img srcset=\"https:\/\/casapercasa.com\/wp-content\/uploads\/2025\/02\/Mestel_-35.jpg\" >                                                            <\/a>\r\n                                                        <\/div>\r\n                                                <div class=\"swiper-slide\">\r\n                                                            <a href=\"https:\/\/casapercasa.com\/wp-content\/uploads\/2025\/02\/Mestel_-34.jpg\" data-pswp-width=\"1920\" data-pswp-height=\"1280\">\r\n                                                            <img srcset=\"https:\/\/casapercasa.com\/wp-content\/uploads\/2025\/02\/Mestel_-34.jpg\" >                                                            <\/a>\r\n                                                        <\/div>\r\n                                                <div class=\"swiper-slide\">\r\n                                                            <a href=\"https:\/\/casapercasa.com\/wp-content\/uploads\/2025\/02\/Mestel_-39.jpg\" data-pswp-width=\"1920\" data-pswp-height=\"1280\">\r\n                                                            <img srcset=\"https:\/\/casapercasa.com\/wp-content\/uploads\/2025\/02\/Mestel_-39.jpg\" >                                                            <\/a>\r\n                                                        <\/div>\r\n                                                <div class=\"swiper-slide\">\r\n                                                            <a href=\"https:\/\/casapercasa.com\/wp-content\/uploads\/2025\/02\/Mestel_-36.jpg\" data-pswp-width=\"1920\" data-pswp-height=\"1280\">\r\n                                                            <img srcset=\"https:\/\/casapercasa.com\/wp-content\/uploads\/2025\/02\/Mestel_-36.jpg\" >                                                            <\/a>\r\n                                                        <\/div>\r\n                                                <div class=\"swiper-slide\">\r\n                                                            <a href=\"https:\/\/casapercasa.com\/wp-content\/uploads\/2025\/02\/Mestel_-37.jpg\" data-pswp-width=\"1920\" data-pswp-height=\"1280\">\r\n                                                            <img srcset=\"https:\/\/casapercasa.com\/wp-content\/uploads\/2025\/02\/Mestel_-37.jpg\" >                                                            <\/a>\r\n                                                        <\/div>\r\n                                                <div class=\"swiper-slide\">\r\n                                                            <a href=\"https:\/\/casapercasa.com\/wp-content\/uploads\/2025\/02\/Mestel_-31.jpg\" data-pswp-width=\"1920\" data-pswp-height=\"1280\">\r\n                                                            <img srcset=\"https:\/\/casapercasa.com\/wp-content\/uploads\/2025\/02\/Mestel_-31.jpg\" loading=\"lazy\"><div class=\"swiper-lazy-preloader swiper-lazy-preloader-white\"><\/div>                                                            <\/a>\r\n                                                        <\/div>\r\n                                                <div class=\"swiper-slide\">\r\n                                                            <a href=\"https:\/\/casapercasa.com\/wp-content\/uploads\/2025\/02\/Mestel_-18.jpg\" data-pswp-width=\"1920\" data-pswp-height=\"1280\">\r\n                                                            <img srcset=\"https:\/\/casapercasa.com\/wp-content\/uploads\/2025\/02\/Mestel_-18.jpg\" loading=\"lazy\"><div class=\"swiper-lazy-preloader swiper-lazy-preloader-white\"><\/div>                                                            <\/a>\r\n                                                        <\/div>\r\n                                                <div class=\"swiper-slide\">\r\n                                                            <a href=\"https:\/\/casapercasa.com\/wp-content\/uploads\/2025\/02\/Mestel_-29.jpg\" data-pswp-width=\"1280\" data-pswp-height=\"1920\">\r\n                                                            <img srcset=\"https:\/\/casapercasa.com\/wp-content\/uploads\/2025\/02\/Mestel_-29.jpg\" loading=\"lazy\"><div class=\"swiper-lazy-preloader swiper-lazy-preloader-white\"><\/div>                                                            <\/a>\r\n                                                        <\/div>\r\n                                                <div class=\"swiper-slide\">\r\n                                                            <a href=\"https:\/\/casapercasa.com\/wp-content\/uploads\/2025\/02\/Mestel_-27.jpg\" data-pswp-width=\"1280\" data-pswp-height=\"1920\">\r\n                                                            <img srcset=\"https:\/\/casapercasa.com\/wp-content\/uploads\/2025\/02\/Mestel_-27.jpg\" loading=\"lazy\"><div class=\"swiper-lazy-preloader swiper-lazy-preloader-white\"><\/div>                                                            <\/a>\r\n                                                        <\/div>\r\n                                                <div class=\"swiper-slide\">\r\n                                                            <a href=\"https:\/\/casapercasa.com\/wp-content\/uploads\/2025\/02\/Mestel_-4.jpg\" data-pswp-width=\"1920\" data-pswp-height=\"1280\">\r\n                                                            <img srcset=\"https:\/\/casapercasa.com\/wp-content\/uploads\/2025\/02\/Mestel_-4.jpg\" loading=\"lazy\"><div class=\"swiper-lazy-preloader swiper-lazy-preloader-white\"><\/div>                                                            <\/a>\r\n                                                        <\/div>\r\n                                                <div class=\"swiper-slide\">\r\n                                                            <a href=\"https:\/\/casapercasa.com\/wp-content\/uploads\/2025\/02\/Mestel_-8.jpg\" data-pswp-width=\"1920\" data-pswp-height=\"1280\">\r\n                                                            <img srcset=\"https:\/\/casapercasa.com\/wp-content\/uploads\/2025\/02\/Mestel_-8.jpg\" loading=\"lazy\"><div class=\"swiper-lazy-preloader swiper-lazy-preloader-white\"><\/div>                                                            <\/a>\r\n                                                        <\/div>\r\n                                                <div class=\"swiper-slide\">\r\n                                                            <a href=\"https:\/\/casapercasa.com\/wp-content\/uploads\/2025\/02\/Mestel_-14.jpg\" data-pswp-width=\"1920\" data-pswp-height=\"1280\">\r\n                                                            <img srcset=\"https:\/\/casapercasa.com\/wp-content\/uploads\/2025\/02\/Mestel_-14.jpg\" loading=\"lazy\"><div class=\"swiper-lazy-preloader swiper-lazy-preloader-white\"><\/div>                                                            <\/a>\r\n                                                        <\/div>\r\n                                        <\/div>\r\n                <div class=\"navigation-box-wrapper\">\r\n                    <div class=\"navigation-box\">\r\n                        <div class=\"left-arrow\">\r\n                                                        <img decoding=\"async\" src=\"\/wp-content\/uploads\/2024\/11\/arrow-left-casapercasa.svg\">\r\n                                                    <\/div>\r\n                        <div class=\"right-arrow\">\r\n                                                        <img decoding=\"async\" src=\"\/wp-content\/uploads\/2024\/11\/arrow-right-casapercasa.svg\">\r\n                                                    <\/div>\r\n                    <\/div>\r\n                <\/div>\r\n            <\/div>\r\n        <\/div>\r\n        <\/div>\n<\/div>\n\n\n\n<div class=\"wp-block-group is-style-container\">\n<div style=\"height:100px\" aria-hidden=\"true\" class=\"wp-block-spacer solo-desktop\"><\/div>\n\n\n\n<div style=\"height:50px\" aria-hidden=\"true\" class=\"wp-block-spacer solo-mobile\"><\/div>\n\n\n\n<div class=\"wp-block-columns is-not-stacked-on-mobile\">\n<div class=\"wp-block-column\">\n<div class=\"wp-block-group\">\n<p class=\"has-text-align-right solo-desktop has-black-color has-text-color has-link-color has-normal-font-size wp-elements-8c4b3e23b4841fc6580c41681c3c4d17 wp-block-paragraph\"><a href=\"https:\/\/casapercasa.com\/fr\/projects\/identite-partagee\">Projet pr\u00e9c\u00e9dent<\/a><\/p>\n\n\n\n<p class=\"has-text-align-right solo-mobile has-black-color has-text-color has-link-color wp-elements-7b739fc1cc980e8f366730763e99d2e4 wp-block-paragraph\" style=\"font-size:14px\"><a href=\"https:\/\/casapercasa.com\/fr\/projects\/identite-partagee\">Projet pr\u00e9c\u00e9dent<\/a><\/p>\n\n\n\n<p class=\"has-text-align-right is-style-medtitle has-black-color has-text-color has-link-color has-extra-large-font-size wp-elements-10dbed99f55e90815a759a2ca39297ec wp-block-paragraph\"><strong><a href=\"https:\/\/casapercasa.com\/fr\/projects\/identite-partagee\">\u2190<\/a><\/strong><\/p>\n<\/div>\n<\/div>\n\n\n\n<div class=\"wp-block-column\">\n<div class=\"wp-block-group\">\n<p class=\"has-text-align-center solo-desktop has-black-color has-text-color has-link-color has-normal-font-size wp-elements-5f551d003460c4d401b0c6014e027646 wp-block-paragraph\"><a href=\"https:\/\/casapercasa.com\/fr\/espaces-professionnels\">Tous les projets<\/a><\/p>\n\n\n\n<p class=\"has-text-align-center solo-mobile has-black-color has-text-color has-link-color wp-elements-fc5367b3d5e855f1deefbc38882beb8e wp-block-paragraph\" style=\"font-size:14px\"><a href=\"https:\/\/casapercasa.com\/fr\/espaces-professionnels\">Tous les projets<\/a><\/p>\n\n\n\n<p class=\"has-text-align-center is-style-medtitle has-black-color has-text-color has-link-color has-extra-large-font-size wp-elements-c9918321bf8d11d9d27ca3519c2d02a2 wp-block-paragraph\"><strong><a href=\"https:\/\/casapercasa.com\/fr\/espaces-professionnels\">\u2302<\/a><\/strong><\/p>\n<\/div>\n<\/div>\n\n\n\n<div class=\"wp-block-column\">\n<div class=\"wp-block-group\">\n<p class=\"has-text-align-left solo-desktop has-black-color has-text-color has-link-color has-normal-font-size wp-elements-2ee4e09e00d4712ddab461e6b31dba26 wp-block-paragraph\"><a href=\"https:\/\/casapercasa.com\/fr\/projects\/inlungoeinlargo-institutionnel\">Projet suivant<\/a><\/p>\n\n\n\n<p class=\"has-text-align-left solo-mobile has-black-color has-text-color has-link-color wp-elements-a3ceb11a11b7a17b83f8e82e2c14cddd wp-block-paragraph\" style=\"font-size:14px\"><a href=\"https:\/\/casapercasa.com\/fr\/projects\/inlungoeinlargo-institutionnel\">Projet suivant<\/a><\/p>\n\n\n\n<p class=\"has-text-align-left is-style-medtitle has-black-color has-text-color has-link-color has-extra-large-font-size wp-elements-956327a0945f149845585c965574ac3f wp-block-paragraph\"><strong><a href=\"https:\/\/casapercasa.com\/fr\/projects\/inlungoeinlargo-institutionnel\">\u2192<\/a><\/strong><\/p>\n<\/div>\n<\/div>\n<\/div>\n<\/div>\n<\/div>\n\n\n\n<div style=\"height:70px\" aria-hidden=\"true\" class=\"wp-block-spacer solo-dekstop\"><\/div>\n\n\n\n<div class=\"wp-block-group has-background\" style=\"background-color:#9fa63a3d\"><div id=\"17384\" class=\"Custom_CTA_Wrapper custom_cta\">\r\n    <div class=\"container\">\r\n        <div class=\"row align-items-center\">\r\n            <div class=\"col-12 col-lg-4 col-xl-3\">\r\n                <div class=\"Custom_CTA_Img\">\r\n                                            <img decoding=\"async\" src=\"https:\/\/casapercasa.com\/wp-content\/uploads\/2022\/09\/la-nostra-sede-e1701268650543.jpg\">\r\n                                        <\/div>\r\n            <\/div>\r\n            <div class=\"col-12 col-lg-8 col-xl-9\">\r\n                <div class=\"Custom_CTA_Content_Wrapper\">\r\n                    <div class=\"Custom_CTA_Title\">Passez du temps avec nous.<\/div>\r\n                    <div class=\"Custom_CTA_Descr\">Notre showroom et nos ateliers vous attendent: d\u00e9sirez, imaginez, d\u00e9couvrez, choisissez, cr\u00e9ez.<\/div>\r\n                                            <div class=\"Custom_CTA_Link\"><a href=\"https:\/\/casapercasa.com\/fr\/contatti\/\">Contactez-nous d\u00e8s maintenant<\/a><\/div>\r\n                                        <\/div>\r\n            <\/div>\r\n        <\/div>\r\n    <\/div>\r\n<\/div><\/div>\n","protected":false},"excerpt":{"rendered":"<p>Travail et convivialit\u00e9 Une jeune entreprise sp\u00e9cialis\u00e9e dans la production de bracelets de montre pour d\u2019importantes marques suisses trouve dans ce projet un espace polyvalent\u202f: les bureaux et la salle de r\u00e9union s\u2019int\u00e8grent \u00e0 des zones o\u00f9 employ\u00e9s et fournisseurs peuvent se rencontrer, se d\u00e9tendre ou \u00e9changer de mani\u00e8re informelle. Un projet r\u00e9alis\u00e9 en collaboration [&hellip;]<\/p>\n","protected":false},"featured_media":0,"parent":0,"menu_order":0,"template":"","meta":{"_acf_changed":false,"inline_featured_image":false,"footnotes":""},"class_list":["post-17384","projects","type-projects","status-publish","hentry"],"acf":[],"yoast_head":"<title>Casapercasa - Travail et convivialit\u00e9<\/title>\n<meta name=\"description\" content=\"Une jeune entreprise qui produit des bracelets de montre pour de grandes marques suisses trouve dans ce projet un espace polyvalent.\" \/>\n<meta name=\"robots\" content=\"index, follow, max-snippet:-1, max-image-preview:large, max-video-preview:-1\" \/>\n<link rel=\"canonical\" href=\"https:\/\/casapercasa.com\/fr\/projects\/travail-et-convivialite\/\" \/>\n<meta property=\"og:locale\" content=\"fr_FR\" \/>\n<meta property=\"og:type\" content=\"article\" \/>\n<meta property=\"og:title\" content=\"Casapercasa - Travail et convivialit\u00e9\" \/>\n<meta property=\"og:description\" content=\"Une jeune entreprise qui produit des bracelets de montre pour de grandes marques suisses trouve dans ce projet un espace polyvalent.\" \/>\n<meta property=\"og:url\" content=\"https:\/\/casapercasa.com\/fr\/projects\/travail-et-convivialite\/\" \/>\n<meta property=\"og:site_name\" content=\"Casapercasa S.r.l.\" \/>\n<meta property=\"article:publisher\" content=\"https:\/\/www.facebook.com\/casapercasadesign\" \/>\n<meta property=\"article:modified_time\" content=\"2026-02-19T09:57:01+00:00\" \/>\n<meta property=\"og:image\" content=\"https:\/\/casapercasa.com\/wp-content\/uploads\/2025\/02\/Mestel_-11.jpg\" \/>\n\t<meta property=\"og:image:width\" content=\"1920\" \/>\n\t<meta property=\"og:image:height\" content=\"1280\" \/>\n\t<meta property=\"og:image:type\" content=\"image\/jpeg\" \/>\n<meta name=\"twitter:card\" content=\"summary_large_image\" \/>\n<meta name=\"twitter:label1\" content=\"Dur\u00e9e de lecture estim\u00e9e\" \/>\n\t<meta name=\"twitter:data1\" content=\"2 minutes\" \/>\n<script type=\"application\/ld+json\" class=\"yoast-schema-graph\">{\"@context\":\"https:\\\/\\\/schema.org\",\"@graph\":[{\"@type\":\"WebPage\",\"@id\":\"https:\\\/\\\/casapercasa.com\\\/fr\\\/projects\\\/travail-et-convivialite\\\/\",\"url\":\"https:\\\/\\\/casapercasa.com\\\/fr\\\/projects\\\/travail-et-convivialite\\\/\",\"name\":\"Casapercasa - Travail et convivialit\u00e9\",\"isPartOf\":{\"@id\":\"https:\\\/\\\/casapercasa.com\\\/fr\\\/#website\"},\"primaryImageOfPage\":{\"@id\":\"https:\\\/\\\/casapercasa.com\\\/fr\\\/projects\\\/travail-et-convivialite\\\/#primaryimage\"},\"image\":{\"@id\":\"https:\\\/\\\/casapercasa.com\\\/fr\\\/projects\\\/travail-et-convivialite\\\/#primaryimage\"},\"thumbnailUrl\":\"https:\\\/\\\/casapercasa.com\\\/wp-content\\\/uploads\\\/2025\\\/02\\\/Mestel_-11.jpg\",\"datePublished\":\"2026-02-10T09:27:36+00:00\",\"dateModified\":\"2026-02-19T09:57:01+00:00\",\"description\":\"Une jeune entreprise qui produit des bracelets de montre pour de grandes marques suisses trouve dans ce projet un espace polyvalent.\",\"breadcrumb\":{\"@id\":\"https:\\\/\\\/casapercasa.com\\\/fr\\\/projects\\\/travail-et-convivialite\\\/#breadcrumb\"},\"inLanguage\":\"fr-FR\",\"potentialAction\":[{\"@type\":\"ReadAction\",\"target\":[\"https:\\\/\\\/casapercasa.com\\\/fr\\\/projects\\\/travail-et-convivialite\\\/\"]}]},{\"@type\":\"ImageObject\",\"inLanguage\":\"fr-FR\",\"@id\":\"https:\\\/\\\/casapercasa.com\\\/fr\\\/projects\\\/travail-et-convivialite\\\/#primaryimage\",\"url\":\"https:\\\/\\\/casapercasa.com\\\/wp-content\\\/uploads\\\/2025\\\/02\\\/Mestel_-11.jpg\",\"contentUrl\":\"https:\\\/\\\/casapercasa.com\\\/wp-content\\\/uploads\\\/2025\\\/02\\\/Mestel_-11.jpg\"},{\"@type\":\"BreadcrumbList\",\"@id\":\"https:\\\/\\\/casapercasa.com\\\/fr\\\/projects\\\/travail-et-convivialite\\\/#breadcrumb\",\"itemListElement\":[{\"@type\":\"ListItem\",\"position\":1,\"name\":\"Home\",\"item\":\"https:\\\/\\\/casapercasa.com\\\/fr\\\/\"},{\"@type\":\"ListItem\",\"position\":2,\"name\":\"Projects\",\"item\":\"https:\\\/\\\/casapercasa.com\\\/fr\\\/projects\\\/\"},{\"@type\":\"ListItem\",\"position\":3,\"name\":\"Spazi professionali &#8211; Ufficio Mestel fra\"}]},{\"@type\":\"WebSite\",\"@id\":\"https:\\\/\\\/casapercasa.com\\\/fr\\\/#website\",\"url\":\"https:\\\/\\\/casapercasa.com\\\/fr\\\/\",\"name\":\"Casapercasa\",\"description\":\"INNOVAZIONE ARTIGIANA\",\"publisher\":{\"@id\":\"https:\\\/\\\/casapercasa.com\\\/fr\\\/#organization\"},\"potentialAction\":[{\"@type\":\"SearchAction\",\"target\":{\"@type\":\"EntryPoint\",\"urlTemplate\":\"https:\\\/\\\/casapercasa.com\\\/fr\\\/?s={search_term_string}\"},\"query-input\":{\"@type\":\"PropertyValueSpecification\",\"valueRequired\":true,\"valueName\":\"search_term_string\"}}],\"inLanguage\":\"fr-FR\"},{\"@type\":\"Organization\",\"@id\":\"https:\\\/\\\/casapercasa.com\\\/fr\\\/#organization\",\"name\":\"Casapercasa S.r.l.\",\"url\":\"https:\\\/\\\/casapercasa.com\\\/fr\\\/\",\"logo\":{\"@type\":\"ImageObject\",\"inLanguage\":\"fr-FR\",\"@id\":\"https:\\\/\\\/casapercasa.com\\\/fr\\\/#\\\/schema\\\/logo\\\/image\\\/\",\"url\":\"https:\\\/\\\/casapercasa.com\\\/wp-content\\\/uploads\\\/2022\\\/10\\\/logo-extralarge-retina.png\",\"contentUrl\":\"https:\\\/\\\/casapercasa.com\\\/wp-content\\\/uploads\\\/2022\\\/10\\\/logo-extralarge-retina.png\",\"width\":258,\"height\":43,\"caption\":\"Casapercasa S.r.l.\"},\"image\":{\"@id\":\"https:\\\/\\\/casapercasa.com\\\/fr\\\/#\\\/schema\\\/logo\\\/image\\\/\"},\"sameAs\":[\"https:\\\/\\\/www.facebook.com\\\/casapercasadesign\",\"https:\\\/\\\/www.instagram.com\\\/casapercasadettagli\\\/?hl=it\"]}]}<\/script>","yoast_head_json":{"title":"Casapercasa - Travail et convivialit\u00e9","description":"Une jeune entreprise qui produit des bracelets de montre pour de grandes marques suisses trouve dans ce projet un espace polyvalent.","robots":{"index":"index","follow":"follow","max-snippet":"max-snippet:-1","max-image-preview":"max-image-preview:large","max-video-preview":"max-video-preview:-1"},"canonical":"https:\/\/casapercasa.com\/fr\/projects\/travail-et-convivialite\/","og_locale":"fr_FR","og_type":"article","og_title":"Casapercasa - Travail et convivialit\u00e9","og_description":"Une jeune entreprise qui produit des bracelets de montre pour de grandes marques suisses trouve dans ce projet un espace polyvalent.","og_url":"https:\/\/casapercasa.com\/fr\/projects\/travail-et-convivialite\/","og_site_name":"Casapercasa S.r.l.","article_publisher":"https:\/\/www.facebook.com\/casapercasadesign","article_modified_time":"2026-02-19T09:57:01+00:00","og_image":[{"width":1920,"height":1280,"url":"https:\/\/casapercasa.com\/wp-content\/uploads\/2025\/02\/Mestel_-11.jpg","type":"image\/jpeg"}],"twitter_card":"summary_large_image","twitter_misc":{"Dur\u00e9e de lecture estim\u00e9e":"2 minutes"},"schema":{"@context":"https:\/\/schema.org","@graph":[{"@type":"WebPage","@id":"https:\/\/casapercasa.com\/fr\/projects\/travail-et-convivialite\/","url":"https:\/\/casapercasa.com\/fr\/projects\/travail-et-convivialite\/","name":"Casapercasa - Travail et convivialit\u00e9","isPartOf":{"@id":"https:\/\/casapercasa.com\/fr\/#website"},"primaryImageOfPage":{"@id":"https:\/\/casapercasa.com\/fr\/projects\/travail-et-convivialite\/#primaryimage"},"image":{"@id":"https:\/\/casapercasa.com\/fr\/projects\/travail-et-convivialite\/#primaryimage"},"thumbnailUrl":"https:\/\/casapercasa.com\/wp-content\/uploads\/2025\/02\/Mestel_-11.jpg","datePublished":"2026-02-10T09:27:36+00:00","dateModified":"2026-02-19T09:57:01+00:00","description":"Une jeune entreprise qui produit des bracelets de montre pour de grandes marques suisses trouve dans ce projet un espace polyvalent.","breadcrumb":{"@id":"https:\/\/casapercasa.com\/fr\/projects\/travail-et-convivialite\/#breadcrumb"},"inLanguage":"fr-FR","potentialAction":[{"@type":"ReadAction","target":["https:\/\/casapercasa.com\/fr\/projects\/travail-et-convivialite\/"]}]},{"@type":"ImageObject","inLanguage":"fr-FR","@id":"https:\/\/casapercasa.com\/fr\/projects\/travail-et-convivialite\/#primaryimage","url":"https:\/\/casapercasa.com\/wp-content\/uploads\/2025\/02\/Mestel_-11.jpg","contentUrl":"https:\/\/casapercasa.com\/wp-content\/uploads\/2025\/02\/Mestel_-11.jpg"},{"@type":"BreadcrumbList","@id":"https:\/\/casapercasa.com\/fr\/projects\/travail-et-convivialite\/#breadcrumb","itemListElement":[{"@type":"ListItem","position":1,"name":"Home","item":"https:\/\/casapercasa.com\/fr\/"},{"@type":"ListItem","position":2,"name":"Projects","item":"https:\/\/casapercasa.com\/fr\/projects\/"},{"@type":"ListItem","position":3,"name":"Spazi professionali &#8211; Ufficio Mestel fra"}]},{"@type":"WebSite","@id":"https:\/\/casapercasa.com\/fr\/#website","url":"https:\/\/casapercasa.com\/fr\/","name":"Casapercasa","description":"INNOVAZIONE ARTIGIANA","publisher":{"@id":"https:\/\/casapercasa.com\/fr\/#organization"},"potentialAction":[{"@type":"SearchAction","target":{"@type":"EntryPoint","urlTemplate":"https:\/\/casapercasa.com\/fr\/?s={search_term_string}"},"query-input":{"@type":"PropertyValueSpecification","valueRequired":true,"valueName":"search_term_string"}}],"inLanguage":"fr-FR"},{"@type":"Organization","@id":"https:\/\/casapercasa.com\/fr\/#organization","name":"Casapercasa S.r.l.","url":"https:\/\/casapercasa.com\/fr\/","logo":{"@type":"ImageObject","inLanguage":"fr-FR","@id":"https:\/\/casapercasa.com\/fr\/#\/schema\/logo\/image\/","url":"https:\/\/casapercasa.com\/wp-content\/uploads\/2022\/10\/logo-extralarge-retina.png","contentUrl":"https:\/\/casapercasa.com\/wp-content\/uploads\/2022\/10\/logo-extralarge-retina.png","width":258,"height":43,"caption":"Casapercasa S.r.l."},"image":{"@id":"https:\/\/casapercasa.com\/fr\/#\/schema\/logo\/image\/"},"sameAs":["https:\/\/www.facebook.com\/casapercasadesign","https:\/\/www.instagram.com\/casapercasadettagli\/?hl=it"]}]}},"_links":{"self":[{"href":"https:\/\/casapercasa.com\/fr\/wp-json\/wp\/v2\/projects\/17384","targetHints":{"allow":["GET"]}}],"collection":[{"href":"https:\/\/casapercasa.com\/fr\/wp-json\/wp\/v2\/projects"}],"about":[{"href":"https:\/\/casapercasa.com\/fr\/wp-json\/wp\/v2\/types\/projects"}],"version-history":[{"count":3,"href":"https:\/\/casapercasa.com\/fr\/wp-json\/wp\/v2\/projects\/17384\/revisions"}],"predecessor-version":[{"id":17858,"href":"https:\/\/casapercasa.com\/fr\/wp-json\/wp\/v2\/projects\/17384\/revisions\/17858"}],"wp:attachment":[{"href":"https:\/\/casapercasa.com\/fr\/wp-json\/wp\/v2\/media?parent=17384"}],"curies":[{"name":"wp","href":"https:\/\/api.w.org\/{rel}","templated":true}]}}