{"id":17382,"date":"2026-02-10T10:25:32","date_gmt":"2026-02-10T09:25:32","guid":{"rendered":"https:\/\/casapercasa.com\/?post_type=projects&#038;p=17382"},"modified":"2026-02-19T10:56:52","modified_gmt":"2026-02-19T09:56:52","slug":"identite-partagee","status":"publish","type":"projects","link":"https:\/\/casapercasa.com\/fr\/projects\/identite-partagee\/","title":{"rendered":"Spazi professionali &#8211; Ufficio Gentlebrand fra"},"content":{"rendered":"\n<div style=\"height:20px\" aria-hidden=\"true\" class=\"wp-block-spacer\"><\/div>\n\n\n\n<div class=\"wp-block-group\">\n<div class=\"wp-block-group is-style-container\">\n<div class=\"wp-block-media-text has-media-on-the-right is-stacked-on-mobile is-vertically-aligned-center\" style=\"grid-template-columns:auto 55%\"><div class=\"wp-block-media-text__content\">\n<p class=\"has-black-color has-text-color has-link-color has-large-font-size wp-elements-2ed95e7a24c7d115c2e0f705dad77e6e wp-block-paragraph\" style=\"font-style:normal;font-weight:400\">Identit\u00e9 partag\u00e9e<\/p>\n\n\n\n<div style=\"height:30px\" aria-hidden=\"true\" class=\"wp-block-spacer solo-desktop\"><\/div>\n\n\n\n<p class=\"has-black-color has-text-color has-link-color has-small-font-size wp-elements-3bcc89fc9c84603af4d25e3938113531 wp-block-paragraph\"><strong>Espace de travail et identit\u00e9 d\u2019entreprise<br><\/strong>Un espace de travail pour une entreprise italienne \u00e0 port\u00e9e internationale, o\u00f9 le travail d\u2019\u00e9quipe devient central et o\u00f9 le mobilier refl\u00e8te ce concept expressif.<\/p>\n\n\n\n<p class=\"has-black-color has-text-color has-link-color has-small-font-size wp-elements-32846b31066287885c1d4399f60617cf wp-block-paragraph\">\u00c0 l\u2019int\u00e9rieur, un v\u00e9ritable \u00ab\u202fmus\u00e9e\u202f\u00bb de l\u2019entreprise a \u00e9t\u00e9 cr\u00e9\u00e9, avec des vitrines en bouleau naturel et des d\u00e9tails en m\u00e9tal peint en blanc, pour rassembler et mettre en valeur toutes les bouteilles r\u00e9alis\u00e9es au fil des ann\u00e9es. La salle de r\u00e9union b\u00e9n\u00e9ficie de l\u2019\u00e9nergie expressive des produits, transformant l\u2019espace en un environnement fonctionnel, communicatif et reconnaissable.<\/p>\n<\/div><figure class=\"wp-block-media-text__media\"><img loading=\"lazy\" decoding=\"async\" width=\"1024\" height=\"683\" src=\"https:\/\/casapercasa.com\/wp-content\/uploads\/2022\/10\/casapercasa-gentlebrand_017.jpg\" alt=\"\" class=\"wp-image-951 size-full\" srcset=\"https:\/\/casapercasa.com\/wp-content\/uploads\/2022\/10\/casapercasa-gentlebrand_017.jpg 1024w, https:\/\/casapercasa.com\/wp-content\/uploads\/2022\/10\/casapercasa-gentlebrand_017-768x512.jpg 768w, https:\/\/casapercasa.com\/wp-content\/uploads\/2022\/10\/casapercasa-gentlebrand_017-300x200.jpg 300w, https:\/\/casapercasa.com\/wp-content\/uploads\/2022\/10\/casapercasa-gentlebrand_017-600x400.jpg 600w\" sizes=\"auto, (max-width: 1024px) 100vw, 1024px\" \/><\/figure><\/div>\n\n\n\n<div class=\"wp-block-group solo-desktop\">\n<div class=\"wp-block-columns\">\n<div class=\"wp-block-column\" style=\"flex-basis:51%\">\n<figure class=\"wp-block-image aligncenter size-full\"><img loading=\"lazy\" decoding=\"async\" width=\"1200\" height=\"800\" src=\"https:\/\/casapercasa.com\/wp-content\/uploads\/2022\/09\/MG_9273.jpg\" alt=\"\" class=\"wp-image-2912\" style=\"aspect-ratio:4\/3;object-fit:cover\" srcset=\"https:\/\/casapercasa.com\/wp-content\/uploads\/2022\/09\/MG_9273.jpg 1200w, https:\/\/casapercasa.com\/wp-content\/uploads\/2022\/09\/MG_9273-768x512.jpg 768w, https:\/\/casapercasa.com\/wp-content\/uploads\/2022\/09\/MG_9273-300x200.jpg 300w, https:\/\/casapercasa.com\/wp-content\/uploads\/2022\/09\/MG_9273-600x400.jpg 600w\" sizes=\"auto, (max-width: 1200px) 100vw, 1200px\" \/><\/figure>\n<\/div>\n\n\n\n<div class=\"wp-block-column\" style=\"flex-basis:49%\">\n<div class=\"wp-block-columns\">\n<div class=\"wp-block-column\">\n<figure class=\"wp-block-image size-full\"><img loading=\"lazy\" decoding=\"async\" width=\"683\" height=\"1024\" src=\"https:\/\/casapercasa.com\/wp-content\/uploads\/2022\/10\/casapercasa-gentlebrand_010.jpg\" alt=\"\" class=\"wp-image-944\" style=\"aspect-ratio:3\/4;object-fit:cover\" srcset=\"https:\/\/casapercasa.com\/wp-content\/uploads\/2022\/10\/casapercasa-gentlebrand_010.jpg 683w, https:\/\/casapercasa.com\/wp-content\/uploads\/2022\/10\/casapercasa-gentlebrand_010-200x300.jpg 200w, https:\/\/casapercasa.com\/wp-content\/uploads\/2022\/10\/casapercasa-gentlebrand_010-400x600.jpg 400w\" sizes=\"auto, (max-width: 683px) 100vw, 683px\" \/><\/figure>\n<\/div>\n\n\n\n<div class=\"wp-block-column\">\n<figure class=\"wp-block-image size-full\"><img loading=\"lazy\" decoding=\"async\" width=\"683\" height=\"1024\" src=\"https:\/\/casapercasa.com\/wp-content\/uploads\/2022\/10\/casapercasa-gentlebrand_013.jpg\" alt=\"\" class=\"wp-image-947\" style=\"aspect-ratio:3\/4;object-fit:cover\" srcset=\"https:\/\/casapercasa.com\/wp-content\/uploads\/2022\/10\/casapercasa-gentlebrand_013.jpg 683w, https:\/\/casapercasa.com\/wp-content\/uploads\/2022\/10\/casapercasa-gentlebrand_013-200x300.jpg 200w, https:\/\/casapercasa.com\/wp-content\/uploads\/2022\/10\/casapercasa-gentlebrand_013-400x600.jpg 400w\" sizes=\"auto, (max-width: 683px) 100vw, 683px\" \/><\/figure>\n<\/div>\n<\/div>\n\n\n\n<p class=\"has-black-color has-text-color has-link-color has-small-font-size wp-elements-866235fe360579955ef3ad61f3180530 wp-block-paragraph\"><strong>Du mobilier qui parle<br><\/strong>Nos projets de mobilier de bureau transmettent la force et l\u2019identit\u00e9 de l\u2019entreprise. Les visiteurs per\u00e7oivent cette communication naturellement, \u00e0 travers l\u2019environnement et le mobilier, sans besoin de mots.<\/p>\n<\/div>\n<\/div>\n<\/div>\n<\/div>\n\n\n\n<div style=\"height:10px\" aria-hidden=\"true\" class=\"wp-block-spacer\"><\/div>\n\n\n\n<div class=\"wp-block-group is-style-container\">\n<div class=\"wp-block-group solo-desktop\">        <div  class=\"block_ebbdb3576dfb29d5c0d4cac214b0c3df CustomGalleryWrapper CustomGalleryWrapper_Masonry numcol3 cb_custom_cgallery\">\r\n            <div class=\"masonry-wrapper\">\r\n                <div class=\"grid-sizer\"><\/div>\r\n                <div class=\"gutter-sizer\"><\/div>\r\n                                    <div class=\"masonry-img\">\r\n                                                    <a class=\"image_box_descr_img\" href=\"https:\/\/casapercasa.com\/wp-content\/uploads\/2022\/09\/MG_9277.jpg\" data-pswp-width=\"1200\" data-pswp-height=\"800\">\r\n                                                    <img decoding=\"async\" src=\"https:\/\/casapercasa.com\/wp-content\/uploads\/2022\/09\/MG_9277.jpg\">\r\n                                                    <\/a>\r\n                                                <\/div>\r\n                                        <div class=\"masonry-img\">\r\n                                                    <a class=\"image_box_descr_img\" href=\"https:\/\/casapercasa.com\/wp-content\/uploads\/2022\/10\/casapercasa-gentlebrand_006.jpg\" data-pswp-width=\"1024\" data-pswp-height=\"683\">\r\n                                                    <img decoding=\"async\" src=\"https:\/\/casapercasa.com\/wp-content\/uploads\/2022\/10\/casapercasa-gentlebrand_006.jpg\">\r\n                                                    <\/a>\r\n                                                <\/div>\r\n                                        <div class=\"masonry-img\">\r\n                                                    <a class=\"image_box_descr_img\" href=\"https:\/\/casapercasa.com\/wp-content\/uploads\/2022\/10\/casapercasa-gentlebrand_016.jpg\" data-pswp-width=\"1024\" data-pswp-height=\"683\">\r\n                                                    <img decoding=\"async\" src=\"https:\/\/casapercasa.com\/wp-content\/uploads\/2022\/10\/casapercasa-gentlebrand_016.jpg\">\r\n                                                    <\/a>\r\n                                                <\/div>\r\n                                        <div class=\"masonry-img\">\r\n                                                    <a class=\"image_box_descr_img\" href=\"https:\/\/casapercasa.com\/wp-content\/uploads\/2022\/09\/MG_9273.jpg\" data-pswp-width=\"1200\" data-pswp-height=\"800\">\r\n                                                    <img decoding=\"async\" src=\"https:\/\/casapercasa.com\/wp-content\/uploads\/2022\/09\/MG_9273.jpg\">\r\n                                                    <\/a>\r\n                                                <\/div>\r\n                                        <div class=\"masonry-img\">\r\n                                                    <a class=\"image_box_descr_img\" href=\"https:\/\/casapercasa.com\/wp-content\/uploads\/2022\/10\/casapercasa-gentlebrand_021.jpg\" data-pswp-width=\"1536\" data-pswp-height=\"1024\">\r\n                                                    <img decoding=\"async\" src=\"https:\/\/casapercasa.com\/wp-content\/uploads\/2022\/10\/casapercasa-gentlebrand_021.jpg\">\r\n                                                    <\/a>\r\n                                                <\/div>\r\n                                        <div class=\"masonry-img\">\r\n                                                    <a class=\"image_box_descr_img\" href=\"https:\/\/casapercasa.com\/wp-content\/uploads\/2022\/10\/casapercasa-gentlebrand_020.jpg\" data-pswp-width=\"1024\" data-pswp-height=\"683\">\r\n                                                    <img decoding=\"async\" src=\"https:\/\/casapercasa.com\/wp-content\/uploads\/2022\/10\/casapercasa-gentlebrand_020.jpg\">\r\n                                                    <\/a>\r\n                                                <\/div>\r\n                                        <div class=\"masonry-img\">\r\n                                                    <a class=\"image_box_descr_img\" href=\"https:\/\/casapercasa.com\/wp-content\/uploads\/2022\/10\/casapercasa-gentlebrand_015.jpg\" data-pswp-width=\"1024\" data-pswp-height=\"683\">\r\n                                                    <img decoding=\"async\" src=\"https:\/\/casapercasa.com\/wp-content\/uploads\/2022\/10\/casapercasa-gentlebrand_015.jpg\">\r\n                                                    <\/a>\r\n                                                <\/div>\r\n                                        <div class=\"masonry-img\">\r\n                                                    <a class=\"image_box_descr_img\" href=\"https:\/\/casapercasa.com\/wp-content\/uploads\/2022\/10\/casapercasa-gentlebrand_005.jpg\" data-pswp-width=\"1024\" data-pswp-height=\"683\">\r\n                                                    <img decoding=\"async\" src=\"https:\/\/casapercasa.com\/wp-content\/uploads\/2022\/10\/casapercasa-gentlebrand_005.jpg\">\r\n                                                    <\/a>\r\n                                                <\/div>\r\n                                        <div class=\"masonry-img\">\r\n                                                    <a class=\"image_box_descr_img\" href=\"https:\/\/casapercasa.com\/wp-content\/uploads\/2022\/10\/casapercasa-gentlebrand-work_006.jpg\" data-pswp-width=\"1920\" data-pswp-height=\"1440\">\r\n                                                    <img decoding=\"async\" src=\"https:\/\/casapercasa.com\/wp-content\/uploads\/2022\/10\/casapercasa-gentlebrand-work_006.jpg\">\r\n                                                    <\/a>\r\n                                                <\/div>\r\n                                        <div class=\"masonry-img\">\r\n                                                    <a class=\"image_box_descr_img\" href=\"https:\/\/casapercasa.com\/wp-content\/uploads\/2022\/09\/gentlebrand_MG_9263.jpg\" data-pswp-width=\"1920\" data-pswp-height=\"1279\">\r\n                                                    <img decoding=\"async\" src=\"https:\/\/casapercasa.com\/wp-content\/uploads\/2022\/09\/gentlebrand_MG_9263.jpg\">\r\n                                                    <\/a>\r\n                                                <\/div>\r\n                                <\/div>\r\n        <\/div>\r\n        <script>\r\n        imagesLoaded( document.querySelector('.block_ebbdb3576dfb29d5c0d4cac214b0c3df'), function( instance )\r\n            {\r\n            $('.block_ebbdb3576dfb29d5c0d4cac214b0c3df .masonry-wrapper').masonry(\r\n                {\r\n                itemSelector: '.masonry-img',\r\n                columnWidth: '.grid-sizer',\r\n                gutter: '.gutter-sizer',\r\n                percentPosition: true,\r\n                });\r\n            });\r\n        <\/script>\r\n        <\/div>\n\n\n\n<div class=\"wp-block-group solo-mobile\">\n<div style=\"height:50px\" aria-hidden=\"true\" class=\"wp-block-spacer\"><\/div>\n\n\n\n<p class=\"has-text-align-center wp-block-paragraph\" style=\"font-size:12px\">Faites d\u00e9filer la galerie pour d\u00e9couvrir le projet,<br>cliquez sur les photos pour les agrandir<\/p>\n\n\n\n<div style=\"height:20px\" aria-hidden=\"true\" class=\"wp-block-spacer\"><\/div>\n\n\n        <div  class=\"block_7806c6713e0df6608bb481c8ee5eab11 CustomGalleryWrapper CustomGalleryWrapper_Slider cb_custom_cgallery\">\r\n            <div class=\"swiper-container\">\r\n                <div class=\"swiper-wrapper\">\r\n                                            <div class=\"swiper-slide\">\r\n                                                            <a href=\"https:\/\/casapercasa.com\/wp-content\/uploads\/2022\/09\/MG_9273.jpg\" data-pswp-width=\"1200\" data-pswp-height=\"800\">\r\n                                                            <img srcset=\"https:\/\/casapercasa.com\/wp-content\/uploads\/2022\/09\/MG_9273.jpg\" >                                                            <\/a>\r\n                                                        <\/div>\r\n                                                <div class=\"swiper-slide\">\r\n                                                            <a href=\"https:\/\/casapercasa.com\/wp-content\/uploads\/2022\/09\/MG_9277.jpg\" data-pswp-width=\"1200\" data-pswp-height=\"800\">\r\n                                                            <img srcset=\"https:\/\/casapercasa.com\/wp-content\/uploads\/2022\/09\/MG_9277.jpg\" >                                                            <\/a>\r\n                                                        <\/div>\r\n                                                <div class=\"swiper-slide\">\r\n                                                            <a href=\"https:\/\/casapercasa.com\/wp-content\/uploads\/2022\/10\/casapercasa-gentlebrand_021.jpg\" data-pswp-width=\"1536\" data-pswp-height=\"1024\">\r\n                                                            <img srcset=\"https:\/\/casapercasa.com\/wp-content\/uploads\/2022\/10\/casapercasa-gentlebrand_021.jpg\" >                                                            <\/a>\r\n                                                        <\/div>\r\n                                                <div class=\"swiper-slide\">\r\n                                                            <a href=\"https:\/\/casapercasa.com\/wp-content\/uploads\/2022\/10\/casapercasa-gentlebrand_020.jpg\" data-pswp-width=\"1024\" data-pswp-height=\"683\">\r\n                                                            <img srcset=\"https:\/\/casapercasa.com\/wp-content\/uploads\/2022\/10\/casapercasa-gentlebrand_020.jpg\" >                                                            <\/a>\r\n                                                        <\/div>\r\n                                                <div class=\"swiper-slide\">\r\n                                                            <a href=\"https:\/\/casapercasa.com\/wp-content\/uploads\/2022\/10\/casapercasa-gentlebrand_016.jpg\" data-pswp-width=\"1024\" data-pswp-height=\"683\">\r\n                                                            <img srcset=\"https:\/\/casapercasa.com\/wp-content\/uploads\/2022\/10\/casapercasa-gentlebrand_016.jpg\" >                                                            <\/a>\r\n                                                        <\/div>\r\n                                                <div class=\"swiper-slide\">\r\n                                                            <a href=\"https:\/\/casapercasa.com\/wp-content\/uploads\/2022\/10\/casapercasa-gentlebrand_006.jpg\" data-pswp-width=\"1024\" data-pswp-height=\"683\">\r\n                                                            <img srcset=\"https:\/\/casapercasa.com\/wp-content\/uploads\/2022\/10\/casapercasa-gentlebrand_006.jpg\" >                                                            <\/a>\r\n                                                        <\/div>\r\n                                                <div class=\"swiper-slide\">\r\n                                                            <a href=\"https:\/\/casapercasa.com\/wp-content\/uploads\/2022\/10\/casapercasa-gentlebrand_014.jpg\" data-pswp-width=\"735\" data-pswp-height=\"1306\">\r\n                                                            <img srcset=\"https:\/\/casapercasa.com\/wp-content\/uploads\/2022\/10\/casapercasa-gentlebrand_014.jpg\" loading=\"lazy\"><div class=\"swiper-lazy-preloader swiper-lazy-preloader-white\"><\/div>                                                            <\/a>\r\n                                                        <\/div>\r\n                                                <div class=\"swiper-slide\">\r\n                                                            <a href=\"https:\/\/casapercasa.com\/wp-content\/uploads\/2022\/10\/casapercasa-gentlebrand_005.jpg\" data-pswp-width=\"1024\" data-pswp-height=\"683\">\r\n                                                            <img srcset=\"https:\/\/casapercasa.com\/wp-content\/uploads\/2022\/10\/casapercasa-gentlebrand_005.jpg\" loading=\"lazy\"><div class=\"swiper-lazy-preloader swiper-lazy-preloader-white\"><\/div>                                                            <\/a>\r\n                                                        <\/div>\r\n                                                <div class=\"swiper-slide\">\r\n                                                            <a href=\"https:\/\/casapercasa.com\/wp-content\/uploads\/2022\/10\/casapercasa-gentlebrand-work_006.jpg\" data-pswp-width=\"1920\" data-pswp-height=\"1440\">\r\n                                                            <img srcset=\"https:\/\/casapercasa.com\/wp-content\/uploads\/2022\/10\/casapercasa-gentlebrand-work_006.jpg\" loading=\"lazy\"><div class=\"swiper-lazy-preloader swiper-lazy-preloader-white\"><\/div>                                                            <\/a>\r\n                                                        <\/div>\r\n                                        <\/div>\r\n                <div class=\"navigation-box-wrapper\">\r\n                    <div class=\"navigation-box\">\r\n                        <div class=\"left-arrow\">\r\n                                                        <img decoding=\"async\" src=\"\/wp-content\/uploads\/2024\/11\/arrow-left-casapercasa.svg\">\r\n                                                    <\/div>\r\n                        <div class=\"right-arrow\">\r\n                                                        <img decoding=\"async\" src=\"\/wp-content\/uploads\/2024\/11\/arrow-right-casapercasa.svg\">\r\n                                                    <\/div>\r\n                    <\/div>\r\n                <\/div>\r\n            <\/div>\r\n        <\/div>\r\n        <\/div>\n<\/div>\n\n\n\n<div class=\"wp-block-group is-style-container\">\n<div style=\"height:100px\" aria-hidden=\"true\" class=\"wp-block-spacer solo-desktop\"><\/div>\n\n\n\n<div style=\"height:50px\" aria-hidden=\"true\" class=\"wp-block-spacer solo-mobile\"><\/div>\n\n\n\n<div class=\"wp-block-columns is-not-stacked-on-mobile\">\n<div class=\"wp-block-column\">\n<div class=\"wp-block-group\">\n<p class=\"has-text-align-right solo-desktop has-black-color has-text-color has-link-color has-normal-font-size wp-elements-d8d4fd9fad795150a135964013742e64 wp-block-paragraph\"><a href=\"https:\/\/casapercasa.com\/fr\/projects\/propriete-nordique\">Projet pr\u00e9c\u00e9dent<\/a><\/p>\n\n\n\n<p class=\"has-text-align-right solo-mobile has-black-color has-text-color has-link-color wp-elements-be37e29463409f36d0552fcc09d09e7b wp-block-paragraph\" style=\"font-size:14px\"><a href=\"https:\/\/casapercasa.com\/fr\/projects\/propriete-nordique\">Projet pr\u00e9c\u00e9dent<\/a><\/p>\n\n\n\n<p class=\"has-text-align-right is-style-medtitle has-black-color has-text-color has-link-color has-extra-large-font-size wp-elements-eb6967bb738cfadd004d472db2b1a66f wp-block-paragraph\"><strong><a href=\"https:\/\/casapercasa.com\/fr\/projects\/propriete-nordique\">\u2190<\/a><\/strong><\/p>\n<\/div>\n<\/div>\n\n\n\n<div class=\"wp-block-column\">\n<div class=\"wp-block-group\">\n<p class=\"has-text-align-center solo-desktop has-black-color has-text-color has-link-color has-normal-font-size wp-elements-5f551d003460c4d401b0c6014e027646 wp-block-paragraph\"><a href=\"https:\/\/casapercasa.com\/fr\/espaces-professionnels\">Tous les projets<\/a><\/p>\n\n\n\n<p class=\"has-text-align-center solo-mobile has-black-color has-text-color has-link-color wp-elements-fc5367b3d5e855f1deefbc38882beb8e wp-block-paragraph\" style=\"font-size:14px\"><a href=\"https:\/\/casapercasa.com\/fr\/espaces-professionnels\">Tous les projets<\/a><\/p>\n\n\n\n<p class=\"has-text-align-center is-style-medtitle has-black-color has-text-color has-link-color has-extra-large-font-size wp-elements-c9918321bf8d11d9d27ca3519c2d02a2 wp-block-paragraph\"><strong><a href=\"https:\/\/casapercasa.com\/fr\/espaces-professionnels\">\u2302<\/a><\/strong><\/p>\n<\/div>\n<\/div>\n\n\n\n<div class=\"wp-block-column\">\n<div class=\"wp-block-group\">\n<p class=\"has-text-align-left solo-desktop has-black-color has-text-color has-link-color has-normal-font-size wp-elements-c38f5d5aed5e9f9e43216c91414e15aa wp-block-paragraph\"><a href=\"https:\/\/casapercasa.com\/fr\/pojects\/travail-et-convivialite\">Projet suivant<\/a><\/p>\n\n\n\n<p class=\"has-text-align-left solo-mobile has-black-color has-text-color has-link-color wp-elements-e84c01e803565472d0396562aced4f78 wp-block-paragraph\" style=\"font-size:14px\"><a href=\"https:\/\/casapercasa.com\/fr\/pojects\/travail-et-convivialite\">Projet suivant<\/a><\/p>\n\n\n\n<p class=\"has-text-align-left is-style-medtitle has-black-color has-text-color has-link-color has-extra-large-font-size wp-elements-893954c07f79a0d5a969926c711ccbfc wp-block-paragraph\"><strong><a href=\"https:\/\/casapercasa.com\/fr\/pojects\/travail-et-convivialite\">\u2192<\/a><\/strong><\/p>\n<\/div>\n<\/div>\n<\/div>\n<\/div>\n<\/div>\n\n\n\n<div style=\"height:70px\" aria-hidden=\"true\" class=\"wp-block-spacer solo-dekstop\"><\/div>\n\n\n\n<div class=\"wp-block-group has-background\" style=\"background-color:#9fa63a3d\"><div id=\"17382\" class=\"Custom_CTA_Wrapper custom_cta\">\r\n    <div class=\"container\">\r\n        <div class=\"row align-items-center\">\r\n            <div class=\"col-12 col-lg-4 col-xl-3\">\r\n                <div class=\"Custom_CTA_Img\">\r\n                                            <img decoding=\"async\" src=\"https:\/\/casapercasa.com\/wp-content\/uploads\/2022\/09\/la-nostra-sede-e1701268650543.jpg\">\r\n                                        <\/div>\r\n            <\/div>\r\n            <div class=\"col-12 col-lg-8 col-xl-9\">\r\n                <div class=\"Custom_CTA_Content_Wrapper\">\r\n                    <div class=\"Custom_CTA_Title\">Passez du temps avec nous.<\/div>\r\n                    <div class=\"Custom_CTA_Descr\">Notre showroom et nos ateliers vous attendent: d\u00e9sirez, imaginez, d\u00e9couvrez, choisissez, cr\u00e9ez.<\/div>\r\n                                            <div class=\"Custom_CTA_Link\"><a href=\"https:\/\/casapercasa.com\/fr\/contatti\/\">Contactez-nous d\u00e8s maintenant<\/a><\/div>\r\n                                        <\/div>\r\n            <\/div>\r\n        <\/div>\r\n    <\/div>\r\n<\/div><\/div>\n","protected":false},"excerpt":{"rendered":"<p>Identit\u00e9 partag\u00e9e Espace de travail et identit\u00e9 d\u2019entrepriseUn espace de travail pour une entreprise italienne \u00e0 port\u00e9e internationale, o\u00f9 le travail d\u2019\u00e9quipe devient central et o\u00f9 le mobilier refl\u00e8te ce concept expressif. \u00c0 l\u2019int\u00e9rieur, un v\u00e9ritable \u00ab\u202fmus\u00e9e\u202f\u00bb de l\u2019entreprise a \u00e9t\u00e9 cr\u00e9\u00e9, avec des vitrines en bouleau naturel et des d\u00e9tails en m\u00e9tal peint en [&hellip;]<\/p>\n","protected":false},"featured_media":0,"parent":0,"menu_order":0,"template":"","meta":{"_acf_changed":false,"inline_featured_image":false,"footnotes":""},"class_list":["post-17382","projects","type-projects","status-publish","hentry"],"acf":[],"yoast_head":"<title>Casapercasa - Identit\u00e9 partag\u00e9e<\/title>\n<meta name=\"description\" content=\"Espace de travail pour une entreprise italienne internationale, o\u00f9 le travail d\u2019\u00e9quipe est central et le mobilier refl\u00e8te le concept.\" \/>\n<meta name=\"robots\" content=\"index, follow, max-snippet:-1, max-image-preview:large, max-video-preview:-1\" \/>\n<link rel=\"canonical\" href=\"https:\/\/casapercasa.com\/fr\/projects\/identite-partagee\/\" \/>\n<meta property=\"og:locale\" content=\"fr_FR\" \/>\n<meta property=\"og:type\" content=\"article\" \/>\n<meta property=\"og:title\" content=\"Casapercasa - Identit\u00e9 partag\u00e9e\" \/>\n<meta property=\"og:description\" content=\"Espace de travail pour une entreprise italienne internationale, o\u00f9 le travail d\u2019\u00e9quipe est central et le mobilier refl\u00e8te le concept.\" \/>\n<meta property=\"og:url\" content=\"https:\/\/casapercasa.com\/fr\/projects\/identite-partagee\/\" \/>\n<meta property=\"og:site_name\" content=\"Casapercasa S.r.l.\" \/>\n<meta property=\"article:publisher\" content=\"https:\/\/www.facebook.com\/casapercasadesign\" \/>\n<meta property=\"article:modified_time\" content=\"2026-02-19T09:56:52+00:00\" \/>\n<meta property=\"og:image\" content=\"https:\/\/casapercasa.com\/wp-content\/uploads\/2022\/10\/casapercasa-gentlebrand_017.jpg\" \/>\n\t<meta property=\"og:image:width\" content=\"1024\" \/>\n\t<meta property=\"og:image:height\" content=\"683\" \/>\n\t<meta property=\"og:image:type\" content=\"image\/jpeg\" \/>\n<meta name=\"twitter:card\" content=\"summary_large_image\" \/>\n<meta name=\"twitter:label1\" content=\"Dur\u00e9e de lecture estim\u00e9e\" \/>\n\t<meta name=\"twitter:data1\" content=\"2 minutes\" \/>\n<script type=\"application\/ld+json\" class=\"yoast-schema-graph\">{\"@context\":\"https:\\\/\\\/schema.org\",\"@graph\":[{\"@type\":\"WebPage\",\"@id\":\"https:\\\/\\\/casapercasa.com\\\/fr\\\/projects\\\/identite-partagee\\\/\",\"url\":\"https:\\\/\\\/casapercasa.com\\\/fr\\\/projects\\\/identite-partagee\\\/\",\"name\":\"Casapercasa - Identit\u00e9 partag\u00e9e\",\"isPartOf\":{\"@id\":\"https:\\\/\\\/casapercasa.com\\\/fr\\\/#website\"},\"primaryImageOfPage\":{\"@id\":\"https:\\\/\\\/casapercasa.com\\\/fr\\\/projects\\\/identite-partagee\\\/#primaryimage\"},\"image\":{\"@id\":\"https:\\\/\\\/casapercasa.com\\\/fr\\\/projects\\\/identite-partagee\\\/#primaryimage\"},\"thumbnailUrl\":\"https:\\\/\\\/casapercasa.com\\\/wp-content\\\/uploads\\\/2022\\\/10\\\/casapercasa-gentlebrand_017.jpg\",\"datePublished\":\"2026-02-10T09:25:32+00:00\",\"dateModified\":\"2026-02-19T09:56:52+00:00\",\"description\":\"Espace de travail pour une entreprise italienne internationale, o\u00f9 le travail d\u2019\u00e9quipe est central et le mobilier refl\u00e8te le concept.\",\"breadcrumb\":{\"@id\":\"https:\\\/\\\/casapercasa.com\\\/fr\\\/projects\\\/identite-partagee\\\/#breadcrumb\"},\"inLanguage\":\"fr-FR\",\"potentialAction\":[{\"@type\":\"ReadAction\",\"target\":[\"https:\\\/\\\/casapercasa.com\\\/fr\\\/projects\\\/identite-partagee\\\/\"]}]},{\"@type\":\"ImageObject\",\"inLanguage\":\"fr-FR\",\"@id\":\"https:\\\/\\\/casapercasa.com\\\/fr\\\/projects\\\/identite-partagee\\\/#primaryimage\",\"url\":\"https:\\\/\\\/casapercasa.com\\\/wp-content\\\/uploads\\\/2022\\\/10\\\/casapercasa-gentlebrand_017.jpg\",\"contentUrl\":\"https:\\\/\\\/casapercasa.com\\\/wp-content\\\/uploads\\\/2022\\\/10\\\/casapercasa-gentlebrand_017.jpg\"},{\"@type\":\"BreadcrumbList\",\"@id\":\"https:\\\/\\\/casapercasa.com\\\/fr\\\/projects\\\/identite-partagee\\\/#breadcrumb\",\"itemListElement\":[{\"@type\":\"ListItem\",\"position\":1,\"name\":\"Home\",\"item\":\"https:\\\/\\\/casapercasa.com\\\/fr\\\/\"},{\"@type\":\"ListItem\",\"position\":2,\"name\":\"Projects\",\"item\":\"https:\\\/\\\/casapercasa.com\\\/fr\\\/projects\\\/\"},{\"@type\":\"ListItem\",\"position\":3,\"name\":\"Spazi professionali &#8211; Ufficio Gentlebrand fra\"}]},{\"@type\":\"WebSite\",\"@id\":\"https:\\\/\\\/casapercasa.com\\\/fr\\\/#website\",\"url\":\"https:\\\/\\\/casapercasa.com\\\/fr\\\/\",\"name\":\"Casapercasa\",\"description\":\"INNOVAZIONE ARTIGIANA\",\"publisher\":{\"@id\":\"https:\\\/\\\/casapercasa.com\\\/fr\\\/#organization\"},\"potentialAction\":[{\"@type\":\"SearchAction\",\"target\":{\"@type\":\"EntryPoint\",\"urlTemplate\":\"https:\\\/\\\/casapercasa.com\\\/fr\\\/?s={search_term_string}\"},\"query-input\":{\"@type\":\"PropertyValueSpecification\",\"valueRequired\":true,\"valueName\":\"search_term_string\"}}],\"inLanguage\":\"fr-FR\"},{\"@type\":\"Organization\",\"@id\":\"https:\\\/\\\/casapercasa.com\\\/fr\\\/#organization\",\"name\":\"Casapercasa S.r.l.\",\"url\":\"https:\\\/\\\/casapercasa.com\\\/fr\\\/\",\"logo\":{\"@type\":\"ImageObject\",\"inLanguage\":\"fr-FR\",\"@id\":\"https:\\\/\\\/casapercasa.com\\\/fr\\\/#\\\/schema\\\/logo\\\/image\\\/\",\"url\":\"https:\\\/\\\/casapercasa.com\\\/wp-content\\\/uploads\\\/2022\\\/10\\\/logo-extralarge-retina.png\",\"contentUrl\":\"https:\\\/\\\/casapercasa.com\\\/wp-content\\\/uploads\\\/2022\\\/10\\\/logo-extralarge-retina.png\",\"width\":258,\"height\":43,\"caption\":\"Casapercasa S.r.l.\"},\"image\":{\"@id\":\"https:\\\/\\\/casapercasa.com\\\/fr\\\/#\\\/schema\\\/logo\\\/image\\\/\"},\"sameAs\":[\"https:\\\/\\\/www.facebook.com\\\/casapercasadesign\",\"https:\\\/\\\/www.instagram.com\\\/casapercasadettagli\\\/?hl=it\"]}]}<\/script>","yoast_head_json":{"title":"Casapercasa - Identit\u00e9 partag\u00e9e","description":"Espace de travail pour une entreprise italienne internationale, o\u00f9 le travail d\u2019\u00e9quipe est central et le mobilier refl\u00e8te le concept.","robots":{"index":"index","follow":"follow","max-snippet":"max-snippet:-1","max-image-preview":"max-image-preview:large","max-video-preview":"max-video-preview:-1"},"canonical":"https:\/\/casapercasa.com\/fr\/projects\/identite-partagee\/","og_locale":"fr_FR","og_type":"article","og_title":"Casapercasa - Identit\u00e9 partag\u00e9e","og_description":"Espace de travail pour une entreprise italienne internationale, o\u00f9 le travail d\u2019\u00e9quipe est central et le mobilier refl\u00e8te le concept.","og_url":"https:\/\/casapercasa.com\/fr\/projects\/identite-partagee\/","og_site_name":"Casapercasa S.r.l.","article_publisher":"https:\/\/www.facebook.com\/casapercasadesign","article_modified_time":"2026-02-19T09:56:52+00:00","og_image":[{"width":1024,"height":683,"url":"https:\/\/casapercasa.com\/wp-content\/uploads\/2022\/10\/casapercasa-gentlebrand_017.jpg","type":"image\/jpeg"}],"twitter_card":"summary_large_image","twitter_misc":{"Dur\u00e9e de lecture estim\u00e9e":"2 minutes"},"schema":{"@context":"https:\/\/schema.org","@graph":[{"@type":"WebPage","@id":"https:\/\/casapercasa.com\/fr\/projects\/identite-partagee\/","url":"https:\/\/casapercasa.com\/fr\/projects\/identite-partagee\/","name":"Casapercasa - Identit\u00e9 partag\u00e9e","isPartOf":{"@id":"https:\/\/casapercasa.com\/fr\/#website"},"primaryImageOfPage":{"@id":"https:\/\/casapercasa.com\/fr\/projects\/identite-partagee\/#primaryimage"},"image":{"@id":"https:\/\/casapercasa.com\/fr\/projects\/identite-partagee\/#primaryimage"},"thumbnailUrl":"https:\/\/casapercasa.com\/wp-content\/uploads\/2022\/10\/casapercasa-gentlebrand_017.jpg","datePublished":"2026-02-10T09:25:32+00:00","dateModified":"2026-02-19T09:56:52+00:00","description":"Espace de travail pour une entreprise italienne internationale, o\u00f9 le travail d\u2019\u00e9quipe est central et le mobilier refl\u00e8te le concept.","breadcrumb":{"@id":"https:\/\/casapercasa.com\/fr\/projects\/identite-partagee\/#breadcrumb"},"inLanguage":"fr-FR","potentialAction":[{"@type":"ReadAction","target":["https:\/\/casapercasa.com\/fr\/projects\/identite-partagee\/"]}]},{"@type":"ImageObject","inLanguage":"fr-FR","@id":"https:\/\/casapercasa.com\/fr\/projects\/identite-partagee\/#primaryimage","url":"https:\/\/casapercasa.com\/wp-content\/uploads\/2022\/10\/casapercasa-gentlebrand_017.jpg","contentUrl":"https:\/\/casapercasa.com\/wp-content\/uploads\/2022\/10\/casapercasa-gentlebrand_017.jpg"},{"@type":"BreadcrumbList","@id":"https:\/\/casapercasa.com\/fr\/projects\/identite-partagee\/#breadcrumb","itemListElement":[{"@type":"ListItem","position":1,"name":"Home","item":"https:\/\/casapercasa.com\/fr\/"},{"@type":"ListItem","position":2,"name":"Projects","item":"https:\/\/casapercasa.com\/fr\/projects\/"},{"@type":"ListItem","position":3,"name":"Spazi professionali &#8211; Ufficio Gentlebrand fra"}]},{"@type":"WebSite","@id":"https:\/\/casapercasa.com\/fr\/#website","url":"https:\/\/casapercasa.com\/fr\/","name":"Casapercasa","description":"INNOVAZIONE ARTIGIANA","publisher":{"@id":"https:\/\/casapercasa.com\/fr\/#organization"},"potentialAction":[{"@type":"SearchAction","target":{"@type":"EntryPoint","urlTemplate":"https:\/\/casapercasa.com\/fr\/?s={search_term_string}"},"query-input":{"@type":"PropertyValueSpecification","valueRequired":true,"valueName":"search_term_string"}}],"inLanguage":"fr-FR"},{"@type":"Organization","@id":"https:\/\/casapercasa.com\/fr\/#organization","name":"Casapercasa S.r.l.","url":"https:\/\/casapercasa.com\/fr\/","logo":{"@type":"ImageObject","inLanguage":"fr-FR","@id":"https:\/\/casapercasa.com\/fr\/#\/schema\/logo\/image\/","url":"https:\/\/casapercasa.com\/wp-content\/uploads\/2022\/10\/logo-extralarge-retina.png","contentUrl":"https:\/\/casapercasa.com\/wp-content\/uploads\/2022\/10\/logo-extralarge-retina.png","width":258,"height":43,"caption":"Casapercasa S.r.l."},"image":{"@id":"https:\/\/casapercasa.com\/fr\/#\/schema\/logo\/image\/"},"sameAs":["https:\/\/www.facebook.com\/casapercasadesign","https:\/\/www.instagram.com\/casapercasadettagli\/?hl=it"]}]}},"_links":{"self":[{"href":"https:\/\/casapercasa.com\/fr\/wp-json\/wp\/v2\/projects\/17382","targetHints":{"allow":["GET"]}}],"collection":[{"href":"https:\/\/casapercasa.com\/fr\/wp-json\/wp\/v2\/projects"}],"about":[{"href":"https:\/\/casapercasa.com\/fr\/wp-json\/wp\/v2\/types\/projects"}],"version-history":[{"count":3,"href":"https:\/\/casapercasa.com\/fr\/wp-json\/wp\/v2\/projects\/17382\/revisions"}],"predecessor-version":[{"id":17857,"href":"https:\/\/casapercasa.com\/fr\/wp-json\/wp\/v2\/projects\/17382\/revisions\/17857"}],"wp:attachment":[{"href":"https:\/\/casapercasa.com\/fr\/wp-json\/wp\/v2\/media?parent=17382"}],"curies":[{"name":"wp","href":"https:\/\/api.w.org\/{rel}","templated":true}]}}