{"id":17370,"date":"2026-02-10T09:47:57","date_gmt":"2026-02-10T08:47:57","guid":{"rendered":"https:\/\/casapercasa.com\/?post_type=projects&#038;p=17370"},"modified":"2026-02-19T10:55:55","modified_gmt":"2026-02-19T09:55:55","slug":"tradition-et-accueil","status":"publish","type":"projects","link":"https:\/\/casapercasa.com\/fr\/projects\/tradition-et-accueil\/","title":{"rendered":"Spazi professionali &#8211; Calmonda fra"},"content":{"rendered":"\n<div style=\"height:20px\" aria-hidden=\"true\" class=\"wp-block-spacer\"><\/div>\n\n\n\n<div class=\"wp-block-group\">\n<div class=\"wp-block-group is-style-container\">\n<div class=\"wp-block-media-text has-media-on-the-right is-stacked-on-mobile is-vertically-aligned-center\" style=\"grid-template-columns:auto 55%\"><div class=\"wp-block-media-text__content\">\n<p class=\"has-black-color has-text-color has-link-color has-large-font-size wp-elements-286198d5effced8107fb1b9ebdd6f7c4 wp-block-paragraph\" style=\"font-style:normal;font-weight:400\">Tradition et accueil<\/p>\n\n\n\n<div style=\"height:30px\" aria-hidden=\"true\" class=\"wp-block-spacer solo-desktop\"><\/div>\n\n\n\n<p class=\"has-black-color has-text-color has-link-color has-small-font-size wp-elements-0a61d3d4adf77054ad40916650554b0a wp-block-paragraph\"><strong>Tradition, accueil v\u00e9nitien et simplicit\u00e9<\/strong><br>Tradition, hospitalit\u00e9 v\u00e9nitienne, simplicit\u00e9. Un lieu o\u00f9 l\u2019on se sent comme chez soi, avec une grande table-comptoir qui devient le c\u0153ur de l\u2019espace et des relations.<\/p>\n\n\n\n<p class=\"has-black-color has-text-color has-link-color has-small-font-size wp-elements-066b2d00ca84a7539e862f7fbf6f4eec wp-block-paragraph\">De ces intentions na\u00eet une solution \u00e0 l\u2019\u00e2me traditionnelle, r\u00e9interpr\u00e9t\u00e9e \u00e0 travers un langage contemporain et communicatif. L\u2019id\u00e9e d\u2019accueillir les clients comme des invit\u00e9s a \u00e9t\u00e9 le point de d\u00e9part : un environnement presque domestique, qui permet de raconter, de tester et de vendre les produits de mani\u00e8re naturelle et authentique.<\/p>\n<\/div><figure class=\"wp-block-media-text__media\"><img decoding=\"async\" src=\"https:\/\/casapercasa.com\/wp-content\/uploads\/2023\/06\/cal-monda-5.jpg\" alt=\"\" class=\"wp-image-10699 size-full\"\/><\/figure><\/div>\n\n\n\n<div class=\"wp-block-group solo-desktop\">\n<div class=\"wp-block-columns\">\n<div class=\"wp-block-column\" style=\"flex-basis:50%\">\n<figure class=\"wp-block-image aligncenter size-full\"><img loading=\"lazy\" decoding=\"async\" width=\"1920\" height=\"1280\" src=\"https:\/\/casapercasa.com\/wp-content\/uploads\/2023\/06\/cal-monda-8.jpg\" alt=\"\" class=\"wp-image-10705\" style=\"aspect-ratio:4\/3;object-fit:cover\" srcset=\"https:\/\/casapercasa.com\/wp-content\/uploads\/2023\/06\/cal-monda-8.jpg 1920w, https:\/\/casapercasa.com\/wp-content\/uploads\/2023\/06\/cal-monda-8-1600x1067.jpg 1600w, https:\/\/casapercasa.com\/wp-content\/uploads\/2023\/06\/cal-monda-8-768x512.jpg 768w, https:\/\/casapercasa.com\/wp-content\/uploads\/2023\/06\/cal-monda-8-1536x1024.jpg 1536w, https:\/\/casapercasa.com\/wp-content\/uploads\/2023\/06\/cal-monda-8-300x200.jpg 300w, https:\/\/casapercasa.com\/wp-content\/uploads\/2023\/06\/cal-monda-8-600x400.jpg 600w\" sizes=\"auto, (max-width: 1920px) 100vw, 1920px\" \/><\/figure>\n<\/div>\n\n\n\n<div class=\"wp-block-column\" style=\"flex-basis:50%\">\n<div class=\"wp-block-columns\">\n<div class=\"wp-block-column\">\n<figure class=\"wp-block-image size-full\"><img loading=\"lazy\" decoding=\"async\" width=\"1920\" height=\"1280\" src=\"https:\/\/casapercasa.com\/wp-content\/uploads\/2023\/06\/cal-monda-17.jpg\" alt=\"\" class=\"wp-image-3443\" style=\"aspect-ratio:3\/4;object-fit:cover\" srcset=\"https:\/\/casapercasa.com\/wp-content\/uploads\/2023\/06\/cal-monda-17.jpg 1920w, https:\/\/casapercasa.com\/wp-content\/uploads\/2023\/06\/cal-monda-17-1600x1067.jpg 1600w, https:\/\/casapercasa.com\/wp-content\/uploads\/2023\/06\/cal-monda-17-768x512.jpg 768w, https:\/\/casapercasa.com\/wp-content\/uploads\/2023\/06\/cal-monda-17-1536x1024.jpg 1536w, https:\/\/casapercasa.com\/wp-content\/uploads\/2023\/06\/cal-monda-17-300x200.jpg 300w, https:\/\/casapercasa.com\/wp-content\/uploads\/2023\/06\/cal-monda-17-600x400.jpg 600w\" sizes=\"auto, (max-width: 1920px) 100vw, 1920px\" \/><\/figure>\n<\/div>\n\n\n\n<div class=\"wp-block-column\">\n<figure class=\"wp-block-image size-full\"><img loading=\"lazy\" decoding=\"async\" width=\"1920\" height=\"1280\" src=\"https:\/\/casapercasa.com\/wp-content\/uploads\/2023\/10\/cal-monda-16.jpg\" alt=\"\" class=\"wp-image-4719\" style=\"aspect-ratio:3\/4;object-fit:cover\" srcset=\"https:\/\/casapercasa.com\/wp-content\/uploads\/2023\/10\/cal-monda-16.jpg 1920w, https:\/\/casapercasa.com\/wp-content\/uploads\/2023\/10\/cal-monda-16-1600x1067.jpg 1600w, https:\/\/casapercasa.com\/wp-content\/uploads\/2023\/10\/cal-monda-16-768x512.jpg 768w, https:\/\/casapercasa.com\/wp-content\/uploads\/2023\/10\/cal-monda-16-1536x1024.jpg 1536w, https:\/\/casapercasa.com\/wp-content\/uploads\/2023\/10\/cal-monda-16-300x200.jpg 300w, https:\/\/casapercasa.com\/wp-content\/uploads\/2023\/10\/cal-monda-16-600x400.jpg 600w\" sizes=\"auto, (max-width: 1920px) 100vw, 1920px\" \/><\/figure>\n<\/div>\n<\/div>\n\n\n\n<p class=\"has-black-color has-text-color has-link-color has-small-font-size wp-elements-1db4f45944bcda40f59c3d0bd37042c7 wp-block-paragraph\">Notre meuble de rangement <strong>Forrest<\/strong>, \u00e9galement \u00e9quip\u00e9 de fraisages porte-verres.<\/p>\n<\/div>\n<\/div>\n<\/div>\n<\/div>\n\n\n\n<div style=\"height:10px\" aria-hidden=\"true\" class=\"wp-block-spacer\"><\/div>\n\n\n\n<div class=\"wp-block-group is-style-container\">\n<div class=\"wp-block-group solo-desktop\">        <div  class=\"block_1a40b4b5a65e48e6744dd87d340f7e82 CustomGalleryWrapper CustomGalleryWrapper_Masonry numcol3 cb_custom_cgallery\">\r\n            <div class=\"masonry-wrapper\">\r\n                <div class=\"grid-sizer\"><\/div>\r\n                <div class=\"gutter-sizer\"><\/div>\r\n                                    <div class=\"masonry-img\">\r\n                                                    <a class=\"image_box_descr_img\" href=\"https:\/\/casapercasa.com\/wp-content\/uploads\/2023\/06\/cal-monda-6.jpg\" data-pswp-width=\"1920\" data-pswp-height=\"1280\">\r\n                                                    <img decoding=\"async\" src=\"https:\/\/casapercasa.com\/wp-content\/uploads\/2023\/06\/cal-monda-6.jpg\">\r\n                                                    <\/a>\r\n                                                <\/div>\r\n                                        <div class=\"masonry-img\">\r\n                                                    <a class=\"image_box_descr_img\" href=\"https:\/\/casapercasa.com\/wp-content\/uploads\/2023\/06\/cal-monda-8.jpg\" data-pswp-width=\"1920\" data-pswp-height=\"1280\">\r\n                                                    <img decoding=\"async\" src=\"https:\/\/casapercasa.com\/wp-content\/uploads\/2023\/06\/cal-monda-8.jpg\">\r\n                                                    <\/a>\r\n                                                <\/div>\r\n                                        <div class=\"masonry-img\">\r\n                                                    <a class=\"image_box_descr_img\" href=\"https:\/\/casapercasa.com\/wp-content\/uploads\/2024\/12\/inlungoinlargo-18.jpg\" data-pswp-width=\"1920\" data-pswp-height=\"1280\">\r\n                                                    <img decoding=\"async\" src=\"https:\/\/casapercasa.com\/wp-content\/uploads\/2024\/12\/inlungoinlargo-18.jpg\">\r\n                                                    <\/a>\r\n                                                <\/div>\r\n                                        <div class=\"masonry-img\">\r\n                                                    <a class=\"image_box_descr_img\" href=\"https:\/\/casapercasa.com\/wp-content\/uploads\/2023\/06\/cal-monda-14.jpg\" data-pswp-width=\"1920\" data-pswp-height=\"1280\">\r\n                                                    <img decoding=\"async\" src=\"https:\/\/casapercasa.com\/wp-content\/uploads\/2023\/06\/cal-monda-14.jpg\">\r\n                                                    <\/a>\r\n                                                <\/div>\r\n                                        <div class=\"masonry-img\">\r\n                                                    <a class=\"image_box_descr_img\" href=\"https:\/\/casapercasa.com\/wp-content\/uploads\/2023\/06\/cal-monda-11.jpg\" data-pswp-width=\"1920\" data-pswp-height=\"1280\">\r\n                                                    <img decoding=\"async\" src=\"https:\/\/casapercasa.com\/wp-content\/uploads\/2023\/06\/cal-monda-11.jpg\">\r\n                                                    <\/a>\r\n                                                <\/div>\r\n                                        <div class=\"masonry-img\">\r\n                                                    <a class=\"image_box_descr_img\" href=\"https:\/\/casapercasa.com\/wp-content\/uploads\/2023\/06\/cal-monda-15.jpg\" data-pswp-width=\"1920\" data-pswp-height=\"1280\">\r\n                                                    <img decoding=\"async\" src=\"https:\/\/casapercasa.com\/wp-content\/uploads\/2023\/06\/cal-monda-15.jpg\">\r\n                                                    <\/a>\r\n                                                <\/div>\r\n                                        <div class=\"masonry-img\">\r\n                                                    <a class=\"image_box_descr_img\" href=\"https:\/\/casapercasa.com\/wp-content\/uploads\/2023\/06\/cal-monda-22-1.jpg\" data-pswp-width=\"1920\" data-pswp-height=\"1280\">\r\n                                                    <img decoding=\"async\" src=\"https:\/\/casapercasa.com\/wp-content\/uploads\/2023\/06\/cal-monda-22-1.jpg\">\r\n                                                    <\/a>\r\n                                                <\/div>\r\n                                        <div class=\"masonry-img\">\r\n                                                    <a class=\"image_box_descr_img\" href=\"https:\/\/casapercasa.com\/wp-content\/uploads\/2023\/06\/cal-monda-7-1.jpg\" data-pswp-width=\"1920\" data-pswp-height=\"1280\">\r\n                                                    <img decoding=\"async\" src=\"https:\/\/casapercasa.com\/wp-content\/uploads\/2023\/06\/cal-monda-7-1.jpg\">\r\n                                                    <\/a>\r\n                                                <\/div>\r\n                                <\/div>\r\n        <\/div>\r\n        <script>\r\n        imagesLoaded( document.querySelector('.block_1a40b4b5a65e48e6744dd87d340f7e82'), function( instance )\r\n            {\r\n            $('.block_1a40b4b5a65e48e6744dd87d340f7e82 .masonry-wrapper').masonry(\r\n                {\r\n                itemSelector: '.masonry-img',\r\n                columnWidth: '.grid-sizer',\r\n                gutter: '.gutter-sizer',\r\n                percentPosition: true,\r\n                });\r\n            });\r\n        <\/script>\r\n        <\/div>\n\n\n\n<div class=\"wp-block-group solo-mobile\">\n<div style=\"height:50px\" aria-hidden=\"true\" class=\"wp-block-spacer\"><\/div>\n\n\n\n<p class=\"has-text-align-center wp-block-paragraph\" style=\"font-size:12px\">Faites d\u00e9filer la galerie pour d\u00e9couvrir le projet,<br>cliquez sur les photos pour les agrandir<\/p>\n\n\n\n<div style=\"height:20px\" aria-hidden=\"true\" class=\"wp-block-spacer\"><\/div>\n\n\n        <div  class=\"block_abb9e45c21533fd4ac200ff9ce373cc5 CustomGalleryWrapper CustomGalleryWrapper_Slider cb_custom_cgallery\">\r\n            <div class=\"swiper-container\">\r\n                <div class=\"swiper-wrapper\">\r\n                                            <div class=\"swiper-slide\">\r\n                                                            <a href=\"https:\/\/casapercasa.com\/wp-content\/uploads\/2023\/06\/cal-monda-8.jpg\" data-pswp-width=\"1920\" data-pswp-height=\"1280\">\r\n                                                            <img srcset=\"https:\/\/casapercasa.com\/wp-content\/uploads\/2023\/06\/cal-monda-8.jpg\" >                                                            <\/a>\r\n                                                        <\/div>\r\n                                                <div class=\"swiper-slide\">\r\n                                                            <a href=\"https:\/\/casapercasa.com\/wp-content\/uploads\/2023\/06\/cal-monda-6.jpg\" data-pswp-width=\"1920\" data-pswp-height=\"1280\">\r\n                                                            <img srcset=\"https:\/\/casapercasa.com\/wp-content\/uploads\/2023\/06\/cal-monda-6.jpg\" >                                                            <\/a>\r\n                                                        <\/div>\r\n                                                <div class=\"swiper-slide\">\r\n                                                            <a href=\"https:\/\/casapercasa.com\/wp-content\/uploads\/2024\/12\/inlungoinlargo-18.jpg\" data-pswp-width=\"1920\" data-pswp-height=\"1280\">\r\n                                                            <img srcset=\"https:\/\/casapercasa.com\/wp-content\/uploads\/2024\/12\/inlungoinlargo-18.jpg\" >                                                            <\/a>\r\n                                                        <\/div>\r\n                                                <div class=\"swiper-slide\">\r\n                                                            <a href=\"https:\/\/casapercasa.com\/wp-content\/uploads\/2023\/06\/cal-monda-19.jpg\" data-pswp-width=\"1920\" data-pswp-height=\"1280\">\r\n                                                            <img srcset=\"https:\/\/casapercasa.com\/wp-content\/uploads\/2023\/06\/cal-monda-19.jpg\" >                                                            <\/a>\r\n                                                        <\/div>\r\n                                                <div class=\"swiper-slide\">\r\n                                                            <a href=\"https:\/\/casapercasa.com\/wp-content\/uploads\/2023\/06\/cal-monda-11.jpg\" data-pswp-width=\"1920\" data-pswp-height=\"1280\">\r\n                                                            <img srcset=\"https:\/\/casapercasa.com\/wp-content\/uploads\/2023\/06\/cal-monda-11.jpg\" >                                                            <\/a>\r\n                                                        <\/div>\r\n                                                <div class=\"swiper-slide\">\r\n                                                            <a href=\"https:\/\/casapercasa.com\/wp-content\/uploads\/2023\/06\/cal-monda-22-1.jpg\" data-pswp-width=\"1920\" data-pswp-height=\"1280\">\r\n                                                            <img srcset=\"https:\/\/casapercasa.com\/wp-content\/uploads\/2023\/06\/cal-monda-22-1.jpg\" >                                                            <\/a>\r\n                                                        <\/div>\r\n                                                <div class=\"swiper-slide\">\r\n                                                            <a href=\"https:\/\/casapercasa.com\/wp-content\/uploads\/2023\/06\/cal-monda-15.jpg\" data-pswp-width=\"1920\" data-pswp-height=\"1280\">\r\n                                                            <img srcset=\"https:\/\/casapercasa.com\/wp-content\/uploads\/2023\/06\/cal-monda-15.jpg\" loading=\"lazy\"><div class=\"swiper-lazy-preloader swiper-lazy-preloader-white\"><\/div>                                                            <\/a>\r\n                                                        <\/div>\r\n                                                <div class=\"swiper-slide\">\r\n                                                            <a href=\"https:\/\/casapercasa.com\/wp-content\/uploads\/2023\/06\/cal-monda-17.jpg\" data-pswp-width=\"1920\" data-pswp-height=\"1280\">\r\n                                                            <img srcset=\"https:\/\/casapercasa.com\/wp-content\/uploads\/2023\/06\/cal-monda-17.jpg\" loading=\"lazy\"><div class=\"swiper-lazy-preloader swiper-lazy-preloader-white\"><\/div>                                                            <\/a>\r\n                                                        <\/div>\r\n                                                <div class=\"swiper-slide\">\r\n                                                            <a href=\"https:\/\/casapercasa.com\/wp-content\/uploads\/2023\/06\/cal-monda-16.jpg\" data-pswp-width=\"1920\" data-pswp-height=\"1280\">\r\n                                                            <img srcset=\"https:\/\/casapercasa.com\/wp-content\/uploads\/2023\/06\/cal-monda-16.jpg\" loading=\"lazy\"><div class=\"swiper-lazy-preloader swiper-lazy-preloader-white\"><\/div>                                                            <\/a>\r\n                                                        <\/div>\r\n                                        <\/div>\r\n                <div class=\"navigation-box-wrapper\">\r\n                    <div class=\"navigation-box\">\r\n                        <div class=\"left-arrow\">\r\n                                                        <img decoding=\"async\" src=\"\/wp-content\/uploads\/2024\/11\/arrow-left-casapercasa.svg\">\r\n                                                    <\/div>\r\n                        <div class=\"right-arrow\">\r\n                                                        <img decoding=\"async\" src=\"\/wp-content\/uploads\/2024\/11\/arrow-right-casapercasa.svg\">\r\n                                                    <\/div>\r\n                    <\/div>\r\n                <\/div>\r\n            <\/div>\r\n        <\/div>\r\n        <\/div>\n<\/div>\n\n\n\n<div class=\"wp-block-group is-style-container\">\n<div style=\"height:100px\" aria-hidden=\"true\" class=\"wp-block-spacer solo-desktop\"><\/div>\n\n\n\n<div style=\"height:50px\" aria-hidden=\"true\" class=\"wp-block-spacer solo-mobile\"><\/div>\n\n\n\n<div class=\"wp-block-columns is-not-stacked-on-mobile\">\n<div class=\"wp-block-column\">\n<div class=\"wp-block-group\">\n<p class=\"has-text-align-right solo-desktop has-black-color has-text-color has-link-color has-normal-font-size wp-elements-0ea681574cbe22c199e50eca6d4694fa wp-block-paragraph\"><a href=\"https:\/\/casapercasa.com\/fr\/projects\/trattoria-italienne\">Projet pr\u00e9c\u00e9dent<\/a><\/p>\n\n\n\n<p class=\"has-text-align-right solo-mobile has-black-color has-text-color has-link-color wp-elements-cb7ff04bf346c14409085b44bcfb4ee0 wp-block-paragraph\" style=\"font-size:14px\"><a href=\"https:\/\/casapercasa.com\/fr\/projects\/trattoria-italienne\">Projet pr\u00e9c\u00e9dent<\/a><\/p>\n\n\n\n<p class=\"has-text-align-right is-style-medtitle has-black-color has-text-color has-link-color has-extra-large-font-size wp-elements-79c24ce8b0d7e8404f89cc4f1e281139 wp-block-paragraph\"><strong><a href=\"https:\/\/casapercasa.com\/fr\/projects\/trattoria-italienne\">\u2190<\/a><\/strong><\/p>\n<\/div>\n<\/div>\n\n\n\n<div class=\"wp-block-column\">\n<div class=\"wp-block-group\">\n<p class=\"has-text-align-center solo-desktop has-black-color has-text-color has-link-color has-normal-font-size wp-elements-5f551d003460c4d401b0c6014e027646 wp-block-paragraph\"><a href=\"https:\/\/casapercasa.com\/fr\/espaces-professionnels\">Tous les projets<\/a><\/p>\n\n\n\n<p class=\"has-text-align-center solo-mobile has-black-color has-text-color has-link-color wp-elements-fc5367b3d5e855f1deefbc38882beb8e wp-block-paragraph\" style=\"font-size:14px\"><a href=\"https:\/\/casapercasa.com\/fr\/espaces-professionnels\">Tous les projets<\/a><\/p>\n\n\n\n<p class=\"has-text-align-center is-style-medtitle has-black-color has-text-color has-link-color has-extra-large-font-size wp-elements-c9918321bf8d11d9d27ca3519c2d02a2 wp-block-paragraph\"><strong><a href=\"https:\/\/casapercasa.com\/fr\/espaces-professionnels\">\u2302<\/a><\/strong><\/p>\n<\/div>\n<\/div>\n\n\n\n<div class=\"wp-block-column\">\n<div class=\"wp-block-group\">\n<p class=\"has-text-align-left solo-desktop has-black-color has-text-color has-link-color has-normal-font-size wp-elements-7f42055f4b9e23466c9dcceca2cb02be wp-block-paragraph\"><a href=\"https:\/\/casapercasa.com\/fr\/projects\/cafeterias-italiennesa-a-londres\">Projet suivant<\/a><\/p>\n\n\n\n<p class=\"has-text-align-left solo-mobile has-black-color has-text-color has-link-color wp-elements-4195d666d2e67b96f8c4024d02fd2c47 wp-block-paragraph\" style=\"font-size:14px\"><a href=\"https:\/\/casapercasa.com\/fr\/projects\/cafeterias-italiennesa-a-londres\">Projet suivant<\/a><\/p>\n\n\n\n<p class=\"has-text-align-left is-style-medtitle has-black-color has-text-color has-link-color has-extra-large-font-size wp-elements-4a6ecd6284b29c45af41adf220e5937b wp-block-paragraph\"><strong><a href=\"https:\/\/casapercasa.com\/fr\/projects\/cafeterias-italiennesa-a-londres\">\u2192<\/a><\/strong><\/p>\n<\/div>\n<\/div>\n<\/div>\n<\/div>\n<\/div>\n\n\n\n<div style=\"height:70px\" aria-hidden=\"true\" class=\"wp-block-spacer solo-dekstop\"><\/div>\n\n\n\n<div class=\"wp-block-group has-background\" style=\"background-color:#9fa63a3d\"><div id=\"17370\" class=\"Custom_CTA_Wrapper custom_cta\">\r\n    <div class=\"container\">\r\n        <div class=\"row align-items-center\">\r\n            <div class=\"col-12 col-lg-4 col-xl-3\">\r\n                <div class=\"Custom_CTA_Img\">\r\n                                            <img decoding=\"async\" src=\"https:\/\/casapercasa.com\/wp-content\/uploads\/2022\/09\/la-nostra-sede-e1701268650543.jpg\">\r\n                                        <\/div>\r\n            <\/div>\r\n            <div class=\"col-12 col-lg-8 col-xl-9\">\r\n                <div class=\"Custom_CTA_Content_Wrapper\">\r\n                    <div class=\"Custom_CTA_Title\">Passez du temps avec nous.<\/div>\r\n                    <div class=\"Custom_CTA_Descr\">Notre showroom et nos ateliers vous attendent: d\u00e9sirez, imaginez, d\u00e9couvrez, choisissez, cr\u00e9ez.<\/div>\r\n                                            <div class=\"Custom_CTA_Link\"><a href=\"https:\/\/casapercasa.com\/fr\/contatti\/\">Contactez-nous d\u00e8s maintenant<\/a><\/div>\r\n                                        <\/div>\r\n            <\/div>\r\n        <\/div>\r\n    <\/div>\r\n<\/div><\/div>\n","protected":false},"excerpt":{"rendered":"<p>Tradition et accueil Tradition, accueil v\u00e9nitien et simplicit\u00e9Tradition, hospitalit\u00e9 v\u00e9nitienne, simplicit\u00e9. Un lieu o\u00f9 l\u2019on se sent comme chez soi, avec une grande table-comptoir qui devient le c\u0153ur de l\u2019espace et des relations. De ces intentions na\u00eet une solution \u00e0 l\u2019\u00e2me traditionnelle, r\u00e9interpr\u00e9t\u00e9e \u00e0 travers un langage contemporain et communicatif. L\u2019id\u00e9e d\u2019accueillir les clients comme [&hellip;]<\/p>\n","protected":false},"featured_media":0,"parent":0,"menu_order":0,"template":"","meta":{"_acf_changed":false,"inline_featured_image":false,"footnotes":""},"class_list":["post-17370","projects","type-projects","status-publish","hentry"],"acf":[],"yoast_head":"<title>Spazi professionali - Calmonda fra<\/title>\n<meta name=\"description\" content=\"Un lieu o\u00f9 l\u2019on se sent chez soi, un environnement quasi domestique pour pr\u00e9senter, tester et vendre naturellement.\" \/>\n<meta name=\"robots\" content=\"index, follow, max-snippet:-1, max-image-preview:large, max-video-preview:-1\" \/>\n<link rel=\"canonical\" href=\"https:\/\/casapercasa.com\/fr\/projects\/tradition-et-accueil\/\" \/>\n<meta property=\"og:locale\" content=\"fr_FR\" \/>\n<meta property=\"og:type\" content=\"article\" \/>\n<meta property=\"og:title\" content=\"Spazi professionali - Calmonda fra\" \/>\n<meta property=\"og:description\" content=\"Un lieu o\u00f9 l\u2019on se sent chez soi, un environnement quasi domestique pour pr\u00e9senter, tester et vendre naturellement.\" \/>\n<meta property=\"og:url\" content=\"https:\/\/casapercasa.com\/fr\/projects\/tradition-et-accueil\/\" \/>\n<meta property=\"og:site_name\" content=\"Casapercasa S.r.l.\" \/>\n<meta property=\"article:publisher\" content=\"https:\/\/www.facebook.com\/casapercasadesign\" \/>\n<meta property=\"article:modified_time\" content=\"2026-02-19T09:55:55+00:00\" \/>\n<meta name=\"twitter:card\" content=\"summary_large_image\" \/>\n<meta name=\"twitter:label1\" content=\"Dur\u00e9e de lecture estim\u00e9e\" \/>\n\t<meta name=\"twitter:data1\" content=\"2 minutes\" \/>\n<script type=\"application\/ld+json\" class=\"yoast-schema-graph\">{\"@context\":\"https:\\\/\\\/schema.org\",\"@graph\":[{\"@type\":\"WebPage\",\"@id\":\"https:\\\/\\\/casapercasa.com\\\/fr\\\/projects\\\/tradition-et-accueil\\\/\",\"url\":\"https:\\\/\\\/casapercasa.com\\\/fr\\\/projects\\\/tradition-et-accueil\\\/\",\"name\":\"Spazi professionali - Calmonda fra\",\"isPartOf\":{\"@id\":\"https:\\\/\\\/casapercasa.com\\\/fr\\\/#website\"},\"primaryImageOfPage\":{\"@id\":\"https:\\\/\\\/casapercasa.com\\\/fr\\\/projects\\\/tradition-et-accueil\\\/#primaryimage\"},\"image\":{\"@id\":\"https:\\\/\\\/casapercasa.com\\\/fr\\\/projects\\\/tradition-et-accueil\\\/#primaryimage\"},\"thumbnailUrl\":\"https:\\\/\\\/casapercasa.com\\\/wp-content\\\/uploads\\\/2023\\\/06\\\/cal-monda-5.jpg\",\"datePublished\":\"2026-02-10T08:47:57+00:00\",\"dateModified\":\"2026-02-19T09:55:55+00:00\",\"description\":\"Un lieu o\u00f9 l\u2019on se sent chez soi, un environnement quasi domestique pour pr\u00e9senter, tester et vendre naturellement.\",\"breadcrumb\":{\"@id\":\"https:\\\/\\\/casapercasa.com\\\/fr\\\/projects\\\/tradition-et-accueil\\\/#breadcrumb\"},\"inLanguage\":\"fr-FR\",\"potentialAction\":[{\"@type\":\"ReadAction\",\"target\":[\"https:\\\/\\\/casapercasa.com\\\/fr\\\/projects\\\/tradition-et-accueil\\\/\"]}]},{\"@type\":\"ImageObject\",\"inLanguage\":\"fr-FR\",\"@id\":\"https:\\\/\\\/casapercasa.com\\\/fr\\\/projects\\\/tradition-et-accueil\\\/#primaryimage\",\"url\":\"https:\\\/\\\/casapercasa.com\\\/wp-content\\\/uploads\\\/2023\\\/06\\\/cal-monda-5.jpg\",\"contentUrl\":\"https:\\\/\\\/casapercasa.com\\\/wp-content\\\/uploads\\\/2023\\\/06\\\/cal-monda-5.jpg\"},{\"@type\":\"BreadcrumbList\",\"@id\":\"https:\\\/\\\/casapercasa.com\\\/fr\\\/projects\\\/tradition-et-accueil\\\/#breadcrumb\",\"itemListElement\":[{\"@type\":\"ListItem\",\"position\":1,\"name\":\"Home\",\"item\":\"https:\\\/\\\/casapercasa.com\\\/fr\\\/\"},{\"@type\":\"ListItem\",\"position\":2,\"name\":\"Projects\",\"item\":\"https:\\\/\\\/casapercasa.com\\\/fr\\\/projects\\\/\"},{\"@type\":\"ListItem\",\"position\":3,\"name\":\"Spazi professionali &#8211; Calmonda fra\"}]},{\"@type\":\"WebSite\",\"@id\":\"https:\\\/\\\/casapercasa.com\\\/fr\\\/#website\",\"url\":\"https:\\\/\\\/casapercasa.com\\\/fr\\\/\",\"name\":\"Casapercasa\",\"description\":\"INNOVAZIONE ARTIGIANA\",\"publisher\":{\"@id\":\"https:\\\/\\\/casapercasa.com\\\/fr\\\/#organization\"},\"potentialAction\":[{\"@type\":\"SearchAction\",\"target\":{\"@type\":\"EntryPoint\",\"urlTemplate\":\"https:\\\/\\\/casapercasa.com\\\/fr\\\/?s={search_term_string}\"},\"query-input\":{\"@type\":\"PropertyValueSpecification\",\"valueRequired\":true,\"valueName\":\"search_term_string\"}}],\"inLanguage\":\"fr-FR\"},{\"@type\":\"Organization\",\"@id\":\"https:\\\/\\\/casapercasa.com\\\/fr\\\/#organization\",\"name\":\"Casapercasa S.r.l.\",\"url\":\"https:\\\/\\\/casapercasa.com\\\/fr\\\/\",\"logo\":{\"@type\":\"ImageObject\",\"inLanguage\":\"fr-FR\",\"@id\":\"https:\\\/\\\/casapercasa.com\\\/fr\\\/#\\\/schema\\\/logo\\\/image\\\/\",\"url\":\"https:\\\/\\\/casapercasa.com\\\/wp-content\\\/uploads\\\/2022\\\/10\\\/logo-extralarge-retina.png\",\"contentUrl\":\"https:\\\/\\\/casapercasa.com\\\/wp-content\\\/uploads\\\/2022\\\/10\\\/logo-extralarge-retina.png\",\"width\":258,\"height\":43,\"caption\":\"Casapercasa S.r.l.\"},\"image\":{\"@id\":\"https:\\\/\\\/casapercasa.com\\\/fr\\\/#\\\/schema\\\/logo\\\/image\\\/\"},\"sameAs\":[\"https:\\\/\\\/www.facebook.com\\\/casapercasadesign\",\"https:\\\/\\\/www.instagram.com\\\/casapercasadettagli\\\/?hl=it\"]}]}<\/script>","yoast_head_json":{"title":"Spazi professionali - Calmonda fra","description":"Un lieu o\u00f9 l\u2019on se sent chez soi, un environnement quasi domestique pour pr\u00e9senter, tester et vendre naturellement.","robots":{"index":"index","follow":"follow","max-snippet":"max-snippet:-1","max-image-preview":"max-image-preview:large","max-video-preview":"max-video-preview:-1"},"canonical":"https:\/\/casapercasa.com\/fr\/projects\/tradition-et-accueil\/","og_locale":"fr_FR","og_type":"article","og_title":"Spazi professionali - Calmonda fra","og_description":"Un lieu o\u00f9 l\u2019on se sent chez soi, un environnement quasi domestique pour pr\u00e9senter, tester et vendre naturellement.","og_url":"https:\/\/casapercasa.com\/fr\/projects\/tradition-et-accueil\/","og_site_name":"Casapercasa S.r.l.","article_publisher":"https:\/\/www.facebook.com\/casapercasadesign","article_modified_time":"2026-02-19T09:55:55+00:00","twitter_card":"summary_large_image","twitter_misc":{"Dur\u00e9e de lecture estim\u00e9e":"2 minutes"},"schema":{"@context":"https:\/\/schema.org","@graph":[{"@type":"WebPage","@id":"https:\/\/casapercasa.com\/fr\/projects\/tradition-et-accueil\/","url":"https:\/\/casapercasa.com\/fr\/projects\/tradition-et-accueil\/","name":"Spazi professionali - Calmonda fra","isPartOf":{"@id":"https:\/\/casapercasa.com\/fr\/#website"},"primaryImageOfPage":{"@id":"https:\/\/casapercasa.com\/fr\/projects\/tradition-et-accueil\/#primaryimage"},"image":{"@id":"https:\/\/casapercasa.com\/fr\/projects\/tradition-et-accueil\/#primaryimage"},"thumbnailUrl":"https:\/\/casapercasa.com\/wp-content\/uploads\/2023\/06\/cal-monda-5.jpg","datePublished":"2026-02-10T08:47:57+00:00","dateModified":"2026-02-19T09:55:55+00:00","description":"Un lieu o\u00f9 l\u2019on se sent chez soi, un environnement quasi domestique pour pr\u00e9senter, tester et vendre naturellement.","breadcrumb":{"@id":"https:\/\/casapercasa.com\/fr\/projects\/tradition-et-accueil\/#breadcrumb"},"inLanguage":"fr-FR","potentialAction":[{"@type":"ReadAction","target":["https:\/\/casapercasa.com\/fr\/projects\/tradition-et-accueil\/"]}]},{"@type":"ImageObject","inLanguage":"fr-FR","@id":"https:\/\/casapercasa.com\/fr\/projects\/tradition-et-accueil\/#primaryimage","url":"https:\/\/casapercasa.com\/wp-content\/uploads\/2023\/06\/cal-monda-5.jpg","contentUrl":"https:\/\/casapercasa.com\/wp-content\/uploads\/2023\/06\/cal-monda-5.jpg"},{"@type":"BreadcrumbList","@id":"https:\/\/casapercasa.com\/fr\/projects\/tradition-et-accueil\/#breadcrumb","itemListElement":[{"@type":"ListItem","position":1,"name":"Home","item":"https:\/\/casapercasa.com\/fr\/"},{"@type":"ListItem","position":2,"name":"Projects","item":"https:\/\/casapercasa.com\/fr\/projects\/"},{"@type":"ListItem","position":3,"name":"Spazi professionali &#8211; Calmonda fra"}]},{"@type":"WebSite","@id":"https:\/\/casapercasa.com\/fr\/#website","url":"https:\/\/casapercasa.com\/fr\/","name":"Casapercasa","description":"INNOVAZIONE ARTIGIANA","publisher":{"@id":"https:\/\/casapercasa.com\/fr\/#organization"},"potentialAction":[{"@type":"SearchAction","target":{"@type":"EntryPoint","urlTemplate":"https:\/\/casapercasa.com\/fr\/?s={search_term_string}"},"query-input":{"@type":"PropertyValueSpecification","valueRequired":true,"valueName":"search_term_string"}}],"inLanguage":"fr-FR"},{"@type":"Organization","@id":"https:\/\/casapercasa.com\/fr\/#organization","name":"Casapercasa S.r.l.","url":"https:\/\/casapercasa.com\/fr\/","logo":{"@type":"ImageObject","inLanguage":"fr-FR","@id":"https:\/\/casapercasa.com\/fr\/#\/schema\/logo\/image\/","url":"https:\/\/casapercasa.com\/wp-content\/uploads\/2022\/10\/logo-extralarge-retina.png","contentUrl":"https:\/\/casapercasa.com\/wp-content\/uploads\/2022\/10\/logo-extralarge-retina.png","width":258,"height":43,"caption":"Casapercasa S.r.l."},"image":{"@id":"https:\/\/casapercasa.com\/fr\/#\/schema\/logo\/image\/"},"sameAs":["https:\/\/www.facebook.com\/casapercasadesign","https:\/\/www.instagram.com\/casapercasadettagli\/?hl=it"]}]}},"_links":{"self":[{"href":"https:\/\/casapercasa.com\/fr\/wp-json\/wp\/v2\/projects\/17370","targetHints":{"allow":["GET"]}}],"collection":[{"href":"https:\/\/casapercasa.com\/fr\/wp-json\/wp\/v2\/projects"}],"about":[{"href":"https:\/\/casapercasa.com\/fr\/wp-json\/wp\/v2\/types\/projects"}],"version-history":[{"count":3,"href":"https:\/\/casapercasa.com\/fr\/wp-json\/wp\/v2\/projects\/17370\/revisions"}],"predecessor-version":[{"id":17848,"href":"https:\/\/casapercasa.com\/fr\/wp-json\/wp\/v2\/projects\/17370\/revisions\/17848"}],"wp:attachment":[{"href":"https:\/\/casapercasa.com\/fr\/wp-json\/wp\/v2\/media?parent=17370"}],"curies":[{"name":"wp","href":"https:\/\/api.w.org\/{rel}","templated":true}]}}