{"id":17362,"date":"2026-02-10T09:37:50","date_gmt":"2026-02-10T08:37:50","guid":{"rendered":"https:\/\/casapercasa.com\/?post_type=projects&#038;p=17362"},"modified":"2026-02-19T10:54:11","modified_gmt":"2026-02-19T09:54:11","slug":"dialogue-avec-histoire","status":"publish","type":"projects","link":"https:\/\/casapercasa.com\/fr\/projects\/dialogue-avec-histoire\/","title":{"rendered":"Spazi privati &#8211; Casa Rijeka fra"},"content":{"rendered":"\n<div style=\"height:20px\" aria-hidden=\"true\" class=\"wp-block-spacer\"><\/div>\n\n\n\n<div class=\"wp-block-group\">\n<div class=\"wp-block-group is-style-container\">\n<div class=\"wp-block-media-text has-media-on-the-right is-stacked-on-mobile is-vertically-aligned-center\" style=\"grid-template-columns:auto 60%\"><div class=\"wp-block-media-text__content\">\n<p class=\"has-black-color has-text-color has-link-color has-large-font-size wp-elements-5fca611a6ace52ded0661ad3d2219a96 wp-block-paragraph\" style=\"font-style:normal;font-weight:400\">Dialogue avec l\u2019histoire<\/p>\n\n\n\n<div style=\"height:30px\" aria-hidden=\"true\" class=\"wp-block-spacer solo-desktop\"><\/div>\n\n\n\n<p class=\"has-black-color has-text-color has-link-color has-small-font-size wp-elements-dc894ff26cc68eb306e5180ef1ad1297 wp-block-paragraph\"><strong>Maison \u00e0 Rijeka, face au port<\/strong><br>Un appartement situ\u00e9 dans un immeuble historique, r\u00e9nov\u00e9 et am\u00e9nag\u00e9 dans le plus grand respect de son identit\u00e9 d\u2019origine. Chaque intervention dialogue avec l\u2019histoire du b\u00e2timent, sans jamais la contraindre.<\/p>\n\n\n\n<p class=\"has-black-color has-text-color has-link-color has-small-font-size wp-elements-9e7f9666bd5751b5f2487546f39527da wp-block-paragraph\">Les portes int\u00e9rieures ont \u00e9t\u00e9 repeintes avec une finition mate, discr\u00e8te et mat\u00e9rielle, qui accompagne les espaces avec sobri\u00e9t\u00e9. La lumi\u00e8re naturelle, abondante et directe, p\u00e9n\u00e8tre g\u00e9n\u00e9reusement gr\u00e2ce \u00e0 l\u2019ouverture sur la mer, devenant un \u00e9l\u00e9ment central du projet.<\/p>\n\n\n\n<p class=\"has-black-color has-text-color has-link-color has-small-font-size wp-elements-925eb7968fdcbad104e7949ff6ecb30a wp-block-paragraph\">Un d\u00e9tail distinctif r\u00e9side dans les stores enrouleurs int\u00e9gr\u00e9s aux corniches, trait\u00e9s comme une partie du mur : une solution \u00e9pur\u00e9e, presque invisible. Les fen\u00eatres, l\u00e9g\u00e8res et essentielles, se transforment ainsi en v\u00e9ritables tableaux naturels, ouverts sur le port et la mer.<\/p>\n<\/div><figure class=\"wp-block-media-text__media\"><img loading=\"lazy\" decoding=\"async\" width=\"1920\" height=\"1279\" src=\"https:\/\/casapercasa.com\/wp-content\/uploads\/2022\/10\/casapercasa-Rieka_010.jpg\" alt=\"\" class=\"wp-image-1021 size-full\" srcset=\"https:\/\/casapercasa.com\/wp-content\/uploads\/2022\/10\/casapercasa-Rieka_010.jpg 1920w, https:\/\/casapercasa.com\/wp-content\/uploads\/2022\/10\/casapercasa-Rieka_010-1600x1066.jpg 1600w, https:\/\/casapercasa.com\/wp-content\/uploads\/2022\/10\/casapercasa-Rieka_010-768x512.jpg 768w, https:\/\/casapercasa.com\/wp-content\/uploads\/2022\/10\/casapercasa-Rieka_010-1536x1023.jpg 1536w, https:\/\/casapercasa.com\/wp-content\/uploads\/2022\/10\/casapercasa-Rieka_010-300x200.jpg 300w, https:\/\/casapercasa.com\/wp-content\/uploads\/2022\/10\/casapercasa-Rieka_010-600x400.jpg 600w\" sizes=\"auto, (max-width: 1920px) 100vw, 1920px\" \/><\/figure><\/div>\n\n\n\n<div class=\"wp-block-group solo-desktop\">\n<div class=\"wp-block-columns\">\n<div class=\"wp-block-column\" style=\"flex-basis:55%\">\n<figure class=\"wp-block-image aligncenter size-full\"><img loading=\"lazy\" decoding=\"async\" width=\"1920\" height=\"1280\" src=\"https:\/\/casapercasa.com\/wp-content\/uploads\/2023\/10\/bhi.jpg2_.jpg\" alt=\"\" class=\"wp-image-5024\" style=\"aspect-ratio:4\/3;object-fit:cover\" srcset=\"https:\/\/casapercasa.com\/wp-content\/uploads\/2023\/10\/bhi.jpg2_.jpg 1920w, https:\/\/casapercasa.com\/wp-content\/uploads\/2023\/10\/bhi.jpg2_-1600x1067.jpg 1600w, https:\/\/casapercasa.com\/wp-content\/uploads\/2023\/10\/bhi.jpg2_-768x512.jpg 768w, https:\/\/casapercasa.com\/wp-content\/uploads\/2023\/10\/bhi.jpg2_-1536x1024.jpg 1536w, https:\/\/casapercasa.com\/wp-content\/uploads\/2023\/10\/bhi.jpg2_-300x200.jpg 300w, https:\/\/casapercasa.com\/wp-content\/uploads\/2023\/10\/bhi.jpg2_-600x400.jpg 600w\" sizes=\"auto, (max-width: 1920px) 100vw, 1920px\" \/><\/figure>\n<\/div>\n\n\n\n<div class=\"wp-block-column\" style=\"flex-basis:45%\">\n<div class=\"wp-block-columns\">\n<div class=\"wp-block-column\">\n<figure class=\"wp-block-image size-full\"><img loading=\"lazy\" decoding=\"async\" width=\"1279\" height=\"1920\" src=\"https:\/\/casapercasa.com\/wp-content\/uploads\/2022\/10\/casapercasa-Rieka_014.jpg\" alt=\"\" class=\"wp-image-1025\" style=\"aspect-ratio:3\/4;object-fit:cover\" srcset=\"https:\/\/casapercasa.com\/wp-content\/uploads\/2022\/10\/casapercasa-Rieka_014.jpg 1279w, https:\/\/casapercasa.com\/wp-content\/uploads\/2022\/10\/casapercasa-Rieka_014-1066x1600.jpg 1066w, https:\/\/casapercasa.com\/wp-content\/uploads\/2022\/10\/casapercasa-Rieka_014-768x1153.jpg 768w, https:\/\/casapercasa.com\/wp-content\/uploads\/2022\/10\/casapercasa-Rieka_014-1023x1536.jpg 1023w, https:\/\/casapercasa.com\/wp-content\/uploads\/2022\/10\/casapercasa-Rieka_014-200x300.jpg 200w, https:\/\/casapercasa.com\/wp-content\/uploads\/2022\/10\/casapercasa-Rieka_014-400x600.jpg 400w\" sizes=\"auto, (max-width: 1279px) 100vw, 1279px\" \/><\/figure>\n<\/div>\n\n\n\n<div class=\"wp-block-column\">\n<figure class=\"wp-block-image size-full\"><img loading=\"lazy\" decoding=\"async\" width=\"1193\" height=\"1920\" src=\"https:\/\/casapercasa.com\/wp-content\/uploads\/2022\/10\/casapercasa-Rieka_023.jpg\" alt=\"\" class=\"wp-image-1034\" style=\"aspect-ratio:3\/4;object-fit:cover\" srcset=\"https:\/\/casapercasa.com\/wp-content\/uploads\/2022\/10\/casapercasa-Rieka_023.jpg 1193w, https:\/\/casapercasa.com\/wp-content\/uploads\/2022\/10\/casapercasa-Rieka_023-994x1600.jpg 994w, https:\/\/casapercasa.com\/wp-content\/uploads\/2022\/10\/casapercasa-Rieka_023-768x1236.jpg 768w, https:\/\/casapercasa.com\/wp-content\/uploads\/2022\/10\/casapercasa-Rieka_023-954x1536.jpg 954w, https:\/\/casapercasa.com\/wp-content\/uploads\/2022\/10\/casapercasa-Rieka_023-186x300.jpg 186w, https:\/\/casapercasa.com\/wp-content\/uploads\/2022\/10\/casapercasa-Rieka_023-373x600.jpg 373w\" sizes=\"auto, (max-width: 1193px) 100vw, 1193px\" \/><\/figure>\n<\/div>\n<\/div>\n\n\n\n<p class=\"has-black-color has-text-color has-link-color has-small-font-size wp-elements-24e5db7208270a98db538731175bfd59 wp-block-paragraph\"><strong>Des d\u00e9tails vivants et \u00e9l\u00e9gants<br><\/strong>R\u00e9alis\u00e9s en noyer Canaletto massif, trait\u00e9s \u00e0 l\u2019huile naturelle mate.<\/p>\n<\/div>\n<\/div>\n<\/div>\n<\/div>\n\n\n\n<div style=\"height:10px\" aria-hidden=\"true\" class=\"wp-block-spacer\"><\/div>\n\n\n\n<div class=\"wp-block-group is-style-container\">\n<div class=\"wp-block-group solo-desktop\">        <div  class=\"block_689ddd51a4d28fc08d019ba458acc3c0 CustomGalleryWrapper CustomGalleryWrapper_Masonry numcol4 cb_custom_cgallery\">\r\n            <div class=\"masonry-wrapper\">\r\n                <div class=\"grid-sizer\"><\/div>\r\n                <div class=\"gutter-sizer\"><\/div>\r\n                                    <div class=\"masonry-img\">\r\n                                                    <a class=\"image_box_descr_img\" href=\"https:\/\/casapercasa.com\/wp-content\/uploads\/2022\/10\/casapercasa-Rieka_006.jpg\" data-pswp-width=\"1920\" data-pswp-height=\"1279\">\r\n                                                    <img decoding=\"async\" src=\"https:\/\/casapercasa.com\/wp-content\/uploads\/2022\/10\/casapercasa-Rieka_006.jpg\">\r\n                                                    <\/a>\r\n                                                <\/div>\r\n                                        <div class=\"masonry-img\">\r\n                                                    <a class=\"image_box_descr_img\" href=\"https:\/\/casapercasa.com\/wp-content\/uploads\/2022\/10\/casapercasa-Rieka_023.jpg\" data-pswp-width=\"1193\" data-pswp-height=\"1920\">\r\n                                                    <img decoding=\"async\" src=\"https:\/\/casapercasa.com\/wp-content\/uploads\/2022\/10\/casapercasa-Rieka_023.jpg\">\r\n                                                    <\/a>\r\n                                                <\/div>\r\n                                        <div class=\"masonry-img\">\r\n                                                    <a class=\"image_box_descr_img\" href=\"https:\/\/casapercasa.com\/wp-content\/uploads\/2022\/10\/casapercasa-Rieka_007.jpg\" data-pswp-width=\"1920\" data-pswp-height=\"1279\">\r\n                                                    <img decoding=\"async\" src=\"https:\/\/casapercasa.com\/wp-content\/uploads\/2022\/10\/casapercasa-Rieka_007.jpg\">\r\n                                                    <\/a>\r\n                                                <\/div>\r\n                                        <div class=\"masonry-img\">\r\n                                                    <a class=\"image_box_descr_img\" href=\"https:\/\/casapercasa.com\/wp-content\/uploads\/2022\/10\/casapercasa-Rieka_021.jpg\" data-pswp-width=\"1920\" data-pswp-height=\"1279\">\r\n                                                    <img decoding=\"async\" src=\"https:\/\/casapercasa.com\/wp-content\/uploads\/2022\/10\/casapercasa-Rieka_021.jpg\">\r\n                                                    <\/a>\r\n                                                <\/div>\r\n                                        <div class=\"masonry-img\">\r\n                                                    <a class=\"image_box_descr_img\" href=\"https:\/\/casapercasa.com\/wp-content\/uploads\/2022\/10\/casapercasa-Rieka_019.jpg\" data-pswp-width=\"1920\" data-pswp-height=\"1279\">\r\n                                                    <img decoding=\"async\" src=\"https:\/\/casapercasa.com\/wp-content\/uploads\/2022\/10\/casapercasa-Rieka_019.jpg\">\r\n                                                    <\/a>\r\n                                                <\/div>\r\n                                        <div class=\"masonry-img\">\r\n                                                    <a class=\"image_box_descr_img\" href=\"https:\/\/casapercasa.com\/wp-content\/uploads\/2022\/10\/casapercasa-Rieka_017.jpg\" data-pswp-width=\"1920\" data-pswp-height=\"1279\">\r\n                                                    <img decoding=\"async\" src=\"https:\/\/casapercasa.com\/wp-content\/uploads\/2022\/10\/casapercasa-Rieka_017.jpg\">\r\n                                                    <\/a>\r\n                                                <\/div>\r\n                                        <div class=\"masonry-img\">\r\n                                                    <a class=\"image_box_descr_img\" href=\"https:\/\/casapercasa.com\/wp-content\/uploads\/2022\/10\/casapercasa-Rieka_016.jpg\" data-pswp-width=\"1920\" data-pswp-height=\"1279\">\r\n                                                    <img decoding=\"async\" src=\"https:\/\/casapercasa.com\/wp-content\/uploads\/2022\/10\/casapercasa-Rieka_016.jpg\">\r\n                                                    <\/a>\r\n                                                <\/div>\r\n                                        <div class=\"masonry-img\">\r\n                                                    <a class=\"image_box_descr_img\" href=\"https:\/\/casapercasa.com\/wp-content\/uploads\/2022\/10\/casapercasa-Rieka_013.jpg\" data-pswp-width=\"1920\" data-pswp-height=\"1279\">\r\n                                                    <img decoding=\"async\" src=\"https:\/\/casapercasa.com\/wp-content\/uploads\/2022\/10\/casapercasa-Rieka_013.jpg\">\r\n                                                    <\/a>\r\n                                                <\/div>\r\n                                        <div class=\"masonry-img\">\r\n                                                    <a class=\"image_box_descr_img\" href=\"https:\/\/casapercasa.com\/wp-content\/uploads\/2022\/10\/casapercasa-Rieka_009.jpg\" data-pswp-width=\"1920\" data-pswp-height=\"1279\">\r\n                                                    <img decoding=\"async\" src=\"https:\/\/casapercasa.com\/wp-content\/uploads\/2022\/10\/casapercasa-Rieka_009.jpg\">\r\n                                                    <\/a>\r\n                                                <\/div>\r\n                                <\/div>\r\n        <\/div>\r\n        <script>\r\n        imagesLoaded( document.querySelector('.block_689ddd51a4d28fc08d019ba458acc3c0'), function( instance )\r\n            {\r\n            $('.block_689ddd51a4d28fc08d019ba458acc3c0 .masonry-wrapper').masonry(\r\n                {\r\n                itemSelector: '.masonry-img',\r\n                columnWidth: '.grid-sizer',\r\n                gutter: '.gutter-sizer',\r\n                percentPosition: true,\r\n                });\r\n            });\r\n        <\/script>\r\n        <\/div>\n\n\n\n<div class=\"wp-block-group solo-mobile\">\n<div style=\"height:50px\" aria-hidden=\"true\" class=\"wp-block-spacer\"><\/div>\n\n\n\n<p class=\"has-text-align-center wp-block-paragraph\" style=\"font-size:12px\">Faites d\u00e9filer la galerie pour d\u00e9couvrir le projet,<br>cliquez sur les photos pour les agrandir<\/p>\n\n\n\n<div style=\"height:20px\" aria-hidden=\"true\" class=\"wp-block-spacer\"><\/div>\n\n\n        <div  class=\"block_9ccd525bdc6a15d08555e677a4f288d2 CustomGalleryWrapper CustomGalleryWrapper_Slider cb_custom_cgallery\">\r\n            <div class=\"swiper-container\">\r\n                <div class=\"swiper-wrapper\">\r\n                                            <div class=\"swiper-slide\">\r\n                                                            <a href=\"https:\/\/casapercasa.com\/wp-content\/uploads\/2023\/10\/bhi.jpg2_.jpg\" data-pswp-width=\"1920\" data-pswp-height=\"1280\">\r\n                                                            <img srcset=\"https:\/\/casapercasa.com\/wp-content\/uploads\/2023\/10\/bhi.jpg2_.jpg\" >                                                            <\/a>\r\n                                                        <\/div>\r\n                                                <div class=\"swiper-slide\">\r\n                                                            <a href=\"https:\/\/casapercasa.com\/wp-content\/uploads\/2022\/10\/casapercasa-Rieka_006.jpg\" data-pswp-width=\"1920\" data-pswp-height=\"1279\">\r\n                                                            <img srcset=\"https:\/\/casapercasa.com\/wp-content\/uploads\/2022\/10\/casapercasa-Rieka_006.jpg\" >                                                            <\/a>\r\n                                                        <\/div>\r\n                                                <div class=\"swiper-slide\">\r\n                                                            <a href=\"https:\/\/casapercasa.com\/wp-content\/uploads\/2022\/10\/casapercasa-Rieka_022.jpg\" data-pswp-width=\"1920\" data-pswp-height=\"1080\">\r\n                                                            <img srcset=\"https:\/\/casapercasa.com\/wp-content\/uploads\/2022\/10\/casapercasa-Rieka_022.jpg\" >                                                            <\/a>\r\n                                                        <\/div>\r\n                                                <div class=\"swiper-slide\">\r\n                                                            <a href=\"https:\/\/casapercasa.com\/wp-content\/uploads\/2022\/10\/casapercasa-Rieka_013.jpg\" data-pswp-width=\"1920\" data-pswp-height=\"1279\">\r\n                                                            <img srcset=\"https:\/\/casapercasa.com\/wp-content\/uploads\/2022\/10\/casapercasa-Rieka_013.jpg\" >                                                            <\/a>\r\n                                                        <\/div>\r\n                                                <div class=\"swiper-slide\">\r\n                                                            <a href=\"https:\/\/casapercasa.com\/wp-content\/uploads\/2022\/10\/casapercasa-Rieka_020.jpg\" data-pswp-width=\"1279\" data-pswp-height=\"1920\">\r\n                                                            <img srcset=\"https:\/\/casapercasa.com\/wp-content\/uploads\/2022\/10\/casapercasa-Rieka_020.jpg\" >                                                            <\/a>\r\n                                                        <\/div>\r\n                                                <div class=\"swiper-slide\">\r\n                                                            <a href=\"https:\/\/casapercasa.com\/wp-content\/uploads\/2022\/10\/casapercasa-Rieka_016.jpg\" data-pswp-width=\"1920\" data-pswp-height=\"1279\">\r\n                                                            <img srcset=\"https:\/\/casapercasa.com\/wp-content\/uploads\/2022\/10\/casapercasa-Rieka_016.jpg\" >                                                            <\/a>\r\n                                                        <\/div>\r\n                                                <div class=\"swiper-slide\">\r\n                                                            <a href=\"https:\/\/casapercasa.com\/wp-content\/uploads\/2022\/10\/casapercasa-Rieka_015.jpg\" data-pswp-width=\"1920\" data-pswp-height=\"1279\">\r\n                                                            <img srcset=\"https:\/\/casapercasa.com\/wp-content\/uploads\/2022\/10\/casapercasa-Rieka_015.jpg\" loading=\"lazy\"><div class=\"swiper-lazy-preloader swiper-lazy-preloader-white\"><\/div>                                                            <\/a>\r\n                                                        <\/div>\r\n                                                <div class=\"swiper-slide\">\r\n                                                            <a href=\"https:\/\/casapercasa.com\/wp-content\/uploads\/2022\/10\/casapercasa-Rieka_014.jpg\" data-pswp-width=\"1279\" data-pswp-height=\"1920\">\r\n                                                            <img srcset=\"https:\/\/casapercasa.com\/wp-content\/uploads\/2022\/10\/casapercasa-Rieka_014.jpg\" loading=\"lazy\"><div class=\"swiper-lazy-preloader swiper-lazy-preloader-white\"><\/div>                                                            <\/a>\r\n                                                        <\/div>\r\n                                                <div class=\"swiper-slide\">\r\n                                                            <a href=\"https:\/\/casapercasa.com\/wp-content\/uploads\/2022\/10\/casapercasa-Rieka_017.jpg\" data-pswp-width=\"1920\" data-pswp-height=\"1279\">\r\n                                                            <img srcset=\"https:\/\/casapercasa.com\/wp-content\/uploads\/2022\/10\/casapercasa-Rieka_017.jpg\" loading=\"lazy\"><div class=\"swiper-lazy-preloader swiper-lazy-preloader-white\"><\/div>                                                            <\/a>\r\n                                                        <\/div>\r\n                                                <div class=\"swiper-slide\">\r\n                                                            <a href=\"https:\/\/casapercasa.com\/wp-content\/uploads\/2022\/10\/casapercasa-Rieka_019.jpg\" data-pswp-width=\"1920\" data-pswp-height=\"1279\">\r\n                                                            <img srcset=\"https:\/\/casapercasa.com\/wp-content\/uploads\/2022\/10\/casapercasa-Rieka_019.jpg\" loading=\"lazy\"><div class=\"swiper-lazy-preloader swiper-lazy-preloader-white\"><\/div>                                                            <\/a>\r\n                                                        <\/div>\r\n                                        <\/div>\r\n                <div class=\"navigation-box-wrapper\">\r\n                    <div class=\"navigation-box\">\r\n                        <div class=\"left-arrow\">\r\n                                                        <img decoding=\"async\" src=\"\/wp-content\/uploads\/2024\/11\/arrow-left-casapercasa.svg\">\r\n                                                    <\/div>\r\n                        <div class=\"right-arrow\">\r\n                                                        <img decoding=\"async\" src=\"\/wp-content\/uploads\/2024\/11\/arrow-right-casapercasa.svg\">\r\n                                                    <\/div>\r\n                    <\/div>\r\n                <\/div>\r\n            <\/div>\r\n        <\/div>\r\n        <\/div>\n<\/div>\n\n\n\n<div class=\"wp-block-group is-style-container\">\n<div style=\"height:100px\" aria-hidden=\"true\" class=\"wp-block-spacer solo-desktop\"><\/div>\n\n\n\n<div style=\"height:50px\" aria-hidden=\"true\" class=\"wp-block-spacer solo-mobile\"><\/div>\n\n\n\n<div class=\"wp-block-columns is-not-stacked-on-mobile\">\n<div class=\"wp-block-column\">\n<div class=\"wp-block-group\">\n<p class=\"has-text-align-right solo-desktop has-black-color has-text-color has-link-color has-normal-font-size wp-elements-880a8685dfd5a8a11a3d4009b04a4051 wp-block-paragraph\"><a href=\"https:\/\/casapercasa.com\/fr\/projects\/coordinationa-a-distance\">Projet pr\u00e9c\u00e9dent<\/a><\/p>\n\n\n\n<p class=\"has-text-align-right solo-mobile has-black-color has-text-color has-link-color wp-elements-8e7a150238ca1d345852bf472e1b28be wp-block-paragraph\" style=\"font-size:14px\"><a href=\"https:\/\/casapercasa.com\/fr\/projects\/coordinationa-a-distance\">Projet pr\u00e9c\u00e9dent<\/a><\/p>\n\n\n\n<p class=\"has-text-align-right is-style-medtitle has-black-color has-text-color has-link-color has-extra-large-font-size wp-elements-63530b997f7e17db69d4b7b3d80abbff wp-block-paragraph\"><strong><a href=\"https:\/\/casapercasa.com\/fr\/projects\/coordinationa-a-distance\">\u2190<\/a><\/strong><\/p>\n<\/div>\n<\/div>\n\n\n\n<div class=\"wp-block-column\">\n<div class=\"wp-block-group\">\n<p class=\"has-text-align-center solo-desktop has-black-color has-text-color has-link-color has-normal-font-size wp-elements-83d938b6985878c5b11e7c99fcdf5c49 wp-block-paragraph\"><a href=\"https:\/\/casapercasa.com\/fr\/espaces-priv\u00e9s\">Tous les projets<\/a><\/p>\n\n\n\n<p class=\"has-text-align-center solo-mobile has-black-color has-text-color has-link-color wp-elements-54885571c0ca636a8d07a315de279edb wp-block-paragraph\" style=\"font-size:14px\"><a href=\"https:\/\/casapercasa.com\/fr\/espaces-priv\u00e9s\">Tous les projets<\/a><\/p>\n\n\n\n<p class=\"has-text-align-center is-style-medtitle has-black-color has-text-color has-link-color has-extra-large-font-size wp-elements-d0ae32b9e63427ced156447666ded18d wp-block-paragraph\"><strong><a href=\"https:\/\/casapercasa.com\/fr\/espaces-priv\u00e9s\">\u2302<\/a><\/strong><\/p>\n<\/div>\n<\/div>\n\n\n\n<div class=\"wp-block-column\">\n<div class=\"wp-block-group\">\n<p class=\"has-text-align-left solo-desktop has-black-color has-text-color has-link-color has-normal-font-size wp-elements-a50afd98968547ad5ac6db8546ec967e wp-block-paragraph\"><a href=\"https:\/\/casapercasa.com\/fr\/projects\/classic-et-contemporain\/\">Projet suivant<\/a><\/p>\n\n\n\n<p class=\"has-text-align-left solo-mobile has-black-color has-text-color has-link-color wp-elements-c347c01d89de55f0ffc7c4089801ae5a wp-block-paragraph\" style=\"font-size:14px\"><a href=\"https:\/\/casapercasa.com\/fr\/projects\/classic-et-contemporain\/\">Projet suivant<\/a><\/p>\n\n\n\n<p class=\"has-text-align-left is-style-medtitle has-black-color has-text-color has-link-color has-extra-large-font-size wp-elements-15e9ae8ff2349164e77cb68714654035 wp-block-paragraph\"><strong><a href=\"https:\/\/casapercasa.com\/fr\/projects\/classic-et-contemporain\/\">\u2192<\/a><\/strong><\/p>\n<\/div>\n<\/div>\n<\/div>\n<\/div>\n<\/div>\n\n\n\n<div style=\"height:70px\" aria-hidden=\"true\" class=\"wp-block-spacer solo-dekstop\"><\/div>\n\n\n\n<div class=\"wp-block-group has-background\" style=\"background-color:#9fa63a3d\"><div id=\"17362\" class=\"Custom_CTA_Wrapper custom_cta\">\r\n    <div class=\"container\">\r\n        <div class=\"row align-items-center\">\r\n            <div class=\"col-12 col-lg-4 col-xl-3\">\r\n                <div class=\"Custom_CTA_Img\">\r\n                                            <img decoding=\"async\" src=\"https:\/\/casapercasa.com\/wp-content\/uploads\/2022\/09\/la-nostra-sede-e1701268650543.jpg\">\r\n                                        <\/div>\r\n            <\/div>\r\n            <div class=\"col-12 col-lg-8 col-xl-9\">\r\n                <div class=\"Custom_CTA_Content_Wrapper\">\r\n                    <div class=\"Custom_CTA_Title\">Passez du temps avec nous.<\/div>\r\n                    <div class=\"Custom_CTA_Descr\">Notre showroom et nos ateliers vous attendent: d\u00e9sirez, imaginez, d\u00e9couvrez, choisissez, cr\u00e9ez.<\/div>\r\n                                            <div class=\"Custom_CTA_Link\"><a href=\"https:\/\/casapercasa.com\/fr\/contatti\/\">Contactez-nous d\u00e8s maintenant<\/a><\/div>\r\n                                        <\/div>\r\n            <\/div>\r\n        <\/div>\r\n    <\/div>\r\n<\/div><\/div>\n","protected":false},"excerpt":{"rendered":"<p>Dialogue avec l\u2019histoire Maison \u00e0 Rijeka, face au portUn appartement situ\u00e9 dans un immeuble historique, r\u00e9nov\u00e9 et am\u00e9nag\u00e9 dans le plus grand respect de son identit\u00e9 d\u2019origine. Chaque intervention dialogue avec l\u2019histoire du b\u00e2timent, sans jamais la contraindre. Les portes int\u00e9rieures ont \u00e9t\u00e9 repeintes avec une finition mate, discr\u00e8te et mat\u00e9rielle, qui accompagne les espaces [&hellip;]<\/p>\n","protected":false},"featured_media":0,"parent":0,"menu_order":0,"template":"","meta":{"_acf_changed":false,"inline_featured_image":false,"footnotes":""},"class_list":["post-17362","projects","type-projects","status-publish","hentry"],"acf":[],"yoast_head":"<title>Casapercasa - Dialogue avec l\u2019histoire<\/title>\n<meta name=\"description\" content=\"Un appartement situ\u00e9 dans un immeuble historique, r\u00e9nov\u00e9 et am\u00e9nag\u00e9 dans le plein respect de son identit\u00e9 d\u2019origine.\" \/>\n<meta name=\"robots\" content=\"index, follow, max-snippet:-1, max-image-preview:large, max-video-preview:-1\" \/>\n<link rel=\"canonical\" href=\"https:\/\/casapercasa.com\/fr\/projects\/dialogue-avec-histoire\/\" \/>\n<meta property=\"og:locale\" content=\"fr_FR\" \/>\n<meta property=\"og:type\" content=\"article\" \/>\n<meta property=\"og:title\" content=\"Casapercasa - Dialogue avec l\u2019histoire\" \/>\n<meta property=\"og:description\" content=\"Un appartement situ\u00e9 dans un immeuble historique, r\u00e9nov\u00e9 et am\u00e9nag\u00e9 dans le plein respect de son identit\u00e9 d\u2019origine.\" \/>\n<meta property=\"og:url\" content=\"https:\/\/casapercasa.com\/fr\/projects\/dialogue-avec-histoire\/\" \/>\n<meta property=\"og:site_name\" content=\"Casapercasa S.r.l.\" \/>\n<meta property=\"article:publisher\" content=\"https:\/\/www.facebook.com\/casapercasadesign\" \/>\n<meta property=\"article:modified_time\" content=\"2026-02-19T09:54:11+00:00\" \/>\n<meta property=\"og:image\" content=\"https:\/\/casapercasa.com\/wp-content\/uploads\/2022\/10\/casapercasa-Rieka_010.jpg\" \/>\n\t<meta property=\"og:image:width\" content=\"1920\" \/>\n\t<meta property=\"og:image:height\" content=\"1279\" \/>\n\t<meta property=\"og:image:type\" content=\"image\/jpeg\" \/>\n<meta name=\"twitter:card\" content=\"summary_large_image\" \/>\n<meta name=\"twitter:label1\" content=\"Dur\u00e9e de lecture estim\u00e9e\" \/>\n\t<meta name=\"twitter:data1\" content=\"2 minutes\" \/>\n<script type=\"application\/ld+json\" class=\"yoast-schema-graph\">{\"@context\":\"https:\\\/\\\/schema.org\",\"@graph\":[{\"@type\":\"WebPage\",\"@id\":\"https:\\\/\\\/casapercasa.com\\\/fr\\\/projects\\\/dialogue-avec-histoire\\\/\",\"url\":\"https:\\\/\\\/casapercasa.com\\\/fr\\\/projects\\\/dialogue-avec-histoire\\\/\",\"name\":\"Casapercasa - Dialogue avec l\u2019histoire\",\"isPartOf\":{\"@id\":\"https:\\\/\\\/casapercasa.com\\\/fr\\\/#website\"},\"primaryImageOfPage\":{\"@id\":\"https:\\\/\\\/casapercasa.com\\\/fr\\\/projects\\\/dialogue-avec-histoire\\\/#primaryimage\"},\"image\":{\"@id\":\"https:\\\/\\\/casapercasa.com\\\/fr\\\/projects\\\/dialogue-avec-histoire\\\/#primaryimage\"},\"thumbnailUrl\":\"https:\\\/\\\/casapercasa.com\\\/wp-content\\\/uploads\\\/2022\\\/10\\\/casapercasa-Rieka_010.jpg\",\"datePublished\":\"2026-02-10T08:37:50+00:00\",\"dateModified\":\"2026-02-19T09:54:11+00:00\",\"description\":\"Un appartement situ\u00e9 dans un immeuble historique, r\u00e9nov\u00e9 et am\u00e9nag\u00e9 dans le plein respect de son identit\u00e9 d\u2019origine.\",\"breadcrumb\":{\"@id\":\"https:\\\/\\\/casapercasa.com\\\/fr\\\/projects\\\/dialogue-avec-histoire\\\/#breadcrumb\"},\"inLanguage\":\"fr-FR\",\"potentialAction\":[{\"@type\":\"ReadAction\",\"target\":[\"https:\\\/\\\/casapercasa.com\\\/fr\\\/projects\\\/dialogue-avec-histoire\\\/\"]}]},{\"@type\":\"ImageObject\",\"inLanguage\":\"fr-FR\",\"@id\":\"https:\\\/\\\/casapercasa.com\\\/fr\\\/projects\\\/dialogue-avec-histoire\\\/#primaryimage\",\"url\":\"https:\\\/\\\/casapercasa.com\\\/wp-content\\\/uploads\\\/2022\\\/10\\\/casapercasa-Rieka_010.jpg\",\"contentUrl\":\"https:\\\/\\\/casapercasa.com\\\/wp-content\\\/uploads\\\/2022\\\/10\\\/casapercasa-Rieka_010.jpg\"},{\"@type\":\"BreadcrumbList\",\"@id\":\"https:\\\/\\\/casapercasa.com\\\/fr\\\/projects\\\/dialogue-avec-histoire\\\/#breadcrumb\",\"itemListElement\":[{\"@type\":\"ListItem\",\"position\":1,\"name\":\"Home\",\"item\":\"https:\\\/\\\/casapercasa.com\\\/fr\\\/\"},{\"@type\":\"ListItem\",\"position\":2,\"name\":\"Projects\",\"item\":\"https:\\\/\\\/casapercasa.com\\\/fr\\\/projects\\\/\"},{\"@type\":\"ListItem\",\"position\":3,\"name\":\"Spazi privati &#8211; Casa Rijeka fra\"}]},{\"@type\":\"WebSite\",\"@id\":\"https:\\\/\\\/casapercasa.com\\\/fr\\\/#website\",\"url\":\"https:\\\/\\\/casapercasa.com\\\/fr\\\/\",\"name\":\"Casapercasa\",\"description\":\"INNOVAZIONE ARTIGIANA\",\"publisher\":{\"@id\":\"https:\\\/\\\/casapercasa.com\\\/fr\\\/#organization\"},\"potentialAction\":[{\"@type\":\"SearchAction\",\"target\":{\"@type\":\"EntryPoint\",\"urlTemplate\":\"https:\\\/\\\/casapercasa.com\\\/fr\\\/?s={search_term_string}\"},\"query-input\":{\"@type\":\"PropertyValueSpecification\",\"valueRequired\":true,\"valueName\":\"search_term_string\"}}],\"inLanguage\":\"fr-FR\"},{\"@type\":\"Organization\",\"@id\":\"https:\\\/\\\/casapercasa.com\\\/fr\\\/#organization\",\"name\":\"Casapercasa S.r.l.\",\"url\":\"https:\\\/\\\/casapercasa.com\\\/fr\\\/\",\"logo\":{\"@type\":\"ImageObject\",\"inLanguage\":\"fr-FR\",\"@id\":\"https:\\\/\\\/casapercasa.com\\\/fr\\\/#\\\/schema\\\/logo\\\/image\\\/\",\"url\":\"https:\\\/\\\/casapercasa.com\\\/wp-content\\\/uploads\\\/2022\\\/10\\\/logo-extralarge-retina.png\",\"contentUrl\":\"https:\\\/\\\/casapercasa.com\\\/wp-content\\\/uploads\\\/2022\\\/10\\\/logo-extralarge-retina.png\",\"width\":258,\"height\":43,\"caption\":\"Casapercasa S.r.l.\"},\"image\":{\"@id\":\"https:\\\/\\\/casapercasa.com\\\/fr\\\/#\\\/schema\\\/logo\\\/image\\\/\"},\"sameAs\":[\"https:\\\/\\\/www.facebook.com\\\/casapercasadesign\",\"https:\\\/\\\/www.instagram.com\\\/casapercasadettagli\\\/?hl=it\"]}]}<\/script>","yoast_head_json":{"title":"Casapercasa - Dialogue avec l\u2019histoire","description":"Un appartement situ\u00e9 dans un immeuble historique, r\u00e9nov\u00e9 et am\u00e9nag\u00e9 dans le plein respect de son identit\u00e9 d\u2019origine.","robots":{"index":"index","follow":"follow","max-snippet":"max-snippet:-1","max-image-preview":"max-image-preview:large","max-video-preview":"max-video-preview:-1"},"canonical":"https:\/\/casapercasa.com\/fr\/projects\/dialogue-avec-histoire\/","og_locale":"fr_FR","og_type":"article","og_title":"Casapercasa - Dialogue avec l\u2019histoire","og_description":"Un appartement situ\u00e9 dans un immeuble historique, r\u00e9nov\u00e9 et am\u00e9nag\u00e9 dans le plein respect de son identit\u00e9 d\u2019origine.","og_url":"https:\/\/casapercasa.com\/fr\/projects\/dialogue-avec-histoire\/","og_site_name":"Casapercasa S.r.l.","article_publisher":"https:\/\/www.facebook.com\/casapercasadesign","article_modified_time":"2026-02-19T09:54:11+00:00","og_image":[{"width":1920,"height":1279,"url":"https:\/\/casapercasa.com\/wp-content\/uploads\/2022\/10\/casapercasa-Rieka_010.jpg","type":"image\/jpeg"}],"twitter_card":"summary_large_image","twitter_misc":{"Dur\u00e9e de lecture estim\u00e9e":"2 minutes"},"schema":{"@context":"https:\/\/schema.org","@graph":[{"@type":"WebPage","@id":"https:\/\/casapercasa.com\/fr\/projects\/dialogue-avec-histoire\/","url":"https:\/\/casapercasa.com\/fr\/projects\/dialogue-avec-histoire\/","name":"Casapercasa - Dialogue avec l\u2019histoire","isPartOf":{"@id":"https:\/\/casapercasa.com\/fr\/#website"},"primaryImageOfPage":{"@id":"https:\/\/casapercasa.com\/fr\/projects\/dialogue-avec-histoire\/#primaryimage"},"image":{"@id":"https:\/\/casapercasa.com\/fr\/projects\/dialogue-avec-histoire\/#primaryimage"},"thumbnailUrl":"https:\/\/casapercasa.com\/wp-content\/uploads\/2022\/10\/casapercasa-Rieka_010.jpg","datePublished":"2026-02-10T08:37:50+00:00","dateModified":"2026-02-19T09:54:11+00:00","description":"Un appartement situ\u00e9 dans un immeuble historique, r\u00e9nov\u00e9 et am\u00e9nag\u00e9 dans le plein respect de son identit\u00e9 d\u2019origine.","breadcrumb":{"@id":"https:\/\/casapercasa.com\/fr\/projects\/dialogue-avec-histoire\/#breadcrumb"},"inLanguage":"fr-FR","potentialAction":[{"@type":"ReadAction","target":["https:\/\/casapercasa.com\/fr\/projects\/dialogue-avec-histoire\/"]}]},{"@type":"ImageObject","inLanguage":"fr-FR","@id":"https:\/\/casapercasa.com\/fr\/projects\/dialogue-avec-histoire\/#primaryimage","url":"https:\/\/casapercasa.com\/wp-content\/uploads\/2022\/10\/casapercasa-Rieka_010.jpg","contentUrl":"https:\/\/casapercasa.com\/wp-content\/uploads\/2022\/10\/casapercasa-Rieka_010.jpg"},{"@type":"BreadcrumbList","@id":"https:\/\/casapercasa.com\/fr\/projects\/dialogue-avec-histoire\/#breadcrumb","itemListElement":[{"@type":"ListItem","position":1,"name":"Home","item":"https:\/\/casapercasa.com\/fr\/"},{"@type":"ListItem","position":2,"name":"Projects","item":"https:\/\/casapercasa.com\/fr\/projects\/"},{"@type":"ListItem","position":3,"name":"Spazi privati &#8211; Casa Rijeka fra"}]},{"@type":"WebSite","@id":"https:\/\/casapercasa.com\/fr\/#website","url":"https:\/\/casapercasa.com\/fr\/","name":"Casapercasa","description":"INNOVAZIONE ARTIGIANA","publisher":{"@id":"https:\/\/casapercasa.com\/fr\/#organization"},"potentialAction":[{"@type":"SearchAction","target":{"@type":"EntryPoint","urlTemplate":"https:\/\/casapercasa.com\/fr\/?s={search_term_string}"},"query-input":{"@type":"PropertyValueSpecification","valueRequired":true,"valueName":"search_term_string"}}],"inLanguage":"fr-FR"},{"@type":"Organization","@id":"https:\/\/casapercasa.com\/fr\/#organization","name":"Casapercasa S.r.l.","url":"https:\/\/casapercasa.com\/fr\/","logo":{"@type":"ImageObject","inLanguage":"fr-FR","@id":"https:\/\/casapercasa.com\/fr\/#\/schema\/logo\/image\/","url":"https:\/\/casapercasa.com\/wp-content\/uploads\/2022\/10\/logo-extralarge-retina.png","contentUrl":"https:\/\/casapercasa.com\/wp-content\/uploads\/2022\/10\/logo-extralarge-retina.png","width":258,"height":43,"caption":"Casapercasa S.r.l."},"image":{"@id":"https:\/\/casapercasa.com\/fr\/#\/schema\/logo\/image\/"},"sameAs":["https:\/\/www.facebook.com\/casapercasadesign","https:\/\/www.instagram.com\/casapercasadettagli\/?hl=it"]}]}},"_links":{"self":[{"href":"https:\/\/casapercasa.com\/fr\/wp-json\/wp\/v2\/projects\/17362","targetHints":{"allow":["GET"]}}],"collection":[{"href":"https:\/\/casapercasa.com\/fr\/wp-json\/wp\/v2\/projects"}],"about":[{"href":"https:\/\/casapercasa.com\/fr\/wp-json\/wp\/v2\/types\/projects"}],"version-history":[{"count":3,"href":"https:\/\/casapercasa.com\/fr\/wp-json\/wp\/v2\/projects\/17362\/revisions"}],"predecessor-version":[{"id":17840,"href":"https:\/\/casapercasa.com\/fr\/wp-json\/wp\/v2\/projects\/17362\/revisions\/17840"}],"wp:attachment":[{"href":"https:\/\/casapercasa.com\/fr\/wp-json\/wp\/v2\/media?parent=17362"}],"curies":[{"name":"wp","href":"https:\/\/api.w.org\/{rel}","templated":true}]}}