{"id":17358,"date":"2026-02-10T09:24:53","date_gmt":"2026-02-10T08:24:53","guid":{"rendered":"https:\/\/casapercasa.com\/?post_type=projects&#038;p=17358"},"modified":"2026-02-19T10:54:48","modified_gmt":"2026-02-19T09:54:48","slug":"demeure-alpine","status":"publish","type":"projects","link":"https:\/\/casapercasa.com\/fr\/projects\/demeure-alpine\/","title":{"rendered":"Spazi privati &#8211; San Vito di Cadore fra"},"content":{"rendered":"\n<div style=\"height:20px\" aria-hidden=\"true\" class=\"wp-block-spacer\"><\/div>\n\n\n\n<div class=\"wp-block-group\">\n<div class=\"wp-block-group is-style-container\">\n<div class=\"wp-block-media-text has-media-on-the-right is-stacked-on-mobile is-vertically-aligned-center\" style=\"grid-template-columns:auto 55%\"><div class=\"wp-block-media-text__content\">\n<p class=\"has-black-color has-text-color has-link-color has-large-font-size wp-elements-7325c70f4f0978e8abfa53b8efc7f775 wp-block-paragraph\" style=\"font-style:normal;font-weight:400\">Demeure Alpine<\/p>\n\n\n\n<div style=\"height:30px\" aria-hidden=\"true\" class=\"wp-block-spacer solo-desktop\"><\/div>\n\n\n\n<p class=\"has-black-color has-text-color has-link-color has-small-font-size wp-elements-038f0eba2c712b79a0909348e1df716b wp-block-paragraph\"><strong>Chaleur et fonctionnalit\u00e9<br><\/strong>Une maison de vacances dans les Dolomites, chaleureuse et accueillante, o\u00f9 le m\u00e9l\u00e8ze thermo-trait\u00e9, la pierre naturelle et le m\u00e9tal d\u00e9finissent les mat\u00e9riaux et les atmosph\u00e8res. Des espaces traditionnels, typiques de l\u2019habitat de montagne, rencontrent un regard contemporain et innovant.<\/p>\n\n\n\n<p class=\"has-black-color has-text-color has-link-color has-small-font-size wp-elements-a38e36844fdd0c64aa57c09dcb36d2a8 wp-block-paragraph\">Parmi les solutions sur mesure les plus int\u00e9ressantes, une table aux usages multiples: le meuble qui s\u00e9pare le canap\u00e9 se transforme en banc, les pieds de la table pivotent et le plateau, par un simple geste, se d\u00e9double. M\u00eame la petite salle de bain cache une surprise : elle peut devenir un hammam pour deux personnes, offrant des fonctionnalit\u00e9s et un confort qui \u00e9tonnent ceux qui l\u2019utilisent.<\/p>\n<\/div><figure class=\"wp-block-media-text__media\"><img loading=\"lazy\" decoding=\"async\" width=\"1000\" height=\"667\" src=\"https:\/\/casapercasa.com\/wp-content\/uploads\/2022\/10\/casapercasa-san-vito-cadore_001.jpg\" alt=\"\" class=\"wp-image-1039 size-full\" srcset=\"https:\/\/casapercasa.com\/wp-content\/uploads\/2022\/10\/casapercasa-san-vito-cadore_001.jpg 1000w, https:\/\/casapercasa.com\/wp-content\/uploads\/2022\/10\/casapercasa-san-vito-cadore_001-768x512.jpg 768w, https:\/\/casapercasa.com\/wp-content\/uploads\/2022\/10\/casapercasa-san-vito-cadore_001-300x200.jpg 300w, https:\/\/casapercasa.com\/wp-content\/uploads\/2022\/10\/casapercasa-san-vito-cadore_001-600x400.jpg 600w\" sizes=\"auto, (max-width: 1000px) 100vw, 1000px\" \/><\/figure><\/div>\n\n\n\n<div class=\"wp-block-group solo-desktop\">\n<div class=\"wp-block-columns\">\n<div class=\"wp-block-column\" style=\"flex-basis:50%\">\n<figure class=\"wp-block-image aligncenter size-full\"><img loading=\"lazy\" decoding=\"async\" width=\"1000\" height=\"667\" src=\"https:\/\/casapercasa.com\/wp-content\/uploads\/2022\/10\/casapercasa-san-vito-cadore_003.jpg\" alt=\"\" class=\"wp-image-1041\" style=\"aspect-ratio:4\/3;object-fit:cover\" srcset=\"https:\/\/casapercasa.com\/wp-content\/uploads\/2022\/10\/casapercasa-san-vito-cadore_003.jpg 1000w, https:\/\/casapercasa.com\/wp-content\/uploads\/2022\/10\/casapercasa-san-vito-cadore_003-768x512.jpg 768w, https:\/\/casapercasa.com\/wp-content\/uploads\/2022\/10\/casapercasa-san-vito-cadore_003-300x200.jpg 300w, https:\/\/casapercasa.com\/wp-content\/uploads\/2022\/10\/casapercasa-san-vito-cadore_003-600x400.jpg 600w\" sizes=\"auto, (max-width: 1000px) 100vw, 1000px\" \/><\/figure>\n<\/div>\n\n\n\n<div class=\"wp-block-column\" style=\"flex-basis:50%\">\n<div class=\"wp-block-columns\">\n<div class=\"wp-block-column\">\n<figure class=\"wp-block-image size-full\"><img loading=\"lazy\" decoding=\"async\" width=\"1000\" height=\"667\" src=\"https:\/\/casapercasa.com\/wp-content\/uploads\/2022\/10\/casapercasa-san-vito-cadore_010.jpg\" alt=\"\" class=\"wp-image-1048\" style=\"aspect-ratio:3\/4;object-fit:cover\" srcset=\"https:\/\/casapercasa.com\/wp-content\/uploads\/2022\/10\/casapercasa-san-vito-cadore_010.jpg 1000w, https:\/\/casapercasa.com\/wp-content\/uploads\/2022\/10\/casapercasa-san-vito-cadore_010-768x512.jpg 768w, https:\/\/casapercasa.com\/wp-content\/uploads\/2022\/10\/casapercasa-san-vito-cadore_010-300x200.jpg 300w, https:\/\/casapercasa.com\/wp-content\/uploads\/2022\/10\/casapercasa-san-vito-cadore_010-600x400.jpg 600w\" sizes=\"auto, (max-width: 1000px) 100vw, 1000px\" \/><\/figure>\n<\/div>\n\n\n\n<div class=\"wp-block-column\">\n<figure class=\"wp-block-image size-full\"><img loading=\"lazy\" decoding=\"async\" width=\"667\" height=\"1000\" src=\"https:\/\/casapercasa.com\/wp-content\/uploads\/2022\/10\/casapercasa-san-vito-cadore_022.jpg\" alt=\"\" class=\"wp-image-1060\" style=\"aspect-ratio:3\/4;object-fit:cover\" srcset=\"https:\/\/casapercasa.com\/wp-content\/uploads\/2022\/10\/casapercasa-san-vito-cadore_022.jpg 667w, https:\/\/casapercasa.com\/wp-content\/uploads\/2022\/10\/casapercasa-san-vito-cadore_022-200x300.jpg 200w, https:\/\/casapercasa.com\/wp-content\/uploads\/2022\/10\/casapercasa-san-vito-cadore_022-400x600.jpg 400w\" sizes=\"auto, (max-width: 667px) 100vw, 667px\" \/><\/figure>\n<\/div>\n<\/div>\n\n\n\n<p class=\"has-black-color has-text-color has-link-color has-small-font-size wp-elements-047cbcaa3298d1569624872ce9cda689 wp-block-paragraph\"><strong>La lumi\u00e8re comme protagoniste<br><\/strong>Dans nos projets, la lumi\u00e8re joue toujours un r\u00f4le fondamental. M\u00eame dans les espaces les plus traditionnels, nous recherchons des solutions capables de surprendre par de petits d\u00e9tails inattendus, rendant l\u2019environnement vivant et accueillant.<\/p>\n<\/div>\n<\/div>\n<\/div>\n<\/div>\n\n\n\n<div style=\"height:10px\" aria-hidden=\"true\" class=\"wp-block-spacer\"><\/div>\n\n\n\n<div class=\"wp-block-group is-style-container\">\n<div class=\"wp-block-group solo-desktop\">        <div  class=\"block_e0f56bc25874ba51e309fb054aa4962b CustomGalleryWrapper CustomGalleryWrapper_Masonry numcol3 cb_custom_cgallery\">\r\n            <div class=\"masonry-wrapper\">\r\n                <div class=\"grid-sizer\"><\/div>\r\n                <div class=\"gutter-sizer\"><\/div>\r\n                                    <div class=\"masonry-img\">\r\n                                                    <a class=\"image_box_descr_img\" href=\"https:\/\/casapercasa.com\/wp-content\/uploads\/2022\/10\/casapercasa-san-vito-cadore_005.jpg\" data-pswp-width=\"1000\" data-pswp-height=\"667\">\r\n                                                    <img decoding=\"async\" src=\"https:\/\/casapercasa.com\/wp-content\/uploads\/2022\/10\/casapercasa-san-vito-cadore_005.jpg\">\r\n                                                    <\/a>\r\n                                                <\/div>\r\n                                        <div class=\"masonry-img\">\r\n                                                    <a class=\"image_box_descr_img\" href=\"https:\/\/casapercasa.com\/wp-content\/uploads\/2022\/10\/casapercasa-san-vito-cadore_006.jpg\" data-pswp-width=\"1000\" data-pswp-height=\"667\">\r\n                                                    <img decoding=\"async\" src=\"https:\/\/casapercasa.com\/wp-content\/uploads\/2022\/10\/casapercasa-san-vito-cadore_006.jpg\">\r\n                                                    <\/a>\r\n                                                <\/div>\r\n                                        <div class=\"masonry-img\">\r\n                                                    <a class=\"image_box_descr_img\" href=\"https:\/\/casapercasa.com\/wp-content\/uploads\/2022\/10\/casapercasa-san-vito-cadore_007.jpg\" data-pswp-width=\"1000\" data-pswp-height=\"667\">\r\n                                                    <img decoding=\"async\" src=\"https:\/\/casapercasa.com\/wp-content\/uploads\/2022\/10\/casapercasa-san-vito-cadore_007.jpg\">\r\n                                                    <\/a>\r\n                                                <\/div>\r\n                                        <div class=\"masonry-img\">\r\n                                                    <a class=\"image_box_descr_img\" href=\"https:\/\/casapercasa.com\/wp-content\/uploads\/2022\/10\/casapercasa-san-vito-cadore_016.jpg\" data-pswp-width=\"667\" data-pswp-height=\"1000\">\r\n                                                    <img decoding=\"async\" src=\"https:\/\/casapercasa.com\/wp-content\/uploads\/2022\/10\/casapercasa-san-vito-cadore_016.jpg\">\r\n                                                    <\/a>\r\n                                                <\/div>\r\n                                        <div class=\"masonry-img\">\r\n                                                    <a class=\"image_box_descr_img\" href=\"https:\/\/casapercasa.com\/wp-content\/uploads\/2022\/10\/casapercasa-san-vito-cadore_024.jpg\" data-pswp-width=\"667\" data-pswp-height=\"1000\">\r\n                                                    <img decoding=\"async\" src=\"https:\/\/casapercasa.com\/wp-content\/uploads\/2022\/10\/casapercasa-san-vito-cadore_024.jpg\">\r\n                                                    <\/a>\r\n                                                <\/div>\r\n                                        <div class=\"masonry-img\">\r\n                                                    <a class=\"image_box_descr_img\" href=\"https:\/\/casapercasa.com\/wp-content\/uploads\/2022\/10\/casapercasa-san-vito-cadore_023.jpg\" data-pswp-width=\"1000\" data-pswp-height=\"667\">\r\n                                                    <img decoding=\"async\" src=\"https:\/\/casapercasa.com\/wp-content\/uploads\/2022\/10\/casapercasa-san-vito-cadore_023.jpg\">\r\n                                                    <\/a>\r\n                                                <\/div>\r\n                                        <div class=\"masonry-img\">\r\n                                                    <a class=\"image_box_descr_img\" href=\"https:\/\/casapercasa.com\/wp-content\/uploads\/2022\/10\/casapercasa-san-vito-cadore_020.jpg\" data-pswp-width=\"1000\" data-pswp-height=\"667\">\r\n                                                    <img decoding=\"async\" src=\"https:\/\/casapercasa.com\/wp-content\/uploads\/2022\/10\/casapercasa-san-vito-cadore_020.jpg\">\r\n                                                    <\/a>\r\n                                                <\/div>\r\n                                        <div class=\"masonry-img\">\r\n                                                    <a class=\"image_box_descr_img\" href=\"https:\/\/casapercasa.com\/wp-content\/uploads\/2022\/10\/casapercasa-san-vito-cadore_021.jpg\" data-pswp-width=\"667\" data-pswp-height=\"1000\">\r\n                                                    <img decoding=\"async\" src=\"https:\/\/casapercasa.com\/wp-content\/uploads\/2022\/10\/casapercasa-san-vito-cadore_021.jpg\">\r\n                                                    <\/a>\r\n                                                <\/div>\r\n                                        <div class=\"masonry-img\">\r\n                                                    <a class=\"image_box_descr_img\" href=\"https:\/\/casapercasa.com\/wp-content\/uploads\/2022\/10\/casapercasa-san-vito-cadore_025.jpg\" data-pswp-width=\"667\" data-pswp-height=\"1000\">\r\n                                                    <img decoding=\"async\" src=\"https:\/\/casapercasa.com\/wp-content\/uploads\/2022\/10\/casapercasa-san-vito-cadore_025.jpg\">\r\n                                                    <\/a>\r\n                                                <\/div>\r\n                                        <div class=\"masonry-img\">\r\n                                                    <a class=\"image_box_descr_img\" href=\"https:\/\/casapercasa.com\/wp-content\/uploads\/2022\/10\/casapercasa-san-vito-cadore_018.jpg\" data-pswp-width=\"667\" data-pswp-height=\"1000\">\r\n                                                    <img decoding=\"async\" src=\"https:\/\/casapercasa.com\/wp-content\/uploads\/2022\/10\/casapercasa-san-vito-cadore_018.jpg\">\r\n                                                    <\/a>\r\n                                                <\/div>\r\n                                        <div class=\"masonry-img\">\r\n                                                    <a class=\"image_box_descr_img\" href=\"https:\/\/casapercasa.com\/wp-content\/uploads\/2022\/10\/casapercasa-san-vito-cadore_010.jpg\" data-pswp-width=\"1000\" data-pswp-height=\"667\">\r\n                                                    <img decoding=\"async\" src=\"https:\/\/casapercasa.com\/wp-content\/uploads\/2022\/10\/casapercasa-san-vito-cadore_010.jpg\">\r\n                                                    <\/a>\r\n                                                <\/div>\r\n                                        <div class=\"masonry-img\">\r\n                                                    <a class=\"image_box_descr_img\" href=\"https:\/\/casapercasa.com\/wp-content\/uploads\/2022\/10\/casapercasa-san-vito-cadore_008.jpg\" data-pswp-width=\"667\" data-pswp-height=\"1000\">\r\n                                                    <img decoding=\"async\" src=\"https:\/\/casapercasa.com\/wp-content\/uploads\/2022\/10\/casapercasa-san-vito-cadore_008.jpg\">\r\n                                                    <\/a>\r\n                                                <\/div>\r\n                                        <div class=\"masonry-img\">\r\n                                                    <a class=\"image_box_descr_img\" href=\"https:\/\/casapercasa.com\/wp-content\/uploads\/2022\/10\/casapercasa-san-vito-cadore_009.jpg\" data-pswp-width=\"1000\" data-pswp-height=\"667\">\r\n                                                    <img decoding=\"async\" src=\"https:\/\/casapercasa.com\/wp-content\/uploads\/2022\/10\/casapercasa-san-vito-cadore_009.jpg\">\r\n                                                    <\/a>\r\n                                                <\/div>\r\n                                <\/div>\r\n        <\/div>\r\n        <script>\r\n        imagesLoaded( document.querySelector('.block_e0f56bc25874ba51e309fb054aa4962b'), function( instance )\r\n            {\r\n            $('.block_e0f56bc25874ba51e309fb054aa4962b .masonry-wrapper').masonry(\r\n                {\r\n                itemSelector: '.masonry-img',\r\n                columnWidth: '.grid-sizer',\r\n                gutter: '.gutter-sizer',\r\n                percentPosition: true,\r\n                });\r\n            });\r\n        <\/script>\r\n        <\/div>\n\n\n\n<div class=\"wp-block-group solo-mobile\">\n<div style=\"height:50px\" aria-hidden=\"true\" class=\"wp-block-spacer\"><\/div>\n\n\n\n<p class=\"has-text-align-center wp-block-paragraph\" style=\"font-size:12px\">Faites d\u00e9filer la galerie pour d\u00e9couvrir le projet,<br>cliquez sur les photos pour les agrandir<\/p>\n\n\n\n<div style=\"height:20px\" aria-hidden=\"true\" class=\"wp-block-spacer\"><\/div>\n\n\n        <div  class=\"block_eaef0fce12e84093ac378571d9d5dc62 CustomGalleryWrapper CustomGalleryWrapper_Slider cb_custom_cgallery\">\r\n            <div class=\"swiper-container\">\r\n                <div class=\"swiper-wrapper\">\r\n                                            <div class=\"swiper-slide\">\r\n                                                            <a href=\"https:\/\/casapercasa.com\/wp-content\/uploads\/2022\/10\/casapercasa-san-vito-cadore_002.jpg\" data-pswp-width=\"667\" data-pswp-height=\"1000\">\r\n                                                            <img srcset=\"https:\/\/casapercasa.com\/wp-content\/uploads\/2022\/10\/casapercasa-san-vito-cadore_002.jpg\" >                                                            <\/a>\r\n                                                        <\/div>\r\n                                                <div class=\"swiper-slide\">\r\n                                                            <a href=\"https:\/\/casapercasa.com\/wp-content\/uploads\/2022\/10\/casapercasa-san-vito-cadore_010.jpg\" data-pswp-width=\"1000\" data-pswp-height=\"667\">\r\n                                                            <img srcset=\"https:\/\/casapercasa.com\/wp-content\/uploads\/2022\/10\/casapercasa-san-vito-cadore_010.jpg\" >                                                            <\/a>\r\n                                                        <\/div>\r\n                                                <div class=\"swiper-slide\">\r\n                                                            <a href=\"https:\/\/casapercasa.com\/wp-content\/uploads\/2022\/10\/casapercasa-san-vito-cadore_005.jpg\" data-pswp-width=\"1000\" data-pswp-height=\"667\">\r\n                                                            <img srcset=\"https:\/\/casapercasa.com\/wp-content\/uploads\/2022\/10\/casapercasa-san-vito-cadore_005.jpg\" >                                                            <\/a>\r\n                                                        <\/div>\r\n                                                <div class=\"swiper-slide\">\r\n                                                            <a href=\"https:\/\/casapercasa.com\/wp-content\/uploads\/2022\/10\/casapercasa-san-vito-cadore_006.jpg\" data-pswp-width=\"1000\" data-pswp-height=\"667\">\r\n                                                            <img srcset=\"https:\/\/casapercasa.com\/wp-content\/uploads\/2022\/10\/casapercasa-san-vito-cadore_006.jpg\" >                                                            <\/a>\r\n                                                        <\/div>\r\n                                                <div class=\"swiper-slide\">\r\n                                                            <a href=\"https:\/\/casapercasa.com\/wp-content\/uploads\/2022\/10\/casapercasa-san-vito-cadore_007.jpg\" data-pswp-width=\"1000\" data-pswp-height=\"667\">\r\n                                                            <img srcset=\"https:\/\/casapercasa.com\/wp-content\/uploads\/2022\/10\/casapercasa-san-vito-cadore_007.jpg\" >                                                            <\/a>\r\n                                                        <\/div>\r\n                                                <div class=\"swiper-slide\">\r\n                                                            <a href=\"https:\/\/casapercasa.com\/wp-content\/uploads\/2022\/10\/casapercasa-san-vito-cadore_016.jpg\" data-pswp-width=\"667\" data-pswp-height=\"1000\">\r\n                                                            <img srcset=\"https:\/\/casapercasa.com\/wp-content\/uploads\/2022\/10\/casapercasa-san-vito-cadore_016.jpg\" >                                                            <\/a>\r\n                                                        <\/div>\r\n                                                <div class=\"swiper-slide\">\r\n                                                            <a href=\"https:\/\/casapercasa.com\/wp-content\/uploads\/2022\/10\/casapercasa-san-vito-cadore_024.jpg\" data-pswp-width=\"667\" data-pswp-height=\"1000\">\r\n                                                            <img srcset=\"https:\/\/casapercasa.com\/wp-content\/uploads\/2022\/10\/casapercasa-san-vito-cadore_024.jpg\" loading=\"lazy\"><div class=\"swiper-lazy-preloader swiper-lazy-preloader-white\"><\/div>                                                            <\/a>\r\n                                                        <\/div>\r\n                                                <div class=\"swiper-slide\">\r\n                                                            <a href=\"https:\/\/casapercasa.com\/wp-content\/uploads\/2022\/10\/casapercasa-san-vito-cadore_023.jpg\" data-pswp-width=\"1000\" data-pswp-height=\"667\">\r\n                                                            <img srcset=\"https:\/\/casapercasa.com\/wp-content\/uploads\/2022\/10\/casapercasa-san-vito-cadore_023.jpg\" loading=\"lazy\"><div class=\"swiper-lazy-preloader swiper-lazy-preloader-white\"><\/div>                                                            <\/a>\r\n                                                        <\/div>\r\n                                                <div class=\"swiper-slide\">\r\n                                                            <a href=\"https:\/\/casapercasa.com\/wp-content\/uploads\/2022\/10\/casapercasa-san-vito-cadore_021.jpg\" data-pswp-width=\"667\" data-pswp-height=\"1000\">\r\n                                                            <img srcset=\"https:\/\/casapercasa.com\/wp-content\/uploads\/2022\/10\/casapercasa-san-vito-cadore_021.jpg\" loading=\"lazy\"><div class=\"swiper-lazy-preloader swiper-lazy-preloader-white\"><\/div>                                                            <\/a>\r\n                                                        <\/div>\r\n                                                <div class=\"swiper-slide\">\r\n                                                            <a href=\"https:\/\/casapercasa.com\/wp-content\/uploads\/2022\/10\/casapercasa-san-vito-cadore_020.jpg\" data-pswp-width=\"1000\" data-pswp-height=\"667\">\r\n                                                            <img srcset=\"https:\/\/casapercasa.com\/wp-content\/uploads\/2022\/10\/casapercasa-san-vito-cadore_020.jpg\" loading=\"lazy\"><div class=\"swiper-lazy-preloader swiper-lazy-preloader-white\"><\/div>                                                            <\/a>\r\n                                                        <\/div>\r\n                                                <div class=\"swiper-slide\">\r\n                                                            <a href=\"https:\/\/casapercasa.com\/wp-content\/uploads\/2022\/10\/casapercasa-san-vito-cadore_018.jpg\" data-pswp-width=\"667\" data-pswp-height=\"1000\">\r\n                                                            <img srcset=\"https:\/\/casapercasa.com\/wp-content\/uploads\/2022\/10\/casapercasa-san-vito-cadore_018.jpg\" loading=\"lazy\"><div class=\"swiper-lazy-preloader swiper-lazy-preloader-white\"><\/div>                                                            <\/a>\r\n                                                        <\/div>\r\n                                                <div class=\"swiper-slide\">\r\n                                                            <a href=\"https:\/\/casapercasa.com\/wp-content\/uploads\/2022\/10\/casapercasa-san-vito-cadore_025.jpg\" data-pswp-width=\"667\" data-pswp-height=\"1000\">\r\n                                                            <img srcset=\"https:\/\/casapercasa.com\/wp-content\/uploads\/2022\/10\/casapercasa-san-vito-cadore_025.jpg\" loading=\"lazy\"><div class=\"swiper-lazy-preloader swiper-lazy-preloader-white\"><\/div>                                                            <\/a>\r\n                                                        <\/div>\r\n                                        <\/div>\r\n                <div class=\"navigation-box-wrapper\">\r\n                    <div class=\"navigation-box\">\r\n                        <div class=\"left-arrow\">\r\n                                                        <img decoding=\"async\" src=\"\/wp-content\/uploads\/2024\/11\/arrow-left-casapercasa-white.svg\">\r\n                                                    <\/div>\r\n                        <div class=\"right-arrow\">\r\n                                                        <img decoding=\"async\" src=\"\/wp-content\/uploads\/2024\/11\/arrow-right-casapercasa-white.svg\">\r\n                                                    <\/div>\r\n                    <\/div>\r\n                <\/div>\r\n            <\/div>\r\n        <\/div>\r\n        <\/div>\n<\/div>\n\n\n\n<div class=\"wp-block-group is-style-container\">\n<div style=\"height:100px\" aria-hidden=\"true\" class=\"wp-block-spacer solo-desktop\"><\/div>\n\n\n\n<div style=\"height:50px\" aria-hidden=\"true\" class=\"wp-block-spacer solo-mobile\"><\/div>\n\n\n\n<div class=\"wp-block-columns is-not-stacked-on-mobile\">\n<div class=\"wp-block-column\">\n<div class=\"wp-block-group\">\n<p class=\"has-text-align-right solo-desktop has-black-color has-text-color has-link-color has-normal-font-size wp-elements-f4fade3d6e9971de8995131688c4f183 wp-block-paragraph\"><a href=\"https:\/\/casapercasa.com\/fr\/projects\/foyer-domestique\">Projet pr\u00e9c\u00e9dent<\/a><\/p>\n\n\n\n<p class=\"has-text-align-right solo-mobile has-black-color has-text-color has-link-color wp-elements-60d5c743201d27bba90a8e7c6f90869c wp-block-paragraph\" style=\"font-size:14px\"><a href=\"https:\/\/casapercasa.com\/fr\/projects\/foyer-domestique\">Projet pr\u00e9c\u00e9dent<\/a><\/p>\n\n\n\n<p class=\"has-text-align-right is-style-medtitle has-black-color has-text-color has-link-color has-extra-large-font-size wp-elements-9c558ae4455e1435cabdaf7a6036f5b6 wp-block-paragraph\"><strong><a href=\"https:\/\/casapercasa.com\/fr\/projects\/foyer-domestique\">\u2190<\/a><\/strong><\/p>\n<\/div>\n<\/div>\n\n\n\n<div class=\"wp-block-column\">\n<div class=\"wp-block-group\">\n<p class=\"has-text-align-center solo-desktop has-black-color has-text-color has-link-color has-normal-font-size wp-elements-83d938b6985878c5b11e7c99fcdf5c49 wp-block-paragraph\"><a href=\"https:\/\/casapercasa.com\/fr\/espaces-priv\u00e9s\">Tous les projets<\/a><\/p>\n\n\n\n<p class=\"has-text-align-center solo-mobile has-black-color has-text-color has-link-color wp-elements-54885571c0ca636a8d07a315de279edb wp-block-paragraph\" style=\"font-size:14px\"><a href=\"https:\/\/casapercasa.com\/fr\/espaces-priv\u00e9s\">Tous les projets<\/a><\/p>\n\n\n\n<p class=\"has-text-align-center is-style-medtitle has-black-color has-text-color has-link-color has-extra-large-font-size wp-elements-d0ae32b9e63427ced156447666ded18d wp-block-paragraph\"><strong><a href=\"https:\/\/casapercasa.com\/fr\/espaces-priv\u00e9s\">\u2302<\/a><\/strong><\/p>\n<\/div>\n<\/div>\n\n\n\n<div class=\"wp-block-column\">\n<div class=\"wp-block-group\">\n<p class=\"has-text-align-left solo-desktop has-black-color has-text-color has-link-color has-normal-font-size wp-elements-48fb726f58e6eb646f275049c486f2ea wp-block-paragraph\"><a href=\"https:\/\/casapercasa.com\/fr\/projects\/coordinationa-a-distance\">Projet suivant<\/a><\/p>\n\n\n\n<p class=\"has-text-align-left solo-mobile has-black-color has-text-color has-link-color wp-elements-c70f5b7d15ebe9f2da5f1cced3a3be9c wp-block-paragraph\" style=\"font-size:14px\"><a href=\"https:\/\/casapercasa.com\/fr\/projects\/coordinationa-a-distance\">Projet suivant<\/a><\/p>\n\n\n\n<p class=\"has-text-align-left is-style-medtitle has-black-color has-text-color has-link-color has-extra-large-font-size wp-elements-0d986fab1e8df515b6ba2704de59097b wp-block-paragraph\"><strong><a href=\"https:\/\/casapercasa.com\/fr\/projects\/coordinationa-a-distance\">\u2192<\/a><\/strong><\/p>\n<\/div>\n<\/div>\n<\/div>\n<\/div>\n<\/div>\n\n\n\n<div style=\"height:70px\" aria-hidden=\"true\" class=\"wp-block-spacer solo-dekstop\"><\/div>\n\n\n\n<div class=\"wp-block-group has-background\" style=\"background-color:#9fa63a3d\"><div id=\"17358\" class=\"Custom_CTA_Wrapper custom_cta\">\r\n    <div class=\"container\">\r\n        <div class=\"row align-items-center\">\r\n            <div class=\"col-12 col-lg-4 col-xl-3\">\r\n                <div class=\"Custom_CTA_Img\">\r\n                                            <img decoding=\"async\" src=\"https:\/\/casapercasa.com\/wp-content\/uploads\/2022\/09\/la-nostra-sede-e1701268650543.jpg\">\r\n                                        <\/div>\r\n            <\/div>\r\n            <div class=\"col-12 col-lg-8 col-xl-9\">\r\n                <div class=\"Custom_CTA_Content_Wrapper\">\r\n                    <div class=\"Custom_CTA_Title\">Passez du temps avec nous.<\/div>\r\n                    <div class=\"Custom_CTA_Descr\">Notre showroom et nos ateliers vous attendent: d\u00e9sirez, imaginez, d\u00e9couvrez, choisissez, cr\u00e9ez.<\/div>\r\n                                            <div class=\"Custom_CTA_Link\"><a href=\"https:\/\/casapercasa.com\/fr\/contatti\/\">Contactez-nous d\u00e8s maintenant<\/a><\/div>\r\n                                        <\/div>\r\n            <\/div>\r\n        <\/div>\r\n    <\/div>\r\n<\/div><\/div>\n","protected":false},"excerpt":{"rendered":"<p>Demeure Alpine Chaleur et fonctionnalit\u00e9Une maison de vacances dans les Dolomites, chaleureuse et accueillante, o\u00f9 le m\u00e9l\u00e8ze thermo-trait\u00e9, la pierre naturelle et le m\u00e9tal d\u00e9finissent les mat\u00e9riaux et les atmosph\u00e8res. Des espaces traditionnels, typiques de l\u2019habitat de montagne, rencontrent un regard contemporain et innovant. Parmi les solutions sur mesure les plus int\u00e9ressantes, une table aux [&hellip;]<\/p>\n","protected":false},"featured_media":0,"parent":0,"menu_order":0,"template":"","meta":{"_acf_changed":false,"inline_featured_image":false,"footnotes":""},"class_list":["post-17358","projects","type-projects","status-publish","hentry"],"acf":[],"yoast_head":"<title>Casapercasa - Demeure Alpine<\/title>\n<meta name=\"description\" content=\"Une maison de vacances, chaleureuse et accueillante, o\u00f9 le m\u00e9l\u00e8ze, la pierre et le m\u00e9tal d\u00e9finissent mat\u00e9riaux et ambiances.\" \/>\n<meta name=\"robots\" content=\"index, follow, max-snippet:-1, max-image-preview:large, max-video-preview:-1\" \/>\n<link rel=\"canonical\" href=\"https:\/\/casapercasa.com\/fr\/projects\/demeure-alpine\/\" \/>\n<meta property=\"og:locale\" content=\"fr_FR\" \/>\n<meta property=\"og:type\" content=\"article\" \/>\n<meta property=\"og:title\" content=\"Casapercasa - Demeure Alpine\" \/>\n<meta property=\"og:description\" content=\"Une maison de vacances, chaleureuse et accueillante, o\u00f9 le m\u00e9l\u00e8ze, la pierre et le m\u00e9tal d\u00e9finissent mat\u00e9riaux et ambiances.\" \/>\n<meta property=\"og:url\" content=\"https:\/\/casapercasa.com\/fr\/projects\/demeure-alpine\/\" \/>\n<meta property=\"og:site_name\" content=\"Casapercasa S.r.l.\" \/>\n<meta property=\"article:publisher\" content=\"https:\/\/www.facebook.com\/casapercasadesign\" \/>\n<meta property=\"article:modified_time\" content=\"2026-02-19T09:54:48+00:00\" \/>\n<meta property=\"og:image\" content=\"https:\/\/casapercasa.com\/wp-content\/uploads\/2022\/10\/casapercasa-san-vito-cadore_001.jpg\" \/>\n\t<meta property=\"og:image:width\" content=\"1000\" \/>\n\t<meta property=\"og:image:height\" content=\"667\" \/>\n\t<meta property=\"og:image:type\" content=\"image\/jpeg\" \/>\n<meta name=\"twitter:card\" content=\"summary_large_image\" \/>\n<meta name=\"twitter:label1\" content=\"Dur\u00e9e de lecture estim\u00e9e\" \/>\n\t<meta name=\"twitter:data1\" content=\"2 minutes\" \/>\n<script type=\"application\/ld+json\" class=\"yoast-schema-graph\">{\"@context\":\"https:\\\/\\\/schema.org\",\"@graph\":[{\"@type\":\"WebPage\",\"@id\":\"https:\\\/\\\/casapercasa.com\\\/fr\\\/projects\\\/demeure-alpine\\\/\",\"url\":\"https:\\\/\\\/casapercasa.com\\\/fr\\\/projects\\\/demeure-alpine\\\/\",\"name\":\"Casapercasa - Demeure Alpine\",\"isPartOf\":{\"@id\":\"https:\\\/\\\/casapercasa.com\\\/fr\\\/#website\"},\"primaryImageOfPage\":{\"@id\":\"https:\\\/\\\/casapercasa.com\\\/fr\\\/projects\\\/demeure-alpine\\\/#primaryimage\"},\"image\":{\"@id\":\"https:\\\/\\\/casapercasa.com\\\/fr\\\/projects\\\/demeure-alpine\\\/#primaryimage\"},\"thumbnailUrl\":\"https:\\\/\\\/casapercasa.com\\\/wp-content\\\/uploads\\\/2022\\\/10\\\/casapercasa-san-vito-cadore_001.jpg\",\"datePublished\":\"2026-02-10T08:24:53+00:00\",\"dateModified\":\"2026-02-19T09:54:48+00:00\",\"description\":\"Une maison de vacances, chaleureuse et accueillante, o\u00f9 le m\u00e9l\u00e8ze, la pierre et le m\u00e9tal d\u00e9finissent mat\u00e9riaux et ambiances.\",\"breadcrumb\":{\"@id\":\"https:\\\/\\\/casapercasa.com\\\/fr\\\/projects\\\/demeure-alpine\\\/#breadcrumb\"},\"inLanguage\":\"fr-FR\",\"potentialAction\":[{\"@type\":\"ReadAction\",\"target\":[\"https:\\\/\\\/casapercasa.com\\\/fr\\\/projects\\\/demeure-alpine\\\/\"]}]},{\"@type\":\"ImageObject\",\"inLanguage\":\"fr-FR\",\"@id\":\"https:\\\/\\\/casapercasa.com\\\/fr\\\/projects\\\/demeure-alpine\\\/#primaryimage\",\"url\":\"https:\\\/\\\/casapercasa.com\\\/wp-content\\\/uploads\\\/2022\\\/10\\\/casapercasa-san-vito-cadore_001.jpg\",\"contentUrl\":\"https:\\\/\\\/casapercasa.com\\\/wp-content\\\/uploads\\\/2022\\\/10\\\/casapercasa-san-vito-cadore_001.jpg\"},{\"@type\":\"BreadcrumbList\",\"@id\":\"https:\\\/\\\/casapercasa.com\\\/fr\\\/projects\\\/demeure-alpine\\\/#breadcrumb\",\"itemListElement\":[{\"@type\":\"ListItem\",\"position\":1,\"name\":\"Home\",\"item\":\"https:\\\/\\\/casapercasa.com\\\/fr\\\/\"},{\"@type\":\"ListItem\",\"position\":2,\"name\":\"Projects\",\"item\":\"https:\\\/\\\/casapercasa.com\\\/fr\\\/projects\\\/\"},{\"@type\":\"ListItem\",\"position\":3,\"name\":\"Spazi privati &#8211; San Vito di Cadore fra\"}]},{\"@type\":\"WebSite\",\"@id\":\"https:\\\/\\\/casapercasa.com\\\/fr\\\/#website\",\"url\":\"https:\\\/\\\/casapercasa.com\\\/fr\\\/\",\"name\":\"Casapercasa\",\"description\":\"INNOVAZIONE ARTIGIANA\",\"publisher\":{\"@id\":\"https:\\\/\\\/casapercasa.com\\\/fr\\\/#organization\"},\"potentialAction\":[{\"@type\":\"SearchAction\",\"target\":{\"@type\":\"EntryPoint\",\"urlTemplate\":\"https:\\\/\\\/casapercasa.com\\\/fr\\\/?s={search_term_string}\"},\"query-input\":{\"@type\":\"PropertyValueSpecification\",\"valueRequired\":true,\"valueName\":\"search_term_string\"}}],\"inLanguage\":\"fr-FR\"},{\"@type\":\"Organization\",\"@id\":\"https:\\\/\\\/casapercasa.com\\\/fr\\\/#organization\",\"name\":\"Casapercasa S.r.l.\",\"url\":\"https:\\\/\\\/casapercasa.com\\\/fr\\\/\",\"logo\":{\"@type\":\"ImageObject\",\"inLanguage\":\"fr-FR\",\"@id\":\"https:\\\/\\\/casapercasa.com\\\/fr\\\/#\\\/schema\\\/logo\\\/image\\\/\",\"url\":\"https:\\\/\\\/casapercasa.com\\\/wp-content\\\/uploads\\\/2022\\\/10\\\/logo-extralarge-retina.png\",\"contentUrl\":\"https:\\\/\\\/casapercasa.com\\\/wp-content\\\/uploads\\\/2022\\\/10\\\/logo-extralarge-retina.png\",\"width\":258,\"height\":43,\"caption\":\"Casapercasa S.r.l.\"},\"image\":{\"@id\":\"https:\\\/\\\/casapercasa.com\\\/fr\\\/#\\\/schema\\\/logo\\\/image\\\/\"},\"sameAs\":[\"https:\\\/\\\/www.facebook.com\\\/casapercasadesign\",\"https:\\\/\\\/www.instagram.com\\\/casapercasadettagli\\\/?hl=it\"]}]}<\/script>","yoast_head_json":{"title":"Casapercasa - Demeure Alpine","description":"Une maison de vacances, chaleureuse et accueillante, o\u00f9 le m\u00e9l\u00e8ze, la pierre et le m\u00e9tal d\u00e9finissent mat\u00e9riaux et ambiances.","robots":{"index":"index","follow":"follow","max-snippet":"max-snippet:-1","max-image-preview":"max-image-preview:large","max-video-preview":"max-video-preview:-1"},"canonical":"https:\/\/casapercasa.com\/fr\/projects\/demeure-alpine\/","og_locale":"fr_FR","og_type":"article","og_title":"Casapercasa - Demeure Alpine","og_description":"Une maison de vacances, chaleureuse et accueillante, o\u00f9 le m\u00e9l\u00e8ze, la pierre et le m\u00e9tal d\u00e9finissent mat\u00e9riaux et ambiances.","og_url":"https:\/\/casapercasa.com\/fr\/projects\/demeure-alpine\/","og_site_name":"Casapercasa S.r.l.","article_publisher":"https:\/\/www.facebook.com\/casapercasadesign","article_modified_time":"2026-02-19T09:54:48+00:00","og_image":[{"width":1000,"height":667,"url":"https:\/\/casapercasa.com\/wp-content\/uploads\/2022\/10\/casapercasa-san-vito-cadore_001.jpg","type":"image\/jpeg"}],"twitter_card":"summary_large_image","twitter_misc":{"Dur\u00e9e de lecture estim\u00e9e":"2 minutes"},"schema":{"@context":"https:\/\/schema.org","@graph":[{"@type":"WebPage","@id":"https:\/\/casapercasa.com\/fr\/projects\/demeure-alpine\/","url":"https:\/\/casapercasa.com\/fr\/projects\/demeure-alpine\/","name":"Casapercasa - Demeure Alpine","isPartOf":{"@id":"https:\/\/casapercasa.com\/fr\/#website"},"primaryImageOfPage":{"@id":"https:\/\/casapercasa.com\/fr\/projects\/demeure-alpine\/#primaryimage"},"image":{"@id":"https:\/\/casapercasa.com\/fr\/projects\/demeure-alpine\/#primaryimage"},"thumbnailUrl":"https:\/\/casapercasa.com\/wp-content\/uploads\/2022\/10\/casapercasa-san-vito-cadore_001.jpg","datePublished":"2026-02-10T08:24:53+00:00","dateModified":"2026-02-19T09:54:48+00:00","description":"Une maison de vacances, chaleureuse et accueillante, o\u00f9 le m\u00e9l\u00e8ze, la pierre et le m\u00e9tal d\u00e9finissent mat\u00e9riaux et ambiances.","breadcrumb":{"@id":"https:\/\/casapercasa.com\/fr\/projects\/demeure-alpine\/#breadcrumb"},"inLanguage":"fr-FR","potentialAction":[{"@type":"ReadAction","target":["https:\/\/casapercasa.com\/fr\/projects\/demeure-alpine\/"]}]},{"@type":"ImageObject","inLanguage":"fr-FR","@id":"https:\/\/casapercasa.com\/fr\/projects\/demeure-alpine\/#primaryimage","url":"https:\/\/casapercasa.com\/wp-content\/uploads\/2022\/10\/casapercasa-san-vito-cadore_001.jpg","contentUrl":"https:\/\/casapercasa.com\/wp-content\/uploads\/2022\/10\/casapercasa-san-vito-cadore_001.jpg"},{"@type":"BreadcrumbList","@id":"https:\/\/casapercasa.com\/fr\/projects\/demeure-alpine\/#breadcrumb","itemListElement":[{"@type":"ListItem","position":1,"name":"Home","item":"https:\/\/casapercasa.com\/fr\/"},{"@type":"ListItem","position":2,"name":"Projects","item":"https:\/\/casapercasa.com\/fr\/projects\/"},{"@type":"ListItem","position":3,"name":"Spazi privati &#8211; San Vito di Cadore fra"}]},{"@type":"WebSite","@id":"https:\/\/casapercasa.com\/fr\/#website","url":"https:\/\/casapercasa.com\/fr\/","name":"Casapercasa","description":"INNOVAZIONE ARTIGIANA","publisher":{"@id":"https:\/\/casapercasa.com\/fr\/#organization"},"potentialAction":[{"@type":"SearchAction","target":{"@type":"EntryPoint","urlTemplate":"https:\/\/casapercasa.com\/fr\/?s={search_term_string}"},"query-input":{"@type":"PropertyValueSpecification","valueRequired":true,"valueName":"search_term_string"}}],"inLanguage":"fr-FR"},{"@type":"Organization","@id":"https:\/\/casapercasa.com\/fr\/#organization","name":"Casapercasa S.r.l.","url":"https:\/\/casapercasa.com\/fr\/","logo":{"@type":"ImageObject","inLanguage":"fr-FR","@id":"https:\/\/casapercasa.com\/fr\/#\/schema\/logo\/image\/","url":"https:\/\/casapercasa.com\/wp-content\/uploads\/2022\/10\/logo-extralarge-retina.png","contentUrl":"https:\/\/casapercasa.com\/wp-content\/uploads\/2022\/10\/logo-extralarge-retina.png","width":258,"height":43,"caption":"Casapercasa S.r.l."},"image":{"@id":"https:\/\/casapercasa.com\/fr\/#\/schema\/logo\/image\/"},"sameAs":["https:\/\/www.facebook.com\/casapercasadesign","https:\/\/www.instagram.com\/casapercasadettagli\/?hl=it"]}]}},"_links":{"self":[{"href":"https:\/\/casapercasa.com\/fr\/wp-json\/wp\/v2\/projects\/17358","targetHints":{"allow":["GET"]}}],"collection":[{"href":"https:\/\/casapercasa.com\/fr\/wp-json\/wp\/v2\/projects"}],"about":[{"href":"https:\/\/casapercasa.com\/fr\/wp-json\/wp\/v2\/types\/projects"}],"version-history":[{"count":5,"href":"https:\/\/casapercasa.com\/fr\/wp-json\/wp\/v2\/projects\/17358\/revisions"}],"predecessor-version":[{"id":17844,"href":"https:\/\/casapercasa.com\/fr\/wp-json\/wp\/v2\/projects\/17358\/revisions\/17844"}],"wp:attachment":[{"href":"https:\/\/casapercasa.com\/fr\/wp-json\/wp\/v2\/media?parent=17358"}],"curies":[{"name":"wp","href":"https:\/\/api.w.org\/{rel}","templated":true}]}}