{"id":17356,"date":"2026-02-10T09:19:48","date_gmt":"2026-02-10T08:19:48","guid":{"rendered":"https:\/\/casapercasa.com\/?post_type=projects&#038;p=17356"},"modified":"2026-03-18T16:34:20","modified_gmt":"2026-03-18T15:34:20","slug":"foyer-domestique","status":"publish","type":"projects","link":"https:\/\/casapercasa.com\/fr\/projects\/foyer-domestique\/","title":{"rendered":"Spazi privati &#8211; Casa nelle Prealpi fra"},"content":{"rendered":"\n<div style=\"height:20px\" aria-hidden=\"true\" class=\"wp-block-spacer\"><\/div>\n\n\n\n<div class=\"wp-block-group\">\n<div class=\"wp-block-group is-style-container\">\n<div class=\"wp-block-media-text has-media-on-the-right is-stacked-on-mobile is-vertically-aligned-center\" style=\"grid-template-columns:auto 55%\"><div class=\"wp-block-media-text__content\">\n<p class=\"has-black-color has-text-color has-link-color has-large-font-size wp-elements-81021d37cea9b3c266b8982a61acbfe2 wp-block-paragraph\" style=\"font-style:normal;font-weight:400\">Foyer domestique<\/p>\n\n\n\n<div style=\"height:30px\" aria-hidden=\"true\" class=\"wp-block-spacer solo-desktop\"><\/div>\n\n\n\n<p class=\"has-black-color has-text-color has-link-color has-small-font-size wp-elements-db4f33564843321b579ea83d4dd1e112 wp-block-paragraph\"><strong>Foyer, \u00e9l\u00e9gance et continuit\u00e9<br><\/strong>Un foyer devient le c\u0153ur de l\u2019espace de vie et de la cuisine, au sein d\u2019un volume circulaire qui \u00e9voque les rotondes des maisons v\u00e9nitiennes, avec une \u00e9l\u00e9gance aux accents coloniaux.<\/p>\n\n\n\n<p class=\"has-black-color has-text-color has-link-color has-small-font-size wp-elements-b372443489a13d787a5ebc99602f3923 wp-block-paragraph\">La biblioth\u00e8que en m\u00e9tal et bois am\u00e9nage le salon et se prolonge dans la cuisine, en s\u2019int\u00e9grant harmonieusement avec l\u2019\u00e9l\u00e9ment suspendu <strong>Forrest<\/strong>.<br>Le noir, souhait affirm\u00e9 du client, devient la couleur de base du projet, cr\u00e9ant continuit\u00e9 et caract\u00e8re dans l\u2019ensemble de l\u2019espace.<\/p>\n<\/div><figure class=\"wp-block-media-text__media\"><img loading=\"lazy\" decoding=\"async\" width=\"1536\" height=\"1024\" src=\"https:\/\/casapercasa.com\/wp-content\/uploads\/2026\/01\/sandel.jpg\" alt=\"\" class=\"wp-image-18026 size-full\" srcset=\"https:\/\/casapercasa.com\/wp-content\/uploads\/2026\/01\/sandel.jpg 1536w, https:\/\/casapercasa.com\/wp-content\/uploads\/2026\/01\/sandel-768x512.jpg 768w, https:\/\/casapercasa.com\/wp-content\/uploads\/2026\/01\/sandel-300x200.jpg 300w, https:\/\/casapercasa.com\/wp-content\/uploads\/2026\/01\/sandel-600x400.jpg 600w\" sizes=\"auto, (max-width: 1536px) 100vw, 1536px\" \/><\/figure><\/div>\n\n\n\n<div class=\"wp-block-group solo-desktop\">\n<div class=\"wp-block-columns\">\n<div class=\"wp-block-column\" style=\"flex-basis:50%\">\n<figure class=\"wp-block-image aligncenter size-full\"><img loading=\"lazy\" decoding=\"async\" width=\"1536\" height=\"1024\" src=\"https:\/\/casapercasa.com\/wp-content\/uploads\/2026\/01\/sandel2.jpg\" alt=\"\" class=\"wp-image-18027\" style=\"aspect-ratio:4\/3;object-fit:cover\" srcset=\"https:\/\/casapercasa.com\/wp-content\/uploads\/2026\/01\/sandel2.jpg 1536w, https:\/\/casapercasa.com\/wp-content\/uploads\/2026\/01\/sandel2-768x512.jpg 768w, https:\/\/casapercasa.com\/wp-content\/uploads\/2026\/01\/sandel2-300x200.jpg 300w, https:\/\/casapercasa.com\/wp-content\/uploads\/2026\/01\/sandel2-600x400.jpg 600w\" sizes=\"auto, (max-width: 1536px) 100vw, 1536px\" \/><\/figure>\n<\/div>\n\n\n\n<div class=\"wp-block-column\" style=\"flex-basis:50%\">\n<div class=\"wp-block-columns\">\n<div class=\"wp-block-column\">\n<figure class=\"wp-block-image size-full\"><img loading=\"lazy\" decoding=\"async\" width=\"1536\" height=\"1024\" src=\"https:\/\/casapercasa.com\/wp-content\/uploads\/2026\/01\/sandel5.jpg\" alt=\"\" class=\"wp-image-18038\" style=\"aspect-ratio:3\/4;object-fit:cover\" srcset=\"https:\/\/casapercasa.com\/wp-content\/uploads\/2026\/01\/sandel5.jpg 1536w, https:\/\/casapercasa.com\/wp-content\/uploads\/2026\/01\/sandel5-768x512.jpg 768w, https:\/\/casapercasa.com\/wp-content\/uploads\/2026\/01\/sandel5-300x200.jpg 300w, https:\/\/casapercasa.com\/wp-content\/uploads\/2026\/01\/sandel5-600x400.jpg 600w\" sizes=\"auto, (max-width: 1536px) 100vw, 1536px\" \/><\/figure>\n<\/div>\n\n\n\n<div class=\"wp-block-column\">\n<figure class=\"wp-block-image size-full\"><img loading=\"lazy\" decoding=\"async\" width=\"1536\" height=\"1024\" src=\"https:\/\/casapercasa.com\/wp-content\/uploads\/2026\/01\/sandel4.jpg\" alt=\"\" class=\"wp-image-18035\" style=\"aspect-ratio:3\/4;object-fit:cover\" srcset=\"https:\/\/casapercasa.com\/wp-content\/uploads\/2026\/01\/sandel4.jpg 1536w, https:\/\/casapercasa.com\/wp-content\/uploads\/2026\/01\/sandel4-768x512.jpg 768w, https:\/\/casapercasa.com\/wp-content\/uploads\/2026\/01\/sandel4-300x200.jpg 300w, https:\/\/casapercasa.com\/wp-content\/uploads\/2026\/01\/sandel4-600x400.jpg 600w\" sizes=\"auto, (max-width: 1536px) 100vw, 1536px\" \/><\/figure>\n<\/div>\n<\/div>\n\n\n\n<p class=\"has-black-color has-text-color has-link-color has-small-font-size wp-elements-f79eecc06925fb92ad92ff342790c75e wp-block-paragraph\"><strong>Bois et Paperstone: continuit\u00e9 et harmonie<br><\/strong>Le bois et le Paperstone forment une combinaison id\u00e9ale, garantissant une continuit\u00e9 de projet et une coh\u00e9rence chromatique fid\u00e8le aux choix et aux attentes du client.<\/p>\n<\/div>\n<\/div>\n<\/div>\n<\/div>\n\n\n\n<div style=\"height:10px\" aria-hidden=\"true\" class=\"wp-block-spacer\"><\/div>\n\n\n\n<div class=\"wp-block-group is-style-container\">\n<div class=\"wp-block-group solo-desktop\">        <div  class=\"block_11a0dc9ade4de95cbf01546c99cbfb7f CustomGalleryWrapper CustomGalleryWrapper_Masonry numcol3 cb_custom_cgallery\">\r\n            <div class=\"masonry-wrapper\">\r\n                <div class=\"grid-sizer\"><\/div>\r\n                <div class=\"gutter-sizer\"><\/div>\r\n                                    <div class=\"masonry-img\">\r\n                                                    <a class=\"image_box_descr_img\" href=\"https:\/\/casapercasa.com\/wp-content\/uploads\/2026\/01\/DSCF7657s.jpg\" data-pswp-width=\"1920\" data-pswp-height=\"1280\">\r\n                                                    <img decoding=\"async\" src=\"https:\/\/casapercasa.com\/wp-content\/uploads\/2026\/01\/DSCF7657s.jpg\">\r\n                                                    <\/a>\r\n                                                <\/div>\r\n                                        <div class=\"masonry-img\">\r\n                                                    <a class=\"image_box_descr_img\" href=\"https:\/\/casapercasa.com\/wp-content\/uploads\/2026\/01\/sandel3.jpg\" data-pswp-width=\"1536\" data-pswp-height=\"1024\">\r\n                                                    <img decoding=\"async\" src=\"https:\/\/casapercasa.com\/wp-content\/uploads\/2026\/01\/sandel3.jpg\">\r\n                                                    <\/a>\r\n                                                <\/div>\r\n                                        <div class=\"masonry-img\">\r\n                                                    <a class=\"image_box_descr_img\" href=\"https:\/\/casapercasa.com\/wp-content\/uploads\/2026\/01\/sandel5.jpg\" data-pswp-width=\"1536\" data-pswp-height=\"1024\">\r\n                                                    <img decoding=\"async\" src=\"https:\/\/casapercasa.com\/wp-content\/uploads\/2026\/01\/sandel5.jpg\">\r\n                                                    <\/a>\r\n                                                <\/div>\r\n                                        <div class=\"masonry-img\">\r\n                                                    <a class=\"image_box_descr_img\" href=\"https:\/\/casapercasa.com\/wp-content\/uploads\/2026\/01\/sandel2.jpg\" data-pswp-width=\"1536\" data-pswp-height=\"1024\">\r\n                                                    <img decoding=\"async\" src=\"https:\/\/casapercasa.com\/wp-content\/uploads\/2026\/01\/sandel2.jpg\">\r\n                                                    <\/a>\r\n                                                <\/div>\r\n                                <\/div>\r\n        <\/div>\r\n        <script>\r\n        imagesLoaded( document.querySelector('.block_11a0dc9ade4de95cbf01546c99cbfb7f'), function( instance )\r\n            {\r\n            $('.block_11a0dc9ade4de95cbf01546c99cbfb7f .masonry-wrapper').masonry(\r\n                {\r\n                itemSelector: '.masonry-img',\r\n                columnWidth: '.grid-sizer',\r\n                gutter: '.gutter-sizer',\r\n                percentPosition: true,\r\n                });\r\n            });\r\n        <\/script>\r\n        <\/div>\n\n\n\n<div class=\"wp-block-group solo-mobile\">\n<div style=\"height:50px\" aria-hidden=\"true\" class=\"wp-block-spacer\"><\/div>\n\n\n\n<p class=\"has-text-align-center wp-block-paragraph\" style=\"font-size:12px\">Faites d\u00e9filer la galerie pour d\u00e9couvrir le projet,<br>cliquez sur les photos pour les agrandir<\/p>\n\n\n\n<div style=\"height:20px\" aria-hidden=\"true\" class=\"wp-block-spacer\"><\/div>\n\n\n        <div  class=\"block_76702bdb64d8405b877ee8537172625d CustomGalleryWrapper CustomGalleryWrapper_Slider cb_custom_cgallery\">\r\n            <div class=\"swiper-container\">\r\n                <div class=\"swiper-wrapper\">\r\n                                            <div class=\"swiper-slide\">\r\n                                                            <a href=\"https:\/\/casapercasa.com\/wp-content\/uploads\/2026\/01\/DSCF7657s.jpg\" data-pswp-width=\"1920\" data-pswp-height=\"1280\">\r\n                                                            <img srcset=\"https:\/\/casapercasa.com\/wp-content\/uploads\/2026\/01\/DSCF7657s.jpg\" >                                                            <\/a>\r\n                                                        <\/div>\r\n                                                <div class=\"swiper-slide\">\r\n                                                            <a href=\"https:\/\/casapercasa.com\/wp-content\/uploads\/2026\/01\/sandel3.jpg\" data-pswp-width=\"1536\" data-pswp-height=\"1024\">\r\n                                                            <img srcset=\"https:\/\/casapercasa.com\/wp-content\/uploads\/2026\/01\/sandel3.jpg\" >                                                            <\/a>\r\n                                                        <\/div>\r\n                                                <div class=\"swiper-slide\">\r\n                                                            <a href=\"https:\/\/casapercasa.com\/wp-content\/uploads\/2026\/01\/sandel5.jpg\" data-pswp-width=\"1536\" data-pswp-height=\"1024\">\r\n                                                            <img srcset=\"https:\/\/casapercasa.com\/wp-content\/uploads\/2026\/01\/sandel5.jpg\" >                                                            <\/a>\r\n                                                        <\/div>\r\n                                                <div class=\"swiper-slide\">\r\n                                                            <a href=\"https:\/\/casapercasa.com\/wp-content\/uploads\/2026\/01\/sandel2.jpg\" data-pswp-width=\"1536\" data-pswp-height=\"1024\">\r\n                                                            <img srcset=\"https:\/\/casapercasa.com\/wp-content\/uploads\/2026\/01\/sandel2.jpg\" >                                                            <\/a>\r\n                                                        <\/div>\r\n                                        <\/div>\r\n                <div class=\"navigation-box-wrapper\">\r\n                    <div class=\"navigation-box\">\r\n                        <div class=\"left-arrow\">\r\n                                                        <img decoding=\"async\" src=\"\/wp-content\/uploads\/2024\/11\/arrow-left-casapercasa.svg\">\r\n                                                    <\/div>\r\n                        <div class=\"right-arrow\">\r\n                                                        <img decoding=\"async\" src=\"\/wp-content\/uploads\/2024\/11\/arrow-right-casapercasa.svg\">\r\n                                                    <\/div>\r\n                    <\/div>\r\n                <\/div>\r\n            <\/div>\r\n        <\/div>\r\n        <\/div>\n<\/div>\n\n\n\n<div class=\"wp-block-group is-style-container\">\n<div style=\"height:100px\" aria-hidden=\"true\" class=\"wp-block-spacer solo-desktop\"><\/div>\n\n\n\n<div style=\"height:50px\" aria-hidden=\"true\" class=\"wp-block-spacer solo-mobile\"><\/div>\n\n\n\n<div class=\"wp-block-columns is-not-stacked-on-mobile\">\n<div class=\"wp-block-column\">\n<div class=\"wp-block-group\">\n<p class=\"has-text-align-right solo-desktop has-black-color has-text-color has-link-color has-normal-font-size wp-elements-f22a71512c68a5f5a05503e786b86eb3 wp-block-paragraph\"><a href=\"https:\/\/casapercasa.com\/fr\/projects\/espaces-ad-personam\">Projet pr\u00e9c\u00e9dent<\/a><\/p>\n\n\n\n<p class=\"has-text-align-right solo-mobile has-black-color has-text-color has-link-color wp-elements-e826e0dd0e6c0e98f1559ffb50dcc3f9 wp-block-paragraph\" style=\"font-size:14px\"><a href=\"https:\/\/casapercasa.com\/fr\/projects\/espaces-ad-personam\">Projet pr\u00e9c\u00e9dent<\/a><\/p>\n\n\n\n<p class=\"has-text-align-right is-style-medtitle has-black-color has-text-color has-link-color has-extra-large-font-size wp-elements-75021dc77207ad58027d5374a2a0fa95 wp-block-paragraph\"><strong><a href=\"https:\/\/casapercasa.com\/fr\/projects\/espaces-ad-personam\">\u2190<\/a><\/strong><\/p>\n<\/div>\n<\/div>\n\n\n\n<div class=\"wp-block-column\">\n<div class=\"wp-block-group\">\n<p class=\"has-text-align-center solo-desktop has-black-color has-text-color has-link-color has-normal-font-size wp-elements-83d938b6985878c5b11e7c99fcdf5c49 wp-block-paragraph\"><a href=\"https:\/\/casapercasa.com\/fr\/espaces-priv\u00e9s\">Tous les projets<\/a><\/p>\n\n\n\n<p class=\"has-text-align-center solo-mobile has-black-color has-text-color has-link-color wp-elements-54885571c0ca636a8d07a315de279edb wp-block-paragraph\" style=\"font-size:14px\"><a href=\"https:\/\/casapercasa.com\/fr\/espaces-priv\u00e9s\">Tous les projets<\/a><\/p>\n\n\n\n<p class=\"has-text-align-center is-style-medtitle has-black-color has-text-color has-link-color has-extra-large-font-size wp-elements-d0ae32b9e63427ced156447666ded18d wp-block-paragraph\"><strong><a href=\"https:\/\/casapercasa.com\/fr\/espaces-priv\u00e9s\">\u2302<\/a><\/strong><\/p>\n<\/div>\n<\/div>\n\n\n\n<div class=\"wp-block-column\">\n<div class=\"wp-block-group\">\n<p class=\"has-text-align-left solo-desktop has-black-color has-text-color has-link-color has-normal-font-size wp-elements-441eec75a3d7df640d66e331f31f95ef wp-block-paragraph\"><a href=\"https:\/\/casapercasa.com\/fr\/projects\/demeure-alpine\">Projet suivant<\/a><\/p>\n\n\n\n<p class=\"has-text-align-left solo-mobile has-black-color has-text-color has-link-color wp-elements-1f429275e2424393c9bb430103b86841 wp-block-paragraph\" style=\"font-size:14px\"><a href=\"https:\/\/casapercasa.com\/fr\/projects\/demeure-alpine\">Projet suivant<\/a><\/p>\n\n\n\n<p class=\"has-text-align-left is-style-medtitle has-black-color has-text-color has-link-color has-extra-large-font-size wp-elements-836fb28e26e085a45cfb68e0f00b4a88 wp-block-paragraph\"><strong><a href=\"https:\/\/casapercasa.com\/fr\/projects\/demeure-alpine\">\u2192<\/a><\/strong><\/p>\n<\/div>\n<\/div>\n<\/div>\n<\/div>\n<\/div>\n\n\n\n<div style=\"height:70px\" aria-hidden=\"true\" class=\"wp-block-spacer solo-dekstop\"><\/div>\n\n\n\n<div class=\"wp-block-group has-background\" style=\"background-color:#9fa63a3d\"><div id=\"17356\" class=\"Custom_CTA_Wrapper custom_cta\">\r\n    <div class=\"container\">\r\n        <div class=\"row align-items-center\">\r\n            <div class=\"col-12 col-lg-4 col-xl-3\">\r\n                <div class=\"Custom_CTA_Img\">\r\n                                            <img decoding=\"async\" src=\"https:\/\/casapercasa.com\/wp-content\/uploads\/2022\/09\/la-nostra-sede-e1701268650543.jpg\">\r\n                                        <\/div>\r\n            <\/div>\r\n            <div class=\"col-12 col-lg-8 col-xl-9\">\r\n                <div class=\"Custom_CTA_Content_Wrapper\">\r\n                    <div class=\"Custom_CTA_Title\">Passez du temps avec nous.<\/div>\r\n                    <div class=\"Custom_CTA_Descr\">Notre showroom et nos ateliers vous attendent: d\u00e9sirez, imaginez, d\u00e9couvrez, choisissez, cr\u00e9ez.<\/div>\r\n                                            <div class=\"Custom_CTA_Link\"><a href=\"https:\/\/casapercasa.com\/fr\/contatti\/\">Contactez-nous d\u00e8s maintenant<\/a><\/div>\r\n                                        <\/div>\r\n            <\/div>\r\n        <\/div>\r\n    <\/div>\r\n<\/div><\/div>\n","protected":false},"excerpt":{"rendered":"<p>Foyer domestique Foyer, \u00e9l\u00e9gance et continuit\u00e9Un foyer devient le c\u0153ur de l\u2019espace de vie et de la cuisine, au sein d\u2019un volume circulaire qui \u00e9voque les rotondes des maisons v\u00e9nitiennes, avec une \u00e9l\u00e9gance aux accents coloniaux. La biblioth\u00e8que en m\u00e9tal et bois am\u00e9nage le salon et se prolonge dans la cuisine, en s\u2019int\u00e9grant harmonieusement avec [&hellip;]<\/p>\n","protected":false},"featured_media":0,"parent":0,"menu_order":0,"template":"","meta":{"_acf_changed":false,"inline_featured_image":false,"footnotes":""},"class_list":["post-17356","projects","type-projects","status-publish","hentry"],"acf":[],"yoast_head":"<title>Casapercasa - Foyer Domestique<\/title>\n<meta name=\"description\" content=\"Un foyer devient le c\u0153ur du s\u00e9jour et de la cuisine, au sein d\u2019un espace circulaire, \u00e0 l\u2019\u00e9l\u00e9gance aux accents coloniaux.\" \/>\n<meta name=\"robots\" content=\"index, follow, max-snippet:-1, max-image-preview:large, max-video-preview:-1\" \/>\n<link rel=\"canonical\" href=\"https:\/\/casapercasa.com\/fr\/projects\/foyer-domestique\/\" \/>\n<meta property=\"og:locale\" content=\"fr_FR\" \/>\n<meta property=\"og:type\" content=\"article\" \/>\n<meta property=\"og:title\" content=\"Casapercasa - Foyer Domestique\" \/>\n<meta property=\"og:description\" content=\"Un foyer devient le c\u0153ur du s\u00e9jour et de la cuisine, au sein d\u2019un espace circulaire, \u00e0 l\u2019\u00e9l\u00e9gance aux accents coloniaux.\" \/>\n<meta property=\"og:url\" content=\"https:\/\/casapercasa.com\/fr\/projects\/foyer-domestique\/\" \/>\n<meta property=\"og:site_name\" content=\"Casapercasa S.r.l.\" \/>\n<meta property=\"article:publisher\" content=\"https:\/\/www.facebook.com\/casapercasadesign\" \/>\n<meta property=\"article:modified_time\" content=\"2026-03-18T15:34:20+00:00\" \/>\n<meta property=\"og:image\" content=\"https:\/\/casapercasa.com\/wp-content\/uploads\/2026\/01\/sandel.jpg\" \/>\n\t<meta property=\"og:image:width\" content=\"1536\" \/>\n\t<meta property=\"og:image:height\" content=\"1024\" \/>\n\t<meta property=\"og:image:type\" content=\"image\/jpeg\" \/>\n<meta name=\"twitter:card\" content=\"summary_large_image\" \/>\n<meta name=\"twitter:label1\" content=\"Dur\u00e9e de lecture estim\u00e9e\" \/>\n\t<meta name=\"twitter:data1\" content=\"2 minutes\" \/>\n<script type=\"application\/ld+json\" class=\"yoast-schema-graph\">{\"@context\":\"https:\\\/\\\/schema.org\",\"@graph\":[{\"@type\":\"WebPage\",\"@id\":\"https:\\\/\\\/casapercasa.com\\\/fr\\\/projects\\\/foyer-domestique\\\/\",\"url\":\"https:\\\/\\\/casapercasa.com\\\/fr\\\/projects\\\/foyer-domestique\\\/\",\"name\":\"Casapercasa - Foyer Domestique\",\"isPartOf\":{\"@id\":\"https:\\\/\\\/casapercasa.com\\\/fr\\\/#website\"},\"primaryImageOfPage\":{\"@id\":\"https:\\\/\\\/casapercasa.com\\\/fr\\\/projects\\\/foyer-domestique\\\/#primaryimage\"},\"image\":{\"@id\":\"https:\\\/\\\/casapercasa.com\\\/fr\\\/projects\\\/foyer-domestique\\\/#primaryimage\"},\"thumbnailUrl\":\"https:\\\/\\\/casapercasa.com\\\/wp-content\\\/uploads\\\/2026\\\/01\\\/sandel.jpg\",\"datePublished\":\"2026-02-10T08:19:48+00:00\",\"dateModified\":\"2026-03-18T15:34:20+00:00\",\"description\":\"Un foyer devient le c\u0153ur du s\u00e9jour et de la cuisine, au sein d\u2019un espace circulaire, \u00e0 l\u2019\u00e9l\u00e9gance aux accents coloniaux.\",\"breadcrumb\":{\"@id\":\"https:\\\/\\\/casapercasa.com\\\/fr\\\/projects\\\/foyer-domestique\\\/#breadcrumb\"},\"inLanguage\":\"fr-FR\",\"potentialAction\":[{\"@type\":\"ReadAction\",\"target\":[\"https:\\\/\\\/casapercasa.com\\\/fr\\\/projects\\\/foyer-domestique\\\/\"]}]},{\"@type\":\"ImageObject\",\"inLanguage\":\"fr-FR\",\"@id\":\"https:\\\/\\\/casapercasa.com\\\/fr\\\/projects\\\/foyer-domestique\\\/#primaryimage\",\"url\":\"https:\\\/\\\/casapercasa.com\\\/wp-content\\\/uploads\\\/2026\\\/01\\\/sandel.jpg\",\"contentUrl\":\"https:\\\/\\\/casapercasa.com\\\/wp-content\\\/uploads\\\/2026\\\/01\\\/sandel.jpg\"},{\"@type\":\"BreadcrumbList\",\"@id\":\"https:\\\/\\\/casapercasa.com\\\/fr\\\/projects\\\/foyer-domestique\\\/#breadcrumb\",\"itemListElement\":[{\"@type\":\"ListItem\",\"position\":1,\"name\":\"Home\",\"item\":\"https:\\\/\\\/casapercasa.com\\\/fr\\\/\"},{\"@type\":\"ListItem\",\"position\":2,\"name\":\"Projects\",\"item\":\"https:\\\/\\\/casapercasa.com\\\/fr\\\/projects\\\/\"},{\"@type\":\"ListItem\",\"position\":3,\"name\":\"Spazi privati &#8211; Casa nelle Prealpi fra\"}]},{\"@type\":\"WebSite\",\"@id\":\"https:\\\/\\\/casapercasa.com\\\/fr\\\/#website\",\"url\":\"https:\\\/\\\/casapercasa.com\\\/fr\\\/\",\"name\":\"Casapercasa\",\"description\":\"INNOVAZIONE ARTIGIANA\",\"publisher\":{\"@id\":\"https:\\\/\\\/casapercasa.com\\\/fr\\\/#organization\"},\"potentialAction\":[{\"@type\":\"SearchAction\",\"target\":{\"@type\":\"EntryPoint\",\"urlTemplate\":\"https:\\\/\\\/casapercasa.com\\\/fr\\\/?s={search_term_string}\"},\"query-input\":{\"@type\":\"PropertyValueSpecification\",\"valueRequired\":true,\"valueName\":\"search_term_string\"}}],\"inLanguage\":\"fr-FR\"},{\"@type\":\"Organization\",\"@id\":\"https:\\\/\\\/casapercasa.com\\\/fr\\\/#organization\",\"name\":\"Casapercasa S.r.l.\",\"url\":\"https:\\\/\\\/casapercasa.com\\\/fr\\\/\",\"logo\":{\"@type\":\"ImageObject\",\"inLanguage\":\"fr-FR\",\"@id\":\"https:\\\/\\\/casapercasa.com\\\/fr\\\/#\\\/schema\\\/logo\\\/image\\\/\",\"url\":\"https:\\\/\\\/casapercasa.com\\\/wp-content\\\/uploads\\\/2022\\\/10\\\/logo-extralarge-retina.png\",\"contentUrl\":\"https:\\\/\\\/casapercasa.com\\\/wp-content\\\/uploads\\\/2022\\\/10\\\/logo-extralarge-retina.png\",\"width\":258,\"height\":43,\"caption\":\"Casapercasa S.r.l.\"},\"image\":{\"@id\":\"https:\\\/\\\/casapercasa.com\\\/fr\\\/#\\\/schema\\\/logo\\\/image\\\/\"},\"sameAs\":[\"https:\\\/\\\/www.facebook.com\\\/casapercasadesign\",\"https:\\\/\\\/www.instagram.com\\\/casapercasadettagli\\\/?hl=it\"]}]}<\/script>","yoast_head_json":{"title":"Casapercasa - Foyer Domestique","description":"Un foyer devient le c\u0153ur du s\u00e9jour et de la cuisine, au sein d\u2019un espace circulaire, \u00e0 l\u2019\u00e9l\u00e9gance aux accents coloniaux.","robots":{"index":"index","follow":"follow","max-snippet":"max-snippet:-1","max-image-preview":"max-image-preview:large","max-video-preview":"max-video-preview:-1"},"canonical":"https:\/\/casapercasa.com\/fr\/projects\/foyer-domestique\/","og_locale":"fr_FR","og_type":"article","og_title":"Casapercasa - Foyer Domestique","og_description":"Un foyer devient le c\u0153ur du s\u00e9jour et de la cuisine, au sein d\u2019un espace circulaire, \u00e0 l\u2019\u00e9l\u00e9gance aux accents coloniaux.","og_url":"https:\/\/casapercasa.com\/fr\/projects\/foyer-domestique\/","og_site_name":"Casapercasa S.r.l.","article_publisher":"https:\/\/www.facebook.com\/casapercasadesign","article_modified_time":"2026-03-18T15:34:20+00:00","og_image":[{"width":1536,"height":1024,"url":"https:\/\/casapercasa.com\/wp-content\/uploads\/2026\/01\/sandel.jpg","type":"image\/jpeg"}],"twitter_card":"summary_large_image","twitter_misc":{"Dur\u00e9e de lecture estim\u00e9e":"2 minutes"},"schema":{"@context":"https:\/\/schema.org","@graph":[{"@type":"WebPage","@id":"https:\/\/casapercasa.com\/fr\/projects\/foyer-domestique\/","url":"https:\/\/casapercasa.com\/fr\/projects\/foyer-domestique\/","name":"Casapercasa - Foyer Domestique","isPartOf":{"@id":"https:\/\/casapercasa.com\/fr\/#website"},"primaryImageOfPage":{"@id":"https:\/\/casapercasa.com\/fr\/projects\/foyer-domestique\/#primaryimage"},"image":{"@id":"https:\/\/casapercasa.com\/fr\/projects\/foyer-domestique\/#primaryimage"},"thumbnailUrl":"https:\/\/casapercasa.com\/wp-content\/uploads\/2026\/01\/sandel.jpg","datePublished":"2026-02-10T08:19:48+00:00","dateModified":"2026-03-18T15:34:20+00:00","description":"Un foyer devient le c\u0153ur du s\u00e9jour et de la cuisine, au sein d\u2019un espace circulaire, \u00e0 l\u2019\u00e9l\u00e9gance aux accents coloniaux.","breadcrumb":{"@id":"https:\/\/casapercasa.com\/fr\/projects\/foyer-domestique\/#breadcrumb"},"inLanguage":"fr-FR","potentialAction":[{"@type":"ReadAction","target":["https:\/\/casapercasa.com\/fr\/projects\/foyer-domestique\/"]}]},{"@type":"ImageObject","inLanguage":"fr-FR","@id":"https:\/\/casapercasa.com\/fr\/projects\/foyer-domestique\/#primaryimage","url":"https:\/\/casapercasa.com\/wp-content\/uploads\/2026\/01\/sandel.jpg","contentUrl":"https:\/\/casapercasa.com\/wp-content\/uploads\/2026\/01\/sandel.jpg"},{"@type":"BreadcrumbList","@id":"https:\/\/casapercasa.com\/fr\/projects\/foyer-domestique\/#breadcrumb","itemListElement":[{"@type":"ListItem","position":1,"name":"Home","item":"https:\/\/casapercasa.com\/fr\/"},{"@type":"ListItem","position":2,"name":"Projects","item":"https:\/\/casapercasa.com\/fr\/projects\/"},{"@type":"ListItem","position":3,"name":"Spazi privati &#8211; Casa nelle Prealpi fra"}]},{"@type":"WebSite","@id":"https:\/\/casapercasa.com\/fr\/#website","url":"https:\/\/casapercasa.com\/fr\/","name":"Casapercasa","description":"INNOVAZIONE ARTIGIANA","publisher":{"@id":"https:\/\/casapercasa.com\/fr\/#organization"},"potentialAction":[{"@type":"SearchAction","target":{"@type":"EntryPoint","urlTemplate":"https:\/\/casapercasa.com\/fr\/?s={search_term_string}"},"query-input":{"@type":"PropertyValueSpecification","valueRequired":true,"valueName":"search_term_string"}}],"inLanguage":"fr-FR"},{"@type":"Organization","@id":"https:\/\/casapercasa.com\/fr\/#organization","name":"Casapercasa S.r.l.","url":"https:\/\/casapercasa.com\/fr\/","logo":{"@type":"ImageObject","inLanguage":"fr-FR","@id":"https:\/\/casapercasa.com\/fr\/#\/schema\/logo\/image\/","url":"https:\/\/casapercasa.com\/wp-content\/uploads\/2022\/10\/logo-extralarge-retina.png","contentUrl":"https:\/\/casapercasa.com\/wp-content\/uploads\/2022\/10\/logo-extralarge-retina.png","width":258,"height":43,"caption":"Casapercasa S.r.l."},"image":{"@id":"https:\/\/casapercasa.com\/fr\/#\/schema\/logo\/image\/"},"sameAs":["https:\/\/www.facebook.com\/casapercasadesign","https:\/\/www.instagram.com\/casapercasadettagli\/?hl=it"]}]}},"_links":{"self":[{"href":"https:\/\/casapercasa.com\/fr\/wp-json\/wp\/v2\/projects\/17356","targetHints":{"allow":["GET"]}}],"collection":[{"href":"https:\/\/casapercasa.com\/fr\/wp-json\/wp\/v2\/projects"}],"about":[{"href":"https:\/\/casapercasa.com\/fr\/wp-json\/wp\/v2\/types\/projects"}],"version-history":[{"count":5,"href":"https:\/\/casapercasa.com\/fr\/wp-json\/wp\/v2\/projects\/17356\/revisions"}],"predecessor-version":[{"id":18146,"href":"https:\/\/casapercasa.com\/fr\/wp-json\/wp\/v2\/projects\/17356\/revisions\/18146"}],"wp:attachment":[{"href":"https:\/\/casapercasa.com\/fr\/wp-json\/wp\/v2\/media?parent=17356"}],"curies":[{"name":"wp","href":"https:\/\/api.w.org\/{rel}","templated":true}]}}