{"id":17337,"date":"2026-02-10T08:51:08","date_gmt":"2026-02-10T07:51:08","guid":{"rendered":"https:\/\/casapercasa.com\/?post_type=projects&#038;p=17337"},"modified":"2026-03-18T16:33:50","modified_gmt":"2026-03-18T15:33:50","slug":"appartament-contemporain","status":"publish","type":"projects","link":"https:\/\/casapercasa.com\/fr\/projects\/appartament-contemporain\/","title":{"rendered":"Spazi privati &#8211; Attico Pieve di Soligo fra"},"content":{"rendered":"\n<div style=\"height:20px\" aria-hidden=\"true\" class=\"wp-block-spacer\"><\/div>\n\n\n\n<div class=\"wp-block-group\">\n<div class=\"wp-block-group is-style-container\">\n<div class=\"wp-block-media-text has-media-on-the-right is-stacked-on-mobile is-vertically-aligned-center\" style=\"grid-template-columns:auto 55%\"><div class=\"wp-block-media-text__content\">\n<p class=\"has-black-color has-text-color has-link-color has-large-font-size wp-elements-3ccc122c32122978e9aba2e7b5fdd8a6 wp-block-paragraph\" style=\"font-style:normal;font-weight:400\"><strong><br><\/strong>Un appartement contemporain<\/p>\n\n\n\n<div style=\"height:30px\" aria-hidden=\"true\" class=\"wp-block-spacer solo-desktop\"><\/div>\n\n\n\n<p class=\"has-black-color has-text-color has-link-color has-small-font-size wp-elements-1faee9c46ba0bdb13816c3e5b4b91789 wp-block-paragraph\"><strong>Bois, lumi\u00e8re et harmonie<br><\/strong>Un espace <strong>open space<\/strong> \u00e9l\u00e9gant et sobre, o\u00f9 le bois et le blanc cr\u00e9ent une atmosph\u00e8re chaleureuse et raffin\u00e9e.<br>L\u2019\u00e9clairage est \u00e9tudi\u00e9 dans les moindres d\u00e9tails, mettant en valeur chaque recoin de la maison.<\/p>\n\n\n\n<p class=\"has-black-color has-text-color has-link-color has-small-font-size wp-elements-0d3fc5a00378432aaa103186276b0563 wp-block-paragraph\">La <em>Boiserie<\/em> laqu\u00e9e mate \u00e0 pores ouverts dissimule discr\u00e8tement le passage vers la zone nuit et int\u00e8gre le mur TV ainsi que le dressing du s\u00e9jour.<br>Au centre, un foyer int\u00e9gr\u00e9 sur toute la hauteur entre les deux baies vitr\u00e9es dialogue en continuit\u00e9 avec les murs, devenant le point focal visuel et un point de chaleur.<br>Les meubles sur toute la hauteur \u00e9largissent visuellement l\u2019espace, offrant profondeur et une sensation d\u2019ampleur harmonieuse.<\/p>\n<\/div><figure class=\"wp-block-media-text__media\"><img loading=\"lazy\" decoding=\"async\" width=\"1536\" height=\"1024\" src=\"https:\/\/casapercasa.com\/wp-content\/uploads\/2026\/01\/BRST01.jpg\" alt=\"\" class=\"wp-image-18049 size-full\" srcset=\"https:\/\/casapercasa.com\/wp-content\/uploads\/2026\/01\/BRST01.jpg 1536w, https:\/\/casapercasa.com\/wp-content\/uploads\/2026\/01\/BRST01-768x512.jpg 768w, https:\/\/casapercasa.com\/wp-content\/uploads\/2026\/01\/BRST01-300x200.jpg 300w, https:\/\/casapercasa.com\/wp-content\/uploads\/2026\/01\/BRST01-600x400.jpg 600w\" sizes=\"auto, (max-width: 1536px) 100vw, 1536px\" \/><\/figure><\/div>\n\n\n\n<div class=\"wp-block-group solo-desktop\">\n<div class=\"wp-block-columns\">\n<div class=\"wp-block-column\" style=\"flex-basis:53%\">\n<figure class=\"wp-block-image aligncenter size-full\"><img loading=\"lazy\" decoding=\"async\" width=\"1920\" height=\"1280\" src=\"https:\/\/casapercasa.com\/wp-content\/uploads\/2025\/02\/Casa_MB_-3.jpg\" alt=\"\" class=\"wp-image-12477\" style=\"aspect-ratio:4\/3;object-fit:cover\" srcset=\"https:\/\/casapercasa.com\/wp-content\/uploads\/2025\/02\/Casa_MB_-3.jpg 1920w, https:\/\/casapercasa.com\/wp-content\/uploads\/2025\/02\/Casa_MB_-3-1600x1067.jpg 1600w, https:\/\/casapercasa.com\/wp-content\/uploads\/2025\/02\/Casa_MB_-3-768x512.jpg 768w, https:\/\/casapercasa.com\/wp-content\/uploads\/2025\/02\/Casa_MB_-3-1536x1024.jpg 1536w, https:\/\/casapercasa.com\/wp-content\/uploads\/2025\/02\/Casa_MB_-3-300x200.jpg 300w, https:\/\/casapercasa.com\/wp-content\/uploads\/2025\/02\/Casa_MB_-3-600x400.jpg 600w\" sizes=\"auto, (max-width: 1920px) 100vw, 1920px\" \/><\/figure>\n<\/div>\n\n\n\n<div class=\"wp-block-column\" style=\"flex-basis:47%\">\n<div class=\"wp-block-columns\">\n<div class=\"wp-block-column\">\n<figure class=\"wp-block-image size-full\"><img loading=\"lazy\" decoding=\"async\" width=\"1000\" height=\"667\" src=\"https:\/\/casapercasa.com\/wp-content\/uploads\/2025\/05\/DSCF3749.jpg\" alt=\"\" class=\"wp-image-13903\" style=\"aspect-ratio:3\/4;object-fit:cover\" srcset=\"https:\/\/casapercasa.com\/wp-content\/uploads\/2025\/05\/DSCF3749.jpg 1000w, https:\/\/casapercasa.com\/wp-content\/uploads\/2025\/05\/DSCF3749-768x512.jpg 768w, https:\/\/casapercasa.com\/wp-content\/uploads\/2025\/05\/DSCF3749-300x200.jpg 300w, https:\/\/casapercasa.com\/wp-content\/uploads\/2025\/05\/DSCF3749-600x400.jpg 600w\" sizes=\"auto, (max-width: 1000px) 100vw, 1000px\" \/><\/figure>\n<\/div>\n\n\n\n<div class=\"wp-block-column\">\n<figure class=\"wp-block-image size-full\"><img loading=\"lazy\" decoding=\"async\" width=\"1000\" height=\"667\" src=\"https:\/\/casapercasa.com\/wp-content\/uploads\/2023\/10\/DSCF3777.jpg\" alt=\"\" class=\"wp-image-13890\" style=\"aspect-ratio:3\/4;object-fit:cover\" srcset=\"https:\/\/casapercasa.com\/wp-content\/uploads\/2023\/10\/DSCF3777.jpg 1000w, https:\/\/casapercasa.com\/wp-content\/uploads\/2023\/10\/DSCF3777-768x512.jpg 768w, https:\/\/casapercasa.com\/wp-content\/uploads\/2023\/10\/DSCF3777-300x200.jpg 300w, https:\/\/casapercasa.com\/wp-content\/uploads\/2023\/10\/DSCF3777-600x400.jpg 600w\" sizes=\"auto, (max-width: 1000px) 100vw, 1000px\" \/><\/figure>\n<\/div>\n<\/div>\n\n\n\n<p class=\"has-black-color has-text-color has-link-color has-small-font-size wp-elements-a70efde8945fa7bd7f2b6ad08a43860d wp-block-paragraph\"><strong>Style et artisanat<br><\/strong>Une touche de style sans jamais renoncer aux d\u00e9tails artisanaux et fonctionnels.<br>Un design qui caract\u00e9rise tous nos projets et qui donne forme aux id\u00e9es et aux passions de nos clients.<\/p>\n<\/div>\n<\/div>\n<\/div>\n<\/div>\n\n\n\n<div style=\"height:10px\" aria-hidden=\"true\" class=\"wp-block-spacer\"><\/div>\n\n\n\n<div class=\"wp-block-group is-style-container\">\n<div class=\"wp-block-group solo-desktop\">        <div  class=\"block_dab04480564ce9c2ac24f36802bb505d CustomGalleryWrapper CustomGalleryWrapper_Masonry numcol3 cb_custom_cgallery\">\r\n            <div class=\"masonry-wrapper\">\r\n                <div class=\"grid-sizer\"><\/div>\r\n                <div class=\"gutter-sizer\"><\/div>\r\n                                    <div class=\"masonry-img\">\r\n                                                    <a class=\"image_box_descr_img\" href=\"https:\/\/casapercasa.com\/wp-content\/uploads\/2026\/01\/BRST04.jpg\" data-pswp-width=\"1536\" data-pswp-height=\"1024\">\r\n                                                    <img decoding=\"async\" src=\"https:\/\/casapercasa.com\/wp-content\/uploads\/2026\/01\/BRST04.jpg\">\r\n                                                    <\/a>\r\n                                                <\/div>\r\n                                        <div class=\"masonry-img\">\r\n                                                    <a class=\"image_box_descr_img\" href=\"https:\/\/casapercasa.com\/wp-content\/uploads\/2025\/05\/DSCF3755.jpg\" data-pswp-width=\"1000\" data-pswp-height=\"667\">\r\n                                                    <img decoding=\"async\" src=\"https:\/\/casapercasa.com\/wp-content\/uploads\/2025\/05\/DSCF3755.jpg\">\r\n                                                    <\/a>\r\n                                                <\/div>\r\n                                        <div class=\"masonry-img\">\r\n                                                    <a class=\"image_box_descr_img\" href=\"https:\/\/casapercasa.com\/wp-content\/uploads\/2026\/01\/BRST03.jpg\" data-pswp-width=\"1536\" data-pswp-height=\"1024\">\r\n                                                    <img decoding=\"async\" src=\"https:\/\/casapercasa.com\/wp-content\/uploads\/2026\/01\/BRST03.jpg\">\r\n                                                    <\/a>\r\n                                                <\/div>\r\n                                        <div class=\"masonry-img\">\r\n                                                    <a class=\"image_box_descr_img\" href=\"https:\/\/casapercasa.com\/wp-content\/uploads\/2026\/01\/BRST05.jpg\" data-pswp-width=\"1536\" data-pswp-height=\"1024\">\r\n                                                    <img decoding=\"async\" src=\"https:\/\/casapercasa.com\/wp-content\/uploads\/2026\/01\/BRST05.jpg\">\r\n                                                    <\/a>\r\n                                                <\/div>\r\n                                        <div class=\"masonry-img\">\r\n                                                    <a class=\"image_box_descr_img\" href=\"https:\/\/casapercasa.com\/wp-content\/uploads\/2025\/05\/DSCF3749.jpg\" data-pswp-width=\"1000\" data-pswp-height=\"667\">\r\n                                                    <img decoding=\"async\" src=\"https:\/\/casapercasa.com\/wp-content\/uploads\/2025\/05\/DSCF3749.jpg\">\r\n                                                    <\/a>\r\n                                                <\/div>\r\n                                        <div class=\"masonry-img\">\r\n                                                    <a class=\"image_box_descr_img\" href=\"https:\/\/casapercasa.com\/wp-content\/uploads\/2025\/02\/Casa_MB_-4.jpg\" data-pswp-width=\"1920\" data-pswp-height=\"1280\">\r\n                                                    <img decoding=\"async\" src=\"https:\/\/casapercasa.com\/wp-content\/uploads\/2025\/02\/Casa_MB_-4.jpg\">\r\n                                                    <\/a>\r\n                                                <\/div>\r\n                                        <div class=\"masonry-img\">\r\n                                                    <a class=\"image_box_descr_img\" href=\"https:\/\/casapercasa.com\/wp-content\/uploads\/2025\/02\/Casa_MB_-6.jpg\" data-pswp-width=\"1920\" data-pswp-height=\"1280\">\r\n                                                    <img decoding=\"async\" src=\"https:\/\/casapercasa.com\/wp-content\/uploads\/2025\/02\/Casa_MB_-6.jpg\">\r\n                                                    <\/a>\r\n                                                <\/div>\r\n                                        <div class=\"masonry-img\">\r\n                                                    <a class=\"image_box_descr_img\" href=\"https:\/\/casapercasa.com\/wp-content\/uploads\/2025\/02\/Casa_MB_-7.jpg\" data-pswp-width=\"1920\" data-pswp-height=\"1280\">\r\n                                                    <img decoding=\"async\" src=\"https:\/\/casapercasa.com\/wp-content\/uploads\/2025\/02\/Casa_MB_-7.jpg\">\r\n                                                    <\/a>\r\n                                                <\/div>\r\n                                        <div class=\"masonry-img\">\r\n                                                    <a class=\"image_box_descr_img\" href=\"https:\/\/casapercasa.com\/wp-content\/uploads\/2025\/02\/Casa_MB_-8.jpg\" data-pswp-width=\"1280\" data-pswp-height=\"1920\">\r\n                                                    <img decoding=\"async\" src=\"https:\/\/casapercasa.com\/wp-content\/uploads\/2025\/02\/Casa_MB_-8.jpg\">\r\n                                                    <\/a>\r\n                                                <\/div>\r\n                                        <div class=\"masonry-img\">\r\n                                                    <a class=\"image_box_descr_img\" href=\"https:\/\/casapercasa.com\/wp-content\/uploads\/2025\/02\/Casa_MB_-2.jpg\" data-pswp-width=\"1920\" data-pswp-height=\"1280\">\r\n                                                    <img decoding=\"async\" src=\"https:\/\/casapercasa.com\/wp-content\/uploads\/2025\/02\/Casa_MB_-2.jpg\">\r\n                                                    <\/a>\r\n                                                <\/div>\r\n                                        <div class=\"masonry-img\">\r\n                                                    <a class=\"image_box_descr_img\" href=\"https:\/\/casapercasa.com\/wp-content\/uploads\/2023\/10\/DSCF3778.jpg\" data-pswp-width=\"1000\" data-pswp-height=\"667\">\r\n                                                    <img decoding=\"async\" src=\"https:\/\/casapercasa.com\/wp-content\/uploads\/2023\/10\/DSCF3778.jpg\">\r\n                                                    <\/a>\r\n                                                <\/div>\r\n                                <\/div>\r\n        <\/div>\r\n        <script>\r\n        imagesLoaded( document.querySelector('.block_dab04480564ce9c2ac24f36802bb505d'), function( instance )\r\n            {\r\n            $('.block_dab04480564ce9c2ac24f36802bb505d .masonry-wrapper').masonry(\r\n                {\r\n                itemSelector: '.masonry-img',\r\n                columnWidth: '.grid-sizer',\r\n                gutter: '.gutter-sizer',\r\n                percentPosition: true,\r\n                });\r\n            });\r\n        <\/script>\r\n        <\/div>\n\n\n\n<div class=\"wp-block-group solo-mobile\">\n<div style=\"height:50px\" aria-hidden=\"true\" class=\"wp-block-spacer\"><\/div>\n\n\n\n<p class=\"has-text-align-center wp-block-paragraph\" style=\"font-size:12px\">Faites d\u00e9filer la galerie pour d\u00e9couvrir le projet,<br>cliquez sur les photos pour les agrandir<\/p>\n\n\n\n<div style=\"height:20px\" aria-hidden=\"true\" class=\"wp-block-spacer\"><\/div>\n\n\n        <div  class=\"block_448459a6d319c6dce93877447e70175a CustomGalleryWrapper CustomGalleryWrapper_Slider cb_custom_cgallery\">\r\n            <div class=\"swiper-container\">\r\n                <div class=\"swiper-wrapper\">\r\n                                            <div class=\"swiper-slide\">\r\n                                                            <a href=\"https:\/\/casapercasa.com\/wp-content\/uploads\/2026\/01\/BRST04.jpg\" data-pswp-width=\"1536\" data-pswp-height=\"1024\">\r\n                                                            <img srcset=\"https:\/\/casapercasa.com\/wp-content\/uploads\/2026\/01\/BRST04.jpg\" >                                                            <\/a>\r\n                                                        <\/div>\r\n                                                <div class=\"swiper-slide\">\r\n                                                            <a href=\"https:\/\/casapercasa.com\/wp-content\/uploads\/2025\/05\/DSCF3755.jpg\" data-pswp-width=\"1000\" data-pswp-height=\"667\">\r\n                                                            <img srcset=\"https:\/\/casapercasa.com\/wp-content\/uploads\/2025\/05\/DSCF3755.jpg\" >                                                            <\/a>\r\n                                                        <\/div>\r\n                                                <div class=\"swiper-slide\">\r\n                                                            <a href=\"https:\/\/casapercasa.com\/wp-content\/uploads\/2026\/01\/BRST03.jpg\" data-pswp-width=\"1536\" data-pswp-height=\"1024\">\r\n                                                            <img srcset=\"https:\/\/casapercasa.com\/wp-content\/uploads\/2026\/01\/BRST03.jpg\" >                                                            <\/a>\r\n                                                        <\/div>\r\n                                                <div class=\"swiper-slide\">\r\n                                                            <a href=\"https:\/\/casapercasa.com\/wp-content\/uploads\/2026\/01\/BRST05.jpg\" data-pswp-width=\"1536\" data-pswp-height=\"1024\">\r\n                                                            <img srcset=\"https:\/\/casapercasa.com\/wp-content\/uploads\/2026\/01\/BRST05.jpg\" >                                                            <\/a>\r\n                                                        <\/div>\r\n                                                <div class=\"swiper-slide\">\r\n                                                            <a href=\"https:\/\/casapercasa.com\/wp-content\/uploads\/2025\/05\/DSCF3749.jpg\" data-pswp-width=\"1000\" data-pswp-height=\"667\">\r\n                                                            <img srcset=\"https:\/\/casapercasa.com\/wp-content\/uploads\/2025\/05\/DSCF3749.jpg\" >                                                            <\/a>\r\n                                                        <\/div>\r\n                                                <div class=\"swiper-slide\">\r\n                                                            <a href=\"https:\/\/casapercasa.com\/wp-content\/uploads\/2025\/02\/Casa_MB_-4.jpg\" data-pswp-width=\"1920\" data-pswp-height=\"1280\">\r\n                                                            <img srcset=\"https:\/\/casapercasa.com\/wp-content\/uploads\/2025\/02\/Casa_MB_-4.jpg\" >                                                            <\/a>\r\n                                                        <\/div>\r\n                                                <div class=\"swiper-slide\">\r\n                                                            <a href=\"https:\/\/casapercasa.com\/wp-content\/uploads\/2025\/02\/Casa_MB_-6.jpg\" data-pswp-width=\"1920\" data-pswp-height=\"1280\">\r\n                                                            <img srcset=\"https:\/\/casapercasa.com\/wp-content\/uploads\/2025\/02\/Casa_MB_-6.jpg\" loading=\"lazy\"><div class=\"swiper-lazy-preloader swiper-lazy-preloader-white\"><\/div>                                                            <\/a>\r\n                                                        <\/div>\r\n                                                <div class=\"swiper-slide\">\r\n                                                            <a href=\"https:\/\/casapercasa.com\/wp-content\/uploads\/2025\/02\/Casa_MB_-7.jpg\" data-pswp-width=\"1920\" data-pswp-height=\"1280\">\r\n                                                            <img srcset=\"https:\/\/casapercasa.com\/wp-content\/uploads\/2025\/02\/Casa_MB_-7.jpg\" loading=\"lazy\"><div class=\"swiper-lazy-preloader swiper-lazy-preloader-white\"><\/div>                                                            <\/a>\r\n                                                        <\/div>\r\n                                                <div class=\"swiper-slide\">\r\n                                                            <a href=\"https:\/\/casapercasa.com\/wp-content\/uploads\/2025\/02\/Casa_MB_-8.jpg\" data-pswp-width=\"1280\" data-pswp-height=\"1920\">\r\n                                                            <img srcset=\"https:\/\/casapercasa.com\/wp-content\/uploads\/2025\/02\/Casa_MB_-8.jpg\" loading=\"lazy\"><div class=\"swiper-lazy-preloader swiper-lazy-preloader-white\"><\/div>                                                            <\/a>\r\n                                                        <\/div>\r\n                                                <div class=\"swiper-slide\">\r\n                                                            <a href=\"https:\/\/casapercasa.com\/wp-content\/uploads\/2025\/02\/Casa_MB_-2.jpg\" data-pswp-width=\"1920\" data-pswp-height=\"1280\">\r\n                                                            <img srcset=\"https:\/\/casapercasa.com\/wp-content\/uploads\/2025\/02\/Casa_MB_-2.jpg\" loading=\"lazy\"><div class=\"swiper-lazy-preloader swiper-lazy-preloader-white\"><\/div>                                                            <\/a>\r\n                                                        <\/div>\r\n                                                <div class=\"swiper-slide\">\r\n                                                            <a href=\"https:\/\/casapercasa.com\/wp-content\/uploads\/2023\/10\/DSCF3778.jpg\" data-pswp-width=\"1000\" data-pswp-height=\"667\">\r\n                                                            <img srcset=\"https:\/\/casapercasa.com\/wp-content\/uploads\/2023\/10\/DSCF3778.jpg\" loading=\"lazy\"><div class=\"swiper-lazy-preloader swiper-lazy-preloader-white\"><\/div>                                                            <\/a>\r\n                                                        <\/div>\r\n                                        <\/div>\r\n                <div class=\"navigation-box-wrapper\">\r\n                    <div class=\"navigation-box\">\r\n                        <div class=\"left-arrow\">\r\n                                                        <img decoding=\"async\" src=\"\/wp-content\/uploads\/2024\/11\/arrow-left-casapercasa-white.svg\">\r\n                                                    <\/div>\r\n                        <div class=\"right-arrow\">\r\n                                                        <img decoding=\"async\" src=\"\/wp-content\/uploads\/2024\/11\/arrow-right-casapercasa-white.svg\">\r\n                                                    <\/div>\r\n                    <\/div>\r\n                <\/div>\r\n            <\/div>\r\n        <\/div>\r\n        <\/div>\n<\/div>\n\n\n\n<div class=\"wp-block-group is-style-container\">\n<div style=\"height:100px\" aria-hidden=\"true\" class=\"wp-block-spacer solo-desktop\"><\/div>\n\n\n\n<div style=\"height:50px\" aria-hidden=\"true\" class=\"wp-block-spacer solo-mobile\"><\/div>\n\n\n\n<div class=\"wp-block-columns is-not-stacked-on-mobile\">\n<div class=\"wp-block-column\">\n<div class=\"wp-block-group\">\n<p class=\"has-text-align-right solo-desktop has-black-color has-text-color has-link-color has-normal-font-size wp-elements-d8020a061ce33e4ae9a6c5d30cc6f4b8 wp-block-paragraph\"><a href=\"https:\/\/casapercasa.com\/fr\/projects\/classic-et-contemporain\/\">Projet pr\u00e9c\u00e9dent<\/a><\/p>\n\n\n\n<p class=\"has-text-align-right solo-mobile has-black-color has-text-color has-link-color wp-elements-6f2215c550e02d83a9d4b53f438bac94 wp-block-paragraph\" style=\"font-size:14px\"><a href=\"https:\/\/casapercasa.com\/fr\/projects\/classic-et-contemporain\/\">Projet pr\u00e9c\u00e9dent<\/a><\/p>\n\n\n\n<p class=\"has-text-align-right is-style-medtitle has-black-color has-text-color has-link-color has-extra-large-font-size wp-elements-425d745d9a0c83701c97a3290b4ecc16 wp-block-paragraph\"><strong><a href=\"https:\/\/casapercasa.com\/fr\/projects\/classic-et-contemporain\/\">\u2190<\/a><\/strong><\/p>\n<\/div>\n<\/div>\n\n\n\n<div class=\"wp-block-column\">\n<div class=\"wp-block-group\">\n<p class=\"has-text-align-center solo-desktop has-black-color has-text-color has-link-color has-normal-font-size wp-elements-83d938b6985878c5b11e7c99fcdf5c49 wp-block-paragraph\"><a href=\"https:\/\/casapercasa.com\/fr\/espaces-priv\u00e9s\">Tous les projets<\/a><\/p>\n\n\n\n<p class=\"has-text-align-center solo-mobile has-black-color has-text-color has-link-color wp-elements-54885571c0ca636a8d07a315de279edb wp-block-paragraph\" style=\"font-size:14px\"><a href=\"https:\/\/casapercasa.com\/fr\/espaces-priv\u00e9s\">Tous les projets<\/a><\/p>\n\n\n\n<p class=\"has-text-align-center is-style-medtitle has-black-color has-text-color has-link-color has-extra-large-font-size wp-elements-d0ae32b9e63427ced156447666ded18d wp-block-paragraph\"><strong><a href=\"https:\/\/casapercasa.com\/fr\/espaces-priv\u00e9s\">\u2302<\/a><\/strong><\/p>\n<\/div>\n<\/div>\n\n\n\n<div class=\"wp-block-column\">\n<div class=\"wp-block-group\">\n<p class=\"has-text-align-left solo-desktop has-black-color has-text-color has-link-color has-normal-font-size wp-elements-40971a6b388d889a12bfa6b5118bd3db wp-block-paragraph\"><a href=\"https:\/\/casapercasa.com\/fr\/projects\/continuite-architecturale\">Projet suivant<\/a><\/p>\n\n\n\n<p class=\"has-text-align-left solo-mobile has-black-color has-text-color has-link-color wp-elements-6031094f291fc5e971903c1b170fe3e5 wp-block-paragraph\" style=\"font-size:14px\"><a href=\"https:\/\/casapercasa.com\/fr\/projects\/continuite-architecturale\">Projet suivant<\/a><\/p>\n\n\n\n<p class=\"has-text-align-left is-style-medtitle has-black-color has-text-color has-link-color has-extra-large-font-size wp-elements-61339457c8772ef77e37ebd138077e8b wp-block-paragraph\"><strong><a href=\"https:\/\/casapercasa.com\/fr\/projects\/continuite-architecturale\">\u2192<\/a><\/strong><\/p>\n<\/div>\n<\/div>\n<\/div>\n<\/div>\n<\/div>\n\n\n\n<div style=\"height:70px\" aria-hidden=\"true\" class=\"wp-block-spacer solo-dekstop\"><\/div>\n\n\n\n<div class=\"wp-block-group has-background\" style=\"background-color:#9fa63a3d\">\n<div class=\"wp-block-group has-background\" style=\"background-color:#9fa63a3d\"><div id=\"17337\" class=\"Custom_CTA_Wrapper custom_cta\">\r\n    <div class=\"container\">\r\n        <div class=\"row align-items-center\">\r\n            <div class=\"col-12 col-lg-4 col-xl-3\">\r\n                <div class=\"Custom_CTA_Img\">\r\n                                            <img decoding=\"async\" src=\"https:\/\/casapercasa.com\/wp-content\/uploads\/2022\/09\/la-nostra-sede-e1701268650543.jpg\">\r\n                                        <\/div>\r\n            <\/div>\r\n            <div class=\"col-12 col-lg-8 col-xl-9\">\r\n                <div class=\"Custom_CTA_Content_Wrapper\">\r\n                    <div class=\"Custom_CTA_Title\">Passez du temps avec nous.<\/div>\r\n                    <div class=\"Custom_CTA_Descr\">Notre showroom et nos ateliers vous attendent: d\u00e9sirez, imaginez, d\u00e9couvrez, choisissez, cr\u00e9ez.<\/div>\r\n                                            <div class=\"Custom_CTA_Link\"><a href=\"https:\/\/casapercasa.com\/fr\/contatti\/\">Contactez-nous d\u00e8s maintenant<\/a><\/div>\r\n                                        <\/div>\r\n            <\/div>\r\n        <\/div>\r\n    <\/div>\r\n<\/div><\/div>\n<\/div>\n","protected":false},"excerpt":{"rendered":"<p>Un appartement contemporain Bois, lumi\u00e8re et harmonieUn espace open space \u00e9l\u00e9gant et sobre, o\u00f9 le bois et le blanc cr\u00e9ent une atmosph\u00e8re chaleureuse et raffin\u00e9e.L\u2019\u00e9clairage est \u00e9tudi\u00e9 dans les moindres d\u00e9tails, mettant en valeur chaque recoin de la maison. La Boiserie laqu\u00e9e mate \u00e0 pores ouverts dissimule discr\u00e8tement le passage vers la zone nuit et [&hellip;]<\/p>\n","protected":false},"featured_media":0,"parent":0,"menu_order":0,"template":"","meta":{"_acf_changed":false,"inline_featured_image":false,"footnotes":""},"class_list":["post-17337","projects","type-projects","status-publish","hentry"],"acf":[],"yoast_head":"<title>Casapercasa - Un appartament Contemporain<\/title>\n<meta name=\"description\" content=\"Bois, lumi\u00e8re et harmonie. Un espace ouvert \u00e9l\u00e9gant et sobre, o\u00f9 le bois et le blanc cr\u00e9ent une atmosph\u00e8re chaleureuse et raffin\u00e9e.\" \/>\n<meta name=\"robots\" content=\"index, follow, max-snippet:-1, max-image-preview:large, max-video-preview:-1\" \/>\n<link rel=\"canonical\" href=\"https:\/\/casapercasa.com\/fr\/projects\/appartament-contemporain\/\" \/>\n<meta property=\"og:locale\" content=\"fr_FR\" \/>\n<meta property=\"og:type\" content=\"article\" \/>\n<meta property=\"og:title\" content=\"Casapercasa - Un appartament Contemporain\" \/>\n<meta property=\"og:description\" content=\"Bois, lumi\u00e8re et harmonie. Un espace ouvert \u00e9l\u00e9gant et sobre, o\u00f9 le bois et le blanc cr\u00e9ent une atmosph\u00e8re chaleureuse et raffin\u00e9e.\" \/>\n<meta property=\"og:url\" content=\"https:\/\/casapercasa.com\/fr\/projects\/appartament-contemporain\/\" \/>\n<meta property=\"og:site_name\" content=\"Casapercasa S.r.l.\" \/>\n<meta property=\"article:publisher\" content=\"https:\/\/www.facebook.com\/casapercasadesign\" \/>\n<meta property=\"article:modified_time\" content=\"2026-03-18T15:33:50+00:00\" \/>\n<meta property=\"og:image\" content=\"https:\/\/casapercasa.com\/wp-content\/uploads\/2026\/01\/BRST01.jpg\" \/>\n\t<meta property=\"og:image:width\" content=\"1536\" \/>\n\t<meta property=\"og:image:height\" content=\"1024\" \/>\n\t<meta property=\"og:image:type\" content=\"image\/jpeg\" \/>\n<meta name=\"twitter:card\" content=\"summary_large_image\" \/>\n<meta name=\"twitter:label1\" content=\"Dur\u00e9e de lecture estim\u00e9e\" \/>\n\t<meta name=\"twitter:data1\" content=\"2 minutes\" \/>\n<script type=\"application\/ld+json\" class=\"yoast-schema-graph\">{\"@context\":\"https:\\\/\\\/schema.org\",\"@graph\":[{\"@type\":\"WebPage\",\"@id\":\"https:\\\/\\\/casapercasa.com\\\/fr\\\/projects\\\/appartament-contemporain\\\/\",\"url\":\"https:\\\/\\\/casapercasa.com\\\/fr\\\/projects\\\/appartament-contemporain\\\/\",\"name\":\"Casapercasa - Un appartament Contemporain\",\"isPartOf\":{\"@id\":\"https:\\\/\\\/casapercasa.com\\\/fr\\\/#website\"},\"primaryImageOfPage\":{\"@id\":\"https:\\\/\\\/casapercasa.com\\\/fr\\\/projects\\\/appartament-contemporain\\\/#primaryimage\"},\"image\":{\"@id\":\"https:\\\/\\\/casapercasa.com\\\/fr\\\/projects\\\/appartament-contemporain\\\/#primaryimage\"},\"thumbnailUrl\":\"https:\\\/\\\/casapercasa.com\\\/wp-content\\\/uploads\\\/2026\\\/01\\\/BRST01.jpg\",\"datePublished\":\"2026-02-10T07:51:08+00:00\",\"dateModified\":\"2026-03-18T15:33:50+00:00\",\"description\":\"Bois, lumi\u00e8re et harmonie. Un espace ouvert \u00e9l\u00e9gant et sobre, o\u00f9 le bois et le blanc cr\u00e9ent une atmosph\u00e8re chaleureuse et raffin\u00e9e.\",\"breadcrumb\":{\"@id\":\"https:\\\/\\\/casapercasa.com\\\/fr\\\/projects\\\/appartament-contemporain\\\/#breadcrumb\"},\"inLanguage\":\"fr-FR\",\"potentialAction\":[{\"@type\":\"ReadAction\",\"target\":[\"https:\\\/\\\/casapercasa.com\\\/fr\\\/projects\\\/appartament-contemporain\\\/\"]}]},{\"@type\":\"ImageObject\",\"inLanguage\":\"fr-FR\",\"@id\":\"https:\\\/\\\/casapercasa.com\\\/fr\\\/projects\\\/appartament-contemporain\\\/#primaryimage\",\"url\":\"https:\\\/\\\/casapercasa.com\\\/wp-content\\\/uploads\\\/2026\\\/01\\\/BRST01.jpg\",\"contentUrl\":\"https:\\\/\\\/casapercasa.com\\\/wp-content\\\/uploads\\\/2026\\\/01\\\/BRST01.jpg\"},{\"@type\":\"BreadcrumbList\",\"@id\":\"https:\\\/\\\/casapercasa.com\\\/fr\\\/projects\\\/appartament-contemporain\\\/#breadcrumb\",\"itemListElement\":[{\"@type\":\"ListItem\",\"position\":1,\"name\":\"Home\",\"item\":\"https:\\\/\\\/casapercasa.com\\\/fr\\\/\"},{\"@type\":\"ListItem\",\"position\":2,\"name\":\"Projects\",\"item\":\"https:\\\/\\\/casapercasa.com\\\/fr\\\/projects\\\/\"},{\"@type\":\"ListItem\",\"position\":3,\"name\":\"Spazi privati &#8211; Attico Pieve di Soligo fra\"}]},{\"@type\":\"WebSite\",\"@id\":\"https:\\\/\\\/casapercasa.com\\\/fr\\\/#website\",\"url\":\"https:\\\/\\\/casapercasa.com\\\/fr\\\/\",\"name\":\"Casapercasa\",\"description\":\"INNOVAZIONE ARTIGIANA\",\"publisher\":{\"@id\":\"https:\\\/\\\/casapercasa.com\\\/fr\\\/#organization\"},\"potentialAction\":[{\"@type\":\"SearchAction\",\"target\":{\"@type\":\"EntryPoint\",\"urlTemplate\":\"https:\\\/\\\/casapercasa.com\\\/fr\\\/?s={search_term_string}\"},\"query-input\":{\"@type\":\"PropertyValueSpecification\",\"valueRequired\":true,\"valueName\":\"search_term_string\"}}],\"inLanguage\":\"fr-FR\"},{\"@type\":\"Organization\",\"@id\":\"https:\\\/\\\/casapercasa.com\\\/fr\\\/#organization\",\"name\":\"Casapercasa S.r.l.\",\"url\":\"https:\\\/\\\/casapercasa.com\\\/fr\\\/\",\"logo\":{\"@type\":\"ImageObject\",\"inLanguage\":\"fr-FR\",\"@id\":\"https:\\\/\\\/casapercasa.com\\\/fr\\\/#\\\/schema\\\/logo\\\/image\\\/\",\"url\":\"https:\\\/\\\/casapercasa.com\\\/wp-content\\\/uploads\\\/2022\\\/10\\\/logo-extralarge-retina.png\",\"contentUrl\":\"https:\\\/\\\/casapercasa.com\\\/wp-content\\\/uploads\\\/2022\\\/10\\\/logo-extralarge-retina.png\",\"width\":258,\"height\":43,\"caption\":\"Casapercasa S.r.l.\"},\"image\":{\"@id\":\"https:\\\/\\\/casapercasa.com\\\/fr\\\/#\\\/schema\\\/logo\\\/image\\\/\"},\"sameAs\":[\"https:\\\/\\\/www.facebook.com\\\/casapercasadesign\",\"https:\\\/\\\/www.instagram.com\\\/casapercasadettagli\\\/?hl=it\"]}]}<\/script>","yoast_head_json":{"title":"Casapercasa - Un appartament Contemporain","description":"Bois, lumi\u00e8re et harmonie. Un espace ouvert \u00e9l\u00e9gant et sobre, o\u00f9 le bois et le blanc cr\u00e9ent une atmosph\u00e8re chaleureuse et raffin\u00e9e.","robots":{"index":"index","follow":"follow","max-snippet":"max-snippet:-1","max-image-preview":"max-image-preview:large","max-video-preview":"max-video-preview:-1"},"canonical":"https:\/\/casapercasa.com\/fr\/projects\/appartament-contemporain\/","og_locale":"fr_FR","og_type":"article","og_title":"Casapercasa - Un appartament Contemporain","og_description":"Bois, lumi\u00e8re et harmonie. Un espace ouvert \u00e9l\u00e9gant et sobre, o\u00f9 le bois et le blanc cr\u00e9ent une atmosph\u00e8re chaleureuse et raffin\u00e9e.","og_url":"https:\/\/casapercasa.com\/fr\/projects\/appartament-contemporain\/","og_site_name":"Casapercasa S.r.l.","article_publisher":"https:\/\/www.facebook.com\/casapercasadesign","article_modified_time":"2026-03-18T15:33:50+00:00","og_image":[{"width":1536,"height":1024,"url":"https:\/\/casapercasa.com\/wp-content\/uploads\/2026\/01\/BRST01.jpg","type":"image\/jpeg"}],"twitter_card":"summary_large_image","twitter_misc":{"Dur\u00e9e de lecture estim\u00e9e":"2 minutes"},"schema":{"@context":"https:\/\/schema.org","@graph":[{"@type":"WebPage","@id":"https:\/\/casapercasa.com\/fr\/projects\/appartament-contemporain\/","url":"https:\/\/casapercasa.com\/fr\/projects\/appartament-contemporain\/","name":"Casapercasa - Un appartament Contemporain","isPartOf":{"@id":"https:\/\/casapercasa.com\/fr\/#website"},"primaryImageOfPage":{"@id":"https:\/\/casapercasa.com\/fr\/projects\/appartament-contemporain\/#primaryimage"},"image":{"@id":"https:\/\/casapercasa.com\/fr\/projects\/appartament-contemporain\/#primaryimage"},"thumbnailUrl":"https:\/\/casapercasa.com\/wp-content\/uploads\/2026\/01\/BRST01.jpg","datePublished":"2026-02-10T07:51:08+00:00","dateModified":"2026-03-18T15:33:50+00:00","description":"Bois, lumi\u00e8re et harmonie. Un espace ouvert \u00e9l\u00e9gant et sobre, o\u00f9 le bois et le blanc cr\u00e9ent une atmosph\u00e8re chaleureuse et raffin\u00e9e.","breadcrumb":{"@id":"https:\/\/casapercasa.com\/fr\/projects\/appartament-contemporain\/#breadcrumb"},"inLanguage":"fr-FR","potentialAction":[{"@type":"ReadAction","target":["https:\/\/casapercasa.com\/fr\/projects\/appartament-contemporain\/"]}]},{"@type":"ImageObject","inLanguage":"fr-FR","@id":"https:\/\/casapercasa.com\/fr\/projects\/appartament-contemporain\/#primaryimage","url":"https:\/\/casapercasa.com\/wp-content\/uploads\/2026\/01\/BRST01.jpg","contentUrl":"https:\/\/casapercasa.com\/wp-content\/uploads\/2026\/01\/BRST01.jpg"},{"@type":"BreadcrumbList","@id":"https:\/\/casapercasa.com\/fr\/projects\/appartament-contemporain\/#breadcrumb","itemListElement":[{"@type":"ListItem","position":1,"name":"Home","item":"https:\/\/casapercasa.com\/fr\/"},{"@type":"ListItem","position":2,"name":"Projects","item":"https:\/\/casapercasa.com\/fr\/projects\/"},{"@type":"ListItem","position":3,"name":"Spazi privati &#8211; Attico Pieve di Soligo fra"}]},{"@type":"WebSite","@id":"https:\/\/casapercasa.com\/fr\/#website","url":"https:\/\/casapercasa.com\/fr\/","name":"Casapercasa","description":"INNOVAZIONE ARTIGIANA","publisher":{"@id":"https:\/\/casapercasa.com\/fr\/#organization"},"potentialAction":[{"@type":"SearchAction","target":{"@type":"EntryPoint","urlTemplate":"https:\/\/casapercasa.com\/fr\/?s={search_term_string}"},"query-input":{"@type":"PropertyValueSpecification","valueRequired":true,"valueName":"search_term_string"}}],"inLanguage":"fr-FR"},{"@type":"Organization","@id":"https:\/\/casapercasa.com\/fr\/#organization","name":"Casapercasa S.r.l.","url":"https:\/\/casapercasa.com\/fr\/","logo":{"@type":"ImageObject","inLanguage":"fr-FR","@id":"https:\/\/casapercasa.com\/fr\/#\/schema\/logo\/image\/","url":"https:\/\/casapercasa.com\/wp-content\/uploads\/2022\/10\/logo-extralarge-retina.png","contentUrl":"https:\/\/casapercasa.com\/wp-content\/uploads\/2022\/10\/logo-extralarge-retina.png","width":258,"height":43,"caption":"Casapercasa S.r.l."},"image":{"@id":"https:\/\/casapercasa.com\/fr\/#\/schema\/logo\/image\/"},"sameAs":["https:\/\/www.facebook.com\/casapercasadesign","https:\/\/www.instagram.com\/casapercasadettagli\/?hl=it"]}]}},"_links":{"self":[{"href":"https:\/\/casapercasa.com\/fr\/wp-json\/wp\/v2\/projects\/17337","targetHints":{"allow":["GET"]}}],"collection":[{"href":"https:\/\/casapercasa.com\/fr\/wp-json\/wp\/v2\/projects"}],"about":[{"href":"https:\/\/casapercasa.com\/fr\/wp-json\/wp\/v2\/types\/projects"}],"version-history":[{"count":4,"href":"https:\/\/casapercasa.com\/fr\/wp-json\/wp\/v2\/projects\/17337\/revisions"}],"predecessor-version":[{"id":18144,"href":"https:\/\/casapercasa.com\/fr\/wp-json\/wp\/v2\/projects\/17337\/revisions\/18144"}],"wp:attachment":[{"href":"https:\/\/casapercasa.com\/fr\/wp-json\/wp\/v2\/media?parent=17337"}],"curies":[{"name":"wp","href":"https:\/\/api.w.org\/{rel}","templated":true}]}}