{"id":17326,"date":"2026-02-09T18:15:57","date_gmt":"2026-02-09T17:15:57","guid":{"rendered":"https:\/\/casapercasa.com\/?post_type=projects&#038;p=17326"},"modified":"2026-02-11T16:12:38","modified_gmt":"2026-02-11T15:12:38","slug":"classic-et-contemporain","status":"publish","type":"projects","link":"https:\/\/casapercasa.com\/fr\/projects\/classic-et-contemporain\/","title":{"rendered":"Spazi privati &#8211; Casa Nadalin &#8211; fra"},"content":{"rendered":"\n<div style=\"height:20px\" aria-hidden=\"true\" class=\"wp-block-spacer\"><\/div>\n\n\n\n<div class=\"wp-block-group\">\n<div class=\"wp-block-group is-style-container\">\n<div class=\"wp-block-media-text has-media-on-the-right is-stacked-on-mobile is-vertically-aligned-center\"><div class=\"wp-block-media-text__content\">\n<p class=\"has-black-color has-text-color has-link-color has-large-font-size wp-elements-6b6dfe4cc310823f0b44bc0fdfe38e99 wp-block-paragraph\" style=\"font-style:normal;font-weight:400\">Entre classique et contemporain<\/p>\n\n\n\n<div style=\"height:30px\" aria-hidden=\"true\" class=\"wp-block-spacer solo-desktop\"><\/div>\n\n\n\n<p class=\"has-black-color has-text-color has-link-color has-small-font-size wp-elements-635de1e8f4b14a01cf22adf9a36cc774 wp-block-paragraph\"><strong>Classique et industriel, en \u00e9quilibre<br><\/strong>Un projet qui met en dialogue le classique et l\u2019industriel au sein d\u2019un immeuble historique.<br>Un d\u00e9fi fascinant, o\u00f9 des \u00e9l\u00e9ments tr\u00e8s diff\u00e9rents trouvent une coexistence naturelle gr\u00e2ce \u00e0 un travail attentif d\u2019\u00e9quilibre.<\/p>\n\n\n\n<p class=\"has-black-color has-text-color has-link-color has-small-font-size wp-elements-b0cf9ab3073b731914b32b30f6813e39 wp-block-paragraph\">La charpente du grenier devient le protagoniste et d\u00e9finit le caract\u00e8re de l\u2019espace, s\u2019accompagnant de lignes plus modernes et \u00e9pur\u00e9es.<br>Notre atelier de menuiserie joue un r\u00f4le central : certaines contraintes se transforment en opportunit\u00e9s gr\u00e2ce \u00e0 des solutions sur mesure, con\u00e7ues pour s\u2019adapter \u00e0 l\u2019espace et devenir de nouveaux \u00e9l\u00e9ments distinctifs de la zone de vie.<br>Un environnement fonctionnel, reconnaissable et en coh\u00e9rence avec son histoire.<\/p>\n<\/div><figure class=\"wp-block-media-text__media\"><img loading=\"lazy\" decoding=\"async\" width=\"1280\" height=\"854\" src=\"https:\/\/casapercasa.com\/wp-content\/uploads\/2026\/01\/Casa-N-cucina.jpg\" alt=\"\" class=\"wp-image-15431 size-full\" srcset=\"https:\/\/casapercasa.com\/wp-content\/uploads\/2026\/01\/Casa-N-cucina.jpg 1280w, https:\/\/casapercasa.com\/wp-content\/uploads\/2026\/01\/Casa-N-cucina-768x512.jpg 768w, https:\/\/casapercasa.com\/wp-content\/uploads\/2026\/01\/Casa-N-cucina-300x200.jpg 300w, https:\/\/casapercasa.com\/wp-content\/uploads\/2026\/01\/Casa-N-cucina-600x400.jpg 600w\" sizes=\"auto, (max-width: 1280px) 100vw, 1280px\" \/><\/figure><\/div>\n\n\n\n<div class=\"wp-block-group solo-desktop\">\n<div class=\"wp-block-columns\">\n<div class=\"wp-block-column\" style=\"flex-basis:58%\">\n<figure class=\"wp-block-image aligncenter size-full\"><img loading=\"lazy\" decoding=\"async\" width=\"854\" height=\"1280\" src=\"https:\/\/casapercasa.com\/wp-content\/uploads\/2026\/01\/casapercasa_edit-40-1.jpg\" alt=\"\" class=\"wp-image-15647\" style=\"aspect-ratio:4\/3;object-fit:cover\" srcset=\"https:\/\/casapercasa.com\/wp-content\/uploads\/2026\/01\/casapercasa_edit-40-1.jpg 854w, https:\/\/casapercasa.com\/wp-content\/uploads\/2026\/01\/casapercasa_edit-40-1-768x1151.jpg 768w, https:\/\/casapercasa.com\/wp-content\/uploads\/2026\/01\/casapercasa_edit-40-1-200x300.jpg 200w, https:\/\/casapercasa.com\/wp-content\/uploads\/2026\/01\/casapercasa_edit-40-1-400x600.jpg 400w\" sizes=\"auto, (max-width: 854px) 100vw, 854px\" \/><\/figure>\n<\/div>\n\n\n\n<div class=\"wp-block-column\" style=\"flex-basis:42%\">\n<div class=\"wp-block-columns\">\n<div class=\"wp-block-column\">\n<figure class=\"wp-block-image size-full\"><img loading=\"lazy\" decoding=\"async\" width=\"874\" height=\"1166\" src=\"https:\/\/casapercasa.com\/wp-content\/uploads\/2026\/01\/casapercasa-edit-54.jpg\" alt=\"\" class=\"wp-image-15705\" style=\"aspect-ratio:3\/4;object-fit:cover\" srcset=\"https:\/\/casapercasa.com\/wp-content\/uploads\/2026\/01\/casapercasa-edit-54.jpg 874w, https:\/\/casapercasa.com\/wp-content\/uploads\/2026\/01\/casapercasa-edit-54-768x1025.jpg 768w, https:\/\/casapercasa.com\/wp-content\/uploads\/2026\/01\/casapercasa-edit-54-225x300.jpg 225w, https:\/\/casapercasa.com\/wp-content\/uploads\/2026\/01\/casapercasa-edit-54-450x600.jpg 450w\" sizes=\"auto, (max-width: 874px) 100vw, 874px\" \/><\/figure>\n<\/div>\n\n\n\n<div class=\"wp-block-column\">\n<figure class=\"wp-block-image size-full\"><img loading=\"lazy\" decoding=\"async\" width=\"640\" height=\"1280\" src=\"https:\/\/casapercasa.com\/wp-content\/uploads\/2026\/01\/casapercasa-edit-39.jpg\" alt=\"\" class=\"wp-image-15661\" style=\"aspect-ratio:3\/4;object-fit:cover\" srcset=\"https:\/\/casapercasa.com\/wp-content\/uploads\/2026\/01\/casapercasa-edit-39.jpg 640w, https:\/\/casapercasa.com\/wp-content\/uploads\/2026\/01\/casapercasa-edit-39-150x300.jpg 150w, https:\/\/casapercasa.com\/wp-content\/uploads\/2026\/01\/casapercasa-edit-39-300x600.jpg 300w\" sizes=\"auto, (max-width: 640px) 100vw, 640px\" \/><\/figure>\n<\/div>\n<\/div>\n\n\n\n<p class=\"has-black-color has-text-color has-link-color has-small-font-size wp-elements-20da1296de5c1702c01373c8cd32c0e5 wp-block-paragraph\"><strong>Un d\u00e9tail qui r\u00e9sout et raconte<br><\/strong>Un simple \u00e9l\u00e9ment vertical avec deux \u00e9tag\u00e8res, enti\u00e8rement r\u00e9alis\u00e9 dans notre atelier.<br>Un d\u00e9tail essentiel qui permet de g\u00e9rer le passage des c\u00e2bles \u00e9lectriques, les faisant descendre du plafond de mani\u00e8re naturelle, presque invisible.<br>Notre table <em>Filiberto<\/em> en m\u00e9tal naturel et bois massif compl\u00e8te l\u2019ensemble avec \u00e9l\u00e9gance.<\/p>\n<\/div>\n<\/div>\n<\/div>\n<\/div>\n\n\n\n<div style=\"height:10px\" aria-hidden=\"true\" class=\"wp-block-spacer\"><\/div>\n\n\n\n<div class=\"wp-block-group is-style-container\">\n<div class=\"wp-block-group solo-desktop\">        <div  class=\"block_2436982c8348aadcd7b8f533cda661a9 CustomGalleryWrapper CustomGalleryWrapper_Masonry numcol4 cb_custom_cgallery\">\r\n            <div class=\"masonry-wrapper\">\r\n                <div class=\"grid-sizer\"><\/div>\r\n                <div class=\"gutter-sizer\"><\/div>\r\n                                    <div class=\"masonry-img\">\r\n                                                    <a class=\"image_box_descr_img\" href=\"https:\/\/casapercasa.com\/wp-content\/uploads\/2026\/01\/casapercasa-edit-45.jpg\" data-pswp-width=\"854\" data-pswp-height=\"1280\">\r\n                                                    <img decoding=\"async\" src=\"https:\/\/casapercasa.com\/wp-content\/uploads\/2026\/01\/casapercasa-edit-45.jpg\">\r\n                                                    <\/a>\r\n                                                <\/div>\r\n                                        <div class=\"masonry-img\">\r\n                                                    <a class=\"image_box_descr_img\" href=\"https:\/\/casapercasa.com\/wp-content\/uploads\/2026\/01\/casapercasa_-dit-25.jpg\" data-pswp-width=\"960\" data-pswp-height=\"1280\">\r\n                                                    <img decoding=\"async\" src=\"https:\/\/casapercasa.com\/wp-content\/uploads\/2026\/01\/casapercasa_-dit-25.jpg\">\r\n                                                    <\/a>\r\n                                                <\/div>\r\n                                        <div class=\"masonry-img\">\r\n                                                    <a class=\"image_box_descr_img\" href=\"https:\/\/casapercasa.com\/wp-content\/uploads\/2026\/01\/casapercasa-edit-46.jpg\" data-pswp-width=\"962\" data-pswp-height=\"1280\">\r\n                                                    <img decoding=\"async\" src=\"https:\/\/casapercasa.com\/wp-content\/uploads\/2026\/01\/casapercasa-edit-46.jpg\">\r\n                                                    <\/a>\r\n                                                <\/div>\r\n                                        <div class=\"masonry-img\">\r\n                                                    <a class=\"image_box_descr_img\" href=\"https:\/\/casapercasa.com\/wp-content\/uploads\/2026\/01\/casapercasa-edit-87.jpg\" data-pswp-width=\"1280\" data-pswp-height=\"960\">\r\n                                                    <img decoding=\"async\" src=\"https:\/\/casapercasa.com\/wp-content\/uploads\/2026\/01\/casapercasa-edit-87.jpg\">\r\n                                                    <\/a>\r\n                                                <\/div>\r\n                                        <div class=\"masonry-img\">\r\n                                                    <a class=\"image_box_descr_img\" href=\"https:\/\/casapercasa.com\/wp-content\/uploads\/2026\/01\/casapercasa-edit-39.jpg\" data-pswp-width=\"640\" data-pswp-height=\"1280\">\r\n                                                    <img decoding=\"async\" src=\"https:\/\/casapercasa.com\/wp-content\/uploads\/2026\/01\/casapercasa-edit-39.jpg\">\r\n                                                    <\/a>\r\n                                                <\/div>\r\n                                        <div class=\"masonry-img\">\r\n                                                    <a class=\"image_box_descr_img\" href=\"https:\/\/casapercasa.com\/wp-content\/uploads\/2026\/01\/casapercasa-edit-53.jpg\" data-pswp-width=\"962\" data-pswp-height=\"1280\">\r\n                                                    <img decoding=\"async\" src=\"https:\/\/casapercasa.com\/wp-content\/uploads\/2026\/01\/casapercasa-edit-53.jpg\">\r\n                                                    <\/a>\r\n                                                <\/div>\r\n                                        <div class=\"masonry-img\">\r\n                                                    <a class=\"image_box_descr_img\" href=\"https:\/\/casapercasa.com\/wp-content\/uploads\/2026\/01\/casapercasa_edit-98.jpg\" data-pswp-width=\"1280\" data-pswp-height=\"854\">\r\n                                                    <img decoding=\"async\" src=\"https:\/\/casapercasa.com\/wp-content\/uploads\/2026\/01\/casapercasa_edit-98.jpg\">\r\n                                                    <\/a>\r\n                                                <\/div>\r\n                                        <div class=\"masonry-img\">\r\n                                                    <a class=\"image_box_descr_img\" href=\"https:\/\/casapercasa.com\/wp-content\/uploads\/2026\/01\/casapercasa_edit-71.jpg\" data-pswp-width=\"1280\" data-pswp-height=\"962\">\r\n                                                    <img decoding=\"async\" src=\"https:\/\/casapercasa.com\/wp-content\/uploads\/2026\/01\/casapercasa_edit-71.jpg\">\r\n                                                    <\/a>\r\n                                                <\/div>\r\n                                        <div class=\"masonry-img\">\r\n                                                    <a class=\"image_box_descr_img\" href=\"https:\/\/casapercasa.com\/wp-content\/uploads\/2026\/01\/casapercasa_edit-82.jpg\" data-pswp-width=\"962\" data-pswp-height=\"1280\">\r\n                                                    <img decoding=\"async\" src=\"https:\/\/casapercasa.com\/wp-content\/uploads\/2026\/01\/casapercasa_edit-82.jpg\">\r\n                                                    <\/a>\r\n                                                <\/div>\r\n                                <\/div>\r\n        <\/div>\r\n        <script>\r\n        imagesLoaded( document.querySelector('.block_2436982c8348aadcd7b8f533cda661a9'), function( instance )\r\n            {\r\n            $('.block_2436982c8348aadcd7b8f533cda661a9 .masonry-wrapper').masonry(\r\n                {\r\n                itemSelector: '.masonry-img',\r\n                columnWidth: '.grid-sizer',\r\n                gutter: '.gutter-sizer',\r\n                percentPosition: true,\r\n                });\r\n            });\r\n        <\/script>\r\n        <\/div>\n\n\n\n<div class=\"wp-block-group solo-mobile\">\n<div style=\"height:50px\" aria-hidden=\"true\" class=\"wp-block-spacer\"><\/div>\n\n\n\n<p class=\"has-text-align-center wp-block-paragraph\" style=\"font-size:12px\">Faites d\u00e9filer la galerie pour d\u00e9couvrir le projet,<br>cliquez sur les photos pour les agrandir<\/p>\n\n\n\n<div style=\"height:20px\" aria-hidden=\"true\" class=\"wp-block-spacer\"><\/div>\n\n\n        <div  class=\"block_8f6b5712e9aee8f9bd55a59fd80dd49d CustomGalleryWrapper CustomGalleryWrapper_Slider cb_custom_cgallery\">\r\n            <div class=\"swiper-container\">\r\n                <div class=\"swiper-wrapper\">\r\n                                            <div class=\"swiper-slide\">\r\n                                                            <a href=\"https:\/\/casapercasa.com\/wp-content\/uploads\/2026\/01\/casapercasa-edit-45.jpg\" data-pswp-width=\"854\" data-pswp-height=\"1280\">\r\n                                                            <img srcset=\"https:\/\/casapercasa.com\/wp-content\/uploads\/2026\/01\/casapercasa-edit-45.jpg\" >                                                            <\/a>\r\n                                                        <\/div>\r\n                                                <div class=\"swiper-slide\">\r\n                                                            <a href=\"https:\/\/casapercasa.com\/wp-content\/uploads\/2026\/01\/casapercasa_-dit-25.jpg\" data-pswp-width=\"960\" data-pswp-height=\"1280\">\r\n                                                            <img srcset=\"https:\/\/casapercasa.com\/wp-content\/uploads\/2026\/01\/casapercasa_-dit-25.jpg\" >                                                            <\/a>\r\n                                                        <\/div>\r\n                                                <div class=\"swiper-slide\">\r\n                                                            <a href=\"https:\/\/casapercasa.com\/wp-content\/uploads\/2026\/01\/casapercasa-edit-46.jpg\" data-pswp-width=\"962\" data-pswp-height=\"1280\">\r\n                                                            <img srcset=\"https:\/\/casapercasa.com\/wp-content\/uploads\/2026\/01\/casapercasa-edit-46.jpg\" >                                                            <\/a>\r\n                                                        <\/div>\r\n                                                <div class=\"swiper-slide\">\r\n                                                            <a href=\"https:\/\/casapercasa.com\/wp-content\/uploads\/2026\/01\/casapercasa-edit-87.jpg\" data-pswp-width=\"1280\" data-pswp-height=\"960\">\r\n                                                            <img srcset=\"https:\/\/casapercasa.com\/wp-content\/uploads\/2026\/01\/casapercasa-edit-87.jpg\" >                                                            <\/a>\r\n                                                        <\/div>\r\n                                                <div class=\"swiper-slide\">\r\n                                                            <a href=\"https:\/\/casapercasa.com\/wp-content\/uploads\/2026\/01\/casapercasa-edit-39.jpg\" data-pswp-width=\"640\" data-pswp-height=\"1280\">\r\n                                                            <img srcset=\"https:\/\/casapercasa.com\/wp-content\/uploads\/2026\/01\/casapercasa-edit-39.jpg\" >                                                            <\/a>\r\n                                                        <\/div>\r\n                                                <div class=\"swiper-slide\">\r\n                                                            <a href=\"https:\/\/casapercasa.com\/wp-content\/uploads\/2026\/01\/casapercasa-edit-53.jpg\" data-pswp-width=\"962\" data-pswp-height=\"1280\">\r\n                                                            <img srcset=\"https:\/\/casapercasa.com\/wp-content\/uploads\/2026\/01\/casapercasa-edit-53.jpg\" >                                                            <\/a>\r\n                                                        <\/div>\r\n                                                <div class=\"swiper-slide\">\r\n                                                            <a href=\"https:\/\/casapercasa.com\/wp-content\/uploads\/2026\/01\/casapercasa_edit-98.jpg\" data-pswp-width=\"1280\" data-pswp-height=\"854\">\r\n                                                            <img srcset=\"https:\/\/casapercasa.com\/wp-content\/uploads\/2026\/01\/casapercasa_edit-98.jpg\" loading=\"lazy\"><div class=\"swiper-lazy-preloader swiper-lazy-preloader-white\"><\/div>                                                            <\/a>\r\n                                                        <\/div>\r\n                                                <div class=\"swiper-slide\">\r\n                                                            <a href=\"https:\/\/casapercasa.com\/wp-content\/uploads\/2026\/01\/casapercasa_edit-71.jpg\" data-pswp-width=\"1280\" data-pswp-height=\"962\">\r\n                                                            <img srcset=\"https:\/\/casapercasa.com\/wp-content\/uploads\/2026\/01\/casapercasa_edit-71.jpg\" loading=\"lazy\"><div class=\"swiper-lazy-preloader swiper-lazy-preloader-white\"><\/div>                                                            <\/a>\r\n                                                        <\/div>\r\n                                                <div class=\"swiper-slide\">\r\n                                                            <a href=\"https:\/\/casapercasa.com\/wp-content\/uploads\/2026\/01\/casapercasa_edit-82.jpg\" data-pswp-width=\"962\" data-pswp-height=\"1280\">\r\n                                                            <img srcset=\"https:\/\/casapercasa.com\/wp-content\/uploads\/2026\/01\/casapercasa_edit-82.jpg\" loading=\"lazy\"><div class=\"swiper-lazy-preloader swiper-lazy-preloader-white\"><\/div>                                                            <\/a>\r\n                                                        <\/div>\r\n                                        <\/div>\r\n                <div class=\"navigation-box-wrapper\">\r\n                    <div class=\"navigation-box\">\r\n                        <div class=\"left-arrow\">\r\n                                                        <img decoding=\"async\" src=\"\/wp-content\/uploads\/2024\/11\/arrow-left-casapercasa.svg\">\r\n                                                    <\/div>\r\n                        <div class=\"right-arrow\">\r\n                                                        <img decoding=\"async\" src=\"\/wp-content\/uploads\/2024\/11\/arrow-right-casapercasa.svg\">\r\n                                                    <\/div>\r\n                    <\/div>\r\n                <\/div>\r\n            <\/div>\r\n        <\/div>\r\n        <\/div>\n<\/div>\n\n\n\n<div class=\"wp-block-group is-style-container\">\n<div style=\"height:100px\" aria-hidden=\"true\" class=\"wp-block-spacer solo-desktop\"><\/div>\n\n\n\n<div style=\"height:50px\" aria-hidden=\"true\" class=\"wp-block-spacer solo-mobile\"><\/div>\n\n\n\n<div class=\"wp-block-columns is-not-stacked-on-mobile\">\n<div class=\"wp-block-column\">\n<div class=\"wp-block-group\">\n<p class=\"has-text-align-right solo-desktop has-black-color has-text-color has-link-color has-normal-font-size wp-elements-0b9423b03dbbdd4d4493083e02a7e4de wp-block-paragraph\"><a href=\"https:\/\/casapercasa.com\/fr\/projects\/dialogue-avec-histoire\">Projet pr\u00e9c\u00e9dent<\/a><\/p>\n\n\n\n<p class=\"has-text-align-right solo-mobile has-black-color has-text-color has-link-color wp-elements-68241588dcc8937119c31454a9caeaf4 wp-block-paragraph\" style=\"font-size:14px\"><a href=\"https:\/\/casapercasa.com\/fr\/projects\/dialogue-avec-histoire\">Projet pr\u00e9c\u00e9dent<\/a><\/p>\n\n\n\n<p class=\"has-text-align-right is-style-medtitle has-black-color has-text-color has-link-color has-extra-large-font-size wp-elements-427ca3966a41f984d7d84a988ebe31b7 wp-block-paragraph\"><strong><a href=\"https:\/\/casapercasa.com\/fr\/projects\/dialogue-avec-histoire\">\u2190<\/a><\/strong><\/p>\n<\/div>\n<\/div>\n\n\n\n<div class=\"wp-block-column\">\n<div class=\"wp-block-group\">\n<p class=\"has-text-align-center solo-desktop has-black-color has-text-color has-link-color has-normal-font-size wp-elements-83d938b6985878c5b11e7c99fcdf5c49 wp-block-paragraph\"><a href=\"https:\/\/casapercasa.com\/fr\/espaces-priv\u00e9s\">Tous les projets<\/a><\/p>\n\n\n\n<p class=\"has-text-align-center solo-mobile has-black-color has-text-color has-link-color wp-elements-54885571c0ca636a8d07a315de279edb wp-block-paragraph\" style=\"font-size:14px\"><a href=\"https:\/\/casapercasa.com\/fr\/espaces-priv\u00e9s\">Tous les projets<\/a><\/p>\n\n\n\n<p class=\"has-text-align-center is-style-medtitle has-black-color has-text-color has-link-color has-extra-large-font-size wp-elements-d0ae32b9e63427ced156447666ded18d wp-block-paragraph\"><strong><a href=\"https:\/\/casapercasa.com\/fr\/espaces-priv\u00e9s\">\u2302<\/a><\/strong><\/p>\n<\/div>\n<\/div>\n\n\n\n<div class=\"wp-block-column\">\n<div class=\"wp-block-group\">\n<p class=\"has-text-align-left solo-desktop has-black-color has-text-color has-link-color has-normal-font-size wp-elements-e510db14c9cc1b1a2fe1840877572f6c wp-block-paragraph\"><a href=\"https:\/\/casapercasa.com\/fr\/projects\/appartament-contemporain\">Projet suivant<\/a><\/p>\n\n\n\n<p class=\"has-text-align-left solo-mobile has-black-color has-text-color has-link-color wp-elements-39dcad339d8b866ef38af3e14d78f7e9 wp-block-paragraph\" style=\"font-size:14px\"><a href=\"https:\/\/casapercasa.com\/fr\/projects\/appartament-contemporain\">Projet suivant<\/a><\/p>\n\n\n\n<p class=\"has-text-align-left is-style-medtitle has-black-color has-text-color has-link-color has-extra-large-font-size wp-elements-04479846e3aea4d98b02976fe8bc7cfa wp-block-paragraph\"><strong><a href=\"https:\/\/casapercasa.com\/fr\/projects\/appartament-contemporain\">\u2192<\/a><\/strong><\/p>\n<\/div>\n<\/div>\n<\/div>\n<\/div>\n<\/div>\n\n\n\n<div style=\"height:70px\" aria-hidden=\"true\" class=\"wp-block-spacer solo-dekstop\"><\/div>\n\n\n\n<div class=\"wp-block-group has-background\" style=\"background-color:#9fa63a3d\"><div id=\"17326\" class=\"Custom_CTA_Wrapper custom_cta\">\r\n    <div class=\"container\">\r\n        <div class=\"row align-items-center\">\r\n            <div class=\"col-12 col-lg-4 col-xl-3\">\r\n                <div class=\"Custom_CTA_Img\">\r\n                                            <img decoding=\"async\" src=\"https:\/\/casapercasa.com\/wp-content\/uploads\/2022\/09\/la-nostra-sede-e1701268650543.jpg\">\r\n                                        <\/div>\r\n            <\/div>\r\n            <div class=\"col-12 col-lg-8 col-xl-9\">\r\n                <div class=\"Custom_CTA_Content_Wrapper\">\r\n                    <div class=\"Custom_CTA_Title\">Passez du temps avec nous.<\/div>\r\n                    <div class=\"Custom_CTA_Descr\">Notre showroom et nos ateliers vous attendent: d\u00e9sirez, imaginez, d\u00e9couvrez, choisissez, cr\u00e9ez.<\/div>\r\n                                            <div class=\"Custom_CTA_Link\"><a href=\"https:\/\/casapercasa.com\/fr\/contatti\/\">Contactez-nous d\u00e8s maintenant<\/a><\/div>\r\n                                        <\/div>\r\n            <\/div>\r\n        <\/div>\r\n    <\/div>\r\n<\/div><\/div>\n","protected":false},"excerpt":{"rendered":"<p>Entre classique et contemporain Classique et industriel, en \u00e9quilibreUn projet qui met en dialogue le classique et l\u2019industriel au sein d\u2019un immeuble historique.Un d\u00e9fi fascinant, o\u00f9 des \u00e9l\u00e9ments tr\u00e8s diff\u00e9rents trouvent une coexistence naturelle gr\u00e2ce \u00e0 un travail attentif d\u2019\u00e9quilibre. La charpente du grenier devient le protagoniste et d\u00e9finit le caract\u00e8re de l\u2019espace, s\u2019accompagnant de [&hellip;]<\/p>\n","protected":false},"featured_media":0,"parent":0,"menu_order":0,"template":"","meta":{"_acf_changed":false,"inline_featured_image":false,"footnotes":""},"class_list":["post-17326","projects","type-projects","status-publish","hentry"],"acf":[],"yoast_head":"<title>Casapercasa - Entre Classique et Contemporain<\/title>\n<meta name=\"description\" content=\"Classique et industriel, en \u00e9quilibre. Un projet qui met en dialogue le classique et l\u2019industriel dans un immeuble historique.\" \/>\n<meta name=\"robots\" content=\"index, follow, max-snippet:-1, max-image-preview:large, max-video-preview:-1\" \/>\n<link rel=\"canonical\" href=\"https:\/\/casapercasa.com\/fr\/projects\/classic-et-contemporain\/\" \/>\n<meta property=\"og:locale\" content=\"fr_FR\" \/>\n<meta property=\"og:type\" content=\"article\" \/>\n<meta property=\"og:title\" content=\"Casapercasa - Entre Classique et Contemporain\" \/>\n<meta property=\"og:description\" content=\"Classique et industriel, en \u00e9quilibre. Un projet qui met en dialogue le classique et l\u2019industriel dans un immeuble historique.\" \/>\n<meta property=\"og:url\" content=\"https:\/\/casapercasa.com\/fr\/projects\/classic-et-contemporain\/\" \/>\n<meta property=\"og:site_name\" content=\"Casapercasa S.r.l.\" \/>\n<meta property=\"article:publisher\" content=\"https:\/\/www.facebook.com\/casapercasadesign\" \/>\n<meta property=\"article:modified_time\" content=\"2026-02-11T15:12:38+00:00\" \/>\n<meta property=\"og:image\" content=\"https:\/\/casapercasa.com\/wp-content\/uploads\/2026\/01\/Casa-N-cucina.jpg\" \/>\n\t<meta property=\"og:image:width\" content=\"1280\" \/>\n\t<meta property=\"og:image:height\" content=\"854\" \/>\n\t<meta property=\"og:image:type\" content=\"image\/jpeg\" \/>\n<meta name=\"twitter:card\" content=\"summary_large_image\" \/>\n<meta name=\"twitter:label1\" content=\"Dur\u00e9e de lecture estim\u00e9e\" \/>\n\t<meta name=\"twitter:data1\" content=\"2 minutes\" \/>\n<script type=\"application\/ld+json\" class=\"yoast-schema-graph\">{\"@context\":\"https:\\\/\\\/schema.org\",\"@graph\":[{\"@type\":\"WebPage\",\"@id\":\"https:\\\/\\\/casapercasa.com\\\/fr\\\/projects\\\/classic-et-contemporain\\\/\",\"url\":\"https:\\\/\\\/casapercasa.com\\\/fr\\\/projects\\\/classic-et-contemporain\\\/\",\"name\":\"Casapercasa - Entre Classique et Contemporain\",\"isPartOf\":{\"@id\":\"https:\\\/\\\/casapercasa.com\\\/fr\\\/#website\"},\"primaryImageOfPage\":{\"@id\":\"https:\\\/\\\/casapercasa.com\\\/fr\\\/projects\\\/classic-et-contemporain\\\/#primaryimage\"},\"image\":{\"@id\":\"https:\\\/\\\/casapercasa.com\\\/fr\\\/projects\\\/classic-et-contemporain\\\/#primaryimage\"},\"thumbnailUrl\":\"https:\\\/\\\/casapercasa.com\\\/wp-content\\\/uploads\\\/2026\\\/01\\\/Casa-N-cucina.jpg\",\"datePublished\":\"2026-02-09T17:15:57+00:00\",\"dateModified\":\"2026-02-11T15:12:38+00:00\",\"description\":\"Classique et industriel, en \u00e9quilibre. Un projet qui met en dialogue le classique et l\u2019industriel dans un immeuble historique.\",\"breadcrumb\":{\"@id\":\"https:\\\/\\\/casapercasa.com\\\/fr\\\/projects\\\/classic-et-contemporain\\\/#breadcrumb\"},\"inLanguage\":\"fr-FR\",\"potentialAction\":[{\"@type\":\"ReadAction\",\"target\":[\"https:\\\/\\\/casapercasa.com\\\/fr\\\/projects\\\/classic-et-contemporain\\\/\"]}]},{\"@type\":\"ImageObject\",\"inLanguage\":\"fr-FR\",\"@id\":\"https:\\\/\\\/casapercasa.com\\\/fr\\\/projects\\\/classic-et-contemporain\\\/#primaryimage\",\"url\":\"https:\\\/\\\/casapercasa.com\\\/wp-content\\\/uploads\\\/2026\\\/01\\\/Casa-N-cucina.jpg\",\"contentUrl\":\"https:\\\/\\\/casapercasa.com\\\/wp-content\\\/uploads\\\/2026\\\/01\\\/Casa-N-cucina.jpg\"},{\"@type\":\"BreadcrumbList\",\"@id\":\"https:\\\/\\\/casapercasa.com\\\/fr\\\/projects\\\/classic-et-contemporain\\\/#breadcrumb\",\"itemListElement\":[{\"@type\":\"ListItem\",\"position\":1,\"name\":\"Home\",\"item\":\"https:\\\/\\\/casapercasa.com\\\/fr\\\/\"},{\"@type\":\"ListItem\",\"position\":2,\"name\":\"Projects\",\"item\":\"https:\\\/\\\/casapercasa.com\\\/fr\\\/projects\\\/\"},{\"@type\":\"ListItem\",\"position\":3,\"name\":\"Spazi privati &#8211; Casa Nadalin &#8211; fra\"}]},{\"@type\":\"WebSite\",\"@id\":\"https:\\\/\\\/casapercasa.com\\\/fr\\\/#website\",\"url\":\"https:\\\/\\\/casapercasa.com\\\/fr\\\/\",\"name\":\"Casapercasa\",\"description\":\"INNOVAZIONE ARTIGIANA\",\"publisher\":{\"@id\":\"https:\\\/\\\/casapercasa.com\\\/fr\\\/#organization\"},\"potentialAction\":[{\"@type\":\"SearchAction\",\"target\":{\"@type\":\"EntryPoint\",\"urlTemplate\":\"https:\\\/\\\/casapercasa.com\\\/fr\\\/?s={search_term_string}\"},\"query-input\":{\"@type\":\"PropertyValueSpecification\",\"valueRequired\":true,\"valueName\":\"search_term_string\"}}],\"inLanguage\":\"fr-FR\"},{\"@type\":\"Organization\",\"@id\":\"https:\\\/\\\/casapercasa.com\\\/fr\\\/#organization\",\"name\":\"Casapercasa S.r.l.\",\"url\":\"https:\\\/\\\/casapercasa.com\\\/fr\\\/\",\"logo\":{\"@type\":\"ImageObject\",\"inLanguage\":\"fr-FR\",\"@id\":\"https:\\\/\\\/casapercasa.com\\\/fr\\\/#\\\/schema\\\/logo\\\/image\\\/\",\"url\":\"https:\\\/\\\/casapercasa.com\\\/wp-content\\\/uploads\\\/2022\\\/10\\\/logo-extralarge-retina.png\",\"contentUrl\":\"https:\\\/\\\/casapercasa.com\\\/wp-content\\\/uploads\\\/2022\\\/10\\\/logo-extralarge-retina.png\",\"width\":258,\"height\":43,\"caption\":\"Casapercasa S.r.l.\"},\"image\":{\"@id\":\"https:\\\/\\\/casapercasa.com\\\/fr\\\/#\\\/schema\\\/logo\\\/image\\\/\"},\"sameAs\":[\"https:\\\/\\\/www.facebook.com\\\/casapercasadesign\",\"https:\\\/\\\/www.instagram.com\\\/casapercasadettagli\\\/?hl=it\"]}]}<\/script>","yoast_head_json":{"title":"Casapercasa - Entre Classique et Contemporain","description":"Classique et industriel, en \u00e9quilibre. Un projet qui met en dialogue le classique et l\u2019industriel dans un immeuble historique.","robots":{"index":"index","follow":"follow","max-snippet":"max-snippet:-1","max-image-preview":"max-image-preview:large","max-video-preview":"max-video-preview:-1"},"canonical":"https:\/\/casapercasa.com\/fr\/projects\/classic-et-contemporain\/","og_locale":"fr_FR","og_type":"article","og_title":"Casapercasa - Entre Classique et Contemporain","og_description":"Classique et industriel, en \u00e9quilibre. Un projet qui met en dialogue le classique et l\u2019industriel dans un immeuble historique.","og_url":"https:\/\/casapercasa.com\/fr\/projects\/classic-et-contemporain\/","og_site_name":"Casapercasa S.r.l.","article_publisher":"https:\/\/www.facebook.com\/casapercasadesign","article_modified_time":"2026-02-11T15:12:38+00:00","og_image":[{"width":1280,"height":854,"url":"https:\/\/casapercasa.com\/wp-content\/uploads\/2026\/01\/Casa-N-cucina.jpg","type":"image\/jpeg"}],"twitter_card":"summary_large_image","twitter_misc":{"Dur\u00e9e de lecture estim\u00e9e":"2 minutes"},"schema":{"@context":"https:\/\/schema.org","@graph":[{"@type":"WebPage","@id":"https:\/\/casapercasa.com\/fr\/projects\/classic-et-contemporain\/","url":"https:\/\/casapercasa.com\/fr\/projects\/classic-et-contemporain\/","name":"Casapercasa - Entre Classique et Contemporain","isPartOf":{"@id":"https:\/\/casapercasa.com\/fr\/#website"},"primaryImageOfPage":{"@id":"https:\/\/casapercasa.com\/fr\/projects\/classic-et-contemporain\/#primaryimage"},"image":{"@id":"https:\/\/casapercasa.com\/fr\/projects\/classic-et-contemporain\/#primaryimage"},"thumbnailUrl":"https:\/\/casapercasa.com\/wp-content\/uploads\/2026\/01\/Casa-N-cucina.jpg","datePublished":"2026-02-09T17:15:57+00:00","dateModified":"2026-02-11T15:12:38+00:00","description":"Classique et industriel, en \u00e9quilibre. Un projet qui met en dialogue le classique et l\u2019industriel dans un immeuble historique.","breadcrumb":{"@id":"https:\/\/casapercasa.com\/fr\/projects\/classic-et-contemporain\/#breadcrumb"},"inLanguage":"fr-FR","potentialAction":[{"@type":"ReadAction","target":["https:\/\/casapercasa.com\/fr\/projects\/classic-et-contemporain\/"]}]},{"@type":"ImageObject","inLanguage":"fr-FR","@id":"https:\/\/casapercasa.com\/fr\/projects\/classic-et-contemporain\/#primaryimage","url":"https:\/\/casapercasa.com\/wp-content\/uploads\/2026\/01\/Casa-N-cucina.jpg","contentUrl":"https:\/\/casapercasa.com\/wp-content\/uploads\/2026\/01\/Casa-N-cucina.jpg"},{"@type":"BreadcrumbList","@id":"https:\/\/casapercasa.com\/fr\/projects\/classic-et-contemporain\/#breadcrumb","itemListElement":[{"@type":"ListItem","position":1,"name":"Home","item":"https:\/\/casapercasa.com\/fr\/"},{"@type":"ListItem","position":2,"name":"Projects","item":"https:\/\/casapercasa.com\/fr\/projects\/"},{"@type":"ListItem","position":3,"name":"Spazi privati &#8211; Casa Nadalin &#8211; fra"}]},{"@type":"WebSite","@id":"https:\/\/casapercasa.com\/fr\/#website","url":"https:\/\/casapercasa.com\/fr\/","name":"Casapercasa","description":"INNOVAZIONE ARTIGIANA","publisher":{"@id":"https:\/\/casapercasa.com\/fr\/#organization"},"potentialAction":[{"@type":"SearchAction","target":{"@type":"EntryPoint","urlTemplate":"https:\/\/casapercasa.com\/fr\/?s={search_term_string}"},"query-input":{"@type":"PropertyValueSpecification","valueRequired":true,"valueName":"search_term_string"}}],"inLanguage":"fr-FR"},{"@type":"Organization","@id":"https:\/\/casapercasa.com\/fr\/#organization","name":"Casapercasa S.r.l.","url":"https:\/\/casapercasa.com\/fr\/","logo":{"@type":"ImageObject","inLanguage":"fr-FR","@id":"https:\/\/casapercasa.com\/fr\/#\/schema\/logo\/image\/","url":"https:\/\/casapercasa.com\/wp-content\/uploads\/2022\/10\/logo-extralarge-retina.png","contentUrl":"https:\/\/casapercasa.com\/wp-content\/uploads\/2022\/10\/logo-extralarge-retina.png","width":258,"height":43,"caption":"Casapercasa S.r.l."},"image":{"@id":"https:\/\/casapercasa.com\/fr\/#\/schema\/logo\/image\/"},"sameAs":["https:\/\/www.facebook.com\/casapercasadesign","https:\/\/www.instagram.com\/casapercasadettagli\/?hl=it"]}]}},"_links":{"self":[{"href":"https:\/\/casapercasa.com\/fr\/wp-json\/wp\/v2\/projects\/17326","targetHints":{"allow":["GET"]}}],"collection":[{"href":"https:\/\/casapercasa.com\/fr\/wp-json\/wp\/v2\/projects"}],"about":[{"href":"https:\/\/casapercasa.com\/fr\/wp-json\/wp\/v2\/types\/projects"}],"version-history":[{"count":10,"href":"https:\/\/casapercasa.com\/fr\/wp-json\/wp\/v2\/projects\/17326\/revisions"}],"predecessor-version":[{"id":17463,"href":"https:\/\/casapercasa.com\/fr\/wp-json\/wp\/v2\/projects\/17326\/revisions\/17463"}],"wp:attachment":[{"href":"https:\/\/casapercasa.com\/fr\/wp-json\/wp\/v2\/media?parent=17326"}],"curies":[{"name":"wp","href":"https:\/\/api.w.org\/{rel}","templated":true}]}}