{"id":17426,"date":"2026-02-11T11:36:53","date_gmt":"2026-02-11T10:36:53","guid":{"rendered":"https:\/\/casapercasa.com\/?page_id=17426"},"modified":"2026-02-19T10:50:37","modified_gmt":"2026-02-19T09:50:37","slug":"news-falegnami-contemporanei","status":"publish","type":"page","link":"https:\/\/casapercasa.com\/fr\/news-falegnami-contemporanei\/","title":{"rendered":"News: Falegnami contemporanei fra"},"content":{"rendered":"\n<div class=\"wp-block-group is-style-container container-small\">\n<div style=\"height:50px\" aria-hidden=\"true\" class=\"wp-block-spacer\"><\/div>\n\n\n\n<p class=\"has-small-font-size wp-block-paragraph\">30 Novembre 2024<\/p>\n\n\n\n<p class=\"solo-desktop has-black-color has-text-color has-link-color has-large-font-size wp-elements-9bcb2fb7c017abbf74eed5b32e2a01f8 wp-block-paragraph\"><a href=\"https:\/\/casapercasa.com\/fr\/actualites\"><mark style=\"background-color:rgba(0, 0, 0, 0)\" class=\"has-inline-color has-palette-4-color\">Actualit\u00e9s <\/mark><mark style=\"background-color:rgba(0, 0, 0, 0);color:#000000\" class=\"has-inline-color\">\/<\/mark><\/a> Falegnami Contemporanei<\/p>\n\n\n\n<p class=\"solo-mobile has-black-color has-text-color has-link-color has-normal-font-size wp-elements-844d9886d84620aab50cdf827ecc3888 wp-block-paragraph\"><a href=\"https:\/\/casapercasa.com\/fr\/actualites\"><mark style=\"background-color:rgba(0, 0, 0, 0)\" class=\"has-inline-color has-palette-4-color\">Actualit\u00e9s <\/mark><mark style=\"background-color:rgba(0, 0, 0, 0);color:#000000\" class=\"has-inline-color\">\/<\/mark><\/a> Falegnami Contemporanei<\/p>\n\n\n\n<div style=\"height:50px\" aria-hidden=\"true\" class=\"wp-block-spacer solo-desktop\"><\/div>\n<\/div>\n\n\n\n<div class=\"wp-block-group\">\n<div class=\"wp-block-group is-style-container\">\n<div class=\"wp-block-media-text is-stacked-on-mobile\" style=\"grid-template-columns:40% auto\"><figure class=\"wp-block-media-text__media\"><img loading=\"lazy\" decoding=\"async\" width=\"1920\" height=\"1391\" src=\"https:\/\/casapercasa.com\/wp-content\/uploads\/2026\/01\/News-Falegnami-Contemporanei.jpg\" alt=\"\" class=\"wp-image-16677 size-full\" srcset=\"https:\/\/casapercasa.com\/wp-content\/uploads\/2026\/01\/News-Falegnami-Contemporanei.jpg 1920w, https:\/\/casapercasa.com\/wp-content\/uploads\/2026\/01\/News-Falegnami-Contemporanei-1600x1159.jpg 1600w, https:\/\/casapercasa.com\/wp-content\/uploads\/2026\/01\/News-Falegnami-Contemporanei-768x556.jpg 768w, https:\/\/casapercasa.com\/wp-content\/uploads\/2026\/01\/News-Falegnami-Contemporanei-1536x1113.jpg 1536w, https:\/\/casapercasa.com\/wp-content\/uploads\/2026\/01\/News-Falegnami-Contemporanei-300x217.jpg 300w, https:\/\/casapercasa.com\/wp-content\/uploads\/2026\/01\/News-Falegnami-Contemporanei-600x435.jpg 600w\" sizes=\"auto, (max-width: 1920px) 100vw, 1920px\" \/><\/figure><div class=\"wp-block-media-text__content\">\n<p class=\"solo-desktop has-black-color has-text-color has-link-color has-large-font-size wp-elements-252bbb08fa6d76c07cbab21570648093 wp-block-paragraph\">Une nouvelle g\u00e9n\u00e9ration d\u2019entrepreneurs<\/p>\n\n\n\n<p class=\"solo-mobile has-black-color has-text-color has-link-color has-normal-font-size wp-elements-617f0b37eab4f76233a9aab6d07af276 wp-block-paragraph\">Une nouvelle g\u00e9n\u00e9ration d\u2019entrepreneurs<\/p>\n\n\n\n<div style=\"height:20px\" aria-hidden=\"true\" class=\"wp-block-spacer\"><\/div>\n\n\n\n<p class=\"has-black-color has-text-color has-link-color has-small-font-size wp-elements-905b265cd5864e5e7f59173d26c9483e wp-block-paragraph\">Pour la premi\u00e8re fois, des entrepreneurs, architectes et \u00e9tudiants de l\u2019Universit\u00e9 IUAV se sont r\u00e9unis pour discuter de design, de durabilit\u00e9 et de communication dans le cadre du projet <strong><em>Menuisiers contemporains<\/em> <\/strong>.<\/p>\n\n\n\n<p class=\"has-black-color has-text-color has-link-color has-small-font-size wp-elements-ce97c34e70bdd9caa8b11096796bd07f wp-block-paragraph\">Un dialogue riche en id\u00e9es, pla\u00e7ant au centre la valeur de l\u2019artisanat et les nouveaux d\u00e9fis pour l\u2019avenir.<\/p>\n<\/div><\/div>\n\n\n\n<div class=\"wp-block-group is-style-container container-small\">\n<div style=\"height:50px\" aria-hidden=\"true\" class=\"wp-block-spacer\"><\/div>\n\n\n\n<p class=\"has-black-color has-text-color has-link-color has-small-font-size wp-elements-8af4d4a9e162d0e92591c1ed597d45b5 wp-block-paragraph\">L\u2019initiative, promue par <strong>Confartigianato Imprese Marca Trevigiana<\/strong>, avait pour objectif de former une nouvelle g\u00e9n\u00e9ration d\u2019entrepreneurs dans le secteur bois-meuble, un domaine qui compte aujourd\u2019hui <strong>1 535 entreprises artisanales et 4 251 employ\u00e9s<\/strong> uniquement dans la province de Tr\u00e9vise, la plus active de la r\u00e9gion de V\u00e9n\u00e9tie.<\/p>\n\n\n\n<p class=\"has-black-color has-text-color has-link-color has-small-font-size wp-elements-7ad3856e3bb7eaa0f3d5ebb9ba678c84 wp-block-paragraph\"><strong>Le mot d\u2019ordre pour l\u2019avenir: Contamination<\/strong><\/p>\n\n\n\n<p class=\"has-black-color has-text-color has-link-color has-small-font-size wp-elements-10fd3237d4acc737551b2154421db102 wp-block-paragraph\"><strong>Menuisiers contemporains<\/strong> vise \u00e0 cr\u00e9er un environnement collaboratif et immersif, o\u00f9 les comp\u00e9tences des artisans, architectes et designers se m\u00e9langent pour concevoir des produits selon une approche circulaire, prenant en compte leur r\u00e9utilisation et leur r\u00e9g\u00e9n\u00e9ration, tout en respectant l\u2019origine des mat\u00e9riaux utilis\u00e9s.<\/p>\n\n\n\n<p class=\"has-black-color has-text-color has-link-color has-small-font-size wp-elements-4c8386bda7a4d0521abc81b7e678c0a0 wp-block-paragraph\">Un parcours d\u00e9but\u00e9 en f\u00e9vrier et conclu le 29 novembre \u00e0 l\u2019\u00e9cole <strong>Lepido Rocco<\/strong> de Lancenigo, o\u00f9 un nouveau concept de <strong>\u00ab sur mesure \u00bb<\/strong> a \u00e9t\u00e9 lanc\u00e9.<br>Une id\u00e9e qui valorise l\u2019artisanat de qualit\u00e9, capable de conjuguer racines locales et vision internationale, devenant ainsi ambassadeur du <strong>Made in Italy<\/strong> dans le monde.<\/p>\n\n\n\n<p class=\"has-palette-5-color has-text-color has-link-color has-small-font-size wp-elements-4c16c79cfa0d593de5df42317f1434f6 wp-block-paragraph\"><em>\u00abLa mondialisation repose sur des \u00e9conomies d\u2019\u00e9chelle et des produits standardis\u00e9s\u00bb, a d\u00e9clar\u00e9 <strong>Bruno Mazzariol<\/strong>, pr\u00e9sident du groupe bois-meuble de Confartigianato Imprese Marca Trevigiana.<br>\u00abMais les artisans ont une voie royale : miser sur la personnalisation, le design, la beaut\u00e9 et le sur mesure\u00bb<\/em><\/p>\n\n\n\n<p class=\"has-black-color has-text-color has-link-color has-small-font-size wp-elements-71785071f8d6cbdbb2ae5d1e74fa1a15 wp-block-paragraph\">Une approche qui nous est particuli\u00e8rement ch\u00e8re, car elle refl\u00e8te pleinement notre philosophie, que nous poursuivons avec constance et fiert\u00e9 depuis plus de 20 ans. Chez <strong>Casapercasa<\/strong>, le dialogue entre artisans et designers n\u2019est pas une exception, mais le c\u0153ur battant de notre travail. Notre atelier diffus est le lieu o\u00f9 ces figures se confrontent chaque jour, exp\u00e9rimentent et donnent vie \u00e0 des solutions sur mesure qui allient esth\u00e9tique, fonctionnalit\u00e9 et durabilit\u00e9.<\/p>\n\n\n\n<p class=\"has-black-color has-text-color has-link-color has-small-font-size wp-elements-53069409a8b77a05368fd50c9c35b3a0 wp-block-paragraph\">Nous croyons fermement que la rencontre entre conception et artisanat est la cl\u00e9 d\u2019un avenir o\u00f9 le sur mesure deviendra la v\u00e9ritable alternative \u00e0 la standardisation.<\/p>\n\n\n\n<div style=\"height:25px\" aria-hidden=\"true\" class=\"wp-block-spacer\"><\/div>\n\n\n\n<p class=\"has-text-align-center has-black-color has-text-color has-link-color has-small-font-size wp-elements-103f72a83c9baa5989962efbc25b26ab wp-block-paragraph\">Cliquez ici pour t\u00e9l\u00e9charger le rapport du projet<\/p>\n\n\n\n<div class=\"wp-block-file aligncenter\"><a id=\"wp-block-file--media-b6bad5fa-3bec-43ef-9b09-e8e4949486aa\" href=\"https:\/\/casapercasa.com\/wp-content\/uploads\/2025\/02\/FC-ReportProgetto.pdf\" target=\"_blank\" rel=\"noreferrer noopener\"><mark style=\"background-color:rgba(0, 0, 0, 0)\" class=\"has-inline-color has-palette-1-color\">.<\/mark><\/a><a href=\"https:\/\/casapercasa.com\/wp-content\/uploads\/2025\/02\/FC-ReportProgetto.pdf\" class=\"wp-block-file__button wp-element-button\" download aria-describedby=\"wp-block-file--media-b6bad5fa-3bec-43ef-9b09-e8e4949486aa\">Download<\/a><\/div>\n\n\n\n<p class=\"solo-desktop wp-block-paragraph\" style=\"font-size:13px\"><br><em>Le projet de<\/em> <em>Confartigianato Imprese Marca Trevigiana a r\u00e9uni l\u2019Universit\u00e9 IUAV de Venise, la<\/em> <em>Fondazione Architettura Treviso et des designers de renomm\u00e9e internationale, avec le parrainage de l\u2019Ordre des architectes, planificateurs, paysagistes et conservateurs de la province de Tr\u00e9vise, le soutien de<\/em> <em>EBAV et de la<\/em> <em>Chambre de commerce Treviso \u2013 Belluno Dolomiti, et est h\u00e9berg\u00e9 par l\u2019\u00e9cole de formation professionnelle<\/em> <em>Lepido Rocco.<\/em><\/p>\n\n\n\n<p class=\"solo-mobile wp-block-paragraph\" style=\"font-size:10px\"><em>Le projet de<\/em> <em>Confartigianato Imprese Marca Trevigiana a r\u00e9uni l\u2019Universit\u00e9 IUAV de Venise, la<\/em> <em>Fondazione Architettura Treviso et des designers de renomm\u00e9e internationale, avec le parrainage de l\u2019Ordre des architectes, planificateurs, paysagistes et conservateurs de la province de Tr\u00e9vise, le soutien de<\/em> <em>EBAV et de la<\/em> <em>Chambre de commerce Treviso \u2013 Belluno Dolomiti, et est h\u00e9berg\u00e9 par l\u2019\u00e9cole de formation professionnelle<\/em> <em>Lepido Rocco.<\/em><\/p>\n<\/div>\n<\/div>\n\n\n\n<div class=\"wp-block-group is-style-container\">\n<div class=\"wp-block-group solo-desktop\">        <div  class=\"block_584c119fec20882a35a1e5a777b369f7 CustomGalleryWrapper CustomGalleryWrapper_Masonry numcol4 cb_custom_cgallery\">\r\n            <div class=\"masonry-wrapper\">\r\n                <div class=\"grid-sizer\"><\/div>\r\n                <div class=\"gutter-sizer\"><\/div>\r\n                                    <div class=\"masonry-img\">\r\n                                                    <a class=\"image_box_descr_img\" href=\"https:\/\/casapercasa.com\/wp-content\/uploads\/2025\/02\/Casapercasa_01.jpg\" data-pswp-width=\"1920\" data-pswp-height=\"1280\">\r\n                                                    <img decoding=\"async\" src=\"https:\/\/casapercasa.com\/wp-content\/uploads\/2025\/02\/Casapercasa_01.jpg\">\r\n                                                    <\/a>\r\n                                                <\/div>\r\n                                        <div class=\"masonry-img\">\r\n                                                    <a class=\"image_box_descr_img\" href=\"https:\/\/casapercasa.com\/wp-content\/uploads\/2025\/02\/Indriolo_azienda_01.jpg\" data-pswp-width=\"1440\" data-pswp-height=\"1920\">\r\n                                                    <img decoding=\"async\" src=\"https:\/\/casapercasa.com\/wp-content\/uploads\/2025\/02\/Indriolo_azienda_01.jpg\">\r\n                                                    <\/a>\r\n                                                <\/div>\r\n                                        <div class=\"masonry-img\">\r\n                                                    <a class=\"image_box_descr_img\" href=\"https:\/\/casapercasa.com\/wp-content\/uploads\/2025\/02\/Casapercasa_03.jpg\" data-pswp-width=\"1440\" data-pswp-height=\"1920\">\r\n                                                    <img decoding=\"async\" src=\"https:\/\/casapercasa.com\/wp-content\/uploads\/2025\/02\/Casapercasa_03.jpg\">\r\n                                                    <\/a>\r\n                                                <\/div>\r\n                                        <div class=\"masonry-img\">\r\n                                                    <a class=\"image_box_descr_img\" href=\"https:\/\/casapercasa.com\/wp-content\/uploads\/2025\/02\/Casapercasa_04.jpg\" data-pswp-width=\"1440\" data-pswp-height=\"1920\">\r\n                                                    <img decoding=\"async\" src=\"https:\/\/casapercasa.com\/wp-content\/uploads\/2025\/02\/Casapercasa_04.jpg\">\r\n                                                    <\/a>\r\n                                                <\/div>\r\n                                        <div class=\"masonry-img\">\r\n                                                    <a class=\"image_box_descr_img\" href=\"https:\/\/casapercasa.com\/wp-content\/uploads\/2025\/02\/Casapercasa_02.jpg\" data-pswp-width=\"1440\" data-pswp-height=\"1920\">\r\n                                                    <img decoding=\"async\" src=\"https:\/\/casapercasa.com\/wp-content\/uploads\/2025\/02\/Casapercasa_02.jpg\">\r\n                                                    <\/a>\r\n                                                <\/div>\r\n                                        <div class=\"masonry-img\">\r\n                                                    <a class=\"image_box_descr_img\" href=\"https:\/\/casapercasa.com\/wp-content\/uploads\/2025\/02\/IMG_1805.jpg\" data-pswp-width=\"1440\" data-pswp-height=\"1920\">\r\n                                                    <img decoding=\"async\" src=\"https:\/\/casapercasa.com\/wp-content\/uploads\/2025\/02\/IMG_1805.jpg\">\r\n                                                    <\/a>\r\n                                                <\/div>\r\n                                        <div class=\"masonry-img\">\r\n                                                    <a class=\"image_box_descr_img\" href=\"https:\/\/casapercasa.com\/wp-content\/uploads\/2025\/02\/IMG_0077.jpg\" data-pswp-width=\"1440\" data-pswp-height=\"1920\">\r\n                                                    <img decoding=\"async\" src=\"https:\/\/casapercasa.com\/wp-content\/uploads\/2025\/02\/IMG_0077.jpg\">\r\n                                                    <\/a>\r\n                                                <\/div>\r\n                                        <div class=\"masonry-img\">\r\n                                                    <a class=\"image_box_descr_img\" href=\"https:\/\/casapercasa.com\/wp-content\/uploads\/2025\/02\/IMG_0075.jpeg\" data-pswp-width=\"1536\" data-pswp-height=\"2048\">\r\n                                                    <img decoding=\"async\" src=\"https:\/\/casapercasa.com\/wp-content\/uploads\/2025\/02\/IMG_0075.jpeg\">\r\n                                                    <\/a>\r\n                                                <\/div>\r\n                                        <div class=\"masonry-img\">\r\n                                                    <a class=\"image_box_descr_img\" href=\"https:\/\/casapercasa.com\/wp-content\/uploads\/2025\/02\/IMG_0071.jpeg\" data-pswp-width=\"1536\" data-pswp-height=\"2048\">\r\n                                                    <img decoding=\"async\" src=\"https:\/\/casapercasa.com\/wp-content\/uploads\/2025\/02\/IMG_0071.jpeg\">\r\n                                                    <\/a>\r\n                                                <\/div>\r\n                                <\/div>\r\n        <\/div>\r\n        <script>\r\n        imagesLoaded( document.querySelector('.block_584c119fec20882a35a1e5a777b369f7'), function( instance )\r\n            {\r\n            $('.block_584c119fec20882a35a1e5a777b369f7 .masonry-wrapper').masonry(\r\n                {\r\n                itemSelector: '.masonry-img',\r\n                columnWidth: '.grid-sizer',\r\n                gutter: '.gutter-sizer',\r\n                percentPosition: true,\r\n                });\r\n            });\r\n        <\/script>\r\n        <\/div>\n\n\n\n<div class=\"wp-block-group solo-mobile\">\n<div style=\"height:50px\" aria-hidden=\"true\" class=\"wp-block-spacer solo-desktop\"><\/div>\n\n\n\n<p class=\"has-text-align-center wp-block-paragraph\" style=\"font-size:12px\">Faites d\u00e9filer la galerie pour voir les photos,<br>cliquez sur les images pour zoomer<\/p>\n\n\n\n<div style=\"height:20px\" aria-hidden=\"true\" class=\"wp-block-spacer\"><\/div>\n\n\n        <div  class=\"block_da81d31714a64550d564daf561609e28 CustomGalleryWrapper CustomGalleryWrapper_Slider cb_custom_cgallery\">\r\n            <div class=\"swiper-container\">\r\n                <div class=\"swiper-wrapper\">\r\n                                            <div class=\"swiper-slide\">\r\n                                                            <a href=\"https:\/\/casapercasa.com\/wp-content\/uploads\/2025\/02\/Casapercasa_01.jpg\" data-pswp-width=\"1920\" data-pswp-height=\"1280\">\r\n                                                            <img srcset=\"https:\/\/casapercasa.com\/wp-content\/uploads\/2025\/02\/Casapercasa_01.jpg\" >                                                            <\/a>\r\n                                                        <\/div>\r\n                                                <div class=\"swiper-slide\">\r\n                                                            <a href=\"https:\/\/casapercasa.com\/wp-content\/uploads\/2025\/02\/Indriolo_azienda_01.jpg\" data-pswp-width=\"1440\" data-pswp-height=\"1920\">\r\n                                                            <img srcset=\"https:\/\/casapercasa.com\/wp-content\/uploads\/2025\/02\/Indriolo_azienda_01.jpg\" >                                                            <\/a>\r\n                                                        <\/div>\r\n                                                <div class=\"swiper-slide\">\r\n                                                            <a href=\"https:\/\/casapercasa.com\/wp-content\/uploads\/2025\/02\/Casapercasa_03.jpg\" data-pswp-width=\"1440\" data-pswp-height=\"1920\">\r\n                                                            <img srcset=\"https:\/\/casapercasa.com\/wp-content\/uploads\/2025\/02\/Casapercasa_03.jpg\" >                                                            <\/a>\r\n                                                        <\/div>\r\n                                                <div class=\"swiper-slide\">\r\n                                                            <a href=\"https:\/\/casapercasa.com\/wp-content\/uploads\/2025\/02\/Casapercasa_04.jpg\" data-pswp-width=\"1440\" data-pswp-height=\"1920\">\r\n                                                            <img srcset=\"https:\/\/casapercasa.com\/wp-content\/uploads\/2025\/02\/Casapercasa_04.jpg\" >                                                            <\/a>\r\n                                                        <\/div>\r\n                                                <div class=\"swiper-slide\">\r\n                                                            <a href=\"https:\/\/casapercasa.com\/wp-content\/uploads\/2025\/02\/Casapercasa_02.jpg\" data-pswp-width=\"1440\" data-pswp-height=\"1920\">\r\n                                                            <img srcset=\"https:\/\/casapercasa.com\/wp-content\/uploads\/2025\/02\/Casapercasa_02.jpg\" >                                                            <\/a>\r\n                                                        <\/div>\r\n                                                <div class=\"swiper-slide\">\r\n                                                            <a href=\"https:\/\/casapercasa.com\/wp-content\/uploads\/2025\/02\/IMG_1805.jpg\" data-pswp-width=\"1440\" data-pswp-height=\"1920\">\r\n                                                            <img srcset=\"https:\/\/casapercasa.com\/wp-content\/uploads\/2025\/02\/IMG_1805.jpg\" >                                                            <\/a>\r\n                                                        <\/div>\r\n                                                <div class=\"swiper-slide\">\r\n                                                            <a href=\"https:\/\/casapercasa.com\/wp-content\/uploads\/2025\/02\/IMG_0077.jpg\" data-pswp-width=\"1440\" data-pswp-height=\"1920\">\r\n                                                            <img srcset=\"https:\/\/casapercasa.com\/wp-content\/uploads\/2025\/02\/IMG_0077.jpg\" loading=\"lazy\"><div class=\"swiper-lazy-preloader swiper-lazy-preloader-white\"><\/div>                                                            <\/a>\r\n                                                        <\/div>\r\n                                                <div class=\"swiper-slide\">\r\n                                                            <a href=\"https:\/\/casapercasa.com\/wp-content\/uploads\/2025\/02\/IMG_0075.jpeg\" data-pswp-width=\"1536\" data-pswp-height=\"2048\">\r\n                                                            <img srcset=\"https:\/\/casapercasa.com\/wp-content\/uploads\/2025\/02\/IMG_0075.jpeg\" loading=\"lazy\"><div class=\"swiper-lazy-preloader swiper-lazy-preloader-white\"><\/div>                                                            <\/a>\r\n                                                        <\/div>\r\n                                                <div class=\"swiper-slide\">\r\n                                                            <a href=\"https:\/\/casapercasa.com\/wp-content\/uploads\/2025\/02\/IMG_0071.jpeg\" data-pswp-width=\"1536\" data-pswp-height=\"2048\">\r\n                                                            <img srcset=\"https:\/\/casapercasa.com\/wp-content\/uploads\/2025\/02\/IMG_0071.jpeg\" loading=\"lazy\"><div class=\"swiper-lazy-preloader swiper-lazy-preloader-white\"><\/div>                                                            <\/a>\r\n                                                        <\/div>\r\n                                        <\/div>\r\n                <div class=\"navigation-box-wrapper\">\r\n                    <div class=\"navigation-box\">\r\n                        <div class=\"left-arrow\">\r\n                                                        <img decoding=\"async\" src=\"\/wp-content\/uploads\/2024\/11\/arrow-left-casapercasa.svg\">\r\n                                                    <\/div>\r\n                        <div class=\"right-arrow\">\r\n                                                        <img decoding=\"async\" src=\"\/wp-content\/uploads\/2024\/11\/arrow-right-casapercasa.svg\">\r\n                                                    <\/div>\r\n                    <\/div>\r\n                <\/div>\r\n            <\/div>\r\n        <\/div>\r\n        <\/div>\n<\/div>\n\n\n\n<div style=\"height:30px\" aria-hidden=\"true\" class=\"wp-block-spacer\"><\/div>\n\n\n\n<div class=\"wp-block-group is-style-container\">\n<div class=\"wp-block-columns is-not-stacked-on-mobile\">\n<div class=\"wp-block-column\"><\/div>\n\n\n\n<div class=\"wp-block-column\">    <div id=\"custom_link-block_005fb9054a16924c9fa7042303b75388\" class=\"Custom_Link_Wrapper custom_link aligncenter\">\r\n\t\t\t\t\t<div class=\"Custom_Link_Box\">\r\n\t\t\t\t<a href=\"https:\/\/casapercasa.com\/fr\/actualites\" class=\"single_cb_link_box\">\r\n\t\t\t\t\t\t\t\t\t\t\t<div class=\"single_cb_link_text\" style=\"color:#0a0303\">Retour aux actualit\u00e9s<\/div>\r\n\t\t\t\t\t\t\t\t\t\t\t<div class=\"single_cb_link_animate\">\r\n\t\t\t\t\t\t<svg id=\"WoodArrowRight\" xmlns=\"http:\/\/www.w3.org\/2000\/svg\" width=\"121.796\" height=\"121.796\" viewBox=\"0 0 121.796 121.796\">\r\n\t\t\t\t\t\t\t<path id=\"WoodArrowRight_Wood\" d=\"M1580.784,546.788c.033-.461.063-.923.085-1.387h0c.028-.583.047-1.169.059-1.757.009-.411.016-.824.016-1.238,0-.2-.006-.389-.007-.584h0a60.523,60.523,0,0,0-5.7-25.145l-.015-.032q-.346-.736-.709-1.462h0a61.072,61.072,0,0,0-44.854-32.914h0a60.836,60.836,0,0,0-41.89,8.523h0q-.59.37-1.17.753l-.016.011q-.576.38-1.142.772l-.023.016q-.566.393-1.123.8l-.015.011a61.4,61.4,0,0,0-12.419,12.064l-.093.121a60.879,60.879,0,0,0-8.414,14.835q-.257.651-.5,1.31h0a61.013,61.013,0,0,0-2.506,32.961l0,.018a60.4,60.4,0,0,0,4.014,12.587l0,.008q.316.711.65,1.413h0a61.19,61.19,0,0,0,37.7,32.315h0a60.856,60.856,0,0,0,44.3-3.79h0q.74-.368,1.47-.754l.045-.024a61.2,61.2,0,0,0,12.892-9.172h0q.629-.583,1.241-1.183l.088-.086q.619-.61,1.222-1.235h0a61.072,61.072,0,0,0,12.535-19.324l.009-.022q.256-.631.5-1.27v0h0a60.412,60.412,0,0,0,3.647-15.654h0v0q.068-.708.12-1.421C1580.782,546.826,1580.782,546.807,1580.784,546.788Zm-2.537-6.027c-.324-.139-.646-.278-.961-.415a127.729,127.729,0,0,0-23.607-7.086l-13.772-2.317q-25.719-4.328-51.442-8.636-1.952-.326-3.9-.663c-5.855-1-11.849-2.023-17.865-2.553a58.313,58.313,0,0,1,7.63-12.7c7.123-.655,13.324-.967,19.125-.967,2.649,0,5.267.066,7.783.2,15.683.815,30.829,3.566,43.577,6.149,9.274,1.879,18.669,3.82,27.852,5.721A57.835,57.835,0,0,1,1578.247,540.761Zm-58.2-56.582c.844,0,1.684.022,2.519.058a243.886,243.886,0,0,1-27.522,5.59A57.88,57.88,0,0,1,1520.045,484.179Zm-31.418,9.224a246.659,246.659,0,0,0,34.333-6.22c2.51-.653,4.987-1.323,7.408-2.087a58.4,58.4,0,0,1,40.77,29.407q-3.818-.768-7.636-1.539c-12.152-2.46-24.718-5-37.117-7.241a187.885,187.885,0,0,0-33.277-3.005c-5.413,0-10.87.249-16.3.732A58.674,58.674,0,0,1,1488.627,493.4Zm-22.989,28.267c5.891.473,11.724,1.448,17.418,2.4l.477.08q32.7,5.491,65.4,11,4.148.7,8.289,1.427l15.557,4.311s-13.692-1.5-14.727-1.461c-15.081.633-24.639,3.827-30.469,7.229a113.209,113.209,0,0,0-13.04,8.731c-1.9,1.437-3.689,2.795-6.11,4.4a15.258,15.258,0,0,1-8.7,2.512,26.033,26.033,0,0,1-6.349-.874c-10.146-2.548-20.394-5.2-30.48-7.823a58.239,58.239,0,0,1,2.735-31.93Zm2.842,47.755c14.942,4.546,25.747,13.839,32.727,28.078A58.537,58.537,0,0,1,1468.48,569.424Zm51.565,31.207a58.111,58.111,0,0,1-14.967-1.953c-1.826-3.031-3.81-6.261-6.126-9.97-7.1-11.369-17.562-18.677-31.97-22.337a57.749,57.749,0,0,1-3.363-9.579c8.989,2.262,18.509,4.612,29.765,7.35a24.61,24.61,0,0,0,5.8.722,23.421,23.421,0,0,0,14.068-4.891c15.464-11.051,26.823-18.237,45.608-18.237a97.432,97.432,0,0,1,16.962,1.573,4.765,4.765,0,0,1,.51.129l1.917.538c-.02.737-.057,1.469-.1,2.2l-1.4.4c-1.638.465-3.257.952-4.822,1.422-3.49,1.049-6.786,2.039-10.211,2.795a96.666,96.666,0,0,0-32.509,13.951c-1.464.957-3,1.8-4.484,2.622-1.552.854-3.017,1.662-4.422,2.592a34.253,34.253,0,0,0-6.61,5.236,5.986,5.986,0,0,0,1.8,10.151,42.387,42.387,0,0,0,6.171,2.471c1,.344,2.042.7,3.059,1.085,1.1.416,2.188.84,3.281,1.264,2.129.826,4.332,1.68,6.51,2.455,2.945,1.049,5.922,2.092,8.88,3.123A57.891,57.891,0,0,1,1520.045,600.631Zm40.569-16.5a77.477,77.477,0,0,1-10.814-2.611c-1.39-.418-5.383-2.716-5.262-4.6s3.262-3.753,4.306-4.368c7.382-4.355,14.51-6.472,21.794-6.472q1.275,0,2.561.094A58.478,58.478,0,0,1,1560.614,584.128Zm13.662-20.525c-1.174-.1-2.344-.159-3.5-.159a44.985,44.985,0,0,0-22.394,6.307,25.389,25.389,0,0,0-4.9,3.8c-1.831,1.753-2.032,3.633-.631,5.919,1.274,2.078,3.228,3.542,6.536,4.894a37.156,37.156,0,0,0,8.541,2.228,58.446,58.446,0,0,1-11.418,7.674c-.612-.206-1.224-.411-1.832-.619-2.03-.694-4.018-1.533-5.941-2.344-1.513-.639-3.079-1.3-4.626-1.871-2.415-.892-4.906-1.732-7.316-2.543-1.648-.556-3.3-1.111-4.937-1.687a37.079,37.079,0,0,1-4.783-1.951,3.726,3.726,0,0,1-1.114-6.658,20.1,20.1,0,0,1,4.3-3.547c3.635-2.155,7.351-4.3,10.946-6.375,3.385-1.953,6.885-3.974,10.3-5.994,5.067-3,10.635-4.48,16.02-5.916,1.372-.366,2.791-.744,4.171-1.139,5.382-1.543,10.833-3.076,16.2-4.577A57.76,57.76,0,0,1,1574.276,563.6Z\" transform=\"translate(-1459.147 -481.507)\"\/>\r\n\t\t\t\t\t\t<\/svg>\r\n\t\t\t\t\t\t<svg class=\"MenuItemArrow\" xmlns=\"http:\/\/www.w3.org\/2000\/svg\" width=\"100.707\" height=\"23.156\" viewBox=\"0 0 100.707 23.156\">\r\n\t\t\t\t\t\t\t<g id=\"arrow\" transform=\"translate(0.008 0.078)\">\r\n\t\t\t\t\t\t\t\t<path id=\"WoodArrowRight_LinePath\" d=\"M88.768.275,99.992,11.5,88.768,22.725\" fill=\"none\" stroke=\"#000\" stroke-width=\"5\"><\/path>\r\n\t\t\t\t\t\t\t\t<path id=\"WoodArrowRight_Line\" d=\"M0,11.5H100\" transform=\"translate(-0.008)\" stroke=\"#000\" stroke-width=\"5\"><\/path>\r\n\t\t\t\t\t\t\t<\/g>\r\n\t\t\t\t\t\t<\/svg>\r\n\t\t\t\t\t<\/div>\r\n\t\t\t\t<\/a>\r\n\t\t\t<\/div>\r\n\t\t\t    <\/div>\r\n    <\/div>\n<\/div>\n<\/div>\n\n\n\n<div style=\"height:30px\" aria-hidden=\"true\" class=\"wp-block-spacer\"><\/div>\n<\/div>\n\n\n\n<div class=\"wp-block-group has-background\" style=\"background-color:#9fa63a3d\"><div id=\"17426\" class=\"Custom_CTA_Wrapper custom_cta\">\r\n    <div class=\"container\">\r\n        <div class=\"row align-items-center\">\r\n            <div class=\"col-12 col-lg-4 col-xl-3\">\r\n                <div class=\"Custom_CTA_Img\">\r\n                                            <img decoding=\"async\" src=\"https:\/\/casapercasa.com\/wp-content\/uploads\/2022\/09\/la-nostra-sede-e1701268650543.jpg\">\r\n                                        <\/div>\r\n            <\/div>\r\n            <div class=\"col-12 col-lg-8 col-xl-9\">\r\n                <div class=\"Custom_CTA_Content_Wrapper\">\r\n                    <div class=\"Custom_CTA_Title\">Passez du temps avec nous.<\/div>\r\n                    <div class=\"Custom_CTA_Descr\">Notre showroom et nos ateliers vous attendent: d\u00e9sirez, imaginez, d\u00e9couvrez, choisissez, cr\u00e9ez.<\/div>\r\n                                            <div class=\"Custom_CTA_Link\"><a href=\"https:\/\/casapercasa.com\/fr\/contatti\/\">Contactez-nous d\u00e8s maintenant<\/a><\/div>\r\n                                        <\/div>\r\n            <\/div>\r\n        <\/div>\r\n    <\/div>\r\n<\/div><\/div>\n","protected":false},"excerpt":{"rendered":"<p>30 Novembre 2024 Actualit\u00e9s \/ Falegnami Contemporanei Actualit\u00e9s \/ Falegnami Contemporanei Une nouvelle g\u00e9n\u00e9ration d\u2019entrepreneurs Une nouvelle g\u00e9n\u00e9ration d\u2019entrepreneurs Pour la premi\u00e8re fois, des entrepreneurs, architectes et \u00e9tudiants de l\u2019Universit\u00e9 IUAV se sont r\u00e9unis pour discuter de design, de durabilit\u00e9 et de communication dans le cadre du projet Menuisiers contemporains . Un dialogue riche en [&hellip;]<\/p>\n","protected":false},"author":3,"featured_media":0,"parent":0,"menu_order":0,"comment_status":"closed","ping_status":"closed","template":"","meta":{"_acf_changed":false,"inline_featured_image":false,"footnotes":""},"class_list":["post-17426","page","type-page","status-publish","hentry"],"acf":[],"yoast_head":"<title>Actualit\u00e9s - Falegnami Contemporanei<\/title>\n<meta name=\"description\" content=\"Une initiative promue par Confartigianato, visant \u00e0 former une nouvelle g\u00e9n\u00e9ration d\u2019entrepreneurs dans le secteur bois-meuble.\" \/>\n<meta name=\"robots\" content=\"index, follow, max-snippet:-1, max-image-preview:large, max-video-preview:-1\" \/>\n<link rel=\"canonical\" href=\"https:\/\/casapercasa.com\/fr\/news-falegnami-contemporanei\/\" \/>\n<meta property=\"og:locale\" content=\"fr_FR\" \/>\n<meta property=\"og:type\" content=\"article\" \/>\n<meta property=\"og:title\" content=\"Actualit\u00e9s - Falegnami Contemporanei\" \/>\n<meta property=\"og:description\" content=\"Une initiative promue par Confartigianato, visant \u00e0 former une nouvelle g\u00e9n\u00e9ration d\u2019entrepreneurs dans le secteur bois-meuble.\" \/>\n<meta property=\"og:url\" content=\"https:\/\/casapercasa.com\/fr\/news-falegnami-contemporanei\/\" \/>\n<meta property=\"og:site_name\" content=\"Casapercasa S.r.l.\" \/>\n<meta property=\"article:publisher\" content=\"https:\/\/www.facebook.com\/casapercasadesign\" \/>\n<meta property=\"article:modified_time\" content=\"2026-02-19T09:50:37+00:00\" \/>\n<meta property=\"og:image\" content=\"https:\/\/casapercasa.com\/wp-content\/uploads\/2026\/01\/News-Falegnami-Contemporanei.jpg\" \/>\n\t<meta property=\"og:image:width\" content=\"1920\" \/>\n\t<meta property=\"og:image:height\" content=\"1391\" \/>\n\t<meta property=\"og:image:type\" content=\"image\/jpeg\" \/>\n<meta name=\"twitter:card\" content=\"summary_large_image\" \/>\n<meta name=\"twitter:label1\" content=\"Dur\u00e9e de lecture estim\u00e9e\" \/>\n\t<meta name=\"twitter:data1\" content=\"3 minutes\" \/>\n<script type=\"application\/ld+json\" class=\"yoast-schema-graph\">{\"@context\":\"https:\\\/\\\/schema.org\",\"@graph\":[{\"@type\":\"WebPage\",\"@id\":\"https:\\\/\\\/casapercasa.com\\\/fr\\\/news-falegnami-contemporanei\\\/\",\"url\":\"https:\\\/\\\/casapercasa.com\\\/fr\\\/news-falegnami-contemporanei\\\/\",\"name\":\"Actualit\u00e9s - Falegnami Contemporanei\",\"isPartOf\":{\"@id\":\"https:\\\/\\\/casapercasa.com\\\/fr\\\/#website\"},\"primaryImageOfPage\":{\"@id\":\"https:\\\/\\\/casapercasa.com\\\/fr\\\/news-falegnami-contemporanei\\\/#primaryimage\"},\"image\":{\"@id\":\"https:\\\/\\\/casapercasa.com\\\/fr\\\/news-falegnami-contemporanei\\\/#primaryimage\"},\"thumbnailUrl\":\"https:\\\/\\\/casapercasa.com\\\/wp-content\\\/uploads\\\/2026\\\/01\\\/News-Falegnami-Contemporanei.jpg\",\"datePublished\":\"2026-02-11T10:36:53+00:00\",\"dateModified\":\"2026-02-19T09:50:37+00:00\",\"description\":\"Une initiative promue par Confartigianato, visant \u00e0 former une nouvelle g\u00e9n\u00e9ration d\u2019entrepreneurs dans le secteur bois-meuble.\",\"breadcrumb\":{\"@id\":\"https:\\\/\\\/casapercasa.com\\\/fr\\\/news-falegnami-contemporanei\\\/#breadcrumb\"},\"inLanguage\":\"fr-FR\",\"potentialAction\":[{\"@type\":\"ReadAction\",\"target\":[\"https:\\\/\\\/casapercasa.com\\\/fr\\\/news-falegnami-contemporanei\\\/\"]}]},{\"@type\":\"ImageObject\",\"inLanguage\":\"fr-FR\",\"@id\":\"https:\\\/\\\/casapercasa.com\\\/fr\\\/news-falegnami-contemporanei\\\/#primaryimage\",\"url\":\"https:\\\/\\\/casapercasa.com\\\/wp-content\\\/uploads\\\/2026\\\/01\\\/News-Falegnami-Contemporanei.jpg\",\"contentUrl\":\"https:\\\/\\\/casapercasa.com\\\/wp-content\\\/uploads\\\/2026\\\/01\\\/News-Falegnami-Contemporanei.jpg\"},{\"@type\":\"BreadcrumbList\",\"@id\":\"https:\\\/\\\/casapercasa.com\\\/fr\\\/news-falegnami-contemporanei\\\/#breadcrumb\",\"itemListElement\":[{\"@type\":\"ListItem\",\"position\":1,\"name\":\"Home\",\"item\":\"https:\\\/\\\/casapercasa.com\\\/fr\\\/\"},{\"@type\":\"ListItem\",\"position\":2,\"name\":\"News: Falegnami contemporanei fra\"}]},{\"@type\":\"WebSite\",\"@id\":\"https:\\\/\\\/casapercasa.com\\\/fr\\\/#website\",\"url\":\"https:\\\/\\\/casapercasa.com\\\/fr\\\/\",\"name\":\"Casapercasa\",\"description\":\"INNOVAZIONE ARTIGIANA\",\"publisher\":{\"@id\":\"https:\\\/\\\/casapercasa.com\\\/fr\\\/#organization\"},\"potentialAction\":[{\"@type\":\"SearchAction\",\"target\":{\"@type\":\"EntryPoint\",\"urlTemplate\":\"https:\\\/\\\/casapercasa.com\\\/fr\\\/?s={search_term_string}\"},\"query-input\":{\"@type\":\"PropertyValueSpecification\",\"valueRequired\":true,\"valueName\":\"search_term_string\"}}],\"inLanguage\":\"fr-FR\"},{\"@type\":\"Organization\",\"@id\":\"https:\\\/\\\/casapercasa.com\\\/fr\\\/#organization\",\"name\":\"Casapercasa S.r.l.\",\"url\":\"https:\\\/\\\/casapercasa.com\\\/fr\\\/\",\"logo\":{\"@type\":\"ImageObject\",\"inLanguage\":\"fr-FR\",\"@id\":\"https:\\\/\\\/casapercasa.com\\\/fr\\\/#\\\/schema\\\/logo\\\/image\\\/\",\"url\":\"https:\\\/\\\/casapercasa.com\\\/wp-content\\\/uploads\\\/2022\\\/10\\\/logo-extralarge-retina.png\",\"contentUrl\":\"https:\\\/\\\/casapercasa.com\\\/wp-content\\\/uploads\\\/2022\\\/10\\\/logo-extralarge-retina.png\",\"width\":258,\"height\":43,\"caption\":\"Casapercasa S.r.l.\"},\"image\":{\"@id\":\"https:\\\/\\\/casapercasa.com\\\/fr\\\/#\\\/schema\\\/logo\\\/image\\\/\"},\"sameAs\":[\"https:\\\/\\\/www.facebook.com\\\/casapercasadesign\",\"https:\\\/\\\/www.instagram.com\\\/casapercasadettagli\\\/?hl=it\"]}]}<\/script>","yoast_head_json":{"title":"Actualit\u00e9s - Falegnami Contemporanei","description":"Une initiative promue par Confartigianato, visant \u00e0 former une nouvelle g\u00e9n\u00e9ration d\u2019entrepreneurs dans le secteur bois-meuble.","robots":{"index":"index","follow":"follow","max-snippet":"max-snippet:-1","max-image-preview":"max-image-preview:large","max-video-preview":"max-video-preview:-1"},"canonical":"https:\/\/casapercasa.com\/fr\/news-falegnami-contemporanei\/","og_locale":"fr_FR","og_type":"article","og_title":"Actualit\u00e9s - Falegnami Contemporanei","og_description":"Une initiative promue par Confartigianato, visant \u00e0 former une nouvelle g\u00e9n\u00e9ration d\u2019entrepreneurs dans le secteur bois-meuble.","og_url":"https:\/\/casapercasa.com\/fr\/news-falegnami-contemporanei\/","og_site_name":"Casapercasa S.r.l.","article_publisher":"https:\/\/www.facebook.com\/casapercasadesign","article_modified_time":"2026-02-19T09:50:37+00:00","og_image":[{"width":1920,"height":1391,"url":"https:\/\/casapercasa.com\/wp-content\/uploads\/2026\/01\/News-Falegnami-Contemporanei.jpg","type":"image\/jpeg"}],"twitter_card":"summary_large_image","twitter_misc":{"Dur\u00e9e de lecture estim\u00e9e":"3 minutes"},"schema":{"@context":"https:\/\/schema.org","@graph":[{"@type":"WebPage","@id":"https:\/\/casapercasa.com\/fr\/news-falegnami-contemporanei\/","url":"https:\/\/casapercasa.com\/fr\/news-falegnami-contemporanei\/","name":"Actualit\u00e9s - Falegnami Contemporanei","isPartOf":{"@id":"https:\/\/casapercasa.com\/fr\/#website"},"primaryImageOfPage":{"@id":"https:\/\/casapercasa.com\/fr\/news-falegnami-contemporanei\/#primaryimage"},"image":{"@id":"https:\/\/casapercasa.com\/fr\/news-falegnami-contemporanei\/#primaryimage"},"thumbnailUrl":"https:\/\/casapercasa.com\/wp-content\/uploads\/2026\/01\/News-Falegnami-Contemporanei.jpg","datePublished":"2026-02-11T10:36:53+00:00","dateModified":"2026-02-19T09:50:37+00:00","description":"Une initiative promue par Confartigianato, visant \u00e0 former une nouvelle g\u00e9n\u00e9ration d\u2019entrepreneurs dans le secteur bois-meuble.","breadcrumb":{"@id":"https:\/\/casapercasa.com\/fr\/news-falegnami-contemporanei\/#breadcrumb"},"inLanguage":"fr-FR","potentialAction":[{"@type":"ReadAction","target":["https:\/\/casapercasa.com\/fr\/news-falegnami-contemporanei\/"]}]},{"@type":"ImageObject","inLanguage":"fr-FR","@id":"https:\/\/casapercasa.com\/fr\/news-falegnami-contemporanei\/#primaryimage","url":"https:\/\/casapercasa.com\/wp-content\/uploads\/2026\/01\/News-Falegnami-Contemporanei.jpg","contentUrl":"https:\/\/casapercasa.com\/wp-content\/uploads\/2026\/01\/News-Falegnami-Contemporanei.jpg"},{"@type":"BreadcrumbList","@id":"https:\/\/casapercasa.com\/fr\/news-falegnami-contemporanei\/#breadcrumb","itemListElement":[{"@type":"ListItem","position":1,"name":"Home","item":"https:\/\/casapercasa.com\/fr\/"},{"@type":"ListItem","position":2,"name":"News: Falegnami contemporanei fra"}]},{"@type":"WebSite","@id":"https:\/\/casapercasa.com\/fr\/#website","url":"https:\/\/casapercasa.com\/fr\/","name":"Casapercasa","description":"INNOVAZIONE ARTIGIANA","publisher":{"@id":"https:\/\/casapercasa.com\/fr\/#organization"},"potentialAction":[{"@type":"SearchAction","target":{"@type":"EntryPoint","urlTemplate":"https:\/\/casapercasa.com\/fr\/?s={search_term_string}"},"query-input":{"@type":"PropertyValueSpecification","valueRequired":true,"valueName":"search_term_string"}}],"inLanguage":"fr-FR"},{"@type":"Organization","@id":"https:\/\/casapercasa.com\/fr\/#organization","name":"Casapercasa S.r.l.","url":"https:\/\/casapercasa.com\/fr\/","logo":{"@type":"ImageObject","inLanguage":"fr-FR","@id":"https:\/\/casapercasa.com\/fr\/#\/schema\/logo\/image\/","url":"https:\/\/casapercasa.com\/wp-content\/uploads\/2022\/10\/logo-extralarge-retina.png","contentUrl":"https:\/\/casapercasa.com\/wp-content\/uploads\/2022\/10\/logo-extralarge-retina.png","width":258,"height":43,"caption":"Casapercasa S.r.l."},"image":{"@id":"https:\/\/casapercasa.com\/fr\/#\/schema\/logo\/image\/"},"sameAs":["https:\/\/www.facebook.com\/casapercasadesign","https:\/\/www.instagram.com\/casapercasadettagli\/?hl=it"]}]}},"_links":{"self":[{"href":"https:\/\/casapercasa.com\/fr\/wp-json\/wp\/v2\/pages\/17426","targetHints":{"allow":["GET"]}}],"collection":[{"href":"https:\/\/casapercasa.com\/fr\/wp-json\/wp\/v2\/pages"}],"about":[{"href":"https:\/\/casapercasa.com\/fr\/wp-json\/wp\/v2\/types\/page"}],"author":[{"embeddable":true,"href":"https:\/\/casapercasa.com\/fr\/wp-json\/wp\/v2\/users\/3"}],"replies":[{"embeddable":true,"href":"https:\/\/casapercasa.com\/fr\/wp-json\/wp\/v2\/comments?post=17426"}],"version-history":[{"count":3,"href":"https:\/\/casapercasa.com\/fr\/wp-json\/wp\/v2\/pages\/17426\/revisions"}],"predecessor-version":[{"id":17831,"href":"https:\/\/casapercasa.com\/fr\/wp-json\/wp\/v2\/pages\/17426\/revisions\/17831"}],"wp:attachment":[{"href":"https:\/\/casapercasa.com\/fr\/wp-json\/wp\/v2\/media?parent=17426"}],"curies":[{"name":"wp","href":"https:\/\/api.w.org\/{rel}","templated":true}]}}