{"id":17390,"date":"2026-02-10T11:01:19","date_gmt":"2026-02-10T10:01:19","guid":{"rendered":"https:\/\/casapercasa.com\/?page_id=17390"},"modified":"2026-03-09T17:23:13","modified_gmt":"2026-03-09T16:23:13","slug":"produits-albino","status":"publish","type":"page","link":"https:\/\/casapercasa.com\/fr\/produits-albino\/","title":{"rendered":"Prodotti &#8211; Albino fra"},"content":{"rendered":"\n<div style=\"height:20px\" aria-hidden=\"true\" class=\"wp-block-spacer\"><\/div>\n\n\n\n<div class=\"wp-block-group\">\n<div class=\"wp-block-group is-style-container\">\n<p class=\"has-text-align-center has-black-color has-text-color has-link-color has-extra-large-font-size wp-elements-0748e6d1851f310f48a50449958561b2 wp-block-paragraph\">Albino<\/p>\n\n\n\n<div style=\"height:30px\" aria-hidden=\"true\" class=\"wp-block-spacer solo-desktop\"><\/div>\n\n\n\n<div class=\"wp-block-media-text is-stacked-on-mobile is-vertically-aligned-center\" style=\"grid-template-columns:40% auto\"><figure class=\"wp-block-media-text__media\"><img loading=\"lazy\" decoding=\"async\" width=\"1536\" height=\"1024\" src=\"https:\/\/casapercasa.com\/wp-content\/uploads\/2026\/03\/dettaglio-albino01.jpg\" alt=\"\" class=\"wp-image-17903 size-full\" srcset=\"https:\/\/casapercasa.com\/wp-content\/uploads\/2026\/03\/dettaglio-albino01.jpg 1536w, https:\/\/casapercasa.com\/wp-content\/uploads\/2026\/03\/dettaglio-albino01-768x512.jpg 768w, https:\/\/casapercasa.com\/wp-content\/uploads\/2026\/03\/dettaglio-albino01-300x200.jpg 300w, https:\/\/casapercasa.com\/wp-content\/uploads\/2026\/03\/dettaglio-albino01-600x400.jpg 600w\" sizes=\"auto, (max-width: 1536px) 100vw, 1536px\" \/><\/figure><div class=\"wp-block-media-text__content\">\n<p class=\"has-black-color has-text-color has-link-color has-small-font-size wp-elements-8e0528553dc002674b7a5bf766274f83 wp-block-paragraph\"><strong>DESCRIPTION<\/strong><br>Albino est une table en bois massif stratifi\u00e9, caract\u00e9ris\u00e9e par son \u00e9l\u00e9gance et sa l\u00e9g\u00e8ret\u00e9.<br>Lorsqu\u2019elle est rallong\u00e9e, elle conserve toute son int\u00e9grit\u00e9.<\/p>\n\n\n\n<p class=\"has-black-color has-text-color has-link-color has-small-font-size wp-elements-dbe4e6840fe27333d2c8a287810f8233 wp-block-paragraph\"><strong>FINITIONS<\/strong><br>Disponible en ch\u00eane, m\u00e9l\u00e8ze ou noyer, avec la possibilit\u00e9 d\u2019avoir les pieds en m\u00e9tal naturel.<\/p>\n\n\n\n<p class=\"has-black-color has-text-color has-link-color has-small-font-size wp-elements-24eb41e38cc6c781601d95dbcdc3d295 wp-block-paragraph\"><strong>DIMENSIONS<\/strong><br>200 x 100 cm + 60 cm d\u2019allonge<br>Sur demande, r\u00e9alis\u00e9e sur mesure<\/p>\n\n\n\n<p class=\"has-black-color has-text-color has-link-color has-normal-font-size wp-elements-0433df75a7138e3027d092b5d817996a wp-block-paragraph\"><strong>1.800 \u20ac<\/strong><\/p>\n<\/div><\/div>\n<\/div>\n\n\n\n<div style=\"height:60px\" aria-hidden=\"true\" class=\"wp-block-spacer\"><\/div>\n\n\n\n<div class=\"wp-block-group is-style-container\">\n<div class=\"wp-block-group\">\n<p class=\"has-text-align-center has-black-color has-text-color has-link-color has-normal-font-size wp-elements-69c33ce0afcfd9f7503efde84fa49f9e wp-block-paragraph\">Parcourir la galerie<\/p>\n\n\n\n<div style=\"height:40px\" aria-hidden=\"true\" class=\"wp-block-spacer\"><\/div>\n\n\n        <div  class=\"block_46c24ab5a09fd3ce474fe48b505d28d7 CustomGalleryWrapper CustomGalleryWrapper_Slider cb_custom_cgallery\">\r\n            <div class=\"swiper-container\">\r\n                <div class=\"swiper-wrapper\">\r\n                                            <div class=\"swiper-slide\">\r\n                                                            <a href=\"https:\/\/casapercasa.com\/wp-content\/uploads\/2022\/10\/casapercasa-albino_012.jpg\" data-pswp-width=\"1280\" data-pswp-height=\"1920\">\r\n                                                            <img srcset=\"https:\/\/casapercasa.com\/wp-content\/uploads\/2022\/10\/casapercasa-albino_012.jpg\" >                                                            <\/a>\r\n                                                        <\/div>\r\n                                                <div class=\"swiper-slide\">\r\n                                                            <a href=\"https:\/\/casapercasa.com\/wp-content\/uploads\/2022\/10\/casapercasa-albino_011.jpg\" data-pswp-width=\"1280\" data-pswp-height=\"1920\">\r\n                                                            <img srcset=\"https:\/\/casapercasa.com\/wp-content\/uploads\/2022\/10\/casapercasa-albino_011.jpg\" >                                                            <\/a>\r\n                                                        <\/div>\r\n                                                <div class=\"swiper-slide\">\r\n                                                            <a href=\"https:\/\/casapercasa.com\/wp-content\/uploads\/2022\/10\/casapercasa-albino_013.jpg\" data-pswp-width=\"1280\" data-pswp-height=\"1920\">\r\n                                                            <img srcset=\"https:\/\/casapercasa.com\/wp-content\/uploads\/2022\/10\/casapercasa-albino_013.jpg\" >                                                            <\/a>\r\n                                                        <\/div>\r\n                                                <div class=\"swiper-slide\">\r\n                                                            <a href=\"https:\/\/casapercasa.com\/wp-content\/uploads\/2022\/10\/casapercasa-albino_016.jpg\" data-pswp-width=\"1280\" data-pswp-height=\"1920\">\r\n                                                            <img srcset=\"https:\/\/casapercasa.com\/wp-content\/uploads\/2022\/10\/casapercasa-albino_016.jpg\" >                                                            <\/a>\r\n                                                        <\/div>\r\n                                                <div class=\"swiper-slide\">\r\n                                                            <a href=\"https:\/\/casapercasa.com\/wp-content\/uploads\/2022\/10\/casapercasa-albino_017.jpg\" data-pswp-width=\"1280\" data-pswp-height=\"1920\">\r\n                                                            <img srcset=\"https:\/\/casapercasa.com\/wp-content\/uploads\/2022\/10\/casapercasa-albino_017.jpg\" >                                                            <\/a>\r\n                                                        <\/div>\r\n                                                <div class=\"swiper-slide\">\r\n                                                            <a href=\"https:\/\/casapercasa.com\/wp-content\/uploads\/2022\/10\/casapercasa-albino_018.jpg\" data-pswp-width=\"1280\" data-pswp-height=\"1920\">\r\n                                                            <img srcset=\"https:\/\/casapercasa.com\/wp-content\/uploads\/2022\/10\/casapercasa-albino_018.jpg\" >                                                            <\/a>\r\n                                                        <\/div>\r\n                                                <div class=\"swiper-slide\">\r\n                                                            <a href=\"https:\/\/casapercasa.com\/wp-content\/uploads\/2022\/10\/casapercasa-albino-noce-metallo_021.jpg\" data-pswp-width=\"1282\" data-pswp-height=\"1920\">\r\n                                                            <img srcset=\"https:\/\/casapercasa.com\/wp-content\/uploads\/2022\/10\/casapercasa-albino-noce-metallo_021.jpg\" loading=\"lazy\"><div class=\"swiper-lazy-preloader swiper-lazy-preloader-white\"><\/div>                                                            <\/a>\r\n                                                        <\/div>\r\n                                                <div class=\"swiper-slide\">\r\n                                                            <a href=\"https:\/\/casapercasa.com\/wp-content\/uploads\/2023\/10\/Albino_08.jpg\" data-pswp-width=\"1280\" data-pswp-height=\"853\">\r\n                                                            <img srcset=\"https:\/\/casapercasa.com\/wp-content\/uploads\/2023\/10\/Albino_08.jpg\" loading=\"lazy\"><div class=\"swiper-lazy-preloader swiper-lazy-preloader-white\"><\/div>                                                            <\/a>\r\n                                                        <\/div>\r\n                                                <div class=\"swiper-slide\">\r\n                                                            <a href=\"https:\/\/casapercasa.com\/wp-content\/uploads\/2023\/10\/Albino_09.jpg\" data-pswp-width=\"1920\" data-pswp-height=\"1280\">\r\n                                                            <img srcset=\"https:\/\/casapercasa.com\/wp-content\/uploads\/2023\/10\/Albino_09.jpg\" loading=\"lazy\"><div class=\"swiper-lazy-preloader swiper-lazy-preloader-white\"><\/div>                                                            <\/a>\r\n                                                        <\/div>\r\n                                        <\/div>\r\n                <div class=\"navigation-box-wrapper\">\r\n                    <div class=\"navigation-box\">\r\n                        <div class=\"left-arrow\">\r\n                                                        <img decoding=\"async\" src=\"\/wp-content\/uploads\/2024\/11\/arrow-left-casapercasa.svg\">\r\n                                                    <\/div>\r\n                        <div class=\"right-arrow\">\r\n                                                        <img decoding=\"async\" src=\"\/wp-content\/uploads\/2024\/11\/arrow-right-casapercasa.svg\">\r\n                                                    <\/div>\r\n                    <\/div>\r\n                <\/div>\r\n            <\/div>\r\n        <\/div>\r\n        <\/div>\n<\/div>\n\n\n\n<div class=\"wp-block-group is-style-container\">\n<div style=\"height:100px\" aria-hidden=\"true\" class=\"wp-block-spacer solo-desktop\"><\/div>\n\n\n\n<div style=\"height:50px\" aria-hidden=\"true\" class=\"wp-block-spacer solo-mobile\"><\/div>\n\n\n\n<div class=\"wp-block-columns is-not-stacked-on-mobile\">\n<div class=\"wp-block-column\">\n<div class=\"wp-block-group\">\n<p class=\"has-text-align-right solo-desktop has-black-color has-text-color has-link-color has-normal-font-size wp-elements-d3f2f93279aa7f125c26a3605ec35cf6 wp-block-paragraph\"><a href=\"https:\/\/casapercasa.com\/fr\/produits-rotondo\">Produit pr\u00e9c\u00e9dent<\/a><\/p>\n\n\n\n<p class=\"has-text-align-right solo-mobile has-black-color has-text-color has-link-color wp-elements-96a277752c17152d3c755d106ad4c1ee wp-block-paragraph\" style=\"font-size:14px\"><a href=\"https:\/\/casapercasa.com\/fr\/produits-rotondo\">Produit pr\u00e9c\u00e9dent<\/a><\/p>\n\n\n\n<p class=\"has-text-align-right is-style-medtitle has-black-color has-text-color has-link-color has-extra-large-font-size wp-elements-c621379c722e74a7fbb0ab65bb45b57f wp-block-paragraph\"><strong><a href=\"https:\/\/casapercasa.com\/fr\/produits-rotondo\">\u2190<\/a><\/strong><\/p>\n<\/div>\n<\/div>\n\n\n\n<div class=\"wp-block-column\">\n<div class=\"wp-block-group\">\n<p class=\"has-text-align-center solo-desktop has-black-color has-text-color has-link-color has-normal-font-size wp-elements-9317c42a7b04998a92ec08ab35588509 wp-block-paragraph\"><a href=\"https:\/\/casapercasa.com\/fr\/produits\">Tous les produits<\/a><\/p>\n\n\n\n<p class=\"has-text-align-center solo-mobile has-black-color has-text-color has-link-color wp-elements-a598301b2a4d48abdf4ef4ad00ce5881 wp-block-paragraph\" style=\"font-size:14px\"><a href=\"https:\/\/casapercasa.com\/fr\/produits\">Tous les produits<\/a><\/p>\n\n\n\n<p class=\"has-text-align-center is-style-medtitle has-black-color has-text-color has-link-color has-extra-large-font-size wp-elements-f4b9e7afcdfe9424be13fbae05e8ea71 wp-block-paragraph\"><strong><a href=\"https:\/\/casapercasa.com\/fr\/produits\">\u2302<\/a><\/strong><\/p>\n<\/div>\n<\/div>\n\n\n\n<div class=\"wp-block-column\">\n<div class=\"wp-block-group\">\n<p class=\"has-text-align-left solo-desktop has-black-color has-text-color has-link-color has-normal-font-size wp-elements-d153c77d73e4c4279eaf53d8616c7848 wp-block-paragraph\"><a href=\"https:\/\/casapercasa.com\/fr\/produits-pgreco\">Produit suivant<\/a><\/p>\n\n\n\n<p class=\"has-text-align-left solo-mobile has-black-color has-text-color has-link-color wp-elements-3834534d760fdca66d1006604cf657be wp-block-paragraph\" style=\"font-size:14px\"><a href=\"https:\/\/casapercasa.com\/fr\/produits-pgreco\">Produit suivant<\/a><\/p>\n\n\n\n<p class=\"has-text-align-left is-style-medtitle has-black-color has-text-color has-link-color has-extra-large-font-size wp-elements-710eb16df04db7e83bbd5b03700c06e7 wp-block-paragraph\"><strong><a href=\"https:\/\/casapercasa.com\/fr\/produits-pgreco\">\u2192<\/a><\/strong><\/p>\n<\/div>\n<\/div>\n<\/div>\n<\/div>\n<\/div>\n\n\n\n<div style=\"height:70px\" aria-hidden=\"true\" class=\"wp-block-spacer solo-dekstop\"><\/div>\n\n\n\n<div class=\"wp-block-group has-background\" style=\"background-color:#9fa63a3d\"><div id=\"17390\" class=\"Custom_CTA_Wrapper custom_cta\">\r\n    <div class=\"container\">\r\n        <div class=\"row align-items-center\">\r\n            <div class=\"col-12 col-lg-4 col-xl-3\">\r\n                <div class=\"Custom_CTA_Img\">\r\n                                            <img decoding=\"async\" src=\"https:\/\/casapercasa.com\/wp-content\/uploads\/2022\/09\/la-nostra-sede-e1701268650543.jpg\">\r\n                                        <\/div>\r\n            <\/div>\r\n            <div class=\"col-12 col-lg-8 col-xl-9\">\r\n                <div class=\"Custom_CTA_Content_Wrapper\">\r\n                    <div class=\"Custom_CTA_Title\">Passez du temps avec nous.<\/div>\r\n                    <div class=\"Custom_CTA_Descr\">Notre showroom et nos ateliers vous attendent: d\u00e9sirez, imaginez, d\u00e9couvrez, choisissez, cr\u00e9ez.<\/div>\r\n                                            <div class=\"Custom_CTA_Link\"><a href=\"https:\/\/casapercasa.com\/fr\/contatti\/\">Contactez-nous d\u00e8s maintenant<\/a><\/div>\r\n                                        <\/div>\r\n            <\/div>\r\n        <\/div>\r\n    <\/div>\r\n<\/div><\/div>\n","protected":false},"excerpt":{"rendered":"<p>Albino DESCRIPTIONAlbino est une table en bois massif stratifi\u00e9, caract\u00e9ris\u00e9e par son \u00e9l\u00e9gance et sa l\u00e9g\u00e8ret\u00e9.Lorsqu\u2019elle est rallong\u00e9e, elle conserve toute son int\u00e9grit\u00e9. FINITIONSDisponible en ch\u00eane, m\u00e9l\u00e8ze ou noyer, avec la possibilit\u00e9 d\u2019avoir les pieds en m\u00e9tal naturel. DIMENSIONS200 x 100 cm + 60 cm d\u2019allongeSur demande, r\u00e9alis\u00e9e sur mesure 1.800 \u20ac Parcourir la galerie [&hellip;]<\/p>\n","protected":false},"author":3,"featured_media":0,"parent":0,"menu_order":0,"comment_status":"closed","ping_status":"closed","template":"","meta":{"_acf_changed":false,"inline_featured_image":false,"footnotes":""},"class_list":["post-17390","page","type-page","status-publish","hentry"],"acf":[],"yoast_head":"<title>Casapercasa - Table Albino<\/title>\n<meta name=\"description\" content=\"Albino est une table extensible en bois massif stratifi\u00e9, alliant \u00e9l\u00e9gance et l\u00e9g\u00e8ret\u00e9.\" \/>\n<meta name=\"robots\" content=\"index, follow, max-snippet:-1, max-image-preview:large, max-video-preview:-1\" \/>\n<link rel=\"canonical\" href=\"https:\/\/casapercasa.com\/fr\/produits-albino\/\" \/>\n<meta property=\"og:locale\" content=\"fr_FR\" \/>\n<meta property=\"og:type\" content=\"article\" \/>\n<meta property=\"og:title\" content=\"Casapercasa - Table Albino\" \/>\n<meta property=\"og:description\" content=\"Albino est une table extensible en bois massif stratifi\u00e9, alliant \u00e9l\u00e9gance et l\u00e9g\u00e8ret\u00e9.\" \/>\n<meta property=\"og:url\" content=\"https:\/\/casapercasa.com\/fr\/produits-albino\/\" \/>\n<meta property=\"og:site_name\" content=\"Casapercasa S.r.l.\" \/>\n<meta property=\"article:publisher\" content=\"https:\/\/www.facebook.com\/casapercasadesign\" \/>\n<meta property=\"article:modified_time\" content=\"2026-03-09T16:23:13+00:00\" \/>\n<meta property=\"og:image\" content=\"https:\/\/casapercasa.com\/wp-content\/uploads\/2026\/03\/dettaglio-albino01.jpg\" \/>\n\t<meta property=\"og:image:width\" content=\"1536\" \/>\n\t<meta property=\"og:image:height\" content=\"1024\" \/>\n\t<meta property=\"og:image:type\" content=\"image\/jpeg\" \/>\n<meta name=\"twitter:card\" content=\"summary_large_image\" \/>\n<meta name=\"twitter:label1\" content=\"Dur\u00e9e de lecture estim\u00e9e\" \/>\n\t<meta name=\"twitter:data1\" content=\"1 minute\" \/>\n<script type=\"application\/ld+json\" class=\"yoast-schema-graph\">{\"@context\":\"https:\\\/\\\/schema.org\",\"@graph\":[{\"@type\":\"WebPage\",\"@id\":\"https:\\\/\\\/casapercasa.com\\\/fr\\\/produits-albino\\\/\",\"url\":\"https:\\\/\\\/casapercasa.com\\\/fr\\\/produits-albino\\\/\",\"name\":\"Casapercasa - Table Albino\",\"isPartOf\":{\"@id\":\"https:\\\/\\\/casapercasa.com\\\/fr\\\/#website\"},\"primaryImageOfPage\":{\"@id\":\"https:\\\/\\\/casapercasa.com\\\/fr\\\/produits-albino\\\/#primaryimage\"},\"image\":{\"@id\":\"https:\\\/\\\/casapercasa.com\\\/fr\\\/produits-albino\\\/#primaryimage\"},\"thumbnailUrl\":\"https:\\\/\\\/casapercasa.com\\\/wp-content\\\/uploads\\\/2026\\\/03\\\/dettaglio-albino01.jpg\",\"datePublished\":\"2026-02-10T10:01:19+00:00\",\"dateModified\":\"2026-03-09T16:23:13+00:00\",\"description\":\"Albino est une table extensible en bois massif stratifi\u00e9, alliant \u00e9l\u00e9gance et l\u00e9g\u00e8ret\u00e9.\",\"breadcrumb\":{\"@id\":\"https:\\\/\\\/casapercasa.com\\\/fr\\\/produits-albino\\\/#breadcrumb\"},\"inLanguage\":\"fr-FR\",\"potentialAction\":[{\"@type\":\"ReadAction\",\"target\":[\"https:\\\/\\\/casapercasa.com\\\/fr\\\/produits-albino\\\/\"]}]},{\"@type\":\"ImageObject\",\"inLanguage\":\"fr-FR\",\"@id\":\"https:\\\/\\\/casapercasa.com\\\/fr\\\/produits-albino\\\/#primaryimage\",\"url\":\"https:\\\/\\\/casapercasa.com\\\/wp-content\\\/uploads\\\/2026\\\/03\\\/dettaglio-albino01.jpg\",\"contentUrl\":\"https:\\\/\\\/casapercasa.com\\\/wp-content\\\/uploads\\\/2026\\\/03\\\/dettaglio-albino01.jpg\"},{\"@type\":\"BreadcrumbList\",\"@id\":\"https:\\\/\\\/casapercasa.com\\\/fr\\\/produits-albino\\\/#breadcrumb\",\"itemListElement\":[{\"@type\":\"ListItem\",\"position\":1,\"name\":\"Home\",\"item\":\"https:\\\/\\\/casapercasa.com\\\/fr\\\/\"},{\"@type\":\"ListItem\",\"position\":2,\"name\":\"Prodotti &#8211; Albino fra\"}]},{\"@type\":\"WebSite\",\"@id\":\"https:\\\/\\\/casapercasa.com\\\/fr\\\/#website\",\"url\":\"https:\\\/\\\/casapercasa.com\\\/fr\\\/\",\"name\":\"Casapercasa\",\"description\":\"INNOVAZIONE ARTIGIANA\",\"publisher\":{\"@id\":\"https:\\\/\\\/casapercasa.com\\\/fr\\\/#organization\"},\"potentialAction\":[{\"@type\":\"SearchAction\",\"target\":{\"@type\":\"EntryPoint\",\"urlTemplate\":\"https:\\\/\\\/casapercasa.com\\\/fr\\\/?s={search_term_string}\"},\"query-input\":{\"@type\":\"PropertyValueSpecification\",\"valueRequired\":true,\"valueName\":\"search_term_string\"}}],\"inLanguage\":\"fr-FR\"},{\"@type\":\"Organization\",\"@id\":\"https:\\\/\\\/casapercasa.com\\\/fr\\\/#organization\",\"name\":\"Casapercasa S.r.l.\",\"url\":\"https:\\\/\\\/casapercasa.com\\\/fr\\\/\",\"logo\":{\"@type\":\"ImageObject\",\"inLanguage\":\"fr-FR\",\"@id\":\"https:\\\/\\\/casapercasa.com\\\/fr\\\/#\\\/schema\\\/logo\\\/image\\\/\",\"url\":\"https:\\\/\\\/casapercasa.com\\\/wp-content\\\/uploads\\\/2022\\\/10\\\/logo-extralarge-retina.png\",\"contentUrl\":\"https:\\\/\\\/casapercasa.com\\\/wp-content\\\/uploads\\\/2022\\\/10\\\/logo-extralarge-retina.png\",\"width\":258,\"height\":43,\"caption\":\"Casapercasa S.r.l.\"},\"image\":{\"@id\":\"https:\\\/\\\/casapercasa.com\\\/fr\\\/#\\\/schema\\\/logo\\\/image\\\/\"},\"sameAs\":[\"https:\\\/\\\/www.facebook.com\\\/casapercasadesign\",\"https:\\\/\\\/www.instagram.com\\\/casapercasadettagli\\\/?hl=it\"]}]}<\/script>","yoast_head_json":{"title":"Casapercasa - Table Albino","description":"Albino est une table extensible en bois massif stratifi\u00e9, alliant \u00e9l\u00e9gance et l\u00e9g\u00e8ret\u00e9.","robots":{"index":"index","follow":"follow","max-snippet":"max-snippet:-1","max-image-preview":"max-image-preview:large","max-video-preview":"max-video-preview:-1"},"canonical":"https:\/\/casapercasa.com\/fr\/produits-albino\/","og_locale":"fr_FR","og_type":"article","og_title":"Casapercasa - Table Albino","og_description":"Albino est une table extensible en bois massif stratifi\u00e9, alliant \u00e9l\u00e9gance et l\u00e9g\u00e8ret\u00e9.","og_url":"https:\/\/casapercasa.com\/fr\/produits-albino\/","og_site_name":"Casapercasa S.r.l.","article_publisher":"https:\/\/www.facebook.com\/casapercasadesign","article_modified_time":"2026-03-09T16:23:13+00:00","og_image":[{"width":1536,"height":1024,"url":"https:\/\/casapercasa.com\/wp-content\/uploads\/2026\/03\/dettaglio-albino01.jpg","type":"image\/jpeg"}],"twitter_card":"summary_large_image","twitter_misc":{"Dur\u00e9e de lecture estim\u00e9e":"1 minute"},"schema":{"@context":"https:\/\/schema.org","@graph":[{"@type":"WebPage","@id":"https:\/\/casapercasa.com\/fr\/produits-albino\/","url":"https:\/\/casapercasa.com\/fr\/produits-albino\/","name":"Casapercasa - Table Albino","isPartOf":{"@id":"https:\/\/casapercasa.com\/fr\/#website"},"primaryImageOfPage":{"@id":"https:\/\/casapercasa.com\/fr\/produits-albino\/#primaryimage"},"image":{"@id":"https:\/\/casapercasa.com\/fr\/produits-albino\/#primaryimage"},"thumbnailUrl":"https:\/\/casapercasa.com\/wp-content\/uploads\/2026\/03\/dettaglio-albino01.jpg","datePublished":"2026-02-10T10:01:19+00:00","dateModified":"2026-03-09T16:23:13+00:00","description":"Albino est une table extensible en bois massif stratifi\u00e9, alliant \u00e9l\u00e9gance et l\u00e9g\u00e8ret\u00e9.","breadcrumb":{"@id":"https:\/\/casapercasa.com\/fr\/produits-albino\/#breadcrumb"},"inLanguage":"fr-FR","potentialAction":[{"@type":"ReadAction","target":["https:\/\/casapercasa.com\/fr\/produits-albino\/"]}]},{"@type":"ImageObject","inLanguage":"fr-FR","@id":"https:\/\/casapercasa.com\/fr\/produits-albino\/#primaryimage","url":"https:\/\/casapercasa.com\/wp-content\/uploads\/2026\/03\/dettaglio-albino01.jpg","contentUrl":"https:\/\/casapercasa.com\/wp-content\/uploads\/2026\/03\/dettaglio-albino01.jpg"},{"@type":"BreadcrumbList","@id":"https:\/\/casapercasa.com\/fr\/produits-albino\/#breadcrumb","itemListElement":[{"@type":"ListItem","position":1,"name":"Home","item":"https:\/\/casapercasa.com\/fr\/"},{"@type":"ListItem","position":2,"name":"Prodotti &#8211; Albino fra"}]},{"@type":"WebSite","@id":"https:\/\/casapercasa.com\/fr\/#website","url":"https:\/\/casapercasa.com\/fr\/","name":"Casapercasa","description":"INNOVAZIONE ARTIGIANA","publisher":{"@id":"https:\/\/casapercasa.com\/fr\/#organization"},"potentialAction":[{"@type":"SearchAction","target":{"@type":"EntryPoint","urlTemplate":"https:\/\/casapercasa.com\/fr\/?s={search_term_string}"},"query-input":{"@type":"PropertyValueSpecification","valueRequired":true,"valueName":"search_term_string"}}],"inLanguage":"fr-FR"},{"@type":"Organization","@id":"https:\/\/casapercasa.com\/fr\/#organization","name":"Casapercasa S.r.l.","url":"https:\/\/casapercasa.com\/fr\/","logo":{"@type":"ImageObject","inLanguage":"fr-FR","@id":"https:\/\/casapercasa.com\/fr\/#\/schema\/logo\/image\/","url":"https:\/\/casapercasa.com\/wp-content\/uploads\/2022\/10\/logo-extralarge-retina.png","contentUrl":"https:\/\/casapercasa.com\/wp-content\/uploads\/2022\/10\/logo-extralarge-retina.png","width":258,"height":43,"caption":"Casapercasa S.r.l."},"image":{"@id":"https:\/\/casapercasa.com\/fr\/#\/schema\/logo\/image\/"},"sameAs":["https:\/\/www.facebook.com\/casapercasadesign","https:\/\/www.instagram.com\/casapercasadettagli\/?hl=it"]}]}},"_links":{"self":[{"href":"https:\/\/casapercasa.com\/fr\/wp-json\/wp\/v2\/pages\/17390","targetHints":{"allow":["GET"]}}],"collection":[{"href":"https:\/\/casapercasa.com\/fr\/wp-json\/wp\/v2\/pages"}],"about":[{"href":"https:\/\/casapercasa.com\/fr\/wp-json\/wp\/v2\/types\/page"}],"author":[{"embeddable":true,"href":"https:\/\/casapercasa.com\/fr\/wp-json\/wp\/v2\/users\/3"}],"replies":[{"embeddable":true,"href":"https:\/\/casapercasa.com\/fr\/wp-json\/wp\/v2\/comments?post=17390"}],"version-history":[{"count":3,"href":"https:\/\/casapercasa.com\/fr\/wp-json\/wp\/v2\/pages\/17390\/revisions"}],"predecessor-version":[{"id":17986,"href":"https:\/\/casapercasa.com\/fr\/wp-json\/wp\/v2\/pages\/17390\/revisions\/17986"}],"wp:attachment":[{"href":"https:\/\/casapercasa.com\/fr\/wp-json\/wp\/v2\/media?parent=17390"}],"curies":[{"name":"wp","href":"https:\/\/api.w.org\/{rel}","templated":true}]}}