{"id":17310,"date":"2026-02-09T15:49:51","date_gmt":"2026-02-09T14:49:51","guid":{"rendered":"https:\/\/casapercasa.com\/?page_id=17310"},"modified":"2026-03-18T17:01:34","modified_gmt":"2026-03-18T16:01:34","slug":"espaces-prives","status":"publish","type":"page","link":"https:\/\/casapercasa.com\/fr\/espaces-prives\/","title":{"rendered":"Spazi privati &#8211; fra"},"content":{"rendered":"\n<div style=\"height:50px\" aria-hidden=\"true\" class=\"wp-block-spacer\"><\/div>\n\n\n\n<div class=\"wp-block-group\">\n<div class=\"wp-block-group is-style-container\">\n<p class=\"has-text-align-center solo-desktop has-black-color has-text-color has-link-color has-normal-font-size wp-elements-fdd08bc82bdcd7b34098b08c04ff6147 wp-block-paragraph\">Nous partons des personnes, de leurs passions et de leurs habitudes.<br>C\u2019est une exp\u00e9rience partag\u00e9e, diff\u00e9rente pour chacun, merveilleuse pour tous.<\/p>\n\n\n\n<div style=\"height:20px\" aria-hidden=\"true\" class=\"wp-block-spacer\"><\/div>\n\n\n\n<p class=\"has-text-align-center solo-desktop has-black-color has-text-color has-link-color has-large-font-size wp-elements-501c386715bea7f1f4ccc488b0d0b859 wp-block-paragraph\" style=\"font-style:normal;font-weight:400\">Vos maisons, con\u00e7ues par nous, pour vous<\/p>\n\n\n\n<p class=\"has-text-align-center solo-mobile has-black-color has-text-color has-link-color has-small-font-size wp-elements-74d3b57b05415e9e69aed13ea18f21fb wp-block-paragraph\">Nous partons des personnes, de leurs passions et de leurs habitudes.<br>C\u2019est une exp\u00e9rience partag\u00e9e, diff\u00e9rente pour chacun, merveilleuse pour tous.<\/p>\n\n\n\n<p class=\"has-text-align-center solo-mobile has-black-color has-text-color has-link-color has-normal-font-size wp-elements-941d7cbaa4890f19784987437b490738 wp-block-paragraph\" style=\"font-style:normal;font-weight:400\">Vos maisons, con\u00e7ues par nous, pour vous<\/p>\n<\/div>\n\n\n\n<div style=\"height:10px;width:0px\" aria-hidden=\"true\" class=\"wp-block-spacer\"><\/div>\n\n\n\n<div class=\"wp-block-group solo-desktop\">\n<div class=\"wp-block-columns\">\n<div class=\"wp-block-column is-vertically-aligned-top\">\n<div class=\"wp-block-columns are-vertically-aligned-center is-not-stacked-on-mobile\">\n<div class=\"wp-block-column is-vertically-aligned-center\">\n<figure class=\"wp-block-image aligncenter size-full is-style-default\"><a href=\"https:\/\/casapercasa.com\/fr\/projects\/classic-et-contemporain\/\"><img loading=\"lazy\" decoding=\"async\" width=\"1280\" height=\"854\" src=\"https:\/\/casapercasa.com\/wp-content\/uploads\/2026\/01\/Casa-N-cucina.jpg\" alt=\"\" class=\"wp-image-15431\" style=\"aspect-ratio:4\/3;object-fit:cover\" srcset=\"https:\/\/casapercasa.com\/wp-content\/uploads\/2026\/01\/Casa-N-cucina.jpg 1280w, https:\/\/casapercasa.com\/wp-content\/uploads\/2026\/01\/Casa-N-cucina-768x512.jpg 768w, https:\/\/casapercasa.com\/wp-content\/uploads\/2026\/01\/Casa-N-cucina-300x200.jpg 300w, https:\/\/casapercasa.com\/wp-content\/uploads\/2026\/01\/Casa-N-cucina-600x400.jpg 600w\" sizes=\"auto, (max-width: 1280px) 100vw, 1280px\" \/><\/a><\/figure>\n\n\n\n<p class=\"has-text-align-center solo-desktop has-black-color has-text-color has-link-color has-normal-font-size wp-elements-96d9c397920f3cfeb5a154dc16d47757 wp-block-paragraph\"><a href=\"https:\/\/casapercasa.com\/fr\/projects\/classic-et-contemporain\/\">Entre histoire et modernit\u00e9<\/a><\/p>\n<\/div>\n\n\n\n<div class=\"wp-block-column is-vertically-aligned-center\">\n<figure class=\"wp-block-image aligncenter size-full is-style-default\"><a href=\"https:\/\/casapercasa.com\/fr\/projects\/appartament-contemporain\"><img loading=\"lazy\" decoding=\"async\" width=\"1920\" height=\"1280\" src=\"https:\/\/casapercasa.com\/wp-content\/uploads\/2023\/10\/DSCF3679.jpg\" alt=\"\" class=\"wp-image-13874\" style=\"aspect-ratio:4\/3;object-fit:cover\" srcset=\"https:\/\/casapercasa.com\/wp-content\/uploads\/2023\/10\/DSCF3679.jpg 1920w, https:\/\/casapercasa.com\/wp-content\/uploads\/2023\/10\/DSCF3679-1600x1067.jpg 1600w, https:\/\/casapercasa.com\/wp-content\/uploads\/2023\/10\/DSCF3679-768x512.jpg 768w, https:\/\/casapercasa.com\/wp-content\/uploads\/2023\/10\/DSCF3679-1536x1024.jpg 1536w, https:\/\/casapercasa.com\/wp-content\/uploads\/2023\/10\/DSCF3679-300x200.jpg 300w, https:\/\/casapercasa.com\/wp-content\/uploads\/2023\/10\/DSCF3679-600x400.jpg 600w\" sizes=\"auto, (max-width: 1920px) 100vw, 1920px\" \/><\/a><\/figure>\n\n\n\n<p class=\"has-text-align-center solo-desktop has-black-color has-text-color has-link-color has-normal-font-size wp-elements-67a97a1231b70092aa529ff33a3dbb8a wp-block-paragraph\"><a href=\"https:\/\/casapercasa.com\/fr\/projects\/appartament-contemporain\">Attique <\/a><a href=\"https:\/\/casapercasa.com\/attico-contemporaneo\">contemporain<\/a><\/p>\n<\/div>\n<\/div>\n<\/div>\n\n\n\n<div class=\"wp-block-column is-vertically-aligned-top\">\n<div class=\"wp-block-columns are-vertically-aligned-center is-not-stacked-on-mobile\">\n<div class=\"wp-block-column is-vertically-aligned-center\">\n<figure class=\"wp-block-image aligncenter size-full is-style-default\"><a href=\"https:\/\/casapercasa.com\/fr\/projects\/continuite-architecturale\"><img loading=\"lazy\" decoding=\"async\" width=\"1920\" height=\"1280\" src=\"https:\/\/casapercasa.com\/wp-content\/uploads\/2023\/10\/DSCF8580.jpg-2.jpg\" alt=\"\" class=\"wp-image-4925\" style=\"aspect-ratio:4\/3;object-fit:cover\" srcset=\"https:\/\/casapercasa.com\/wp-content\/uploads\/2023\/10\/DSCF8580.jpg-2.jpg 1920w, https:\/\/casapercasa.com\/wp-content\/uploads\/2023\/10\/DSCF8580.jpg-2-1600x1067.jpg 1600w, https:\/\/casapercasa.com\/wp-content\/uploads\/2023\/10\/DSCF8580.jpg-2-768x512.jpg 768w, https:\/\/casapercasa.com\/wp-content\/uploads\/2023\/10\/DSCF8580.jpg-2-1536x1024.jpg 1536w, https:\/\/casapercasa.com\/wp-content\/uploads\/2023\/10\/DSCF8580.jpg-2-300x200.jpg 300w, https:\/\/casapercasa.com\/wp-content\/uploads\/2023\/10\/DSCF8580.jpg-2-600x400.jpg 600w\" sizes=\"auto, (max-width: 1920px) 100vw, 1920px\" \/><\/a><\/figure>\n\n\n\n<p class=\"has-text-align-center solo-desktop has-black-color has-text-color has-link-color has-normal-font-size wp-elements-1b9a239db084ccfc8cbae65f4a27f5a6 wp-block-paragraph\"><a href=\"https:\/\/casapercasa.com\/fr\/projects\/continuite-architecturale\">Continuit\u00e9 architecturale<\/a><\/p>\n<\/div>\n\n\n\n<div class=\"wp-block-column is-vertically-aligned-center\">\n<figure class=\"wp-block-image aligncenter size-full is-style-default\"><a href=\"https:\/\/casapercasa.com\/fr\/projects\/equilibre-contemporain\"><img loading=\"lazy\" decoding=\"async\" width=\"1920\" height=\"1280\" src=\"https:\/\/casapercasa.com\/wp-content\/uploads\/2022\/10\/casapercasa-v-veneto_012.jpg\" alt=\"\" class=\"wp-image-1077\" style=\"aspect-ratio:4\/3;object-fit:cover\" srcset=\"https:\/\/casapercasa.com\/wp-content\/uploads\/2022\/10\/casapercasa-v-veneto_012.jpg 1920w, https:\/\/casapercasa.com\/wp-content\/uploads\/2022\/10\/casapercasa-v-veneto_012-1600x1067.jpg 1600w, https:\/\/casapercasa.com\/wp-content\/uploads\/2022\/10\/casapercasa-v-veneto_012-768x512.jpg 768w, https:\/\/casapercasa.com\/wp-content\/uploads\/2022\/10\/casapercasa-v-veneto_012-1536x1024.jpg 1536w, https:\/\/casapercasa.com\/wp-content\/uploads\/2022\/10\/casapercasa-v-veneto_012-300x200.jpg 300w, https:\/\/casapercasa.com\/wp-content\/uploads\/2022\/10\/casapercasa-v-veneto_012-600x400.jpg 600w\" sizes=\"auto, (max-width: 1920px) 100vw, 1920px\" \/><\/a><\/figure>\n\n\n\n<p class=\"has-text-align-center solo-desktop has-black-color has-text-color has-link-color has-normal-font-size wp-elements-c569953fcaf249c73735883676f81f96 wp-block-paragraph\"><a href=\"https:\/\/casapercasa.com\/fr\/projects\/equilibre-contemporain\">\u00c9quilibre contemporain<\/a><\/p>\n<\/div>\n<\/div>\n<\/div>\n<\/div>\n\n\n\n<div class=\"wp-block-columns\">\n<div class=\"wp-block-column is-vertically-aligned-top\">\n<div class=\"wp-block-columns are-vertically-aligned-center is-not-stacked-on-mobile\">\n<div class=\"wp-block-column is-vertically-aligned-center\">\n<figure class=\"wp-block-image aligncenter size-full is-style-default\"><a href=\"https:\/\/casapercasa.com\/fr\/projects\/harmonie-en-continuite\"><img loading=\"lazy\" decoding=\"async\" width=\"1280\" height=\"1920\" src=\"https:\/\/casapercasa.com\/wp-content\/uploads\/2022\/10\/casapercasa-san-canzian-isonzo_010.jpg\" alt=\"\" class=\"wp-image-1101\" style=\"aspect-ratio:4\/3;object-fit:cover\" srcset=\"https:\/\/casapercasa.com\/wp-content\/uploads\/2022\/10\/casapercasa-san-canzian-isonzo_010.jpg 1280w, https:\/\/casapercasa.com\/wp-content\/uploads\/2022\/10\/casapercasa-san-canzian-isonzo_010-1067x1600.jpg 1067w, https:\/\/casapercasa.com\/wp-content\/uploads\/2022\/10\/casapercasa-san-canzian-isonzo_010-768x1152.jpg 768w, https:\/\/casapercasa.com\/wp-content\/uploads\/2022\/10\/casapercasa-san-canzian-isonzo_010-1024x1536.jpg 1024w, https:\/\/casapercasa.com\/wp-content\/uploads\/2022\/10\/casapercasa-san-canzian-isonzo_010-200x300.jpg 200w, https:\/\/casapercasa.com\/wp-content\/uploads\/2022\/10\/casapercasa-san-canzian-isonzo_010-400x600.jpg 400w\" sizes=\"auto, (max-width: 1280px) 100vw, 1280px\" \/><\/a><\/figure>\n\n\n\n<p class=\"has-text-align-center solo-desktop has-black-color has-text-color has-link-color has-normal-font-size wp-elements-2b2f0fff46a7f9f51fe414a6bb6e9e3c wp-block-paragraph\"><a href=\"https:\/\/casapercasa.com\/fr\/projects\/harmonie-en-continuite\">Harmonie en continuit\u00e9<\/a><\/p>\n<\/div>\n\n\n\n<div class=\"wp-block-column is-vertically-aligned-center\">\n<figure class=\"wp-block-image aligncenter size-full is-style-default\"><a href=\"https:\/\/casapercasa.com\/fr\/projects\/elegance-conceptuelle\"><img loading=\"lazy\" decoding=\"async\" width=\"1000\" height=\"667\" src=\"https:\/\/casapercasa.com\/wp-content\/uploads\/2022\/10\/casapercasa-pievedisoligo_001.jpg\" alt=\"\" class=\"wp-image-1418\" style=\"aspect-ratio:4\/3;object-fit:cover\" srcset=\"https:\/\/casapercasa.com\/wp-content\/uploads\/2022\/10\/casapercasa-pievedisoligo_001.jpg 1000w, https:\/\/casapercasa.com\/wp-content\/uploads\/2022\/10\/casapercasa-pievedisoligo_001-768x512.jpg 768w, https:\/\/casapercasa.com\/wp-content\/uploads\/2022\/10\/casapercasa-pievedisoligo_001-300x200.jpg 300w, https:\/\/casapercasa.com\/wp-content\/uploads\/2022\/10\/casapercasa-pievedisoligo_001-600x400.jpg 600w\" sizes=\"auto, (max-width: 1000px) 100vw, 1000px\" \/><\/a><\/figure>\n\n\n\n<p class=\"has-text-align-center solo-desktop has-black-color has-text-color has-link-color has-normal-font-size wp-elements-960db116e3da11704cf63774e9dbabe0 wp-block-paragraph\"><a href=\"https:\/\/casapercasa.com\/fr\/projects\/elegance-conceptuelle\">\u00c9l\u00e9gance du projet<\/a><\/p>\n<\/div>\n<\/div>\n<\/div>\n\n\n\n<div class=\"wp-block-column is-vertically-aligned-top\">\n<div class=\"wp-block-columns are-vertically-aligned-center is-not-stacked-on-mobile\">\n<div class=\"wp-block-column is-vertically-aligned-center\">\n<figure class=\"wp-block-image aligncenter size-full is-style-default\"><a href=\"https:\/\/casapercasa.com\/fr\/projects\/loft-manhattan\"><img loading=\"lazy\" decoding=\"async\" width=\"1600\" height=\"1067\" src=\"https:\/\/casapercasa.com\/wp-content\/uploads\/2022\/09\/manhattan-9.jpg\" alt=\"\" class=\"wp-image-849\" style=\"aspect-ratio:4\/3;object-fit:cover\" srcset=\"https:\/\/casapercasa.com\/wp-content\/uploads\/2022\/09\/manhattan-9.jpg 1600w, https:\/\/casapercasa.com\/wp-content\/uploads\/2022\/09\/manhattan-9-768x512.jpg 768w, https:\/\/casapercasa.com\/wp-content\/uploads\/2022\/09\/manhattan-9-1536x1024.jpg 1536w, https:\/\/casapercasa.com\/wp-content\/uploads\/2022\/09\/manhattan-9-300x200.jpg 300w, https:\/\/casapercasa.com\/wp-content\/uploads\/2022\/09\/manhattan-9-600x400.jpg 600w\" sizes=\"auto, (max-width: 1600px) 100vw, 1600px\" \/><\/a><\/figure>\n\n\n\n<p class=\"has-text-align-center solo-desktop has-black-color has-text-color has-link-color has-normal-font-size wp-elements-32cd3ea83aad151c01e2b112dfa9fc72 wp-block-paragraph\"><a href=\"https:\/\/casapercasa.com\/fr\/projects\/loft-manhattan\">Entrelacement des mati\u00e8res<\/a><\/p>\n<\/div>\n\n\n\n<div class=\"wp-block-column is-vertically-aligned-center\">\n<figure class=\"wp-block-image aligncenter size-full is-style-default\"><a href=\"https:\/\/casapercasa.com\/fr\/projects\/espaces-ad-personam\"><img loading=\"lazy\" decoding=\"async\" width=\"1920\" height=\"1282\" src=\"https:\/\/casapercasa.com\/wp-content\/uploads\/2022\/09\/DSC_1914-3.jpg\" alt=\"\" class=\"wp-image-2895\" style=\"aspect-ratio:4\/3;object-fit:cover\" srcset=\"https:\/\/casapercasa.com\/wp-content\/uploads\/2022\/09\/DSC_1914-3.jpg 1920w, https:\/\/casapercasa.com\/wp-content\/uploads\/2022\/09\/DSC_1914-3-1600x1068.jpg 1600w, https:\/\/casapercasa.com\/wp-content\/uploads\/2022\/09\/DSC_1914-3-768x513.jpg 768w, https:\/\/casapercasa.com\/wp-content\/uploads\/2022\/09\/DSC_1914-3-1536x1026.jpg 1536w, https:\/\/casapercasa.com\/wp-content\/uploads\/2022\/09\/DSC_1914-3-300x200.jpg 300w, https:\/\/casapercasa.com\/wp-content\/uploads\/2022\/09\/DSC_1914-3-600x401.jpg 600w\" sizes=\"auto, (max-width: 1920px) 100vw, 1920px\" \/><\/a><\/figure>\n\n\n\n<p class=\"has-text-align-center solo-desktop has-black-color has-text-color has-link-color has-normal-font-size wp-elements-51fb05a3c76a53c425505bc96c84a1a0 wp-block-paragraph\"><a href=\"https:\/\/casapercasa.com\/fr\/projects\/espaces-ad-personam\">Open space sur mesure<\/a><\/p>\n<\/div>\n<\/div>\n<\/div>\n<\/div>\n\n\n\n<div class=\"wp-block-columns\">\n<div class=\"wp-block-column is-vertically-aligned-top\">\n<div class=\"wp-block-columns are-vertically-aligned-center is-not-stacked-on-mobile\">\n<div class=\"wp-block-column is-vertically-aligned-center\">\n<figure class=\"wp-block-image aligncenter size-full is-style-default\"><a href=\"https:\/\/casapercasa.com\/fr\/projects\/foyer-domestique\"><img loading=\"lazy\" decoding=\"async\" width=\"1536\" height=\"1024\" src=\"https:\/\/casapercasa.com\/wp-content\/uploads\/2026\/01\/sandel.jpg\" alt=\"\" class=\"wp-image-18026\" style=\"aspect-ratio:4\/3;object-fit:cover\" srcset=\"https:\/\/casapercasa.com\/wp-content\/uploads\/2026\/01\/sandel.jpg 1536w, https:\/\/casapercasa.com\/wp-content\/uploads\/2026\/01\/sandel-768x512.jpg 768w, https:\/\/casapercasa.com\/wp-content\/uploads\/2026\/01\/sandel-300x200.jpg 300w, https:\/\/casapercasa.com\/wp-content\/uploads\/2026\/01\/sandel-600x400.jpg 600w\" sizes=\"auto, (max-width: 1536px) 100vw, 1536px\" \/><\/a><\/figure>\n\n\n\n<p class=\"has-text-align-center solo-desktop has-black-color has-text-color has-link-color has-normal-font-size wp-elements-41e2af83e7530cba8dd4f43e54c23dc6 wp-block-paragraph\"><a href=\"https:\/\/casapercasa.com\/fr\/projects\/foyer-domestique\">Foyer domestique<\/a><\/p>\n<\/div>\n\n\n\n<div class=\"wp-block-column is-vertically-aligned-center\">\n<figure class=\"wp-block-image aligncenter size-full is-style-default\"><a href=\"https:\/\/casapercasa.com\/fr\/projects\/demeure-alpine\"><img loading=\"lazy\" decoding=\"async\" width=\"1000\" height=\"667\" src=\"https:\/\/casapercasa.com\/wp-content\/uploads\/2022\/10\/casapercasa-san-vito-cadore_001.jpg\" alt=\"\" class=\"wp-image-1039\" style=\"aspect-ratio:4\/3;object-fit:cover\" srcset=\"https:\/\/casapercasa.com\/wp-content\/uploads\/2022\/10\/casapercasa-san-vito-cadore_001.jpg 1000w, https:\/\/casapercasa.com\/wp-content\/uploads\/2022\/10\/casapercasa-san-vito-cadore_001-768x512.jpg 768w, https:\/\/casapercasa.com\/wp-content\/uploads\/2022\/10\/casapercasa-san-vito-cadore_001-300x200.jpg 300w, https:\/\/casapercasa.com\/wp-content\/uploads\/2022\/10\/casapercasa-san-vito-cadore_001-600x400.jpg 600w\" sizes=\"auto, (max-width: 1000px) 100vw, 1000px\" \/><\/a><\/figure>\n\n\n\n<p class=\"has-text-align-center solo-desktop has-black-color has-text-color has-link-color has-normal-font-size wp-elements-77e964679bca0fc6d8aaa8b797b48e8b wp-block-paragraph\"><a href=\"https:\/\/casapercasa.com\/fr\/projects\/demeure-alpine\">Demeure alpine<\/a><\/p>\n<\/div>\n<\/div>\n<\/div>\n\n\n\n<div class=\"wp-block-column is-vertically-aligned-top\">\n<div class=\"wp-block-columns are-vertically-aligned-center is-not-stacked-on-mobile\">\n<div class=\"wp-block-column is-vertically-aligned-center\">\n<figure class=\"wp-block-image aligncenter size-full is-style-default\"><a href=\"https:\/\/casapercasa.com\/fr\/projects\/coordinationa-a-distance\"><img loading=\"lazy\" decoding=\"async\" width=\"1920\" height=\"1280\" src=\"https:\/\/casapercasa.com\/wp-content\/uploads\/2024\/11\/San_Francisco-14.jpg\" alt=\"\" class=\"wp-image-8952\" style=\"aspect-ratio:4\/3;object-fit:cover\" srcset=\"https:\/\/casapercasa.com\/wp-content\/uploads\/2024\/11\/San_Francisco-14.jpg 1920w, https:\/\/casapercasa.com\/wp-content\/uploads\/2024\/11\/San_Francisco-14-1600x1067.jpg 1600w, https:\/\/casapercasa.com\/wp-content\/uploads\/2024\/11\/San_Francisco-14-768x512.jpg 768w, https:\/\/casapercasa.com\/wp-content\/uploads\/2024\/11\/San_Francisco-14-1536x1024.jpg 1536w, https:\/\/casapercasa.com\/wp-content\/uploads\/2024\/11\/San_Francisco-14-300x200.jpg 300w, https:\/\/casapercasa.com\/wp-content\/uploads\/2024\/11\/San_Francisco-14-600x400.jpg 600w\" sizes=\"auto, (max-width: 1920px) 100vw, 1920px\" \/><\/a><\/figure>\n\n\n\n<p class=\"has-text-align-center solo-desktop has-black-color has-text-color has-link-color has-normal-font-size wp-elements-9f8804025d3e8829481e9ad81b4879c9 wp-block-paragraph\"><a href=\"https:\/\/casapercasa.com\/fr\/projects\/coordinationa-a-distance\">Coordination \u00e0 distance<\/a><\/p>\n<\/div>\n\n\n\n<div class=\"wp-block-column is-vertically-aligned-center\">\n<figure class=\"wp-block-image aligncenter size-full is-style-default\"><a href=\"https:\/\/casapercasa.com\/fr\/projects\/dialogue-avec-histoire\"><img loading=\"lazy\" decoding=\"async\" width=\"1920\" height=\"1279\" src=\"https:\/\/casapercasa.com\/wp-content\/uploads\/2022\/10\/casapercasa-Rieka_010.jpg\" alt=\"\" class=\"wp-image-1021\" style=\"aspect-ratio:4\/3;object-fit:cover\" srcset=\"https:\/\/casapercasa.com\/wp-content\/uploads\/2022\/10\/casapercasa-Rieka_010.jpg 1920w, https:\/\/casapercasa.com\/wp-content\/uploads\/2022\/10\/casapercasa-Rieka_010-1600x1066.jpg 1600w, https:\/\/casapercasa.com\/wp-content\/uploads\/2022\/10\/casapercasa-Rieka_010-768x512.jpg 768w, https:\/\/casapercasa.com\/wp-content\/uploads\/2022\/10\/casapercasa-Rieka_010-1536x1023.jpg 1536w, https:\/\/casapercasa.com\/wp-content\/uploads\/2022\/10\/casapercasa-Rieka_010-300x200.jpg 300w, https:\/\/casapercasa.com\/wp-content\/uploads\/2022\/10\/casapercasa-Rieka_010-600x400.jpg 600w\" sizes=\"auto, (max-width: 1920px) 100vw, 1920px\" \/><\/a><\/figure>\n\n\n\n<p class=\"has-text-align-center solo-desktop has-black-color has-text-color has-link-color has-normal-font-size wp-elements-6ff6564d21fb0f3846d87b865e9dd0b7 wp-block-paragraph\"><a href=\"https:\/\/casapercasa.com\/fr\/projects\/dialogue-avec-histoire\">Dialogue avec l\u2019histoire<\/a><\/p>\n<\/div>\n<\/div>\n<\/div>\n<\/div>\n\n\n\n<div class=\"wp-block-group is-style-container\">\n<p class=\"has-text-align-center solo-desktop has-black-color has-text-color has-link-color has-normal-font-size wp-elements-7ce898afaada7a0b8f0a617ee4d47fc4 wp-block-paragraph\">Explorez aussi nos espaces professionnels<\/p>\n\n\n\n<p class=\"has-text-align-center solo-mobile has-black-color has-text-color has-link-color has-small-font-size wp-elements-d94ba9fbf539e73837a9a41df50e300a wp-block-paragraph\">Explorez aussi nos espaces professionnels<\/p>\n\n\n\n<div style=\"height:50px\" aria-hidden=\"true\" class=\"wp-block-spacer\"><\/div>\n\n\n    <div id=\"custom_link-block_e7452a54dde523fd7088f36d9ec7ca7d\" class=\"Custom_Link_Wrapper custom_link aligncenter\">\r\n\t\t\t\t\t<div class=\"Custom_Link_Box\">\r\n\t\t\t\t<a href=\"https:\/\/casapercasa.com\/fr\/espaces-professionnels\" class=\"single_cb_link_box\">\r\n\t\t\t\t\t\t\t\t\t\t\t<div class=\"single_cb_link_text\" style=\"color:#9fa63a\">D\u00e9couvre-le<\/div>\r\n\t\t\t\t\t\t\t\t\t\t\t<div class=\"single_cb_link_animate\">\r\n\t\t\t\t\t\t<svg id=\"WoodArrowRight\" xmlns=\"http:\/\/www.w3.org\/2000\/svg\" width=\"121.796\" height=\"121.796\" viewBox=\"0 0 121.796 121.796\">\r\n\t\t\t\t\t\t\t<path id=\"WoodArrowRight_Wood\" d=\"M1580.784,546.788c.033-.461.063-.923.085-1.387h0c.028-.583.047-1.169.059-1.757.009-.411.016-.824.016-1.238,0-.2-.006-.389-.007-.584h0a60.523,60.523,0,0,0-5.7-25.145l-.015-.032q-.346-.736-.709-1.462h0a61.072,61.072,0,0,0-44.854-32.914h0a60.836,60.836,0,0,0-41.89,8.523h0q-.59.37-1.17.753l-.016.011q-.576.38-1.142.772l-.023.016q-.566.393-1.123.8l-.015.011a61.4,61.4,0,0,0-12.419,12.064l-.093.121a60.879,60.879,0,0,0-8.414,14.835q-.257.651-.5,1.31h0a61.013,61.013,0,0,0-2.506,32.961l0,.018a60.4,60.4,0,0,0,4.014,12.587l0,.008q.316.711.65,1.413h0a61.19,61.19,0,0,0,37.7,32.315h0a60.856,60.856,0,0,0,44.3-3.79h0q.74-.368,1.47-.754l.045-.024a61.2,61.2,0,0,0,12.892-9.172h0q.629-.583,1.241-1.183l.088-.086q.619-.61,1.222-1.235h0a61.072,61.072,0,0,0,12.535-19.324l.009-.022q.256-.631.5-1.27v0h0a60.412,60.412,0,0,0,3.647-15.654h0v0q.068-.708.12-1.421C1580.782,546.826,1580.782,546.807,1580.784,546.788Zm-2.537-6.027c-.324-.139-.646-.278-.961-.415a127.729,127.729,0,0,0-23.607-7.086l-13.772-2.317q-25.719-4.328-51.442-8.636-1.952-.326-3.9-.663c-5.855-1-11.849-2.023-17.865-2.553a58.313,58.313,0,0,1,7.63-12.7c7.123-.655,13.324-.967,19.125-.967,2.649,0,5.267.066,7.783.2,15.683.815,30.829,3.566,43.577,6.149,9.274,1.879,18.669,3.82,27.852,5.721A57.835,57.835,0,0,1,1578.247,540.761Zm-58.2-56.582c.844,0,1.684.022,2.519.058a243.886,243.886,0,0,1-27.522,5.59A57.88,57.88,0,0,1,1520.045,484.179Zm-31.418,9.224a246.659,246.659,0,0,0,34.333-6.22c2.51-.653,4.987-1.323,7.408-2.087a58.4,58.4,0,0,1,40.77,29.407q-3.818-.768-7.636-1.539c-12.152-2.46-24.718-5-37.117-7.241a187.885,187.885,0,0,0-33.277-3.005c-5.413,0-10.87.249-16.3.732A58.674,58.674,0,0,1,1488.627,493.4Zm-22.989,28.267c5.891.473,11.724,1.448,17.418,2.4l.477.08q32.7,5.491,65.4,11,4.148.7,8.289,1.427l15.557,4.311s-13.692-1.5-14.727-1.461c-15.081.633-24.639,3.827-30.469,7.229a113.209,113.209,0,0,0-13.04,8.731c-1.9,1.437-3.689,2.795-6.11,4.4a15.258,15.258,0,0,1-8.7,2.512,26.033,26.033,0,0,1-6.349-.874c-10.146-2.548-20.394-5.2-30.48-7.823a58.239,58.239,0,0,1,2.735-31.93Zm2.842,47.755c14.942,4.546,25.747,13.839,32.727,28.078A58.537,58.537,0,0,1,1468.48,569.424Zm51.565,31.207a58.111,58.111,0,0,1-14.967-1.953c-1.826-3.031-3.81-6.261-6.126-9.97-7.1-11.369-17.562-18.677-31.97-22.337a57.749,57.749,0,0,1-3.363-9.579c8.989,2.262,18.509,4.612,29.765,7.35a24.61,24.61,0,0,0,5.8.722,23.421,23.421,0,0,0,14.068-4.891c15.464-11.051,26.823-18.237,45.608-18.237a97.432,97.432,0,0,1,16.962,1.573,4.765,4.765,0,0,1,.51.129l1.917.538c-.02.737-.057,1.469-.1,2.2l-1.4.4c-1.638.465-3.257.952-4.822,1.422-3.49,1.049-6.786,2.039-10.211,2.795a96.666,96.666,0,0,0-32.509,13.951c-1.464.957-3,1.8-4.484,2.622-1.552.854-3.017,1.662-4.422,2.592a34.253,34.253,0,0,0-6.61,5.236,5.986,5.986,0,0,0,1.8,10.151,42.387,42.387,0,0,0,6.171,2.471c1,.344,2.042.7,3.059,1.085,1.1.416,2.188.84,3.281,1.264,2.129.826,4.332,1.68,6.51,2.455,2.945,1.049,5.922,2.092,8.88,3.123A57.891,57.891,0,0,1,1520.045,600.631Zm40.569-16.5a77.477,77.477,0,0,1-10.814-2.611c-1.39-.418-5.383-2.716-5.262-4.6s3.262-3.753,4.306-4.368c7.382-4.355,14.51-6.472,21.794-6.472q1.275,0,2.561.094A58.478,58.478,0,0,1,1560.614,584.128Zm13.662-20.525c-1.174-.1-2.344-.159-3.5-.159a44.985,44.985,0,0,0-22.394,6.307,25.389,25.389,0,0,0-4.9,3.8c-1.831,1.753-2.032,3.633-.631,5.919,1.274,2.078,3.228,3.542,6.536,4.894a37.156,37.156,0,0,0,8.541,2.228,58.446,58.446,0,0,1-11.418,7.674c-.612-.206-1.224-.411-1.832-.619-2.03-.694-4.018-1.533-5.941-2.344-1.513-.639-3.079-1.3-4.626-1.871-2.415-.892-4.906-1.732-7.316-2.543-1.648-.556-3.3-1.111-4.937-1.687a37.079,37.079,0,0,1-4.783-1.951,3.726,3.726,0,0,1-1.114-6.658,20.1,20.1,0,0,1,4.3-3.547c3.635-2.155,7.351-4.3,10.946-6.375,3.385-1.953,6.885-3.974,10.3-5.994,5.067-3,10.635-4.48,16.02-5.916,1.372-.366,2.791-.744,4.171-1.139,5.382-1.543,10.833-3.076,16.2-4.577A57.76,57.76,0,0,1,1574.276,563.6Z\" transform=\"translate(-1459.147 -481.507)\"\/>\r\n\t\t\t\t\t\t<\/svg>\r\n\t\t\t\t\t\t<svg class=\"MenuItemArrow\" xmlns=\"http:\/\/www.w3.org\/2000\/svg\" width=\"100.707\" height=\"23.156\" viewBox=\"0 0 100.707 23.156\">\r\n\t\t\t\t\t\t\t<g id=\"arrow\" transform=\"translate(0.008 0.078)\">\r\n\t\t\t\t\t\t\t\t<path id=\"WoodArrowRight_LinePath\" d=\"M88.768.275,99.992,11.5,88.768,22.725\" fill=\"none\" stroke=\"#000\" stroke-width=\"5\"><\/path>\r\n\t\t\t\t\t\t\t\t<path id=\"WoodArrowRight_Line\" d=\"M0,11.5H100\" transform=\"translate(-0.008)\" stroke=\"#000\" stroke-width=\"5\"><\/path>\r\n\t\t\t\t\t\t\t<\/g>\r\n\t\t\t\t\t\t<\/svg>\r\n\t\t\t\t\t<\/div>\r\n\t\t\t\t<\/a>\r\n\t\t\t<\/div>\r\n\t\t\t    <\/div>\r\n    \n\n\n<div style=\"height:50px\" aria-hidden=\"true\" class=\"wp-block-spacer\"><\/div>\n<\/div>\n<\/div>\n\n\n\n<div class=\"wp-block-group solo-mobile\">\n<div style=\"height:50px\" aria-hidden=\"true\" class=\"wp-block-spacer\"><\/div>\n\n\n\n<div class=\"wp-block-group is-style-container\">\n<div class=\"wp-block-columns\">\n<div class=\"wp-block-column\">    <div  class=\"block_376a61703062444c609702ecc52e87f3 CustomPostLinksWrapper  cb_custom_postlinks aligncenter\">\r\n            <div class=\"SingleCustomPostLink\">\r\n        <a href='https:\/\/casapercasa.com\/fr\/projects\/classic-et-contemporain\/'>        <div class=\"SingleCustomPostLink_image\"><img decoding=\"async\" src=\"https:\/\/casapercasa.com\/wp-content\/uploads\/2026\/01\/Casa-N-cucina.jpg\"><\/div>\r\n        <div class=\"SingleCustomPostLink_Icon\"><img decoding=\"async\" src=\"\"><\/div>\r\n        <div class=\"SingleCustomPostLink_title\">Entre histoire et modernit\u00e9<\/div>\r\n        <\/a>        <\/div>\r\n                <div class=\"SingleCustomPostLink\">\r\n        <a href='https:\/\/casapercasa.com\/fr\/projects\/appartament-contemporain'>        <div class=\"SingleCustomPostLink_image\"><img decoding=\"async\" src=\"https:\/\/casapercasa.com\/wp-content\/uploads\/2023\/10\/DSCF3679.jpg\"><\/div>\r\n        <div class=\"SingleCustomPostLink_Icon\"><img decoding=\"async\" src=\"\"><\/div>\r\n        <div class=\"SingleCustomPostLink_title\">Attique contemporain<\/div>\r\n        <\/a>        <\/div>\r\n                <div class=\"SingleCustomPostLink\">\r\n        <a href='https:\/\/casapercasa.com\/fr\/projects\/continuite-architecturale'>        <div class=\"SingleCustomPostLink_image\"><img decoding=\"async\" src=\"https:\/\/casapercasa.com\/wp-content\/uploads\/2023\/10\/DSCF8580.jpg-2.jpg\"><\/div>\r\n        <div class=\"SingleCustomPostLink_Icon\"><img decoding=\"async\" src=\"\"><\/div>\r\n        <div class=\"SingleCustomPostLink_title\">Continuit\u00e9 architecturale<\/div>\r\n        <\/a>        <\/div>\r\n                <div class=\"SingleCustomPostLink\">\r\n        <a href='https:\/\/casapercasa.com\/fr\/projects\/equilibre-contemporain'>        <div class=\"SingleCustomPostLink_image\"><img decoding=\"async\" src=\"https:\/\/casapercasa.com\/wp-content\/uploads\/2022\/10\/casapercasa-v-veneto_012.jpg\"><\/div>\r\n        <div class=\"SingleCustomPostLink_Icon\"><img decoding=\"async\" src=\"\"><\/div>\r\n        <div class=\"SingleCustomPostLink_title\">\u00c9quilibre contemporain<\/div>\r\n        <\/a>        <\/div>\r\n                <div class=\"SingleCustomPostLink\">\r\n        <a href='https:\/\/casapercasa.com\/fr\/projects\/harmonie-en-continuite'>        <div class=\"SingleCustomPostLink_image\"><img decoding=\"async\" src=\"https:\/\/casapercasa.com\/wp-content\/uploads\/2022\/11\/SAN-CANZIAN-001.jpg\"><\/div>\r\n        <div class=\"SingleCustomPostLink_Icon\"><img decoding=\"async\" src=\"\"><\/div>\r\n        <div class=\"SingleCustomPostLink_title\">Harmonie en continuit\u00e9<\/div>\r\n        <\/a>        <\/div>\r\n                <div class=\"SingleCustomPostLink\">\r\n        <a href='https:\/\/casapercasa.com\/fr\/projects\/elegance-conceptuelle'>        <div class=\"SingleCustomPostLink_image\"><img decoding=\"async\" src=\"https:\/\/casapercasa.com\/wp-content\/uploads\/2022\/10\/casapercasa-pievedisoligo_001.jpg\"><\/div>\r\n        <div class=\"SingleCustomPostLink_Icon\"><img decoding=\"async\" src=\"\"><\/div>\r\n        <div class=\"SingleCustomPostLink_title\">\u00c9l\u00e9gance du projet<\/div>\r\n        <\/a>        <\/div>\r\n                <div class=\"SingleCustomPostLink\">\r\n        <a href='https:\/\/casapercasa.com\/fr\/projects\/loft-manhattan'>        <div class=\"SingleCustomPostLink_image\"><img decoding=\"async\" src=\"https:\/\/casapercasa.com\/wp-content\/uploads\/2022\/09\/manhattan-9.jpg\"><\/div>\r\n        <div class=\"SingleCustomPostLink_Icon\"><img decoding=\"async\" src=\"\"><\/div>\r\n        <div class=\"SingleCustomPostLink_title\">Entrelacement des mati\u00e8res<\/div>\r\n        <\/a>        <\/div>\r\n                <div class=\"SingleCustomPostLink\">\r\n        <a href='https:\/\/casapercasa.com\/fr\/projects\/espaces-ad-personam'>        <div class=\"SingleCustomPostLink_image\"><img decoding=\"async\" src=\"https:\/\/casapercasa.com\/wp-content\/uploads\/2023\/10\/DSC_1914-3.jpg\"><\/div>\r\n        <div class=\"SingleCustomPostLink_Icon\"><img decoding=\"async\" src=\"\"><\/div>\r\n        <div class=\"SingleCustomPostLink_title\">Open space sur mesure<\/div>\r\n        <\/a>        <\/div>\r\n                <div class=\"SingleCustomPostLink\">\r\n        <a href='https:\/\/casapercasa.com\/fr\/projects\/foyer-domestique'>        <div class=\"SingleCustomPostLink_image\"><img decoding=\"async\" src=\"https:\/\/casapercasa.com\/wp-content\/uploads\/2023\/10\/private-home-20.jpg\"><\/div>\r\n        <div class=\"SingleCustomPostLink_Icon\"><img decoding=\"async\" src=\"\"><\/div>\r\n        <div class=\"SingleCustomPostLink_title\">Foyer domestique<\/div>\r\n        <\/a>        <\/div>\r\n                <div class=\"SingleCustomPostLink\">\r\n        <a href='https:\/\/casapercasa.com\/fr\/projects\/demeure-alpine'>        <div class=\"SingleCustomPostLink_image\"><img decoding=\"async\" src=\"https:\/\/casapercasa.com\/wp-content\/uploads\/2022\/10\/casapercasa-san-vito-cadore_001.jpg\"><\/div>\r\n        <div class=\"SingleCustomPostLink_Icon\"><img decoding=\"async\" src=\"\"><\/div>\r\n        <div class=\"SingleCustomPostLink_title\">Demeure alpine<\/div>\r\n        <\/a>        <\/div>\r\n                <div class=\"SingleCustomPostLink\">\r\n        <a href='https:\/\/casapercasa.com\/fr\/projects\/coordinationa-a-distance'>        <div class=\"SingleCustomPostLink_image\"><img decoding=\"async\" src=\"https:\/\/casapercasa.com\/wp-content\/uploads\/2024\/11\/San_Francisco-14.jpg\"><\/div>\r\n        <div class=\"SingleCustomPostLink_Icon\"><img decoding=\"async\" src=\"\"><\/div>\r\n        <div class=\"SingleCustomPostLink_title\">Coordination \u00e0 distance<\/div>\r\n        <\/a>        <\/div>\r\n                <div class=\"SingleCustomPostLink\">\r\n        <a href='https:\/\/casapercasa.com\/fr\/projects\/dialogue-avec-histoire'>        <div class=\"SingleCustomPostLink_image\"><img decoding=\"async\" src=\"https:\/\/casapercasa.com\/wp-content\/uploads\/2022\/10\/casapercasa-Rieka_010.jpg\"><\/div>\r\n        <div class=\"SingleCustomPostLink_Icon\"><img decoding=\"async\" src=\"\"><\/div>\r\n        <div class=\"SingleCustomPostLink_title\">Dialogue avec l\u2019histoire<\/div>\r\n        <\/a>        <\/div>\r\n            <\/div>\r\n    <\/div>\n<\/div>\n<\/div>\n\n\n\n<div class=\"wp-block-group is-style-container\">\n<p class=\"has-text-align-center solo-desktop has-black-color has-text-color has-link-color has-normal-font-size wp-elements-7ce898afaada7a0b8f0a617ee4d47fc4 wp-block-paragraph\">Explorez aussi nos espaces professionnels<\/p>\n\n\n\n<p class=\"has-text-align-center solo-mobile has-black-color has-text-color has-link-color has-small-font-size wp-elements-d94ba9fbf539e73837a9a41df50e300a wp-block-paragraph\">Explorez aussi nos espaces professionnels<\/p>\n\n\n\n<div style=\"height:50px\" aria-hidden=\"true\" class=\"wp-block-spacer\"><\/div>\n\n\n    <div id=\"custom_link-block_e7452a54dde523fd7088f36d9ec7ca7d\" class=\"Custom_Link_Wrapper custom_link aligncenter\">\r\n\t\t\t\t\t<div class=\"Custom_Link_Box\">\r\n\t\t\t\t<a href=\"https:\/\/casapercasa.com\/fr\/espaces-professionnels\" class=\"single_cb_link_box\">\r\n\t\t\t\t\t\t\t\t\t\t\t<div class=\"single_cb_link_text\" style=\"color:#9fa63a\">D\u00e9couvre-le<\/div>\r\n\t\t\t\t\t\t\t\t\t\t\t<div class=\"single_cb_link_animate\">\r\n\t\t\t\t\t\t<svg id=\"WoodArrowRight\" xmlns=\"http:\/\/www.w3.org\/2000\/svg\" width=\"121.796\" height=\"121.796\" viewBox=\"0 0 121.796 121.796\">\r\n\t\t\t\t\t\t\t<path id=\"WoodArrowRight_Wood\" d=\"M1580.784,546.788c.033-.461.063-.923.085-1.387h0c.028-.583.047-1.169.059-1.757.009-.411.016-.824.016-1.238,0-.2-.006-.389-.007-.584h0a60.523,60.523,0,0,0-5.7-25.145l-.015-.032q-.346-.736-.709-1.462h0a61.072,61.072,0,0,0-44.854-32.914h0a60.836,60.836,0,0,0-41.89,8.523h0q-.59.37-1.17.753l-.016.011q-.576.38-1.142.772l-.023.016q-.566.393-1.123.8l-.015.011a61.4,61.4,0,0,0-12.419,12.064l-.093.121a60.879,60.879,0,0,0-8.414,14.835q-.257.651-.5,1.31h0a61.013,61.013,0,0,0-2.506,32.961l0,.018a60.4,60.4,0,0,0,4.014,12.587l0,.008q.316.711.65,1.413h0a61.19,61.19,0,0,0,37.7,32.315h0a60.856,60.856,0,0,0,44.3-3.79h0q.74-.368,1.47-.754l.045-.024a61.2,61.2,0,0,0,12.892-9.172h0q.629-.583,1.241-1.183l.088-.086q.619-.61,1.222-1.235h0a61.072,61.072,0,0,0,12.535-19.324l.009-.022q.256-.631.5-1.27v0h0a60.412,60.412,0,0,0,3.647-15.654h0v0q.068-.708.12-1.421C1580.782,546.826,1580.782,546.807,1580.784,546.788Zm-2.537-6.027c-.324-.139-.646-.278-.961-.415a127.729,127.729,0,0,0-23.607-7.086l-13.772-2.317q-25.719-4.328-51.442-8.636-1.952-.326-3.9-.663c-5.855-1-11.849-2.023-17.865-2.553a58.313,58.313,0,0,1,7.63-12.7c7.123-.655,13.324-.967,19.125-.967,2.649,0,5.267.066,7.783.2,15.683.815,30.829,3.566,43.577,6.149,9.274,1.879,18.669,3.82,27.852,5.721A57.835,57.835,0,0,1,1578.247,540.761Zm-58.2-56.582c.844,0,1.684.022,2.519.058a243.886,243.886,0,0,1-27.522,5.59A57.88,57.88,0,0,1,1520.045,484.179Zm-31.418,9.224a246.659,246.659,0,0,0,34.333-6.22c2.51-.653,4.987-1.323,7.408-2.087a58.4,58.4,0,0,1,40.77,29.407q-3.818-.768-7.636-1.539c-12.152-2.46-24.718-5-37.117-7.241a187.885,187.885,0,0,0-33.277-3.005c-5.413,0-10.87.249-16.3.732A58.674,58.674,0,0,1,1488.627,493.4Zm-22.989,28.267c5.891.473,11.724,1.448,17.418,2.4l.477.08q32.7,5.491,65.4,11,4.148.7,8.289,1.427l15.557,4.311s-13.692-1.5-14.727-1.461c-15.081.633-24.639,3.827-30.469,7.229a113.209,113.209,0,0,0-13.04,8.731c-1.9,1.437-3.689,2.795-6.11,4.4a15.258,15.258,0,0,1-8.7,2.512,26.033,26.033,0,0,1-6.349-.874c-10.146-2.548-20.394-5.2-30.48-7.823a58.239,58.239,0,0,1,2.735-31.93Zm2.842,47.755c14.942,4.546,25.747,13.839,32.727,28.078A58.537,58.537,0,0,1,1468.48,569.424Zm51.565,31.207a58.111,58.111,0,0,1-14.967-1.953c-1.826-3.031-3.81-6.261-6.126-9.97-7.1-11.369-17.562-18.677-31.97-22.337a57.749,57.749,0,0,1-3.363-9.579c8.989,2.262,18.509,4.612,29.765,7.35a24.61,24.61,0,0,0,5.8.722,23.421,23.421,0,0,0,14.068-4.891c15.464-11.051,26.823-18.237,45.608-18.237a97.432,97.432,0,0,1,16.962,1.573,4.765,4.765,0,0,1,.51.129l1.917.538c-.02.737-.057,1.469-.1,2.2l-1.4.4c-1.638.465-3.257.952-4.822,1.422-3.49,1.049-6.786,2.039-10.211,2.795a96.666,96.666,0,0,0-32.509,13.951c-1.464.957-3,1.8-4.484,2.622-1.552.854-3.017,1.662-4.422,2.592a34.253,34.253,0,0,0-6.61,5.236,5.986,5.986,0,0,0,1.8,10.151,42.387,42.387,0,0,0,6.171,2.471c1,.344,2.042.7,3.059,1.085,1.1.416,2.188.84,3.281,1.264,2.129.826,4.332,1.68,6.51,2.455,2.945,1.049,5.922,2.092,8.88,3.123A57.891,57.891,0,0,1,1520.045,600.631Zm40.569-16.5a77.477,77.477,0,0,1-10.814-2.611c-1.39-.418-5.383-2.716-5.262-4.6s3.262-3.753,4.306-4.368c7.382-4.355,14.51-6.472,21.794-6.472q1.275,0,2.561.094A58.478,58.478,0,0,1,1560.614,584.128Zm13.662-20.525c-1.174-.1-2.344-.159-3.5-.159a44.985,44.985,0,0,0-22.394,6.307,25.389,25.389,0,0,0-4.9,3.8c-1.831,1.753-2.032,3.633-.631,5.919,1.274,2.078,3.228,3.542,6.536,4.894a37.156,37.156,0,0,0,8.541,2.228,58.446,58.446,0,0,1-11.418,7.674c-.612-.206-1.224-.411-1.832-.619-2.03-.694-4.018-1.533-5.941-2.344-1.513-.639-3.079-1.3-4.626-1.871-2.415-.892-4.906-1.732-7.316-2.543-1.648-.556-3.3-1.111-4.937-1.687a37.079,37.079,0,0,1-4.783-1.951,3.726,3.726,0,0,1-1.114-6.658,20.1,20.1,0,0,1,4.3-3.547c3.635-2.155,7.351-4.3,10.946-6.375,3.385-1.953,6.885-3.974,10.3-5.994,5.067-3,10.635-4.48,16.02-5.916,1.372-.366,2.791-.744,4.171-1.139,5.382-1.543,10.833-3.076,16.2-4.577A57.76,57.76,0,0,1,1574.276,563.6Z\" transform=\"translate(-1459.147 -481.507)\"\/>\r\n\t\t\t\t\t\t<\/svg>\r\n\t\t\t\t\t\t<svg class=\"MenuItemArrow\" xmlns=\"http:\/\/www.w3.org\/2000\/svg\" width=\"100.707\" height=\"23.156\" viewBox=\"0 0 100.707 23.156\">\r\n\t\t\t\t\t\t\t<g id=\"arrow\" transform=\"translate(0.008 0.078)\">\r\n\t\t\t\t\t\t\t\t<path id=\"WoodArrowRight_LinePath\" d=\"M88.768.275,99.992,11.5,88.768,22.725\" fill=\"none\" stroke=\"#000\" stroke-width=\"5\"><\/path>\r\n\t\t\t\t\t\t\t\t<path id=\"WoodArrowRight_Line\" d=\"M0,11.5H100\" transform=\"translate(-0.008)\" stroke=\"#000\" stroke-width=\"5\"><\/path>\r\n\t\t\t\t\t\t\t<\/g>\r\n\t\t\t\t\t\t<\/svg>\r\n\t\t\t\t\t<\/div>\r\n\t\t\t\t<\/a>\r\n\t\t\t<\/div>\r\n\t\t\t    <\/div>\r\n    \n\n\n<div style=\"height:50px\" aria-hidden=\"true\" class=\"wp-block-spacer\"><\/div>\n<\/div>\n<\/div>\n<\/div>\n\n\n\n<div class=\"wp-block-group has-background\" style=\"background-color:#9fa63a3d\"><div id=\"17310\" class=\"Custom_CTA_Wrapper custom_cta\">\r\n    <div class=\"container\">\r\n        <div class=\"row align-items-center\">\r\n            <div class=\"col-12 col-lg-4 col-xl-3\">\r\n                <div class=\"Custom_CTA_Img\">\r\n                                            <img decoding=\"async\" src=\"https:\/\/casapercasa.com\/wp-content\/uploads\/2022\/09\/la-nostra-sede-e1701268650543.jpg\">\r\n                                        <\/div>\r\n            <\/div>\r\n            <div class=\"col-12 col-lg-8 col-xl-9\">\r\n                <div class=\"Custom_CTA_Content_Wrapper\">\r\n                    <div class=\"Custom_CTA_Title\">Passez du temps avec nous.<\/div>\r\n                    <div class=\"Custom_CTA_Descr\">Notre showroom et nos ateliers vous attendent: d\u00e9sirez, imaginez, d\u00e9couvrez, choisissez, cr\u00e9ez.<\/div>\r\n                                            <div class=\"Custom_CTA_Link\"><a href=\"https:\/\/casapercasa.com\/fr\/contatti\/\">Contactez-nous d\u00e8s maintenant<\/a><\/div>\r\n                                        <\/div>\r\n            <\/div>\r\n        <\/div>\r\n    <\/div>\r\n<\/div><\/div>\n","protected":false},"excerpt":{"rendered":"<p>Nous partons des personnes, de leurs passions et de leurs habitudes.C\u2019est une exp\u00e9rience partag\u00e9e, diff\u00e9rente pour chacun, merveilleuse pour tous. Vos maisons, con\u00e7ues par nous, pour vous Nous partons des personnes, de leurs passions et de leurs habitudes.C\u2019est une exp\u00e9rience partag\u00e9e, diff\u00e9rente pour chacun, merveilleuse pour tous. Vos maisons, con\u00e7ues par nous, pour vous Entre [&hellip;]<\/p>\n","protected":false},"author":3,"featured_media":0,"parent":0,"menu_order":0,"comment_status":"closed","ping_status":"closed","template":"","meta":{"_acf_changed":false,"inline_featured_image":false,"footnotes":""},"class_list":["post-17310","page","type-page","status-publish","hentry"],"acf":[],"yoast_head":"<title>Casapercasa - Espaces Priv\u00e9s<\/title>\n<meta name=\"description\" content=\"Chaque maison est unique. Chez Casapercasa, nous concevons des espaces qui racontent vos passions et votre art de vivre.\" \/>\n<meta name=\"robots\" content=\"index, follow, max-snippet:-1, max-image-preview:large, max-video-preview:-1\" \/>\n<link rel=\"canonical\" href=\"https:\/\/casapercasa.com\/fr\/espaces-prives\/\" \/>\n<meta property=\"og:locale\" content=\"fr_FR\" \/>\n<meta property=\"og:type\" content=\"article\" \/>\n<meta property=\"og:title\" content=\"Casapercasa - Espaces Priv\u00e9s\" \/>\n<meta property=\"og:description\" content=\"Chaque maison est unique. Chez Casapercasa, nous concevons des espaces qui racontent vos passions et votre art de vivre.\" \/>\n<meta property=\"og:url\" content=\"https:\/\/casapercasa.com\/fr\/espaces-prives\/\" \/>\n<meta property=\"og:site_name\" content=\"Casapercasa S.r.l.\" \/>\n<meta property=\"article:publisher\" content=\"https:\/\/www.facebook.com\/casapercasadesign\" \/>\n<meta property=\"article:modified_time\" content=\"2026-03-18T16:01:34+00:00\" \/>\n<meta property=\"og:image\" content=\"https:\/\/casapercasa.com\/wp-content\/uploads\/2026\/01\/Casa-N-cucina.jpg\" \/>\n\t<meta property=\"og:image:width\" content=\"1280\" \/>\n\t<meta property=\"og:image:height\" content=\"854\" \/>\n\t<meta property=\"og:image:type\" content=\"image\/jpeg\" \/>\n<meta name=\"twitter:card\" content=\"summary_large_image\" \/>\n<meta name=\"twitter:label1\" content=\"Dur\u00e9e de lecture estim\u00e9e\" \/>\n\t<meta name=\"twitter:data1\" content=\"3 minutes\" \/>\n<script type=\"application\/ld+json\" class=\"yoast-schema-graph\">{\"@context\":\"https:\\\/\\\/schema.org\",\"@graph\":[{\"@type\":\"WebPage\",\"@id\":\"https:\\\/\\\/casapercasa.com\\\/fr\\\/espaces-prives\\\/\",\"url\":\"https:\\\/\\\/casapercasa.com\\\/fr\\\/espaces-prives\\\/\",\"name\":\"Casapercasa - Espaces Priv\u00e9s\",\"isPartOf\":{\"@id\":\"https:\\\/\\\/casapercasa.com\\\/fr\\\/#website\"},\"primaryImageOfPage\":{\"@id\":\"https:\\\/\\\/casapercasa.com\\\/fr\\\/espaces-prives\\\/#primaryimage\"},\"image\":{\"@id\":\"https:\\\/\\\/casapercasa.com\\\/fr\\\/espaces-prives\\\/#primaryimage\"},\"thumbnailUrl\":\"https:\\\/\\\/casapercasa.com\\\/wp-content\\\/uploads\\\/2026\\\/01\\\/Casa-N-cucina.jpg\",\"datePublished\":\"2026-02-09T14:49:51+00:00\",\"dateModified\":\"2026-03-18T16:01:34+00:00\",\"description\":\"Chaque maison est unique. Chez Casapercasa, nous concevons des espaces qui racontent vos passions et votre art de vivre.\",\"breadcrumb\":{\"@id\":\"https:\\\/\\\/casapercasa.com\\\/fr\\\/espaces-prives\\\/#breadcrumb\"},\"inLanguage\":\"fr-FR\",\"potentialAction\":[{\"@type\":\"ReadAction\",\"target\":[\"https:\\\/\\\/casapercasa.com\\\/fr\\\/espaces-prives\\\/\"]}]},{\"@type\":\"ImageObject\",\"inLanguage\":\"fr-FR\",\"@id\":\"https:\\\/\\\/casapercasa.com\\\/fr\\\/espaces-prives\\\/#primaryimage\",\"url\":\"https:\\\/\\\/casapercasa.com\\\/wp-content\\\/uploads\\\/2026\\\/01\\\/Casa-N-cucina.jpg\",\"contentUrl\":\"https:\\\/\\\/casapercasa.com\\\/wp-content\\\/uploads\\\/2026\\\/01\\\/Casa-N-cucina.jpg\"},{\"@type\":\"BreadcrumbList\",\"@id\":\"https:\\\/\\\/casapercasa.com\\\/fr\\\/espaces-prives\\\/#breadcrumb\",\"itemListElement\":[{\"@type\":\"ListItem\",\"position\":1,\"name\":\"Home\",\"item\":\"https:\\\/\\\/casapercasa.com\\\/fr\\\/\"},{\"@type\":\"ListItem\",\"position\":2,\"name\":\"Spazi privati &#8211; fra\"}]},{\"@type\":\"WebSite\",\"@id\":\"https:\\\/\\\/casapercasa.com\\\/fr\\\/#website\",\"url\":\"https:\\\/\\\/casapercasa.com\\\/fr\\\/\",\"name\":\"Casapercasa\",\"description\":\"INNOVAZIONE ARTIGIANA\",\"publisher\":{\"@id\":\"https:\\\/\\\/casapercasa.com\\\/fr\\\/#organization\"},\"potentialAction\":[{\"@type\":\"SearchAction\",\"target\":{\"@type\":\"EntryPoint\",\"urlTemplate\":\"https:\\\/\\\/casapercasa.com\\\/fr\\\/?s={search_term_string}\"},\"query-input\":{\"@type\":\"PropertyValueSpecification\",\"valueRequired\":true,\"valueName\":\"search_term_string\"}}],\"inLanguage\":\"fr-FR\"},{\"@type\":\"Organization\",\"@id\":\"https:\\\/\\\/casapercasa.com\\\/fr\\\/#organization\",\"name\":\"Casapercasa S.r.l.\",\"url\":\"https:\\\/\\\/casapercasa.com\\\/fr\\\/\",\"logo\":{\"@type\":\"ImageObject\",\"inLanguage\":\"fr-FR\",\"@id\":\"https:\\\/\\\/casapercasa.com\\\/fr\\\/#\\\/schema\\\/logo\\\/image\\\/\",\"url\":\"https:\\\/\\\/casapercasa.com\\\/wp-content\\\/uploads\\\/2022\\\/10\\\/logo-extralarge-retina.png\",\"contentUrl\":\"https:\\\/\\\/casapercasa.com\\\/wp-content\\\/uploads\\\/2022\\\/10\\\/logo-extralarge-retina.png\",\"width\":258,\"height\":43,\"caption\":\"Casapercasa S.r.l.\"},\"image\":{\"@id\":\"https:\\\/\\\/casapercasa.com\\\/fr\\\/#\\\/schema\\\/logo\\\/image\\\/\"},\"sameAs\":[\"https:\\\/\\\/www.facebook.com\\\/casapercasadesign\",\"https:\\\/\\\/www.instagram.com\\\/casapercasadettagli\\\/?hl=it\"]}]}<\/script>","yoast_head_json":{"title":"Casapercasa - Espaces Priv\u00e9s","description":"Chaque maison est unique. Chez Casapercasa, nous concevons des espaces qui racontent vos passions et votre art de vivre.","robots":{"index":"index","follow":"follow","max-snippet":"max-snippet:-1","max-image-preview":"max-image-preview:large","max-video-preview":"max-video-preview:-1"},"canonical":"https:\/\/casapercasa.com\/fr\/espaces-prives\/","og_locale":"fr_FR","og_type":"article","og_title":"Casapercasa - Espaces Priv\u00e9s","og_description":"Chaque maison est unique. Chez Casapercasa, nous concevons des espaces qui racontent vos passions et votre art de vivre.","og_url":"https:\/\/casapercasa.com\/fr\/espaces-prives\/","og_site_name":"Casapercasa S.r.l.","article_publisher":"https:\/\/www.facebook.com\/casapercasadesign","article_modified_time":"2026-03-18T16:01:34+00:00","og_image":[{"width":1280,"height":854,"url":"https:\/\/casapercasa.com\/wp-content\/uploads\/2026\/01\/Casa-N-cucina.jpg","type":"image\/jpeg"}],"twitter_card":"summary_large_image","twitter_misc":{"Dur\u00e9e de lecture estim\u00e9e":"3 minutes"},"schema":{"@context":"https:\/\/schema.org","@graph":[{"@type":"WebPage","@id":"https:\/\/casapercasa.com\/fr\/espaces-prives\/","url":"https:\/\/casapercasa.com\/fr\/espaces-prives\/","name":"Casapercasa - Espaces Priv\u00e9s","isPartOf":{"@id":"https:\/\/casapercasa.com\/fr\/#website"},"primaryImageOfPage":{"@id":"https:\/\/casapercasa.com\/fr\/espaces-prives\/#primaryimage"},"image":{"@id":"https:\/\/casapercasa.com\/fr\/espaces-prives\/#primaryimage"},"thumbnailUrl":"https:\/\/casapercasa.com\/wp-content\/uploads\/2026\/01\/Casa-N-cucina.jpg","datePublished":"2026-02-09T14:49:51+00:00","dateModified":"2026-03-18T16:01:34+00:00","description":"Chaque maison est unique. Chez Casapercasa, nous concevons des espaces qui racontent vos passions et votre art de vivre.","breadcrumb":{"@id":"https:\/\/casapercasa.com\/fr\/espaces-prives\/#breadcrumb"},"inLanguage":"fr-FR","potentialAction":[{"@type":"ReadAction","target":["https:\/\/casapercasa.com\/fr\/espaces-prives\/"]}]},{"@type":"ImageObject","inLanguage":"fr-FR","@id":"https:\/\/casapercasa.com\/fr\/espaces-prives\/#primaryimage","url":"https:\/\/casapercasa.com\/wp-content\/uploads\/2026\/01\/Casa-N-cucina.jpg","contentUrl":"https:\/\/casapercasa.com\/wp-content\/uploads\/2026\/01\/Casa-N-cucina.jpg"},{"@type":"BreadcrumbList","@id":"https:\/\/casapercasa.com\/fr\/espaces-prives\/#breadcrumb","itemListElement":[{"@type":"ListItem","position":1,"name":"Home","item":"https:\/\/casapercasa.com\/fr\/"},{"@type":"ListItem","position":2,"name":"Spazi privati &#8211; fra"}]},{"@type":"WebSite","@id":"https:\/\/casapercasa.com\/fr\/#website","url":"https:\/\/casapercasa.com\/fr\/","name":"Casapercasa","description":"INNOVAZIONE ARTIGIANA","publisher":{"@id":"https:\/\/casapercasa.com\/fr\/#organization"},"potentialAction":[{"@type":"SearchAction","target":{"@type":"EntryPoint","urlTemplate":"https:\/\/casapercasa.com\/fr\/?s={search_term_string}"},"query-input":{"@type":"PropertyValueSpecification","valueRequired":true,"valueName":"search_term_string"}}],"inLanguage":"fr-FR"},{"@type":"Organization","@id":"https:\/\/casapercasa.com\/fr\/#organization","name":"Casapercasa S.r.l.","url":"https:\/\/casapercasa.com\/fr\/","logo":{"@type":"ImageObject","inLanguage":"fr-FR","@id":"https:\/\/casapercasa.com\/fr\/#\/schema\/logo\/image\/","url":"https:\/\/casapercasa.com\/wp-content\/uploads\/2022\/10\/logo-extralarge-retina.png","contentUrl":"https:\/\/casapercasa.com\/wp-content\/uploads\/2022\/10\/logo-extralarge-retina.png","width":258,"height":43,"caption":"Casapercasa S.r.l."},"image":{"@id":"https:\/\/casapercasa.com\/fr\/#\/schema\/logo\/image\/"},"sameAs":["https:\/\/www.facebook.com\/casapercasadesign","https:\/\/www.instagram.com\/casapercasadettagli\/?hl=it"]}]}},"_links":{"self":[{"href":"https:\/\/casapercasa.com\/fr\/wp-json\/wp\/v2\/pages\/17310","targetHints":{"allow":["GET"]}}],"collection":[{"href":"https:\/\/casapercasa.com\/fr\/wp-json\/wp\/v2\/pages"}],"about":[{"href":"https:\/\/casapercasa.com\/fr\/wp-json\/wp\/v2\/types\/page"}],"author":[{"embeddable":true,"href":"https:\/\/casapercasa.com\/fr\/wp-json\/wp\/v2\/users\/3"}],"replies":[{"embeddable":true,"href":"https:\/\/casapercasa.com\/fr\/wp-json\/wp\/v2\/comments?post=17310"}],"version-history":[{"count":4,"href":"https:\/\/casapercasa.com\/fr\/wp-json\/wp\/v2\/pages\/17310\/revisions"}],"predecessor-version":[{"id":18155,"href":"https:\/\/casapercasa.com\/fr\/wp-json\/wp\/v2\/pages\/17310\/revisions\/18155"}],"wp:attachment":[{"href":"https:\/\/casapercasa.com\/fr\/wp-json\/wp\/v2\/media?parent=17310"}],"curies":[{"name":"wp","href":"https:\/\/api.w.org\/{rel}","templated":true}]}}