{"id":17308,"date":"2026-02-09T15:41:16","date_gmt":"2026-02-09T14:41:16","guid":{"rendered":"https:\/\/casapercasa.com\/?page_id=17308"},"modified":"2026-02-11T15:30:01","modified_gmt":"2026-02-11T14:30:01","slug":"collaboration","status":"publish","type":"page","link":"https:\/\/casapercasa.com\/fr\/collaboration\/","title":{"rendered":"Casapercasa e i professionisti &#8211; fra"},"content":{"rendered":"\n<div style=\"height:40px\" aria-hidden=\"true\" class=\"wp-block-spacer\"><\/div>\n\n\n\n<p class=\"has-text-align-center has-black-color has-text-color has-link-color has-extra-large-font-size wp-elements-57eb6af340530841f4a596c4a6165cec wp-block-paragraph\"><strong>Un mod\u00e8le de collaboration<\/strong><\/p>\n\n\n\n<div style=\"height:40px\" aria-hidden=\"true\" class=\"wp-block-spacer\"><\/div>\n\n\n\n<div class=\"wp-block-group\">\n<div class=\"wp-block-group is-style-container\">\n<p class=\"has-text-align-center solo-desktop has-black-color has-text-color has-link-color wp-elements-ebf7c629621402b9b3abcf268f7d9598 wp-block-paragraph\" style=\"font-size:30px\"><strong>Nous croyons \u00e0 la rencontre des id\u00e9es.<br>Au partage du projet.<br>\u00c0 la valeur du faire, ensemble.<\/strong><\/p>\n\n\n\n<p class=\"has-text-align-center solo-mobile has-black-color has-text-color has-link-color has-normal-font-size wp-elements-b8ff82993acde50c709cbfcda7da91ee wp-block-paragraph\"><strong>Nous croyons \u00e0 la rencontre des id\u00e9es.<br>Au partage du projet.<br>\u00c0 la valeur du faire, ensemble.<\/strong><\/p>\n\n\n\n<div style=\"height:20px\" aria-hidden=\"true\" class=\"wp-block-spacer\"><\/div>\n\n\n\n<p class=\"has-text-align-center solo-desktop has-black-color has-text-color has-link-color has-normal-font-size wp-elements-cc09955d2bfd7e0f8ab77f737d32cd8f wp-block-paragraph\">Avec le <strong><mark style=\"background-color:rgba(0, 0, 0, 0)\" class=\"has-inline-color has-palette-4-color\">client<\/mark><\/strong>, lorsqu\u2019il recherche quelque chose d\u2019authentique.<br>Avec l\u2019<strong><mark style=\"background-color:rgba(0, 0, 0, 0)\" class=\"has-inline-color has-palette-4-color\">architecte<\/mark><\/strong>, lorsqu\u2019il a besoin d\u2019un atelier comp\u00e9tent, solidement ancr\u00e9 dans le savoir-faire artisanal.<br>Avec <strong><mark style=\"background-color:rgba(0, 0, 0, 0)\" class=\"has-inline-color has-palette-4-color\">les deux<\/mark><\/strong>, lorsque le projet na\u00eet d\u2019une parfaite harmonie entre les id\u00e9es et le savoir-faire.<\/p>\n\n\n\n<p class=\"has-text-align-left solo-mobile has-black-color has-text-color has-link-color has-small-font-size wp-elements-5bea5a753fe4d3b4e300c9e1ec78031b wp-block-paragraph\">Avec le <strong><mark style=\"background-color:rgba(0, 0, 0, 0)\" class=\"has-inline-color has-palette-4-color\">client<\/mark><\/strong>, lorsqu\u2019il recherche quelque chose d\u2019authentique.<br>Avec l\u2019<strong><mark style=\"background-color:rgba(0, 0, 0, 0)\" class=\"has-inline-color has-palette-4-color\">architecte<\/mark><\/strong>, lorsqu\u2019il a besoin d\u2019un atelier comp\u00e9tent, solidement ancr\u00e9 dans le savoir-faire artisanal.<br>Avec <strong><mark style=\"background-color:rgba(0, 0, 0, 0)\" class=\"has-inline-color has-palette-4-color\">les deux<\/mark><\/strong>, lorsque le projet na\u00eet d\u2019une parfaite harmonie entre les id\u00e9es et le savoir-faire.<\/p>\n<\/div>\n\n\n\n<div style=\"height:50px\" aria-hidden=\"true\" class=\"wp-block-spacer\"><\/div>\n<\/div>\n\n\n\n<div class=\"wp-block-group\">\n<div class=\"wp-block-group is-style-container\">\n<div class=\"wp-block-media-text has-media-on-the-right is-stacked-on-mobile is-vertically-aligned-center\" style=\"grid-template-columns:auto 45%\"><div class=\"wp-block-media-text__content\">\n<p class=\"has-palette-4-color has-text-color has-link-color has-large-font-size wp-elements-8efb912de5944792af6d5be740f0d810 wp-block-paragraph\"><strong>Le professionnel<\/strong><br><strong>avec son client + nous<\/strong><\/p>\n\n\n\n<div style=\"height:20px\" aria-hidden=\"true\" class=\"wp-block-spacer solo-desktop\"><\/div>\n\n\n\n<p class=\"has-black-color has-text-color has-link-color has-small-font-size wp-elements-4afa1551e11102ed694e6ca796cd033b wp-block-paragraph\">Le professionnel accompagne son client aupr\u00e8s de son <strong>partenaire technique et productif<\/strong><\/p>\n\n\n\n<div style=\"height:20px\" aria-hidden=\"true\" class=\"wp-block-spacer\"><\/div>\n\n\n\n<ul class=\"wp-block-list\">\n<li class=\"has-black-color has-text-color has-link-color has-small-font-size wp-elements-c61890fdec26caa3a137c5a54bc798b5\">une \u00e9quipe au service du projet<\/li>\n\n\n\n<li class=\"has-black-color has-text-color has-link-color has-small-font-size wp-elements-618c3c2f9d928dedbbed04999a5fba4b\">une s\u00e9lection de mat\u00e9riaux et de solutions \u00e9volu\u00e9es<\/li>\n\n\n\n<li class=\"has-black-color has-text-color has-link-color has-small-font-size wp-elements-fabf2e376e11ca14c97f2ee691bc4ad1\">un showroom, un espace d\u2019\u00e9change et un atelier de production<\/li>\n<\/ul>\n\n\n\n<div style=\"height:20px\" aria-hidden=\"true\" class=\"wp-block-spacer\"><\/div>\n\n\n\n<p class=\"has-black-color has-text-color has-link-color has-small-font-size wp-elements-743f07f2b33dcfc0a2f0579cfb5a5791 wp-block-paragraph\"><strong><br>Le professionnel et le client vivent pleinement la dimension du projet, tout en b\u00e9n\u00e9ficiant d\u2019une organisation et d\u2019une efficacit\u00e9 de production optimales.<\/strong><\/p>\n<\/div><figure class=\"wp-block-media-text__media\"><img loading=\"lazy\" decoding=\"async\" width=\"1920\" height=\"1280\" src=\"https:\/\/casapercasa.com\/wp-content\/uploads\/2025\/03\/sinergia-progettuale.jpg\" alt=\"\" class=\"wp-image-13188 size-full\" srcset=\"https:\/\/casapercasa.com\/wp-content\/uploads\/2025\/03\/sinergia-progettuale.jpg 1920w, https:\/\/casapercasa.com\/wp-content\/uploads\/2025\/03\/sinergia-progettuale-1600x1067.jpg 1600w, https:\/\/casapercasa.com\/wp-content\/uploads\/2025\/03\/sinergia-progettuale-768x512.jpg 768w, https:\/\/casapercasa.com\/wp-content\/uploads\/2025\/03\/sinergia-progettuale-1536x1024.jpg 1536w, https:\/\/casapercasa.com\/wp-content\/uploads\/2025\/03\/sinergia-progettuale-300x200.jpg 300w, https:\/\/casapercasa.com\/wp-content\/uploads\/2025\/03\/sinergia-progettuale-600x400.jpg 600w\" sizes=\"auto, (max-width: 1920px) 100vw, 1920px\" \/><\/figure><\/div>\n\n\n\n<div style=\"height:50px\" aria-hidden=\"true\" class=\"wp-block-spacer\"><\/div>\n<\/div>\n\n\n\n<div class=\"wp-block-group is-style-container\">\n<div class=\"wp-block-media-text is-stacked-on-mobile is-vertically-aligned-center\" style=\"grid-template-columns:45% auto\"><figure class=\"wp-block-media-text__media\"><img loading=\"lazy\" decoding=\"async\" width=\"1674\" height=\"1280\" src=\"https:\/\/casapercasa.com\/wp-content\/uploads\/2022\/11\/DSCF7426b-e1766401819270.jpg\" alt=\"\" class=\"wp-image-1542 size-full\" srcset=\"https:\/\/casapercasa.com\/wp-content\/uploads\/2022\/11\/DSCF7426b-e1766401819270.jpg 1674w, https:\/\/casapercasa.com\/wp-content\/uploads\/2022\/11\/DSCF7426b-e1766401819270-1600x1223.jpg 1600w, https:\/\/casapercasa.com\/wp-content\/uploads\/2022\/11\/DSCF7426b-e1766401819270-768x587.jpg 768w, https:\/\/casapercasa.com\/wp-content\/uploads\/2022\/11\/DSCF7426b-e1766401819270-1536x1174.jpg 1536w, https:\/\/casapercasa.com\/wp-content\/uploads\/2022\/11\/DSCF7426b-e1766401819270-300x229.jpg 300w, https:\/\/casapercasa.com\/wp-content\/uploads\/2022\/11\/DSCF7426b-e1766401819270-600x459.jpg 600w\" sizes=\"auto, (max-width: 1674px) 100vw, 1674px\" \/><\/figure><div class=\"wp-block-media-text__content\">\n<p class=\"has-palette-4-color has-text-color has-link-color has-large-font-size wp-elements-c7fe5e3e41267da1b37e32ba9c9531f9 wp-block-paragraph\"><strong>Le client avec son professionnel + nous<\/strong><\/p>\n\n\n\n<div style=\"height:20px\" aria-hidden=\"true\" class=\"wp-block-spacer solo-desktop\"><\/div>\n\n\n\n<p class=\"has-black-color has-text-color has-link-color has-small-font-size wp-elements-6f68a23075927aa8958246b69d772113 wp-block-paragraph\">Le client vient avec son professionnel pour travailler ensemble ; chez nous, il trouve un point de convergence:<\/p>\n\n\n\n<div style=\"height:20px\" aria-hidden=\"true\" class=\"wp-block-spacer\"><\/div>\n\n\n\n<ul class=\"wp-block-list\">\n<li class=\"has-black-color has-text-color has-link-color has-small-font-size wp-elements-46c86e1e067e407e27dafa910064ab66\">nous parlons le langage du projet<\/li>\n\n\n\n<li class=\"has-black-color has-text-color has-link-color has-small-font-size wp-elements-6dbee7cb2a5d1985f57bb6f63bc0d69f\">nous comprenons les exigences du professionnel<\/li>\n\n\n\n<li class=\"has-black-color has-text-color has-link-color has-small-font-size wp-elements-e4deb866a1cd9d124c55effbc86e49c8\">nous soutenons le processus d\u00e9cisionnel avec des solutions concr\u00e8tes<\/li>\n<\/ul>\n\n\n\n<div style=\"height:20px\" aria-hidden=\"true\" class=\"wp-block-spacer\"><\/div>\n\n\n\n<p class=\"has-black-color has-text-color has-link-color has-small-font-size wp-elements-f7d960adee06b842172b03f0953c09e5 wp-block-paragraph\"><strong>Le r\u00e9sultat est un travail plus fluide, o\u00f9 les id\u00e9es trouvent imm\u00e9diatement une traduction r\u00e9elle, sans passages forc\u00e9s ni compromis.<\/strong><\/p>\n\n\n\n<div style=\"height:10px\" aria-hidden=\"true\" class=\"wp-block-spacer\"><\/div>\n\n\n    <div id=\"custom_link-block_e1fef03d228447ce3fd5a3c42ec9bef3\" class=\"Custom_Link_Wrapper custom_link aligncenter\">\r\n\t\t\t\t\t<div class=\"Custom_Link_Box\">\r\n\t\t\t\t<a href=\"https:\/\/casapercasa.com\/fr\/notre-approche\/\" class=\"single_cb_link_box\">\r\n\t\t\t\t\t\t\t\t\t\t\t<div class=\"single_cb_link_text\" style=\"color:#9fa63a\">L\u2019approche<\/div>\r\n\t\t\t\t\t\t\t\t\t\t\t<div class=\"single_cb_link_animate\">\r\n\t\t\t\t\t\t<svg id=\"WoodArrowRight\" xmlns=\"http:\/\/www.w3.org\/2000\/svg\" width=\"121.796\" height=\"121.796\" viewBox=\"0 0 121.796 121.796\">\r\n\t\t\t\t\t\t\t<path id=\"WoodArrowRight_Wood\" d=\"M1580.784,546.788c.033-.461.063-.923.085-1.387h0c.028-.583.047-1.169.059-1.757.009-.411.016-.824.016-1.238,0-.2-.006-.389-.007-.584h0a60.523,60.523,0,0,0-5.7-25.145l-.015-.032q-.346-.736-.709-1.462h0a61.072,61.072,0,0,0-44.854-32.914h0a60.836,60.836,0,0,0-41.89,8.523h0q-.59.37-1.17.753l-.016.011q-.576.38-1.142.772l-.023.016q-.566.393-1.123.8l-.015.011a61.4,61.4,0,0,0-12.419,12.064l-.093.121a60.879,60.879,0,0,0-8.414,14.835q-.257.651-.5,1.31h0a61.013,61.013,0,0,0-2.506,32.961l0,.018a60.4,60.4,0,0,0,4.014,12.587l0,.008q.316.711.65,1.413h0a61.19,61.19,0,0,0,37.7,32.315h0a60.856,60.856,0,0,0,44.3-3.79h0q.74-.368,1.47-.754l.045-.024a61.2,61.2,0,0,0,12.892-9.172h0q.629-.583,1.241-1.183l.088-.086q.619-.61,1.222-1.235h0a61.072,61.072,0,0,0,12.535-19.324l.009-.022q.256-.631.5-1.27v0h0a60.412,60.412,0,0,0,3.647-15.654h0v0q.068-.708.12-1.421C1580.782,546.826,1580.782,546.807,1580.784,546.788Zm-2.537-6.027c-.324-.139-.646-.278-.961-.415a127.729,127.729,0,0,0-23.607-7.086l-13.772-2.317q-25.719-4.328-51.442-8.636-1.952-.326-3.9-.663c-5.855-1-11.849-2.023-17.865-2.553a58.313,58.313,0,0,1,7.63-12.7c7.123-.655,13.324-.967,19.125-.967,2.649,0,5.267.066,7.783.2,15.683.815,30.829,3.566,43.577,6.149,9.274,1.879,18.669,3.82,27.852,5.721A57.835,57.835,0,0,1,1578.247,540.761Zm-58.2-56.582c.844,0,1.684.022,2.519.058a243.886,243.886,0,0,1-27.522,5.59A57.88,57.88,0,0,1,1520.045,484.179Zm-31.418,9.224a246.659,246.659,0,0,0,34.333-6.22c2.51-.653,4.987-1.323,7.408-2.087a58.4,58.4,0,0,1,40.77,29.407q-3.818-.768-7.636-1.539c-12.152-2.46-24.718-5-37.117-7.241a187.885,187.885,0,0,0-33.277-3.005c-5.413,0-10.87.249-16.3.732A58.674,58.674,0,0,1,1488.627,493.4Zm-22.989,28.267c5.891.473,11.724,1.448,17.418,2.4l.477.08q32.7,5.491,65.4,11,4.148.7,8.289,1.427l15.557,4.311s-13.692-1.5-14.727-1.461c-15.081.633-24.639,3.827-30.469,7.229a113.209,113.209,0,0,0-13.04,8.731c-1.9,1.437-3.689,2.795-6.11,4.4a15.258,15.258,0,0,1-8.7,2.512,26.033,26.033,0,0,1-6.349-.874c-10.146-2.548-20.394-5.2-30.48-7.823a58.239,58.239,0,0,1,2.735-31.93Zm2.842,47.755c14.942,4.546,25.747,13.839,32.727,28.078A58.537,58.537,0,0,1,1468.48,569.424Zm51.565,31.207a58.111,58.111,0,0,1-14.967-1.953c-1.826-3.031-3.81-6.261-6.126-9.97-7.1-11.369-17.562-18.677-31.97-22.337a57.749,57.749,0,0,1-3.363-9.579c8.989,2.262,18.509,4.612,29.765,7.35a24.61,24.61,0,0,0,5.8.722,23.421,23.421,0,0,0,14.068-4.891c15.464-11.051,26.823-18.237,45.608-18.237a97.432,97.432,0,0,1,16.962,1.573,4.765,4.765,0,0,1,.51.129l1.917.538c-.02.737-.057,1.469-.1,2.2l-1.4.4c-1.638.465-3.257.952-4.822,1.422-3.49,1.049-6.786,2.039-10.211,2.795a96.666,96.666,0,0,0-32.509,13.951c-1.464.957-3,1.8-4.484,2.622-1.552.854-3.017,1.662-4.422,2.592a34.253,34.253,0,0,0-6.61,5.236,5.986,5.986,0,0,0,1.8,10.151,42.387,42.387,0,0,0,6.171,2.471c1,.344,2.042.7,3.059,1.085,1.1.416,2.188.84,3.281,1.264,2.129.826,4.332,1.68,6.51,2.455,2.945,1.049,5.922,2.092,8.88,3.123A57.891,57.891,0,0,1,1520.045,600.631Zm40.569-16.5a77.477,77.477,0,0,1-10.814-2.611c-1.39-.418-5.383-2.716-5.262-4.6s3.262-3.753,4.306-4.368c7.382-4.355,14.51-6.472,21.794-6.472q1.275,0,2.561.094A58.478,58.478,0,0,1,1560.614,584.128Zm13.662-20.525c-1.174-.1-2.344-.159-3.5-.159a44.985,44.985,0,0,0-22.394,6.307,25.389,25.389,0,0,0-4.9,3.8c-1.831,1.753-2.032,3.633-.631,5.919,1.274,2.078,3.228,3.542,6.536,4.894a37.156,37.156,0,0,0,8.541,2.228,58.446,58.446,0,0,1-11.418,7.674c-.612-.206-1.224-.411-1.832-.619-2.03-.694-4.018-1.533-5.941-2.344-1.513-.639-3.079-1.3-4.626-1.871-2.415-.892-4.906-1.732-7.316-2.543-1.648-.556-3.3-1.111-4.937-1.687a37.079,37.079,0,0,1-4.783-1.951,3.726,3.726,0,0,1-1.114-6.658,20.1,20.1,0,0,1,4.3-3.547c3.635-2.155,7.351-4.3,10.946-6.375,3.385-1.953,6.885-3.974,10.3-5.994,5.067-3,10.635-4.48,16.02-5.916,1.372-.366,2.791-.744,4.171-1.139,5.382-1.543,10.833-3.076,16.2-4.577A57.76,57.76,0,0,1,1574.276,563.6Z\" transform=\"translate(-1459.147 -481.507)\"\/>\r\n\t\t\t\t\t\t<\/svg>\r\n\t\t\t\t\t\t<svg class=\"MenuItemArrow\" xmlns=\"http:\/\/www.w3.org\/2000\/svg\" width=\"100.707\" height=\"23.156\" viewBox=\"0 0 100.707 23.156\">\r\n\t\t\t\t\t\t\t<g id=\"arrow\" transform=\"translate(0.008 0.078)\">\r\n\t\t\t\t\t\t\t\t<path id=\"WoodArrowRight_LinePath\" d=\"M88.768.275,99.992,11.5,88.768,22.725\" fill=\"none\" stroke=\"#000\" stroke-width=\"5\"><\/path>\r\n\t\t\t\t\t\t\t\t<path id=\"WoodArrowRight_Line\" d=\"M0,11.5H100\" transform=\"translate(-0.008)\" stroke=\"#000\" stroke-width=\"5\"><\/path>\r\n\t\t\t\t\t\t\t<\/g>\r\n\t\t\t\t\t\t<\/svg>\r\n\t\t\t\t\t<\/div>\r\n\t\t\t\t<\/a>\r\n\t\t\t<\/div>\r\n\t\t\t    <\/div>\r\n    <\/div><\/div>\n\n\n\n<div style=\"height:50px\" aria-hidden=\"true\" class=\"wp-block-spacer\"><\/div>\n<\/div>\n<\/div>\n\n\n\n<div class=\"wp-block-group is-style-container\">\n<div style=\"height:40px\" aria-hidden=\"true\" class=\"wp-block-spacer\"><\/div>\n\n\n\n<div class=\"wp-block-group is-style-container\">\n<p class=\"has-text-align-center has-small-font-size wp-block-paragraph\"><em>Quelques r\u00e9f\u00e9rences de projets partag\u00e9s avec des professionnels<\/em><\/p>\n<\/div>\n\n\n\n<div class=\"wp-block-group\">\n<div class=\"wp-block-columns\">\n<div class=\"wp-block-column is-vertically-aligned-top\">\n<div class=\"wp-block-columns are-vertically-aligned-center is-not-stacked-on-mobile\">\n<div class=\"wp-block-column is-vertically-aligned-center\">\n<figure class=\"wp-block-image aligncenter size-full is-style-default\"><a href=\"https:\/\/casapercasa.com\/fr\/projects\/travail-et-convivialite\"><img loading=\"lazy\" decoding=\"async\" width=\"1920\" height=\"1280\" src=\"https:\/\/casapercasa.com\/wp-content\/uploads\/2025\/02\/Mestel_-11.jpg\" alt=\"\" class=\"wp-image-12521\" style=\"aspect-ratio:4\/3;object-fit:cover\" srcset=\"https:\/\/casapercasa.com\/wp-content\/uploads\/2025\/02\/Mestel_-11.jpg 1920w, https:\/\/casapercasa.com\/wp-content\/uploads\/2025\/02\/Mestel_-11-1600x1067.jpg 1600w, https:\/\/casapercasa.com\/wp-content\/uploads\/2025\/02\/Mestel_-11-768x512.jpg 768w, https:\/\/casapercasa.com\/wp-content\/uploads\/2025\/02\/Mestel_-11-1536x1024.jpg 1536w, https:\/\/casapercasa.com\/wp-content\/uploads\/2025\/02\/Mestel_-11-300x200.jpg 300w, https:\/\/casapercasa.com\/wp-content\/uploads\/2025\/02\/Mestel_-11-600x400.jpg 600w\" sizes=\"auto, (max-width: 1920px) 100vw, 1920px\" \/><\/a><\/figure>\n\n\n\n<p class=\"has-text-align-center solo-desktop has-black-color has-text-color has-link-color has-normal-font-size wp-elements-54914cbb3207d410f320a7e329dc3ac3 wp-block-paragraph\"><strong><a href=\"https:\/\/casapercasa.com\/fr\/projects\/travail-et-convivialite\">Bureaux Mestel Sa<br>Fribourg<\/a><\/strong><\/p>\n\n\n\n<p class=\"has-text-align-center solo-mobile has-black-color has-text-color has-link-color has-small-font-size wp-elements-9c33bf96457750acf8815ee31ee0e794 wp-block-paragraph\"><strong><strong><a href=\"https:\/\/casapercasa.com\/fr\/projects\/travail-et-convivialite\">Bureaux Mestel Sa<br>Fribourg<\/a><\/strong><\/strong><\/p>\n<\/div>\n\n\n\n<div class=\"wp-block-column is-vertically-aligned-center\">\n<figure class=\"wp-block-image aligncenter size-full is-style-default\"><a href=\"https:\/\/casapercasa.com\/fr\/projects\/cafeterias-italiennesa-a-londres\"><img loading=\"lazy\" decoding=\"async\" width=\"1920\" height=\"1280\" src=\"https:\/\/casapercasa.com\/wp-content\/uploads\/2026\/01\/arro-coffe-preview.jpg\" alt=\"\" class=\"wp-image-16390\" style=\"aspect-ratio:4\/3;object-fit:cover\" srcset=\"https:\/\/casapercasa.com\/wp-content\/uploads\/2026\/01\/arro-coffe-preview.jpg 1920w, https:\/\/casapercasa.com\/wp-content\/uploads\/2026\/01\/arro-coffe-preview-1600x1067.jpg 1600w, https:\/\/casapercasa.com\/wp-content\/uploads\/2026\/01\/arro-coffe-preview-768x512.jpg 768w, https:\/\/casapercasa.com\/wp-content\/uploads\/2026\/01\/arro-coffe-preview-1536x1024.jpg 1536w, https:\/\/casapercasa.com\/wp-content\/uploads\/2026\/01\/arro-coffe-preview-300x200.jpg 300w, https:\/\/casapercasa.com\/wp-content\/uploads\/2026\/01\/arro-coffe-preview-600x400.jpg 600w\" sizes=\"auto, (max-width: 1920px) 100vw, 1920px\" \/><\/a><\/figure>\n\n\n\n<p class=\"has-text-align-center solo-desktop has-black-color has-text-color has-link-color has-normal-font-size wp-elements-39a794847a01b245fc55abf5cf7ca85f wp-block-paragraph\"><strong><a href=\"https:\/\/casapercasa.com\/fr\/projects\/cafeterias-italiennesa-a-londres\">Caf\u00e9t\u00e9rias Arro<br>Londres<\/a><\/strong><\/p>\n\n\n\n<p class=\"has-text-align-center solo-mobile has-black-color has-text-color has-link-color has-small-font-size wp-elements-f0a0a72a61357e1d1cbae64ab06047d7 wp-block-paragraph\"><strong><strong><a href=\"https:\/\/casapercasa.com\/fr\/projects\/cafeterias-italiennesa-a-londres\">Caf\u00e9t\u00e9rias Arro<br>Londres<\/a><\/strong><\/strong><\/p>\n<\/div>\n<\/div>\n<\/div>\n\n\n\n<div class=\"wp-block-column is-vertically-aligned-top\">\n<div class=\"wp-block-columns are-vertically-aligned-center is-not-stacked-on-mobile\">\n<div class=\"wp-block-column is-vertically-aligned-center\">\n<figure class=\"wp-block-image aligncenter size-full is-style-default\"><a href=\"https:\/\/casapercasa.com\/fr\/projects\/continuite-architecturale\"><img loading=\"lazy\" decoding=\"async\" width=\"1920\" height=\"1280\" src=\"https:\/\/casapercasa.com\/wp-content\/uploads\/2023\/10\/DSCF8580.jpg-2.jpg\" alt=\"\" class=\"wp-image-4925\" style=\"aspect-ratio:4\/3;object-fit:cover\" srcset=\"https:\/\/casapercasa.com\/wp-content\/uploads\/2023\/10\/DSCF8580.jpg-2.jpg 1920w, https:\/\/casapercasa.com\/wp-content\/uploads\/2023\/10\/DSCF8580.jpg-2-1600x1067.jpg 1600w, https:\/\/casapercasa.com\/wp-content\/uploads\/2023\/10\/DSCF8580.jpg-2-768x512.jpg 768w, https:\/\/casapercasa.com\/wp-content\/uploads\/2023\/10\/DSCF8580.jpg-2-1536x1024.jpg 1536w, https:\/\/casapercasa.com\/wp-content\/uploads\/2023\/10\/DSCF8580.jpg-2-300x200.jpg 300w, https:\/\/casapercasa.com\/wp-content\/uploads\/2023\/10\/DSCF8580.jpg-2-600x400.jpg 600w\" sizes=\"auto, (max-width: 1920px) 100vw, 1920px\" \/><\/a><\/figure>\n\n\n\n<p class=\"has-text-align-center solo-desktop has-black-color has-text-color has-link-color has-normal-font-size wp-elements-68a7fe5bdfa4c6388897cb540bae8717 wp-block-paragraph\"><strong><a href=\"https:\/\/casapercasa.com\/fr\/projects\/continuite-architecturale\">Maison priv\u00e9e<br>Tr\u00e8vise<\/a><\/strong><\/p>\n\n\n\n<p class=\"has-text-align-center solo-mobile has-black-color has-text-color has-link-color has-small-font-size wp-elements-3e63d1b8c2e266c6b9b42ba8ce2c5d67 wp-block-paragraph\"><strong><strong><a href=\"https:\/\/casapercasa.com\/fr\/projects\/continuite-architecturale\">Maison priv\u00e9e<br>Tr\u00e8vise<\/a><\/strong><\/strong><\/p>\n<\/div>\n\n\n\n<div class=\"wp-block-column is-vertically-aligned-center\">\n<figure class=\"wp-block-image aligncenter size-full is-style-default\"><a href=\"https:\/\/casapercasa.com\/fr\/projects\/harmonie-en-continuite\"><img loading=\"lazy\" decoding=\"async\" width=\"1280\" height=\"1920\" src=\"https:\/\/casapercasa.com\/wp-content\/uploads\/2022\/10\/casapercasa-san-canzian-isonzo_010.jpg\" alt=\"\" class=\"wp-image-1101\" style=\"aspect-ratio:4\/3;object-fit:cover\" srcset=\"https:\/\/casapercasa.com\/wp-content\/uploads\/2022\/10\/casapercasa-san-canzian-isonzo_010.jpg 1280w, https:\/\/casapercasa.com\/wp-content\/uploads\/2022\/10\/casapercasa-san-canzian-isonzo_010-1067x1600.jpg 1067w, https:\/\/casapercasa.com\/wp-content\/uploads\/2022\/10\/casapercasa-san-canzian-isonzo_010-768x1152.jpg 768w, https:\/\/casapercasa.com\/wp-content\/uploads\/2022\/10\/casapercasa-san-canzian-isonzo_010-1024x1536.jpg 1024w, https:\/\/casapercasa.com\/wp-content\/uploads\/2022\/10\/casapercasa-san-canzian-isonzo_010-200x300.jpg 200w, https:\/\/casapercasa.com\/wp-content\/uploads\/2022\/10\/casapercasa-san-canzian-isonzo_010-400x600.jpg 400w\" sizes=\"auto, (max-width: 1280px) 100vw, 1280px\" \/><\/a><\/figure>\n\n\n\n<p class=\"has-text-align-center solo-desktop has-black-color has-text-color has-link-color has-normal-font-size wp-elements-422291fc10c539a396538dd7a19520b5 wp-block-paragraph\"><strong><a href=\"https:\/\/casapercasa.com\/fr\/projects\/harmonie-en-continuite\">Maison priv\u00e9e<br>Gorizia<\/a><\/strong><\/p>\n\n\n\n<p class=\"has-text-align-center solo-mobile has-black-color has-text-color has-link-color has-small-font-size wp-elements-8e3f942f73006a8ded30509848413008 wp-block-paragraph\"><strong><strong><a href=\"https:\/\/casapercasa.com\/fr\/projects\/harmonie-en-continuite\">Maison priv\u00e9e<br>Gorizia<\/a><\/strong><\/strong><\/p>\n<\/div>\n<\/div>\n<\/div>\n<\/div>\n<\/div>\n<\/div>\n\n\n\n<div style=\"height:70px\" aria-hidden=\"true\" class=\"wp-block-spacer\"><\/div>\n\n\n\n<div class=\"wp-block-group has-background\" style=\"background-color:#9fa63a3d\"><div id=\"17308\" class=\"Custom_CTA_Wrapper custom_cta\">\r\n    <div class=\"container\">\r\n        <div class=\"row align-items-center\">\r\n            <div class=\"col-12 col-lg-4 col-xl-3\">\r\n                <div class=\"Custom_CTA_Img\">\r\n                                            <img decoding=\"async\" src=\"https:\/\/casapercasa.com\/wp-content\/uploads\/2022\/09\/la-nostra-sede-e1701268650543.jpg\">\r\n                                        <\/div>\r\n            <\/div>\r\n            <div class=\"col-12 col-lg-8 col-xl-9\">\r\n                <div class=\"Custom_CTA_Content_Wrapper\">\r\n                    <div class=\"Custom_CTA_Title\">Passez du temps avec nous.<\/div>\r\n                    <div class=\"Custom_CTA_Descr\">Notre showroom et nos ateliers vous attendent: d\u00e9sirez, imaginez, d\u00e9couvrez, choisissez, cr\u00e9ez.<\/div>\r\n                                            <div class=\"Custom_CTA_Link\"><a href=\"https:\/\/casapercasa.com\/fr\/contatti\/\">Contactez-nous d\u00e8s maintenant<\/a><\/div>\r\n                                        <\/div>\r\n            <\/div>\r\n        <\/div>\r\n    <\/div>\r\n<\/div><\/div>\n","protected":false},"excerpt":{"rendered":"<p>Un mod\u00e8le de collaboration Nous croyons \u00e0 la rencontre des id\u00e9es.Au partage du projet.\u00c0 la valeur du faire, ensemble. Nous croyons \u00e0 la rencontre des id\u00e9es.Au partage du projet.\u00c0 la valeur du faire, ensemble. Avec le client, lorsqu\u2019il recherche quelque chose d\u2019authentique.Avec l\u2019architecte, lorsqu\u2019il a besoin d\u2019un atelier comp\u00e9tent, solidement ancr\u00e9 dans le savoir-faire artisanal.Avec [&hellip;]<\/p>\n","protected":false},"author":3,"featured_media":0,"parent":0,"menu_order":0,"comment_status":"closed","ping_status":"closed","template":"","meta":{"_acf_changed":false,"inline_featured_image":false,"footnotes":""},"class_list":["post-17308","page","type-page","status-publish","hentry"],"acf":[],"yoast_head":"<title>Casapercasa - Mod\u00e8ele de Collaboration<\/title>\n<meta name=\"description\" content=\"Nous travaillons avec le client qui nous fait confiance, mais aussi avec ses architectes et concepteurs, en trouvant dans notre atelier un v\u00e9ritable alli\u00e9.\" \/>\n<meta name=\"robots\" content=\"index, follow, max-snippet:-1, max-image-preview:large, max-video-preview:-1\" \/>\n<link rel=\"canonical\" href=\"https:\/\/casapercasa.com\/fr\/collaboration\/\" \/>\n<meta property=\"og:locale\" content=\"fr_FR\" \/>\n<meta property=\"og:type\" content=\"article\" \/>\n<meta property=\"og:title\" content=\"Casapercasa - Mod\u00e8ele de Collaboration\" \/>\n<meta property=\"og:description\" content=\"Nous travaillons avec le client qui nous fait confiance, mais aussi avec ses architectes et concepteurs, en trouvant dans notre atelier un v\u00e9ritable alli\u00e9.\" \/>\n<meta property=\"og:url\" content=\"https:\/\/casapercasa.com\/fr\/collaboration\/\" \/>\n<meta property=\"og:site_name\" content=\"Casapercasa S.r.l.\" \/>\n<meta property=\"article:publisher\" content=\"https:\/\/www.facebook.com\/casapercasadesign\" \/>\n<meta property=\"article:modified_time\" content=\"2026-02-11T14:30:01+00:00\" \/>\n<meta property=\"og:image\" content=\"https:\/\/casapercasa.com\/wp-content\/uploads\/2025\/03\/sinergia-progettuale.jpg\" \/>\n\t<meta property=\"og:image:width\" content=\"1920\" \/>\n\t<meta property=\"og:image:height\" content=\"1280\" \/>\n\t<meta property=\"og:image:type\" content=\"image\/jpeg\" \/>\n<meta name=\"twitter:card\" content=\"summary_large_image\" \/>\n<meta name=\"twitter:label1\" content=\"Dur\u00e9e de lecture estim\u00e9e\" \/>\n\t<meta name=\"twitter:data1\" content=\"3 minutes\" \/>\n<script type=\"application\/ld+json\" class=\"yoast-schema-graph\">{\"@context\":\"https:\\\/\\\/schema.org\",\"@graph\":[{\"@type\":\"WebPage\",\"@id\":\"https:\\\/\\\/casapercasa.com\\\/fr\\\/collaboration\\\/\",\"url\":\"https:\\\/\\\/casapercasa.com\\\/fr\\\/collaboration\\\/\",\"name\":\"Casapercasa - Mod\u00e8ele de Collaboration\",\"isPartOf\":{\"@id\":\"https:\\\/\\\/casapercasa.com\\\/fr\\\/#website\"},\"primaryImageOfPage\":{\"@id\":\"https:\\\/\\\/casapercasa.com\\\/fr\\\/collaboration\\\/#primaryimage\"},\"image\":{\"@id\":\"https:\\\/\\\/casapercasa.com\\\/fr\\\/collaboration\\\/#primaryimage\"},\"thumbnailUrl\":\"https:\\\/\\\/casapercasa.com\\\/wp-content\\\/uploads\\\/2025\\\/03\\\/sinergia-progettuale.jpg\",\"datePublished\":\"2026-02-09T14:41:16+00:00\",\"dateModified\":\"2026-02-11T14:30:01+00:00\",\"description\":\"Nous travaillons avec le client qui nous fait confiance, mais aussi avec ses architectes et concepteurs, en trouvant dans notre atelier un v\u00e9ritable alli\u00e9.\",\"breadcrumb\":{\"@id\":\"https:\\\/\\\/casapercasa.com\\\/fr\\\/collaboration\\\/#breadcrumb\"},\"inLanguage\":\"fr-FR\",\"potentialAction\":[{\"@type\":\"ReadAction\",\"target\":[\"https:\\\/\\\/casapercasa.com\\\/fr\\\/collaboration\\\/\"]}]},{\"@type\":\"ImageObject\",\"inLanguage\":\"fr-FR\",\"@id\":\"https:\\\/\\\/casapercasa.com\\\/fr\\\/collaboration\\\/#primaryimage\",\"url\":\"https:\\\/\\\/casapercasa.com\\\/wp-content\\\/uploads\\\/2025\\\/03\\\/sinergia-progettuale.jpg\",\"contentUrl\":\"https:\\\/\\\/casapercasa.com\\\/wp-content\\\/uploads\\\/2025\\\/03\\\/sinergia-progettuale.jpg\"},{\"@type\":\"BreadcrumbList\",\"@id\":\"https:\\\/\\\/casapercasa.com\\\/fr\\\/collaboration\\\/#breadcrumb\",\"itemListElement\":[{\"@type\":\"ListItem\",\"position\":1,\"name\":\"Home\",\"item\":\"https:\\\/\\\/casapercasa.com\\\/fr\\\/\"},{\"@type\":\"ListItem\",\"position\":2,\"name\":\"Casapercasa e i professionisti &#8211; fra\"}]},{\"@type\":\"WebSite\",\"@id\":\"https:\\\/\\\/casapercasa.com\\\/fr\\\/#website\",\"url\":\"https:\\\/\\\/casapercasa.com\\\/fr\\\/\",\"name\":\"Casapercasa\",\"description\":\"INNOVAZIONE ARTIGIANA\",\"publisher\":{\"@id\":\"https:\\\/\\\/casapercasa.com\\\/fr\\\/#organization\"},\"potentialAction\":[{\"@type\":\"SearchAction\",\"target\":{\"@type\":\"EntryPoint\",\"urlTemplate\":\"https:\\\/\\\/casapercasa.com\\\/fr\\\/?s={search_term_string}\"},\"query-input\":{\"@type\":\"PropertyValueSpecification\",\"valueRequired\":true,\"valueName\":\"search_term_string\"}}],\"inLanguage\":\"fr-FR\"},{\"@type\":\"Organization\",\"@id\":\"https:\\\/\\\/casapercasa.com\\\/fr\\\/#organization\",\"name\":\"Casapercasa S.r.l.\",\"url\":\"https:\\\/\\\/casapercasa.com\\\/fr\\\/\",\"logo\":{\"@type\":\"ImageObject\",\"inLanguage\":\"fr-FR\",\"@id\":\"https:\\\/\\\/casapercasa.com\\\/fr\\\/#\\\/schema\\\/logo\\\/image\\\/\",\"url\":\"https:\\\/\\\/casapercasa.com\\\/wp-content\\\/uploads\\\/2022\\\/10\\\/logo-extralarge-retina.png\",\"contentUrl\":\"https:\\\/\\\/casapercasa.com\\\/wp-content\\\/uploads\\\/2022\\\/10\\\/logo-extralarge-retina.png\",\"width\":258,\"height\":43,\"caption\":\"Casapercasa S.r.l.\"},\"image\":{\"@id\":\"https:\\\/\\\/casapercasa.com\\\/fr\\\/#\\\/schema\\\/logo\\\/image\\\/\"},\"sameAs\":[\"https:\\\/\\\/www.facebook.com\\\/casapercasadesign\",\"https:\\\/\\\/www.instagram.com\\\/casapercasadettagli\\\/?hl=it\"]}]}<\/script>","yoast_head_json":{"title":"Casapercasa - Mod\u00e8ele de Collaboration","description":"Nous travaillons avec le client qui nous fait confiance, mais aussi avec ses architectes et concepteurs, en trouvant dans notre atelier un v\u00e9ritable alli\u00e9.","robots":{"index":"index","follow":"follow","max-snippet":"max-snippet:-1","max-image-preview":"max-image-preview:large","max-video-preview":"max-video-preview:-1"},"canonical":"https:\/\/casapercasa.com\/fr\/collaboration\/","og_locale":"fr_FR","og_type":"article","og_title":"Casapercasa - Mod\u00e8ele de Collaboration","og_description":"Nous travaillons avec le client qui nous fait confiance, mais aussi avec ses architectes et concepteurs, en trouvant dans notre atelier un v\u00e9ritable alli\u00e9.","og_url":"https:\/\/casapercasa.com\/fr\/collaboration\/","og_site_name":"Casapercasa S.r.l.","article_publisher":"https:\/\/www.facebook.com\/casapercasadesign","article_modified_time":"2026-02-11T14:30:01+00:00","og_image":[{"width":1920,"height":1280,"url":"https:\/\/casapercasa.com\/wp-content\/uploads\/2025\/03\/sinergia-progettuale.jpg","type":"image\/jpeg"}],"twitter_card":"summary_large_image","twitter_misc":{"Dur\u00e9e de lecture estim\u00e9e":"3 minutes"},"schema":{"@context":"https:\/\/schema.org","@graph":[{"@type":"WebPage","@id":"https:\/\/casapercasa.com\/fr\/collaboration\/","url":"https:\/\/casapercasa.com\/fr\/collaboration\/","name":"Casapercasa - Mod\u00e8ele de Collaboration","isPartOf":{"@id":"https:\/\/casapercasa.com\/fr\/#website"},"primaryImageOfPage":{"@id":"https:\/\/casapercasa.com\/fr\/collaboration\/#primaryimage"},"image":{"@id":"https:\/\/casapercasa.com\/fr\/collaboration\/#primaryimage"},"thumbnailUrl":"https:\/\/casapercasa.com\/wp-content\/uploads\/2025\/03\/sinergia-progettuale.jpg","datePublished":"2026-02-09T14:41:16+00:00","dateModified":"2026-02-11T14:30:01+00:00","description":"Nous travaillons avec le client qui nous fait confiance, mais aussi avec ses architectes et concepteurs, en trouvant dans notre atelier un v\u00e9ritable alli\u00e9.","breadcrumb":{"@id":"https:\/\/casapercasa.com\/fr\/collaboration\/#breadcrumb"},"inLanguage":"fr-FR","potentialAction":[{"@type":"ReadAction","target":["https:\/\/casapercasa.com\/fr\/collaboration\/"]}]},{"@type":"ImageObject","inLanguage":"fr-FR","@id":"https:\/\/casapercasa.com\/fr\/collaboration\/#primaryimage","url":"https:\/\/casapercasa.com\/wp-content\/uploads\/2025\/03\/sinergia-progettuale.jpg","contentUrl":"https:\/\/casapercasa.com\/wp-content\/uploads\/2025\/03\/sinergia-progettuale.jpg"},{"@type":"BreadcrumbList","@id":"https:\/\/casapercasa.com\/fr\/collaboration\/#breadcrumb","itemListElement":[{"@type":"ListItem","position":1,"name":"Home","item":"https:\/\/casapercasa.com\/fr\/"},{"@type":"ListItem","position":2,"name":"Casapercasa e i professionisti &#8211; fra"}]},{"@type":"WebSite","@id":"https:\/\/casapercasa.com\/fr\/#website","url":"https:\/\/casapercasa.com\/fr\/","name":"Casapercasa","description":"INNOVAZIONE ARTIGIANA","publisher":{"@id":"https:\/\/casapercasa.com\/fr\/#organization"},"potentialAction":[{"@type":"SearchAction","target":{"@type":"EntryPoint","urlTemplate":"https:\/\/casapercasa.com\/fr\/?s={search_term_string}"},"query-input":{"@type":"PropertyValueSpecification","valueRequired":true,"valueName":"search_term_string"}}],"inLanguage":"fr-FR"},{"@type":"Organization","@id":"https:\/\/casapercasa.com\/fr\/#organization","name":"Casapercasa S.r.l.","url":"https:\/\/casapercasa.com\/fr\/","logo":{"@type":"ImageObject","inLanguage":"fr-FR","@id":"https:\/\/casapercasa.com\/fr\/#\/schema\/logo\/image\/","url":"https:\/\/casapercasa.com\/wp-content\/uploads\/2022\/10\/logo-extralarge-retina.png","contentUrl":"https:\/\/casapercasa.com\/wp-content\/uploads\/2022\/10\/logo-extralarge-retina.png","width":258,"height":43,"caption":"Casapercasa S.r.l."},"image":{"@id":"https:\/\/casapercasa.com\/fr\/#\/schema\/logo\/image\/"},"sameAs":["https:\/\/www.facebook.com\/casapercasadesign","https:\/\/www.instagram.com\/casapercasadettagli\/?hl=it"]}]}},"_links":{"self":[{"href":"https:\/\/casapercasa.com\/fr\/wp-json\/wp\/v2\/pages\/17308","targetHints":{"allow":["GET"]}}],"collection":[{"href":"https:\/\/casapercasa.com\/fr\/wp-json\/wp\/v2\/pages"}],"about":[{"href":"https:\/\/casapercasa.com\/fr\/wp-json\/wp\/v2\/types\/page"}],"author":[{"embeddable":true,"href":"https:\/\/casapercasa.com\/fr\/wp-json\/wp\/v2\/users\/3"}],"replies":[{"embeddable":true,"href":"https:\/\/casapercasa.com\/fr\/wp-json\/wp\/v2\/comments?post=17308"}],"version-history":[{"count":2,"href":"https:\/\/casapercasa.com\/fr\/wp-json\/wp\/v2\/pages\/17308\/revisions"}],"predecessor-version":[{"id":17451,"href":"https:\/\/casapercasa.com\/fr\/wp-json\/wp\/v2\/pages\/17308\/revisions\/17451"}],"wp:attachment":[{"href":"https:\/\/casapercasa.com\/fr\/wp-json\/wp\/v2\/media?parent=17308"}],"curies":[{"name":"wp","href":"https:\/\/api.w.org\/{rel}","templated":true}]}}